{"id":5727,"date":"2026-08-02T16:55:03","date_gmt":"2026-08-02T16:55:03","guid":{"rendered":"https:\/\/xn--porlascallesdecrdoba-p8b.com\/?page_id=5727"},"modified":"2026-09-02T15:29:58","modified_gmt":"2026-09-02T15:29:58","slug":"indice-la-juderia-4","status":"publish","type":"page","link":"https:\/\/xn--porlascallesdecrdoba-p8b.com\/?page_id=5727","title":{"rendered":"\u00cdndice La Juder\u00eda &#8211; 4"},"content":{"rendered":"\n<figure class=\"wp-block-image size-full\"><img loading=\"lazy\" decoding=\"async\" width=\"1009\" height=\"604\" src=\"https:\/\/xn--porlascallesdecrdoba-p8b.com\/wp-content\/uploads\/2026\/08\/plano-indice-juderia-4-1.jpg\" alt=\"\" class=\"wp-image-5733\"\/><\/figure>\n\n\n<div class=\"wp-block-image\">\n<figure class=\"alignright size-large is-resized\"><img loading=\"lazy\" decoding=\"async\" width=\"768\" height=\"1024\" src=\"https:\/\/xn--porlascallesdecrdoba-p8b.com\/wp-content\/uploads\/2026\/08\/17-03-10-045-768x1024.jpg\" alt=\"\" class=\"wp-image-6282\" style=\"aspect-ratio:0.750007629627369;width:278px;height:auto\" srcset=\"https:\/\/xn--porlascallesdecrdoba-p8b.com\/wp-content\/uploads\/2026\/08\/17-03-10-045-768x1024.jpg 768w, https:\/\/xn--porlascallesdecrdoba-p8b.com\/wp-content\/uploads\/2026\/08\/17-03-10-045-225x300.jpg 225w, https:\/\/xn--porlascallesdecrdoba-p8b.com\/wp-content\/uploads\/2026\/08\/17-03-10-045-1152x1536.jpg 1152w, https:\/\/xn--porlascallesdecrdoba-p8b.com\/wp-content\/uploads\/2026\/08\/17-03-10-045-1536x2048.jpg 1536w, https:\/\/xn--porlascallesdecrdoba-p8b.com\/wp-content\/uploads\/2026\/08\/17-03-10-045.jpg 1704w\" sizes=\"auto, (max-width: 768px) 100vw, 768px\" \/><\/figure>\n<\/div>\n\n\n<p class=\"wp-block-paragraph\" style=\"font-size:20px\"><a href=\"https:\/\/xn--porlascallesdecrdoba-p8b.com\/?page_id=5720\">Plaza de Santa Catalina<\/a><br><a href=\"https:\/\/xn--porlascallesdecrdoba-p8b.com\/?page_id=5735\">Magistral Gonz\u00e1lez Franc\u00e9s<\/a><br><a href=\"https:\/\/xn--porlascallesdecrdoba-p8b.com\/?page_id=5737\">Cardenal Herrero<\/a><br><a href=\"https:\/\/xn--porlascallesdecrdoba-p8b.com\/?page_id=5741\">Vel\u00e1zquez Bosco<\/a><br><a href=\"https:\/\/xn--porlascallesdecrdoba-p8b.com\/?page_id=5744\">Calleja de las Flores<\/a><br><a href=\"https:\/\/xn--porlascallesdecrdoba-p8b.com\/?page_id=5872\">Samuel de los Santos Gener<\/a><br><a href=\"https:\/\/xn--porlascallesdecrdoba-p8b.com\/?page_id=5867\">Casa Mud\u00e9jar<\/a><br><a href=\"https:\/\/xn--porlascallesdecrdoba-p8b.com\/?page_id=5870\">Plaza Agrupaci\u00f3n de Cofrad\u00edas<\/a><br><a href=\"https:\/\/xn--porlascallesdecrdoba-p8b.com\/?page_id=5949\">Blanco Belmonte<\/a><br><a href=\"https:\/\/xn--porlascallesdecrdoba-p8b.com\/?page_id=5952\">Conservatorios Profesional de Danza \u00abLuis del R\u00edo\u00bb<\/a><br><a href=\"https:\/\/xn--porlascallesdecrdoba-p8b.com\/?page_id=5957\">Escuela Superior de Arte Dram\u00e1tico<\/a><br><a href=\"https:\/\/xn--porlascallesdecrdoba-p8b.com\/?page_id=5962\">Conde y Luque<\/a><br><a href=\"https:\/\/xn--porlascallesdecrdoba-p8b.com\/?page_id=5964\">Buen Pastor<\/a><br><a href=\"https:\/\/xn--porlascallesdecrdoba-p8b.com\/?page_id=5968\">Residencia de mayores San Juan de la Cruz<\/a><br><a href=\"https:\/\/xn--porlascallesdecrdoba-p8b.com\/?page_id=5971\">Residencia de mayores San Rafael, Jes\u00fas Crucificado<\/a><br><a href=\"https:\/\/xn--porlascallesdecrdoba-p8b.com\/?page_id=5976\">La Hoguera<\/a><\/p>\n\n\n<div class=\"wp-block-image\">\n<figure class=\"alignright size-large is-resized\"><img loading=\"lazy\" decoding=\"async\" width=\"1024\" height=\"576\" src=\"https:\/\/xn--porlascallesdecrdoba-p8b.com\/wp-content\/uploads\/2026\/08\/20210822_114659-1024x576.jpg\" alt=\"\" class=\"wp-image-6284\" style=\"aspect-ratio:1.7780010484011881;width:404px;height:auto\" srcset=\"https:\/\/xn--porlascallesdecrdoba-p8b.com\/wp-content\/uploads\/2026\/08\/20210822_114659-1024x576.jpg 1024w, https:\/\/xn--porlascallesdecrdoba-p8b.com\/wp-content\/uploads\/2026\/08\/20210822_114659-300x169.jpg 300w, https:\/\/xn--porlascallesdecrdoba-p8b.com\/wp-content\/uploads\/2026\/08\/20210822_114659-768x432.jpg 768w, https:\/\/xn--porlascallesdecrdoba-p8b.com\/wp-content\/uploads\/2026\/08\/20210822_114659-1536x864.jpg 1536w, https:\/\/xn--porlascallesdecrdoba-p8b.com\/wp-content\/uploads\/2026\/08\/20210822_114659-2048x1152.jpg 2048w\" sizes=\"auto, (max-width: 1024px) 100vw, 1024px\" \/><\/figure>\n<\/div>\n\n<div class=\"wp-block-image\">\n<figure class=\"alignright size-large is-resized\"><img loading=\"lazy\" decoding=\"async\" width=\"1024\" height=\"576\" src=\"https:\/\/xn--porlascallesdecrdoba-p8b.com\/wp-content\/uploads\/2026\/08\/20210718_091145-1024x576.jpg\" alt=\"\" class=\"wp-image-6292\" style=\"aspect-ratio:1.7778199772123053;width:408px;height:auto\" srcset=\"https:\/\/xn--porlascallesdecrdoba-p8b.com\/wp-content\/uploads\/2026\/08\/20210718_091145-1024x576.jpg 1024w, https:\/\/xn--porlascallesdecrdoba-p8b.com\/wp-content\/uploads\/2026\/08\/20210718_091145-300x169.jpg 300w, https:\/\/xn--porlascallesdecrdoba-p8b.com\/wp-content\/uploads\/2026\/08\/20210718_091145-768x432.jpg 768w, https:\/\/xn--porlascallesdecrdoba-p8b.com\/wp-content\/uploads\/2026\/08\/20210718_091145-1536x864.jpg 1536w, https:\/\/xn--porlascallesdecrdoba-p8b.com\/wp-content\/uploads\/2026\/08\/20210718_091145-2048x1152.jpg 2048w\" sizes=\"auto, (max-width: 1024px) 100vw, 1024px\" \/><\/figure>\n<\/div>\n\n\n<p class=\"wp-block-paragraph\" style=\"font-size:20px\"><a href=\"https:\/\/xn--porlascallesdecrdoba-p8b.com\/?page_id=5978\">Pablo de C\u00e9spedes<\/a><br><a href=\"https:\/\/xn--porlascallesdecrdoba-p8b.com\/?page_id=5980\">Calle Encarnaci\u00f3n<\/a><br><a href=\"https:\/\/xn--porlascallesdecrdoba-p8b.com\/?page_id=5982\">Convento de la Encarnaci\u00f3n<\/a><br><a href=\"https:\/\/xn--porlascallesdecrdoba-p8b.com\/?page_id=6520\">Rey Heredia<\/a><br><a href=\"https:\/\/xn--porlascallesdecrdoba-p8b.com\/?page_id=6554\">Rey Heredia, la Casa del Duque<\/a><br><a href=\"https:\/\/xn--porlascallesdecrdoba-p8b.com\/?page_id=6552\">Antiguo convento de Santa Clara<\/a><br><a href=\"https:\/\/xn--porlascallesdecrdoba-p8b.com\/?page_id=6522\">Horno de Cristo y Bataneros<\/a><\/p>\n\n\n\n<p class=\"wp-block-paragraph\" style=\"font-size:20px\"><a href=\"https:\/\/xn--porlascallesdecrdoba-p8b.com\/?page_id=6524\">Calle Cabezas I<\/a><br><a href=\"https:\/\/xn--porlascallesdecrdoba-p8b.com\/?page_id=6526\">Calle Cabezas II, los Infantes de Lara<\/a><br><a href=\"https:\/\/xn--porlascallesdecrdoba-p8b.com\/?page_id=6528\">Calle Cabezas III, tres edificios con historia.<\/a><br><a href=\"https:\/\/xn--porlascallesdecrdoba-p8b.com\/?page_id=6531\">Callejas: Horno de Guiral y Do\u00f1a Munda<\/a><br><a href=\"https:\/\/xn--porlascallesdecrdoba-p8b.com\/?page_id=6533\">Portillo Corbache<\/a><br><a href=\"https:\/\/xn--porlascallesdecrdoba-p8b.com\/?page_id=6535\">Calle Julio Romero de Torres<\/a><br><a href=\"https:\/\/xn--porlascallesdecrdoba-p8b.com\/?page_id=6537\">San Eul\u00f3gio<\/a><br><a href=\"https:\/\/xn--porlascallesdecrdoba-p8b.com\/?page_id=7222\">Junio Gali\u00f3n<\/a><br><a href=\"https:\/\/xn--porlascallesdecrdoba-p8b.com\/?page_id=7224\">Plaza de S\u00e9neca<\/a><br><a href=\"https:\/\/xn--porlascallesdecrdoba-p8b.com\/?page_id=7227\">Calle Antonio del Castillo<\/a><br><a href=\"https:\/\/xn--porlascallesdecrdoba-p8b.com\/?page_id=7232\">Plaza de Elie Nahmias y Cuesta Pero Mato<\/a><br><a href=\"https:\/\/xn--porlascallesdecrdoba-p8b.com\/?page_id=7229\">Plaza Jer\u00f3nimo P\u00e1ez<\/a><br><a href=\"https:\/\/xn--porlascallesdecrdoba-p8b.com\/?page_id=7234\">Palacio de los Paez I<\/a><br><a href=\"https:\/\/xn--porlascallesdecrdoba-p8b.com\/?page_id=7490\">Palacio de los Paez II<\/a><br><a href=\"https:\/\/xn--porlascallesdecrdoba-p8b.com\/?page_id=7236\">Museo Arqueol\u00f3gico, su historia<\/a><br><a href=\"https:\/\/xn--porlascallesdecrdoba-p8b.com\/?page_id=7238\">Museo Arqueol\u00f3gico, colecciones<\/a><br><a href=\"https:\/\/xn--porlascallesdecrdoba-p8b.com\/?page_id=7241\">Teatro Romano<\/a><br><a href=\"https:\/\/xn--porlascallesdecrdoba-p8b.com\/?page_id=7243\">Marqu\u00e9s de Villar<\/a><br><br><br><br><br><br><br><\/p>\n\n\n<div class=\"wp-block-image\">\n<figure class=\"aligncenter size-large\"><img loading=\"lazy\" decoding=\"async\" width=\"1024\" height=\"576\" src=\"https:\/\/xn--porlascallesdecrdoba-p8b.com\/wp-content\/uploads\/2026\/08\/20210626_085534-1024x576.jpg\" alt=\"\" class=\"wp-image-7623\" srcset=\"https:\/\/xn--porlascallesdecrdoba-p8b.com\/wp-content\/uploads\/2026\/08\/20210626_085534-1024x576.jpg 1024w, https:\/\/xn--porlascallesdecrdoba-p8b.com\/wp-content\/uploads\/2026\/08\/20210626_085534-300x169.jpg 300w, https:\/\/xn--porlascallesdecrdoba-p8b.com\/wp-content\/uploads\/2026\/08\/20210626_085534-768x432.jpg 768w, https:\/\/xn--porlascallesdecrdoba-p8b.com\/wp-content\/uploads\/2026\/08\/20210626_085534-1536x864.jpg 1536w, https:\/\/xn--porlascallesdecrdoba-p8b.com\/wp-content\/uploads\/2026\/08\/20210626_085534-2048x1152.jpg 2048w\" sizes=\"auto, (max-width: 1024px) 100vw, 1024px\" \/><\/figure>\n<\/div>\n\n\n<p class=\"wp-block-paragraph\" style=\"font-size:20px\"><\/p>\n\n\n\n<p class=\"wp-block-paragraph\" style=\"font-size:20px\"><\/p>\n","protected":false},"excerpt":{"rendered":"<p>Plaza de Santa CatalinaMagistral Gonz\u00e1lez Franc\u00e9sCardenal HerreroVel\u00e1zquez BoscoCalleja de las FloresSamuel de los Santos GenerCasa Mud\u00e9jarPlaza Agrupaci\u00f3n de Cofrad\u00edasBlanco BelmonteConservatorios Profesional de Danza \u00abLuis del R\u00edo\u00bbEscuela Superior de Arte Dram\u00e1ticoConde <a class=\"more-link\" href=\"https:\/\/xn--porlascallesdecrdoba-p8b.com\/?page_id=5727\">Seguir leyendo &rarr;<\/a><\/p>\n","protected":false},"author":1,"featured_media":0,"parent":0,"menu_order":0,"comment_status":"closed","ping_status":"closed","template":"","meta":{"footnotes":""},"class_list":["post-5727","page","type-page","status-publish","hentry"],"_links":{"self":[{"href":"https:\/\/xn--porlascallesdecrdoba-p8b.com\/index.php?rest_route=\/wp\/v2\/pages\/5727","targetHints":{"allow":["GET"]}}],"collection":[{"href":"https:\/\/xn--porlascallesdecrdoba-p8b.com\/index.php?rest_route=\/wp\/v2\/pages"}],"about":[{"href":"https:\/\/xn--porlascallesdecrdoba-p8b.com\/index.php?rest_route=\/wp\/v2\/types\/page"}],"author":[{"embeddable":true,"href":"https:\/\/xn--porlascallesdecrdoba-p8b.com\/index.php?rest_route=\/wp\/v2\/users\/1"}],"replies":[{"embeddable":true,"href":"https:\/\/xn--porlascallesdecrdoba-p8b.com\/index.php?rest_route=%2Fwp%2Fv2%2Fcomments&post=5727"}],"version-history":[{"count":30,"href":"https:\/\/xn--porlascallesdecrdoba-p8b.com\/index.php?rest_route=\/wp\/v2\/pages\/5727\/revisions"}],"predecessor-version":[{"id":7890,"href":"https:\/\/xn--porlascallesdecrdoba-p8b.com\/index.php?rest_route=\/wp\/v2\/pages\/5727\/revisions\/7890"}],"wp:attachment":[{"href":"https:\/\/xn--porlascallesdecrdoba-p8b.com\/index.php?rest_route=%2Fwp%2Fv2%2Fmedia&parent=5727"}],"curies":[{"name":"wp","href":"https:\/\/api.w.org\/{rel}","templated":true}]}}