{"id":5735,"date":"2026-08-02T17:30:28","date_gmt":"2026-08-02T17:30:28","guid":{"rendered":"https:\/\/xn--porlascallesdecrdoba-p8b.com\/?page_id=5735"},"modified":"2026-08-20T18:31:28","modified_gmt":"2026-08-20T18:31:28","slug":"magistral-gonzalez-frances","status":"publish","type":"page","link":"https:\/\/xn--porlascallesdecrdoba-p8b.com\/?page_id=5735","title":{"rendered":"Magistral Gonz\u00e1lez Franc\u00e9s"},"content":{"rendered":"\n<p class=\"has-black-color has-text-color has-link-color wp-elements-d3e5e8b31b2dd943dc70980c567e26fd wp-block-paragraph\" style=\"font-size:20px\">La calle que corre a lo largo de la fachada este de la Mezquita-Catedral, que corresponde en su totalidad a la ampliaci\u00f3n de Almanzor, es<strong> \u00ab<a>Magistral Gonz\u00e1lez Franc\u00e9s<\/a><\/strong>\u00ab, humanista natural de Cuenca (1842), ser\u00eda Can\u00f3nigo Magistral de la Catedral de C\u00f3rdoba y profesor del Seminario de San Pelagio al final del siglo XIX; autor de obras de tem\u00e1tica religiosa y de estudios hist\u00f3ricos-literarios. En&nbsp;1863&nbsp;recibe el grado de Licenciado en&nbsp;Derecho Can\u00f3nico y&nbsp;Doctor en Sagrada Teolog\u00eda en Toledo, orden\u00e1ndose sacerdote en Cuenca el siguiente a\u00f1o.&nbsp;En el a\u00f1o 1869 aprueba una oposici\u00f3n para la Canonj\u00eda de Magistral de la&nbsp;Catedral de C\u00f3rdoba, magistral era el miembro del Cabildo que se ocupaba de la predicaci\u00f3n, y en los treinta y dos a\u00f1os que ejerci\u00f3 como tal, se gan\u00f3 una enorme fama de gran predicador.<\/p>\n\n\n\n<p class=\"has-black-color has-text-color has-link-color wp-elements-2a29494fb11a20b5ecd68d1cdc8937e2 wp-block-paragraph\" style=\"font-size:20px\">Antonio Ja\u00e9n Morente escrib\u00eda de \u00e9l: <em>\u201cFue llamado el Magistral por antonomasia, sin disputa el mejor orador que hubo en la ciudad, incluyendo a los forenses y a los pol\u00edticos. Lo catalogan de orador sagrado y no fue eso. Su talento oratorio era para grandes multitudes, para pelea y combate, no para una c\u00e1tedra sin contradictores. La demostraci\u00f3n de ello est\u00e1 en sus escritos y en sus asomos al periodismo. Su temperamento de l\u00edder se aneg\u00f3 en el p\u00falpito sagrado\u201d.<\/em><\/p>\n\n\n\n<p class=\"has-black-color has-text-color has-link-color wp-elements-8c214ad3afaedfb24a41f9618ac3724b wp-block-paragraph\" style=\"font-size:20px\">Integrado en la vida p\u00fablica cordobesa, fue cofundador y codirector del peri\u00f3dico cat\u00f3lico&nbsp;<em>La Tradici\u00f3n\u201d<\/em>&nbsp;(1869- 1870); miembro numerario de la&nbsp;<em>Real Academia de Ciencias, Bellas Letras y Nobles Artes de C\u00f3rdoba<\/em>&nbsp;desde 1886; public\u00f3 libros como \u00abG\u00f3ngora, racionero\u00bb y \u00abLa Virgen de la Fuensanta\u00bb. Fue cofundador y primer director del colegio de La Milagrosa, en la calle \u201cConde de Gondomar\u201d. Falleci\u00f3 en 1901 y se encuentra enterrado en el pante\u00f3n de capitulares catedralicios del Cementerio de Ntra.&nbsp; Se\u00f1ora de la Salud.<\/p>\n\n\n\n<p class=\"has-black-color has-text-color has-link-color wp-elements-f4ac78a12a08bdbbac49e576e82bb3ac wp-block-paragraph\" style=\"font-size:20px\">Anteriormente esta calle se denominar\u00eda \u201cMes\u00f3n de Sol\u201d, por uno que existi\u00f3 desde el siglo XV, transform\u00e1ndose en posada el siglo XVI, el edificio lleg\u00f3 a estar en pie hasta el a\u00f1o 1971.\u00a0En este lugar anteriormente fue donde se fund\u00f3, en el siglo XIV, el Hospital de San Sebasti\u00e1n, del que se habl\u00f3 en las p\u00e1ginas de la calle \u00abTorrijos\u00bb y del \u00abPalacio de Congresos\u00bb, pues fue trasladado a esta calle en el siglo XVI.<\/p>\n\n\n\n<figure class=\"wp-block-image size-large\"><img loading=\"lazy\" decoding=\"async\" width=\"1024\" height=\"346\" src=\"https:\/\/xn--porlascallesdecrdoba-p8b.com\/wp-content\/uploads\/2026\/08\/image-4-1024x346.png\" alt=\"\" class=\"wp-image-5767\" srcset=\"https:\/\/xn--porlascallesdecrdoba-p8b.com\/wp-content\/uploads\/2026\/08\/image-4-1024x346.png 1024w, https:\/\/xn--porlascallesdecrdoba-p8b.com\/wp-content\/uploads\/2026\/08\/image-4-300x101.png 300w, https:\/\/xn--porlascallesdecrdoba-p8b.com\/wp-content\/uploads\/2026\/08\/image-4-768x260.png 768w, https:\/\/xn--porlascallesdecrdoba-p8b.com\/wp-content\/uploads\/2026\/08\/image-4.png 1192w\" sizes=\"auto, (max-width: 1024px) 100vw, 1024px\" \/><figcaption class=\"wp-element-caption\">Fotograf\u00edas antiguas de la Posada del Sol<\/figcaption><\/figure>\n\n\n\n<p class=\"has-black-color has-text-color has-link-color wp-elements-d7856c7dafb6486c6c02f03f8128e844 wp-block-paragraph\" style=\"font-size:20px\">En el interior de la manzana de esta calle, entre la \u201cPlaza de Santa Catalina\u201d y \u201cCardenal Gonz\u00e1lez\u201d se encontraba la Alcaicer\u00eda.<\/p>\n\n\n\n<p class=\"has-black-color has-text-color has-link-color wp-elements-b9d3526c8ba748de86f6338e2ffb3e7a wp-block-paragraph\" style=\"font-size:20px\">En la pared de la Mezquita tambi\u00e9n se encuentra una fuente denominada de \u00abSta. Catalina\u00bb o \u00abdel Mocosillo\u00bb (siglo XVIII), es una de las fuentes externas de la Mezquita en las que el Cabildo se \u00abve\u00eda obligado a proveer, como responsable de las \u201cAguas de la f\u00e1brica de la Catedral\u00bb, seg\u00fan manuscrito del a\u00f1o 1834.<\/p>\n\n\n<div class=\"wp-block-image\">\n<figure class=\"aligncenter size-full is-resized\"><img loading=\"lazy\" decoding=\"async\" width=\"957\" height=\"447\" src=\"https:\/\/xn--porlascallesdecrdoba-p8b.com\/wp-content\/uploads\/2026\/08\/image-5.png\" alt=\"\" class=\"wp-image-5770\" style=\"aspect-ratio:2.141005268880154;width:699px;height:auto\" srcset=\"https:\/\/xn--porlascallesdecrdoba-p8b.com\/wp-content\/uploads\/2026\/08\/image-5.png 957w, https:\/\/xn--porlascallesdecrdoba-p8b.com\/wp-content\/uploads\/2026\/08\/image-5-300x140.png 300w, https:\/\/xn--porlascallesdecrdoba-p8b.com\/wp-content\/uploads\/2026\/08\/image-5-768x359.png 768w\" sizes=\"auto, (max-width: 957px) 100vw, 957px\" \/><figcaption class=\"wp-element-caption\">Puerta y fuente de Santa Catalina<\/figcaption><\/figure>\n<\/div>\n\n<div class=\"wp-block-image\">\n<figure class=\"alignright size-full is-resized\"><img loading=\"lazy\" decoding=\"async\" width=\"921\" height=\"553\" src=\"https:\/\/xn--porlascallesdecrdoba-p8b.com\/wp-content\/uploads\/2026\/08\/Captura-de-pantalla-2018-12-02-21.03.00.png\" alt=\"\" class=\"wp-image-5771\" style=\"aspect-ratio:1.6654739444408302;width:506px;height:auto\"\/><figcaption class=\"wp-element-caption\">Hotel Conquistador, sala de ablusiones<\/figcaption><\/figure>\n<\/div>\n\n\n<p class=\"has-black-color has-text-color has-link-color wp-elements-e5be678418cdffa2025b487628fb325f wp-block-paragraph\" style=\"font-size:20px\">Para la construcci\u00f3n del hotel \u201cConquistador, en el a\u00f1o 1998 se excav\u00f3 el solar de la que fuera \u201cPosada del Sol\u201d, localiz\u00e1ndose sala de abluciones (o lavatorio) construida a la vez que la \u00faltima ampliaci\u00f3n de la Mezquita, siglo X; ten\u00eda una planta rectangular de 16 por m\u00e1s de 28 metros. El edificio se construir\u00eda con sillares de piedra y se le dotar\u00eda de una importante infraestructura hidr\u00e1ulica, con una amplia red de canalizaciones. Los restos de esta sala se pueden contemplar bajo el suelo, transparente, de uno de los salones del hotel.<\/p>\n\n\n\n<p class=\"has-black-color has-text-color has-link-color wp-elements-fd7b221b0bbdd5dfdae6a55eff7dd583 wp-block-paragraph\" style=\"font-size:20px\">El musulm\u00e1n ha de realizar una limpieza ritual (abluci\u00f3n) antes de iniciar las oraciones. Puede ser de dos tipos, la mayor o <em>gusl<\/em>, se realiza en el ba\u00f1o (hammam), para la limpieza de las impurezas de tipo sexual; y la abluci\u00f3n menor o <em>wudu<\/em>, para la limpieza por el contacto con sustancias impuras, especialmente los desechos corporales, u otros contactos. Para que se pudiese realizar esta limpieza, junto a las mezquitas se encontraban los lavatorios (<em>mida\u00b4a<\/em> o <em>dar al-wudu<\/em>), algo que contin\u00faa en los pa\u00edses isl\u00e1micos.<\/p>\n\n\n\n<p class=\"has-black-color has-text-color has-link-color wp-elements-5b003f734afb080928090e7c721a7bb8 wp-block-paragraph\" style=\"font-size:20px\">El <em>Wudu<\/em> se realiza de una forma preestablecida, se inicia con el lavado de la boca, frot\u00e1ndose los dientes con agua, se aspira agua por la nariz, y se lava la cara, pelo, barba y orejas. Finalizada la limpieza de la cabeza, se contin\u00faa las extremidades superiores, desde el codo hacia la mano, terminando con los pies hasta los tobillos.<\/p>\n\n\n<div class=\"wp-block-image\">\n<figure class=\"alignleft size-large is-resized\"><img loading=\"lazy\" decoding=\"async\" width=\"768\" height=\"1024\" src=\"https:\/\/xn--porlascallesdecrdoba-p8b.com\/wp-content\/uploads\/2026\/08\/HPIM2234-768x1024.jpg\" alt=\"\" class=\"wp-image-5776\" style=\"aspect-ratio:0.750007629627369;width:345px;height:auto\" srcset=\"https:\/\/xn--porlascallesdecrdoba-p8b.com\/wp-content\/uploads\/2026\/08\/HPIM2234-768x1024.jpg 768w, https:\/\/xn--porlascallesdecrdoba-p8b.com\/wp-content\/uploads\/2026\/08\/HPIM2234-225x300.jpg 225w, https:\/\/xn--porlascallesdecrdoba-p8b.com\/wp-content\/uploads\/2026\/08\/HPIM2234-1152x1536.jpg 1152w, https:\/\/xn--porlascallesdecrdoba-p8b.com\/wp-content\/uploads\/2026\/08\/HPIM2234.jpg 1536w\" sizes=\"auto, (max-width: 768px) 100vw, 768px\" \/><figcaption class=\"wp-element-caption\">Puerta Grada Redonda de la Mezquita-Catedral<\/figcaption><\/figure>\n<\/div>\n\n\n<p class=\"has-black-color has-text-color has-link-color wp-elements-015d5df97046c2f940a31b894e1a3174 wp-block-paragraph\" style=\"font-size:20px\">La primera parte de esta calle recibi\u00f3 el nombre de \u00abGrada Redonda\u00bb, por encontrase aqu\u00ed una de las puertas de la Mezquita con este nombre, fue restaurada en 1738 en estilo churrigueresco, el nombre lo tomar\u00eda de una grada redonda azul, que hab\u00eda junto a ella y que hoy es el pil\u00f3n de la fuente del Cinamomo, en el interior del Patio de los Naranjos. <\/p>\n\n\n\n<p class=\"has-black-color has-text-color has-link-color wp-elements-b8c3dfe9cf972601fe1aab1fcc3a1c0d wp-block-paragraph\" style=\"font-size:20px\">Frente a la puerta se encuentra uno de los bares m\u00e1s populares de la zona y muy frecuentado por el turismo, el bar \u201cSantos\u201d, abierto en 1966 es famoso por su tortilla de patatas de cuatro kilos y un grosor de 14 cent\u00edmetros. Las dimensiones del establecimiento son muy peque\u00f1as, por lo que es t\u00edpico que los comensales se tomen la cerveza y la tortilla (en recipientes de un solo uso) apoyados en la Mezquita.<\/p>\n\n\n<div class=\"wp-block-image\">\n<figure class=\"alignright size-full is-resized\"><img loading=\"lazy\" decoding=\"async\" width=\"480\" height=\"301\" src=\"https:\/\/xn--porlascallesdecrdoba-p8b.com\/wp-content\/uploads\/2026\/08\/Tortilla-de-Santos-Cordoba-Andalucia-Spain.jpg\" alt=\"\" class=\"wp-image-5774\" style=\"aspect-ratio:1.5947671702227066;width:309px;height:auto\"\/><\/figure>\n<\/div>\n\n\n<p class=\"wp-block-paragraph\" style=\"font-size:20px\"><\/p>\n\n\n\n<p class=\"wp-block-paragraph\"><\/p>\n\n\n\n<figure class=\"wp-block-gallery has-nested-images columns-default is-cropped wp-block-gallery-1 is-layout-flex wp-block-gallery-is-layout-flex\">\n<figure class=\"wp-block-image size-large\"><a href=\"https:\/\/xn--porlascallesdecrdoba-p8b.com\/?page_id=5720\"><img loading=\"lazy\" decoding=\"async\" width=\"182\" height=\"89\" data-id=\"5724\" src=\"https:\/\/xn--porlascallesdecrdoba-p8b.com\/wp-content\/uploads\/2026\/08\/01-Volver.png\" alt=\"\" class=\"wp-image-5724\"\/><\/a><\/figure>\n\n\n\n<figure class=\"wp-block-image size-large\"><a href=\"https:\/\/xn--porlascallesdecrdoba-p8b.com\/?page_id=5737\"><img loading=\"lazy\" decoding=\"async\" width=\"188\" height=\"89\" data-id=\"5725\" src=\"https:\/\/xn--porlascallesdecrdoba-p8b.com\/wp-content\/uploads\/2026\/08\/03-avanzar.png\" alt=\"\" class=\"wp-image-5725\"\/><\/a><\/figure>\n<\/figure>\n\n\n<div class=\"wp-block-image\">\n<figure class=\"aligncenter size-large is-resized\"><a href=\"https:\/\/xn--porlascallesdecrdoba-p8b.com\/?page_id=5727\"><img loading=\"lazy\" decoding=\"async\" width=\"370\" height=\"67\" src=\"https:\/\/xn--porlascallesdecrdoba-p8b.com\/wp-content\/uploads\/2026\/08\/Captura-de-pantalla-2026-08-02-182713-1.png\" alt=\"\" class=\"wp-image-5726\" style=\"aspect-ratio:5.523676230464194;width:314px;height:auto\" srcset=\"https:\/\/xn--porlascallesdecrdoba-p8b.com\/wp-content\/uploads\/2026\/08\/Captura-de-pantalla-2026-08-02-182713-1.png 370w, https:\/\/xn--porlascallesdecrdoba-p8b.com\/wp-content\/uploads\/2026\/08\/Captura-de-pantalla-2026-08-02-182713-1-300x54.png 300w\" sizes=\"auto, (max-width: 370px) 100vw, 370px\" \/><\/a><\/figure>\n<\/div>\n\n\n<p class=\"wp-block-paragraph\"><\/p>\n","protected":false},"excerpt":{"rendered":"<p>La calle que corre a lo largo de la fachada este de la Mezquita-Catedral, que corresponde en su totalidad a la ampliaci\u00f3n de Almanzor, es \u00abMagistral Gonz\u00e1lez Franc\u00e9s\u00ab, humanista natural <a class=\"more-link\" href=\"https:\/\/xn--porlascallesdecrdoba-p8b.com\/?page_id=5735\">Seguir leyendo &rarr;<\/a><\/p>\n","protected":false},"author":1,"featured_media":0,"parent":0,"menu_order":0,"comment_status":"closed","ping_status":"closed","template":"","meta":{"footnotes":""},"class_list":["post-5735","page","type-page","status-publish","hentry"],"_links":{"self":[{"href":"https:\/\/xn--porlascallesdecrdoba-p8b.com\/index.php?rest_route=\/wp\/v2\/pages\/5735","targetHints":{"allow":["GET"]}}],"collection":[{"href":"https:\/\/xn--porlascallesdecrdoba-p8b.com\/index.php?rest_route=\/wp\/v2\/pages"}],"about":[{"href":"https:\/\/xn--porlascallesdecrdoba-p8b.com\/index.php?rest_route=\/wp\/v2\/types\/page"}],"author":[{"embeddable":true,"href":"https:\/\/xn--porlascallesdecrdoba-p8b.com\/index.php?rest_route=\/wp\/v2\/users\/1"}],"replies":[{"embeddable":true,"href":"https:\/\/xn--porlascallesdecrdoba-p8b.com\/index.php?rest_route=%2Fwp%2Fv2%2Fcomments&post=5735"}],"version-history":[{"count":12,"href":"https:\/\/xn--porlascallesdecrdoba-p8b.com\/index.php?rest_route=\/wp\/v2\/pages\/5735\/revisions"}],"predecessor-version":[{"id":6924,"href":"https:\/\/xn--porlascallesdecrdoba-p8b.com\/index.php?rest_route=\/wp\/v2\/pages\/5735\/revisions\/6924"}],"wp:attachment":[{"href":"https:\/\/xn--porlascallesdecrdoba-p8b.com\/index.php?rest_route=%2Fwp%2Fv2%2Fmedia&parent=5735"}],"curies":[{"name":"wp","href":"https:\/\/api.w.org\/{rel}","templated":true}]}}