{"id":5737,"date":"2026-08-02T17:32:43","date_gmt":"2026-08-02T17:32:43","guid":{"rendered":"https:\/\/xn--porlascallesdecrdoba-p8b.com\/?page_id=5737"},"modified":"2026-08-04T15:51:00","modified_gmt":"2026-08-04T15:51:00","slug":"cardenal-herrero","status":"publish","type":"page","link":"https:\/\/xn--porlascallesdecrdoba-p8b.com\/?page_id=5737","title":{"rendered":"Cardenal Herrero"},"content":{"rendered":"\n<figure class=\"wp-block-image size-full\"><img decoding=\"async\" src=\"https:\/\/xn--porlascallesdecrdoba-p8b.com\/wp-content\/uploads\/2026\/08\/20210626_091343.jpg\" alt=\"\" class=\"wp-image-5792\"\/><\/figure>\n\n\n<div class=\"wp-block-image\">\n<figure class=\"alignright size-full is-resized\"><img loading=\"lazy\" decoding=\"async\" width=\"480\" height=\"640\" src=\"https:\/\/xn--porlascallesdecrdoba-p8b.com\/wp-content\/uploads\/2026\/08\/0166-11.jpg\" alt=\"\" class=\"wp-image-5787\" style=\"aspect-ratio:0.7500214647548725;width:347px;height:auto\" srcset=\"https:\/\/xn--porlascallesdecrdoba-p8b.com\/wp-content\/uploads\/2026\/08\/0166-11.jpg 480w, https:\/\/xn--porlascallesdecrdoba-p8b.com\/wp-content\/uploads\/2026\/08\/0166-11-225x300.jpg 225w\" sizes=\"auto, (max-width: 480px) 100vw, 480px\" \/><\/figure>\n<\/div>\n\n\n<p class=\"wp-block-paragraph\" style=\"font-size:20px\">La fachada norte de la Mezquita-Catedral coincide con la calle \u00ab<strong>Cardenal Herrero<\/strong>\u00ab, es la calle en la que se encuentra la torre de la Mezquita-Catedral y la \u201cPuerta del Perd\u00f3n\u201d, motivo por el que antes recibir\u00eda el nombre de calle \u201cde la Puerta del Perd\u00f3n\u201d, que es como aparece en el plano de 1811, ser\u00e1 en el plano de 1906 cuando aparece con el nombre actual. Entrando por \u00abMagistral Gonz\u00e1lez Franc\u00e9s\u00bb, lo primero que nos llama la atenci\u00f3n es el altar, anexo a la pared de la Mezquita-Catedral, est\u00e1 dedicado a la <strong>\u00abVirgen de los Faroles\u00bb<\/strong>, cuya pintura original (una Asunci\u00f3n de la Virgen) era del siglo XVIII, al igual que el altar, la madrugada posterior a la verbena en su honor del a\u00f1o 1929, una vela prendi\u00f3 el cuadro y lo destruy\u00f3, para sustituirlo se encarg\u00f3 uno nuevo a Julio Romero de Torres, dado el valor que adquiri\u00f3 la obra de este pintor, en 1936 se decide cambiarlo por una copia realizada por su hermano Rafael.<\/p>\n\n\n\n<p class=\"wp-block-paragraph\" style=\"font-size:20px\"><\/p>\n\n\n\n<figure class=\"wp-block-image size-large\"><img loading=\"lazy\" decoding=\"async\" width=\"1024\" height=\"683\" src=\"https:\/\/xn--porlascallesdecrdoba-p8b.com\/wp-content\/uploads\/2026\/08\/181126-cn-206-1024x683.jpg\" alt=\"\" class=\"wp-image-5786\" srcset=\"https:\/\/xn--porlascallesdecrdoba-p8b.com\/wp-content\/uploads\/2026\/08\/181126-cn-206-1024x683.jpg 1024w, https:\/\/xn--porlascallesdecrdoba-p8b.com\/wp-content\/uploads\/2026\/08\/181126-cn-206-300x200.jpg 300w, https:\/\/xn--porlascallesdecrdoba-p8b.com\/wp-content\/uploads\/2026\/08\/181126-cn-206-768x512.jpg 768w, https:\/\/xn--porlascallesdecrdoba-p8b.com\/wp-content\/uploads\/2026\/08\/181126-cn-206-1536x1024.jpg 1536w, https:\/\/xn--porlascallesdecrdoba-p8b.com\/wp-content\/uploads\/2026\/08\/181126-cn-206-2048x1365.jpg 2048w, https:\/\/xn--porlascallesdecrdoba-p8b.com\/wp-content\/uploads\/2026\/08\/181126-cn-206-400x267.jpg 400w\" sizes=\"auto, (max-width: 1024px) 100vw, 1024px\" \/><\/figure>\n\n\n\n<p class=\"wp-block-paragraph\" style=\"font-size:20px\">Junto al altar se abre una de las puertas de la Mezquita, es la \u201cPuerta del Ca\u00f1o Gordo\u201d, nombre que toma de la peque\u00f1a fuente que hay entre la puerta y el altar.<\/p>\n\n\n\n<figure class=\"wp-block-image size-large\"><img loading=\"lazy\" decoding=\"async\" width=\"1024\" height=\"576\" src=\"https:\/\/xn--porlascallesdecrdoba-p8b.com\/wp-content\/uploads\/2026\/08\/20260803_120205-1024x576.jpg\" alt=\"\" class=\"wp-image-5796\" srcset=\"https:\/\/xn--porlascallesdecrdoba-p8b.com\/wp-content\/uploads\/2026\/08\/20260803_120205-1024x576.jpg 1024w, https:\/\/xn--porlascallesdecrdoba-p8b.com\/wp-content\/uploads\/2026\/08\/20260803_120205-300x169.jpg 300w, https:\/\/xn--porlascallesdecrdoba-p8b.com\/wp-content\/uploads\/2026\/08\/20260803_120205-768x432.jpg 768w, https:\/\/xn--porlascallesdecrdoba-p8b.com\/wp-content\/uploads\/2026\/08\/20260803_120205-1536x864.jpg 1536w, https:\/\/xn--porlascallesdecrdoba-p8b.com\/wp-content\/uploads\/2026\/08\/20260803_120205-2048x1152.jpg 2048w\" sizes=\"auto, (max-width: 1024px) 100vw, 1024px\" \/><figcaption class=\"wp-element-caption\">Puerta del Ca\u00f1o Gordo<\/figcaption><\/figure>\n\n\n<div class=\"wp-block-image\">\n<figure class=\"alignright size-large is-resized\"><img loading=\"lazy\" decoding=\"async\" width=\"790\" height=\"1024\" src=\"https:\/\/xn--porlascallesdecrdoba-p8b.com\/wp-content\/uploads\/2026\/08\/0166-Card-Herrero-85-044-790x1024.jpg\" alt=\"\" class=\"wp-image-5805\" style=\"aspect-ratio:0.7714961470969711;width:252px;height:auto\" srcset=\"https:\/\/xn--porlascallesdecrdoba-p8b.com\/wp-content\/uploads\/2026\/08\/0166-Card-Herrero-85-044-790x1024.jpg 790w, https:\/\/xn--porlascallesdecrdoba-p8b.com\/wp-content\/uploads\/2026\/08\/0166-Card-Herrero-85-044-231x300.jpg 231w, https:\/\/xn--porlascallesdecrdoba-p8b.com\/wp-content\/uploads\/2026\/08\/0166-Card-Herrero-85-044-768x995.jpg 768w, https:\/\/xn--porlascallesdecrdoba-p8b.com\/wp-content\/uploads\/2026\/08\/0166-Card-Herrero-85-044.jpg 797w\" sizes=\"auto, (max-width: 790px) 100vw, 790px\" \/><\/figure>\n<\/div>\n\n\n<p class=\"wp-block-paragraph\" style=\"font-size:20px\">El top\u00f3nimo de la calle se debe a Sebasti\u00e1n Herrero y Espinosa de los Monteros nacido en Jerez de la Frontera y licenciado en Derecho quien ocup\u00f3 la silla episcopal cordobesa desde 1883 a 1898, siendo \u00e9l quien realiz\u00f3 la ordenaci\u00f3n parroquial de la ciudad de finales del XIX. El 18 de junio de 1898 ser\u00eda nombrado arzobispo de Valencia, ciudad en la que fallecer\u00eda con el cargo de Cardenal. Iniciar\u00eda Herrero su vida profesional como escritor y Licenciado en Derecho, concedi\u00e9ndole en el 1851 la Gran Cruz de Jerusal\u00e9n y el nombramiento de Caballero de la Real Maestranza de Sevilla; tres a\u00f1os m\u00e1s tarde ser\u00eda nombrado Juez de Primera instancia de la localidad de Mor\u00f3n de la Frontera. Pero en 1856 una epidemia de c\u00f3lera diezmar\u00eda a la poblaci\u00f3n, siendo \u00e9l uno de los pocos supervivientes de su c\u00edrculo de amistades, lo que le llev\u00f3 a dimitir de su cargo e ingresar como novicio en la Congregaci\u00f3n del Oratorio de San Felipe Neri, fue investido sacerdote en el 1860. Al decidir su cambio de vida, quemar\u00eda toda su obra teatral al considerarlas profanas.<\/p>\n\n\n<div class=\"wp-block-image\">\n<figure class=\"alignleft size-large is-resized\"><img loading=\"lazy\" decoding=\"async\" width=\"576\" height=\"1024\" src=\"https:\/\/xn--porlascallesdecrdoba-p8b.com\/wp-content\/uploads\/2026\/08\/20260803_120355-576x1024.jpg\" alt=\"\" class=\"wp-image-5798\" style=\"aspect-ratio:0.5625019074068422;width:351px;height:auto\" srcset=\"https:\/\/xn--porlascallesdecrdoba-p8b.com\/wp-content\/uploads\/2026\/08\/20260803_120355-576x1024.jpg 576w, https:\/\/xn--porlascallesdecrdoba-p8b.com\/wp-content\/uploads\/2026\/08\/20260803_120355-169x300.jpg 169w, https:\/\/xn--porlascallesdecrdoba-p8b.com\/wp-content\/uploads\/2026\/08\/20260803_120355-768x1365.jpg 768w, https:\/\/xn--porlascallesdecrdoba-p8b.com\/wp-content\/uploads\/2026\/08\/20260803_120355-864x1536.jpg 864w, https:\/\/xn--porlascallesdecrdoba-p8b.com\/wp-content\/uploads\/2026\/08\/20260803_120355-1152x2048.jpg 1152w, https:\/\/xn--porlascallesdecrdoba-p8b.com\/wp-content\/uploads\/2026\/08\/20260803_120355-scaled.jpg 1440w\" sizes=\"auto, (max-width: 576px) 100vw, 576px\" \/><\/figure>\n<\/div>\n\n\n<p class=\"wp-block-paragraph\" style=\"font-size:20px\">Junto a la torre de la Mezqiuita-Catedral se encuentra la \u00abPuerta del Perd\u00f3n\u00bb, la entrada principal al Patio de los Naranjos y el acceso al aljibe de \u201cLas Aguas del Cabildo\u00bb.<\/p>\n\n\n\n<p class=\"has-blue-color has-text-color has-link-color wp-elements-94877f80b1727a84fdce3cb0593b69b9 wp-block-paragraph\" style=\"font-size:20px\">Puerta del Perd\u00f3n y aljibe:  <a href=\"https:\/\/xn--porlascallesdecrdoba-p8b.com\/?page_id=1793\">https:\/\/xn--porlascallesdecrdoba-p8b.com\/?page_id=1793<\/a><\/p>\n\n\n\n<p class=\"has-blue-color has-text-color has-link-color wp-elements-185f93b2bc23e63a2bf8cffcab169ab0 wp-block-paragraph\" style=\"font-size:20px\">Torre de la Catedral:  <a href=\"https:\/\/xn--porlascallesdecrdoba-p8b.com\/?page_id=1875\">https:\/\/xn--porlascallesdecrdoba-p8b.com\/?page_id=1875<\/a><\/p>\n\n\n\n<p class=\"wp-block-paragraph\" style=\"font-size:20px\">En la \u00faltima casa de esta calle una placa nos recuerda que en ella nacer\u00eda el 2 de octubre de 1871 Blanco Belmonte (1871-1936) poeta, escritor, traductor y periodista espa\u00f1ol, del que trataremos al llegar a la calle que la ciudad le dedic\u00f3 cerca de aqu\u00ed.<\/p>\n\n\n\n<p class=\"wp-block-paragraph\" style=\"font-size:20px\">En el n\u00famero 24 se encontraba una de las tabernas m\u00e1s populares, \u201cTaberna la Mezquita\u201d, fundada en el a\u00f1o 1888, estuvo abierta m\u00e1s de un siglo hasta finales de los a\u00f1os 90, cuando el bisnieto del fundador, ya mayor, no tuvo nadie que continuara con la saga del negocio. Alcanz\u00f3 notable fama entre el p\u00fablico por los boquerones en vinagre, tapa t\u00edpica en C\u00f3rdoba desde hace a\u00f1os.<\/p>\n\n\n\n<figure class=\"wp-block-image size-full\"><img loading=\"lazy\" decoding=\"async\" width=\"1013\" height=\"436\" src=\"https:\/\/xn--porlascallesdecrdoba-p8b.com\/wp-content\/uploads\/2026\/08\/image-8.png\" alt=\"\" class=\"wp-image-5813\"\/><figcaption class=\"wp-element-caption\">Aljibe de Aguas del Cabildo y edificios Cardenal Herrero 32 y 24<\/figcaption><\/figure>\n\n\n\n<p class=\"wp-block-paragraph\" style=\"font-size:20px\">Junto a esta casa se encuentra el primer restaurante de alta categor\u00eda abierto en C\u00f3rdoba, \u201cEl Caballo Rojo\u201d, lo abri\u00f3 Jos\u00e9 Garc\u00eda Mar\u00edn, quien hab\u00eda empezado su actividad en la restauraci\u00f3n a los quince a\u00f1os ayudando a sus padres en la taberna familiar, tras casarse, se independiz\u00f3 abriendo una taberna en la zona de San Cayetano a la que convirti\u00f3 en un modesto restaurante que en poco tiempo consigui\u00f3 prestigio, con una clientela variada, de todos los estratos, que elogiaba el buen hacer de este empresario y su cocina, en la que el peso de lo aut\u00f3ctono predominaba en sus recetas.<\/p>\n\n\n<div class=\"wp-block-image\">\n<figure class=\"alignleft size-large is-resized\"><img loading=\"lazy\" decoding=\"async\" width=\"768\" height=\"1024\" src=\"https:\/\/xn--porlascallesdecrdoba-p8b.com\/wp-content\/uploads\/2026\/08\/image-9-768x1024.png\" alt=\"\" class=\"wp-image-5817\" style=\"aspect-ratio:0.7500073242902763;width:287px;height:auto\" srcset=\"https:\/\/xn--porlascallesdecrdoba-p8b.com\/wp-content\/uploads\/2026\/08\/image-9-768x1024.png 768w, https:\/\/xn--porlascallesdecrdoba-p8b.com\/wp-content\/uploads\/2026\/08\/image-9-225x300.png 225w, https:\/\/xn--porlascallesdecrdoba-p8b.com\/wp-content\/uploads\/2026\/08\/image-9-1152x1536.png 1152w, https:\/\/xn--porlascallesdecrdoba-p8b.com\/wp-content\/uploads\/2026\/08\/image-9-1536x2048.png 1536w, https:\/\/xn--porlascallesdecrdoba-p8b.com\/wp-content\/uploads\/2026\/08\/image-9-scaled.png 1920w\" sizes=\"auto, (max-width: 768px) 100vw, 768px\" \/><\/figure>\n<\/div>\n\n\n<p class=\"wp-block-paragraph\" style=\"font-size:20px\">En 1962 adquiere una casa en el barrio de la juder\u00eda, con entrada por las calles Deanes y Romero, donde continuar\u00e1 promocionando su cocina e incorporando nuevos platos. Su fama tomar\u00e1 ya dimensiones nacionales y su clientela va aumentando considerablemente, de tal forma que, a finales de 1971 tiene que trasladarse al actual emplazamiento, con capacidad para 300 comensales, con el lema \u201cPara comer, C\u00f3rdoba\u201d, en esta \u00e9poca empieza a incluir en la carta los platos de cocina moz\u00e1rabe, animado tras leer unos manuscritos del siglo XIII con recetas andalus\u00edes.<\/p>\n\n\n\n<p class=\"wp-block-paragraph\" style=\"font-size:20px\">Por el restaurante han pasado reyes, jefes de estado, presidentes de gobierno, grandes representantes del mundo de la cultura, la pol\u00edtica, etc. Ha llevado la cocina de C\u00f3rdoba por toda Espa\u00f1a y por muchos pa\u00edses.<\/p>\n\n\n\n<p class=\"wp-block-paragraph\" style=\"font-size:20px\">En el a\u00f1o 1986 abre un nuevo establecimiento, El Blas\u00f3n, situado en el centro de C\u00f3rdoba, en 1991, construye un palacete en la zona residencial del Brillante destinado a celebraciones de mayor envergadura, con capacidad para quinientas personas, \u201cLas Palmeras del Caballo Rojo\u201d. En el 2001 abre otro similar, \u201cEl Mirador del Caballo Rojo\u201d.<\/p>\n\n\n\n<p class=\"wp-block-paragraph\" style=\"font-size:20px\">Jos\u00e9 Garc\u00eda Mar\u00edn, quien falleci\u00f3 en el 2018, estaba en posesi\u00f3n&nbsp;de la Medalla de Oro del Trabajo, Medalla de Oro de la Ciudad de C\u00f3rdoba, Medalla de la Junta de Andaluc\u00eda, y la Orden de Isabel la Cat\u00f3lica. &nbsp;&nbsp;<\/p>\n\n\n\n<figure class=\"wp-block-gallery has-nested-images columns-default is-cropped wp-block-gallery-1 is-layout-flex wp-block-gallery-is-layout-flex\">\n<figure class=\"wp-block-image size-large\"><a href=\"https:\/\/xn--porlascallesdecrdoba-p8b.com\/?page_id=5735\"><img loading=\"lazy\" decoding=\"async\" width=\"182\" height=\"89\" data-id=\"5724\" src=\"https:\/\/xn--porlascallesdecrdoba-p8b.com\/wp-content\/uploads\/2026\/08\/01-Volver.png\" alt=\"\" class=\"wp-image-5724\"\/><\/a><\/figure>\n\n\n\n<figure class=\"wp-block-image size-large\"><a href=\"https:\/\/xn--porlascallesdecrdoba-p8b.com\/?page_id=5741\"><img loading=\"lazy\" decoding=\"async\" width=\"188\" height=\"89\" data-id=\"5725\" src=\"https:\/\/xn--porlascallesdecrdoba-p8b.com\/wp-content\/uploads\/2026\/08\/03-avanzar.png\" alt=\"\" class=\"wp-image-5725\"\/><\/a><\/figure>\n<\/figure>\n\n\n<div class=\"wp-block-image\">\n<figure class=\"aligncenter size-large\"><a href=\"https:\/\/xn--porlascallesdecrdoba-p8b.com\/?page_id=5727\"><img loading=\"lazy\" decoding=\"async\" width=\"370\" height=\"67\" src=\"https:\/\/xn--porlascallesdecrdoba-p8b.com\/wp-content\/uploads\/2026\/08\/Captura-de-pantalla-2026-08-02-182713-1.png\" alt=\"\" class=\"wp-image-5726\" srcset=\"https:\/\/xn--porlascallesdecrdoba-p8b.com\/wp-content\/uploads\/2026\/08\/Captura-de-pantalla-2026-08-02-182713-1.png 370w, https:\/\/xn--porlascallesdecrdoba-p8b.com\/wp-content\/uploads\/2026\/08\/Captura-de-pantalla-2026-08-02-182713-1-300x54.png 300w\" sizes=\"auto, (max-width: 370px) 100vw, 370px\" \/><\/a><\/figure>\n<\/div>\n\n\n<p class=\"wp-block-paragraph\" style=\"font-size:20px\"><\/p>\n\n\n\n<p class=\"wp-block-paragraph\"><\/p>\n","protected":false},"excerpt":{"rendered":"<p>La fachada norte de la Mezquita-Catedral coincide con la calle \u00abCardenal Herrero\u00ab, es la calle en la que se encuentra la torre de la Mezquita-Catedral y la \u201cPuerta del Perd\u00f3n\u201d, <a class=\"more-link\" href=\"https:\/\/xn--porlascallesdecrdoba-p8b.com\/?page_id=5737\">Seguir leyendo &rarr;<\/a><\/p>\n","protected":false},"author":1,"featured_media":0,"parent":0,"menu_order":0,"comment_status":"closed","ping_status":"closed","template":"","meta":{"footnotes":""},"class_list":["post-5737","page","type-page","status-publish","hentry"],"_links":{"self":[{"href":"https:\/\/xn--porlascallesdecrdoba-p8b.com\/index.php?rest_route=\/wp\/v2\/pages\/5737","targetHints":{"allow":["GET"]}}],"collection":[{"href":"https:\/\/xn--porlascallesdecrdoba-p8b.com\/index.php?rest_route=\/wp\/v2\/pages"}],"about":[{"href":"https:\/\/xn--porlascallesdecrdoba-p8b.com\/index.php?rest_route=\/wp\/v2\/types\/page"}],"author":[{"embeddable":true,"href":"https:\/\/xn--porlascallesdecrdoba-p8b.com\/index.php?rest_route=\/wp\/v2\/users\/1"}],"replies":[{"embeddable":true,"href":"https:\/\/xn--porlascallesdecrdoba-p8b.com\/index.php?rest_route=%2Fwp%2Fv2%2Fcomments&post=5737"}],"version-history":[{"count":18,"href":"https:\/\/xn--porlascallesdecrdoba-p8b.com\/index.php?rest_route=\/wp\/v2\/pages\/5737\/revisions"}],"predecessor-version":[{"id":5886,"href":"https:\/\/xn--porlascallesdecrdoba-p8b.com\/index.php?rest_route=\/wp\/v2\/pages\/5737\/revisions\/5886"}],"wp:attachment":[{"href":"https:\/\/xn--porlascallesdecrdoba-p8b.com\/index.php?rest_route=%2Fwp%2Fv2%2Fmedia&parent=5737"}],"curies":[{"name":"wp","href":"https:\/\/api.w.org\/{rel}","templated":true}]}}