{"id":5867,"date":"2026-08-04T15:22:31","date_gmt":"2026-08-04T15:22:31","guid":{"rendered":"https:\/\/xn--porlascallesdecrdoba-p8b.com\/?page_id=5867"},"modified":"2026-08-24T06:38:08","modified_gmt":"2026-08-24T06:38:08","slug":"samuel-de-los-santos-gener","status":"publish","type":"page","link":"https:\/\/xn--porlascallesdecrdoba-p8b.com\/?page_id=5867","title":{"rendered":"Casa Mud\u00e9jar"},"content":{"rendered":"<div class=\"wp-block-image\">\n<figure class=\"alignright size-full\"><img loading=\"lazy\" decoding=\"async\" width=\"303\" height=\"426\" src=\"https:\/\/xn--porlascallesdecrdoba-p8b.com\/wp-content\/uploads\/2026\/08\/16-08-10_-207-r.jpg\" alt=\"\" class=\"wp-image-5912\" srcset=\"https:\/\/xn--porlascallesdecrdoba-p8b.com\/wp-content\/uploads\/2026\/08\/16-08-10_-207-r.jpg 303w, https:\/\/xn--porlascallesdecrdoba-p8b.com\/wp-content\/uploads\/2026\/08\/16-08-10_-207-r-213x300.jpg 213w\" sizes=\"auto, (max-width: 303px) 100vw, 303px\" \/><\/figure>\n<\/div>\n\n\n<p class=\"wp-block-paragraph\" style=\"font-size:20px\">Cierra la calle un magn\u00edfico edificio, la \u201c<strong>Casa Mud\u00e9jar<\/strong>\u201d, fruto de la uni\u00f3n de cinco casas, cuatro patios y un torre\u00f3n, construidos entre los siglos XIV y XV, que la hacen un laberinto de galer\u00edas que conectan con patios y estancias. En un principio eran siete las casas que la compon\u00edan, una de ellas es la derruida al final de \u201cSamuel de los Santos\u201d, que linda con ella, y con la que se ha descubierto que compart\u00eda pozo. La otra, era por donde ten\u00eda la entrada principal la casa, daba al convento de la Encarnaci\u00f3n, al que part\u00eda en dos y obligaba a las monjas a salir a la calle para pasar de un lado a otro, por lo que las monjas solicitaron al obispado, propietario por entonces de la casa, que cerrase esa calle y fuese a\u00f1adida al convento, cosa que se autoriz\u00f3, mediante el abono de unas reformas en la casa por parte de las monjas. Desde ese momento la entrada a la vivienda ser\u00eda la actual.<\/p>\n\n\n\n<p class=\"wp-block-paragraph\" style=\"font-size:20px\"><\/p>\n\n\n<div class=\"wp-block-image\">\n<figure class=\"aligncenter size-full is-resized\"><img loading=\"lazy\" decoding=\"async\" width=\"790\" height=\"444\" src=\"https:\/\/xn--porlascallesdecrdoba-p8b.com\/wp-content\/uploads\/2026\/08\/image-21.png\" alt=\"\" class=\"wp-image-5909\" style=\"aspect-ratio:1.7793418968854477;width:641px;height:auto\" srcset=\"https:\/\/xn--porlascallesdecrdoba-p8b.com\/wp-content\/uploads\/2026\/08\/image-21.png 790w, https:\/\/xn--porlascallesdecrdoba-p8b.com\/wp-content\/uploads\/2026\/08\/image-21-300x169.png 300w, https:\/\/xn--porlascallesdecrdoba-p8b.com\/wp-content\/uploads\/2026\/08\/image-21-768x432.png 768w\" sizes=\"auto, (max-width: 790px) 100vw, 790px\" \/><figcaption class=\"wp-element-caption\">Entrada a la \u00ab<em>Casa Mud\u00e9jar\u201d,<\/em><em>&nbsp;sede de \u201cCasa \u00c1rabe\u201d<\/em><br>&nbsp;<\/figcaption><\/figure>\n<\/div>\n\n\n<p class=\"wp-block-paragraph\" style=\"font-size:20px\">Conserva intacta su antigua estructura y organizaci\u00f3n, de una arquitectura dom\u00e9stica y se\u00f1orial puramente mud\u00e9jar, fue morada de importantes familias cordobesas como los C\u00f3rdoba, los Venegas o del corregidor Pedro Zapata (1592-1597), hasta que se finaliz\u00f3 la construcci\u00f3n del edificio encargado por \u00e9l a Juan de Ochoa, en la plaza de la Corredera, para prisi\u00f3n y vivienda del corregidor. La casa mantiene gran parte de sus elementos arquitect\u00f3nicos originales a pesar de los diferentes usos que ha tenido a lo largo del tiempo: palacio, vivienda, sede del Museo Arqueol\u00f3gico de C\u00f3rdoba entre 1923 y 1959, proyecto para museo etnol\u00f3gico en los a\u00f1os ochenta y dependencias administrativas y culturales en los noventa. Durante la excavaci\u00f3n del palacio de Cercadillas, fue el lugar donde trabajaron los arque\u00f3logos y otros t\u00e9cnicos, y se depositaron muchos de los materiales encontrados en la excavaci\u00f3n, pues aqu\u00ed estaba la Delegaci\u00f3n de Cultura de la Junta de Andaluc\u00eda.<\/p>\n\n\n\n<figure class=\"wp-block-image size-full\"><img loading=\"lazy\" decoding=\"async\" width=\"994\" height=\"476\" src=\"https:\/\/xn--porlascallesdecrdoba-p8b.com\/wp-content\/uploads\/2026\/08\/image-22.png\" alt=\"\" class=\"wp-image-5911\"\/><figcaption class=\"wp-element-caption\">Patio de entrada<\/figcaption><\/figure>\n\n\n\n<p class=\"wp-block-paragraph\" style=\"font-size:20px\">A trav\u00e9s de su sobria pero bella y majestuosa portada adintelada, entramos en un alargado zagu\u00e1n empedrado y acodado a la izquierda, con poyete para ayudar a montar en cabalgadura, nos lleva al \u201cPatio de Recibo\u201d, donde estaban las cuadras (a\u00fan conservan los pesebres), las cocheras para carruajes era la actual conserjer\u00eda. Durante las reformas para adaptaci\u00f3n a Casa \u00c1rabe, sobre las cuadras se construy\u00f3 un apartamento, de un dormitorio, para dar servicio a personas que vienen a realizar cometidos a esta instituci\u00f3n. La pared principal posee una triple arquer\u00eda mud\u00e9jar con pilares octogonales y capiteles g\u00f3ticos (s. XV\u2013XVI), en la segunda planta se abren balcones de \u00e9poca posterior. Junto al p\u00f3rtico se encuentra una fuente renacentista con mascar\u00f3n.<\/p>\n\n\n\n<figure class=\"wp-block-image size-full\"><img loading=\"lazy\" decoding=\"async\" width=\"923\" height=\"545\" src=\"https:\/\/xn--porlascallesdecrdoba-p8b.com\/wp-content\/uploads\/2026\/08\/image-36.png\" alt=\"\" class=\"wp-image-5939\" srcset=\"https:\/\/xn--porlascallesdecrdoba-p8b.com\/wp-content\/uploads\/2026\/08\/image-36.png 923w, https:\/\/xn--porlascallesdecrdoba-p8b.com\/wp-content\/uploads\/2026\/08\/image-36-300x177.png 300w, https:\/\/xn--porlascallesdecrdoba-p8b.com\/wp-content\/uploads\/2026\/08\/image-36-768x453.png 768w\" sizes=\"auto, (max-width: 923px) 100vw, 923px\" \/><figcaption class=\"wp-element-caption\">Patio de entrada, cuadras en la planta baja<\/figcaption><\/figure>\n\n\n<div class=\"wp-block-image\">\n<figure class=\"aligncenter size-full is-resized\"><img loading=\"lazy\" decoding=\"async\" width=\"802\" height=\"535\" src=\"https:\/\/xn--porlascallesdecrdoba-p8b.com\/wp-content\/uploads\/2026\/08\/image-23.png\" alt=\"\" class=\"wp-image-5914\" style=\"aspect-ratio:1.4990923464308719;width:607px;height:auto\"\/><figcaption class=\"wp-element-caption\">Cuadras, con acceso desde el patio<\/figcaption><\/figure>\n<\/div>\n\n\n<p class=\"wp-block-paragraph\" style=\"font-size:20px\">Pasamos al interior y tomemos a la izquierda para acceder a un patio con un \u201cp\u00f3rtico castellano\u201d, este tipo se documenta en C\u00f3rdoba desde el siglo XV, coincidiendo con la repoblaci\u00f3n del Alc\u00e1zar Viejo por los ballesteros. Este p\u00f3rtico se caracteriza por el dintel recto de madera, sustentado por pies del mismo material, a modo de columnas que soportan la gruesa viga de madera, que sustenta la planta superior. En C\u00f3rdoba la viga sol\u00eda sustentase por columnas o pilares de ladrillo, dejando la madera para el piso superior, al tener menor peso. Estos p\u00f3rticos, por su menor coste, fueron m\u00e1s empleados en las casas humildes y en patios de servicio. Este patio es el llamado \u201cdel Abrevadero\u201d, pues en \u00e9l se sit\u00faa una gran alberca, que sirvi\u00f3 de abrevadero y se data en el siglo XVII.<\/p>\n\n\n<div class=\"wp-block-image\">\n<figure class=\"aligncenter size-full is-resized\"><img loading=\"lazy\" decoding=\"async\" width=\"748\" height=\"499\" src=\"https:\/\/xn--porlascallesdecrdoba-p8b.com\/wp-content\/uploads\/2026\/08\/image-24.png\" alt=\"\" class=\"wp-image-5916\" style=\"aspect-ratio:1.4990605624099707;width:578px;height:auto\"\/><\/figure>\n<\/div>\n\n\n<figure class=\"wp-block-image size-large\"><img loading=\"lazy\" decoding=\"async\" width=\"1024\" height=\"768\" src=\"https:\/\/xn--porlascallesdecrdoba-p8b.com\/wp-content\/uploads\/2026\/08\/17-03-10-086-1024x768.jpg\" alt=\"\" class=\"wp-image-5937\" srcset=\"https:\/\/xn--porlascallesdecrdoba-p8b.com\/wp-content\/uploads\/2026\/08\/17-03-10-086-1024x768.jpg 1024w, https:\/\/xn--porlascallesdecrdoba-p8b.com\/wp-content\/uploads\/2026\/08\/17-03-10-086-300x225.jpg 300w, https:\/\/xn--porlascallesdecrdoba-p8b.com\/wp-content\/uploads\/2026\/08\/17-03-10-086-768x576.jpg 768w, https:\/\/xn--porlascallesdecrdoba-p8b.com\/wp-content\/uploads\/2026\/08\/17-03-10-086-1536x1152.jpg 1536w, https:\/\/xn--porlascallesdecrdoba-p8b.com\/wp-content\/uploads\/2026\/08\/17-03-10-086-2048x1536.jpg 2048w\" sizes=\"auto, (max-width: 1024px) 100vw, 1024px\" \/><figcaption class=\"wp-element-caption\">Alberca<\/figcaption><\/figure>\n\n\n\n<p class=\"wp-block-paragraph\" style=\"font-size:20px\">Al lado derecho de la casa se encuentra el patio principal, que conserva elementos de mayor antig\u00fcedad. El suelo es peculiar, pues est\u00e1 empedrado, pero posee un marco de ladrillo y olambrillas (peque\u00f1o azulejo cuadrangular) de \u00e9poca reciente. En \u00e9l se instala una fuente con un pil\u00f3n octogonal decorado con azulejos y un pozo. Destaca en el patio su bello p\u00f3rtico de tres arcos de ladrillo, de medio punto, que descansan sobre material de acarreo, concretamente columnas y capiteles califales \u201cde avispero\u201d. En la galer\u00eda del p\u00f3rtico destacan los huecos de dos alacenas (hueco de una pared en el que se disponen estantes a modo de armario), \u00fanicos ejemplares conservados en C\u00f3rdoba de alacenas decoradas con yeser\u00edas, de la misma forma que las portadas. El techo de este espacio pudiera ser de las obras de adaptaci\u00f3n para museo a primeros del siglo XX.<\/p>\n\n\n<div class=\"wp-block-image\">\n<figure class=\"aligncenter size-full\"><img decoding=\"async\" src=\"https:\/\/xn--porlascallesdecrdoba-p8b.com\/wp-content\/uploads\/2026\/08\/IMG_4515.jpg\" alt=\"\" class=\"wp-image-5942\"\/><figcaption class=\"wp-element-caption\">Patio principal<\/figcaption><\/figure>\n<\/div>\n\n<div class=\"wp-block-image\">\n<figure class=\"aligncenter size-full\"><img loading=\"lazy\" decoding=\"async\" width=\"708\" height=\"471\" src=\"https:\/\/xn--porlascallesdecrdoba-p8b.com\/wp-content\/uploads\/2026\/08\/image-26.png\" alt=\"\" class=\"wp-image-5918\"\/><figcaption class=\"wp-element-caption\">Arquer\u00eda del patio principal<\/figcaption><\/figure>\n<\/div>\n\n<div class=\"wp-block-image\">\n<figure class=\"alignleft size-full is-resized\"><img loading=\"lazy\" decoding=\"async\" width=\"564\" height=\"455\" src=\"https:\/\/xn--porlascallesdecrdoba-p8b.com\/wp-content\/uploads\/2026\/08\/image-27.png\" alt=\"\" class=\"wp-image-5919\" style=\"aspect-ratio:1.2396112370355106;width:475px;height:auto\"\/><\/figure>\n<\/div>\n\n\n<p class=\"wp-block-paragraph\" style=\"font-size:20px\">Tras pasar el arco de la galer\u00eda, decorado con hojas de pimiento (los \u00e1rabes sol\u00edan representar en este tipo de relieves hojas de plantas), accedemos a una sala expositiva, espacio que conserva en sus extremos las primitivas habitaciones, separadas mediante arcos con decoraci\u00f3n de yeser\u00edas. El techo se cubre con un bello alfarje (techo de madera entrelazada que en muchos casos se labra y se pinta adicionalmente) de 8 x 3,5 metros, decorado con motivos vegetales y el escudo de los Venegas, barras azules sobre fondo de plata. En el suelo de la sala se conserva parte de las peque\u00f1as losas originales.<\/p>\n\n\n\n<figure class=\"wp-block-image size-full\"><img loading=\"lazy\" decoding=\"async\" width=\"786\" height=\"438\" src=\"https:\/\/xn--porlascallesdecrdoba-p8b.com\/wp-content\/uploads\/2026\/08\/image-28.png\" alt=\"\" class=\"wp-image-5920\" srcset=\"https:\/\/xn--porlascallesdecrdoba-p8b.com\/wp-content\/uploads\/2026\/08\/image-28.png 786w, https:\/\/xn--porlascallesdecrdoba-p8b.com\/wp-content\/uploads\/2026\/08\/image-28-300x167.png 300w, https:\/\/xn--porlascallesdecrdoba-p8b.com\/wp-content\/uploads\/2026\/08\/image-28-768x428.png 768w\" sizes=\"auto, (max-width: 786px) 100vw, 786px\" \/><\/figure>\n\n\n<div class=\"wp-block-image\">\n<figure class=\"aligncenter size-full\"><img loading=\"lazy\" decoding=\"async\" width=\"688\" height=\"278\" src=\"https:\/\/xn--porlascallesdecrdoba-p8b.com\/wp-content\/uploads\/2026\/08\/image-29.png\" alt=\"\" class=\"wp-image-5921\" srcset=\"https:\/\/xn--porlascallesdecrdoba-p8b.com\/wp-content\/uploads\/2026\/08\/image-29.png 688w, https:\/\/xn--porlascallesdecrdoba-p8b.com\/wp-content\/uploads\/2026\/08\/image-29-300x121.png 300w\" sizes=\"auto, (max-width: 688px) 100vw, 688px\" \/><\/figure>\n<\/div>\n\n\n<p class=\"wp-block-paragraph\" style=\"font-size:20px\">Donde actualmente se encuentra la sala de conferencias era otro patio, por carecer de importancia, se utiliz\u00f3 para construir este espacio.<\/p>\n\n\n<div class=\"wp-block-image\">\n<figure class=\"alignleft size-full is-resized\"><img loading=\"lazy\" decoding=\"async\" width=\"501\" height=\"411\" src=\"https:\/\/xn--porlascallesdecrdoba-p8b.com\/wp-content\/uploads\/2026\/08\/image-30.png\" alt=\"\" class=\"wp-image-5922\" style=\"aspect-ratio:1.218986427403718;width:467px;height:auto\" srcset=\"https:\/\/xn--porlascallesdecrdoba-p8b.com\/wp-content\/uploads\/2026\/08\/image-30.png 501w, https:\/\/xn--porlascallesdecrdoba-p8b.com\/wp-content\/uploads\/2026\/08\/image-30-300x246.png 300w\" sizes=\"auto, (max-width: 501px) 100vw, 501px\" \/><\/figure>\n<\/div>\n\n\n<p class=\"wp-block-paragraph\" style=\"font-size:20px\">En el patio, en la pared opuesta al p\u00f3rtico se abre una puerta que nos da acceso a la escalera que nos llevar\u00e1 al Palacio Alto, utilizado normalmente en invierno. Accedemos a la zona intermedia de la escalera de dos tiros, uno baja al patio de entrada y el otro va a la zona alta, como curiosidad no finaliza en el t\u00edpico doble arco con columna descansando en el pretil tan utilizado en el barroco, sustituye el doble arco en dos espacios adintelados, partidos por la columna coronada con un capitel califal. En la planta alta se conserva la cocina, con sus fogones y los azulejos originales en un magn\u00edfico estado, tras la restauraci\u00f3n, pues estaban muy ennegrecidos.<\/p>\n\n\n\n<figure class=\"wp-block-image size-full\"><img decoding=\"async\" src=\"https:\/\/xn--porlascallesdecrdoba-p8b.com\/wp-content\/uploads\/2026\/08\/20211022_171741.jpg\" alt=\"\" class=\"wp-image-5935\"\/><\/figure>\n\n\n<div class=\"wp-block-image\">\n<figure class=\"alignright size-full is-resized\"><img loading=\"lazy\" decoding=\"async\" width=\"644\" height=\"398\" src=\"https:\/\/xn--porlascallesdecrdoba-p8b.com\/wp-content\/uploads\/2026\/08\/image-31.png\" alt=\"\" class=\"wp-image-5923\" style=\"aspect-ratio:1.6181147186996976;width:510px;height:auto\"\/><figcaption class=\"wp-element-caption\">Cocina<\/figcaption><\/figure>\n<\/div>\n\n\n<p class=\"wp-block-paragraph\" style=\"font-size:20px\">La estancia principal del \u201cpalacio alto\u201d es la que se encuentra sobre la sala del alfarje del piso bajo, teniendo la misma estructura, si bien ha perdido una de las habitaciones laterales. En ella encuentran unas pinturas murales, catalogadas por Samuel de los Santos, a modo de anchos z\u00f3calos en donde se representan figuras humanas relacionadas con las virtudes teologales, junto con pa\u00f1os de lacer\u00eda y escudos de armas de los Fern\u00e1ndez de C\u00f3rdoba y del linaje de los Carrillo, seg\u00fan algunos autores. Las pinturas son obra del pintor Pedro Romana pudiendo haber sido encargadas en el a\u00f1o 1500, siendo la mejor muestra de pintura mud\u00e9jar de la ciudad. Destaca en la zona alta de las pinturas unos dibujos en tres dimensiones, algo inusual para la \u00e9poca. El lado derecho de la sala tiene una habitaci\u00f3n que pudo ser un dormitorio, a \u00e9l se accede por un arco polilobulado.<\/p>\n\n\n<div class=\"wp-block-image\">\n<figure class=\"aligncenter size-full\"><img loading=\"lazy\" decoding=\"async\" width=\"825\" height=\"371\" src=\"https:\/\/xn--porlascallesdecrdoba-p8b.com\/wp-content\/uploads\/2026\/08\/image-32.png\" alt=\"\" class=\"wp-image-5924\" srcset=\"https:\/\/xn--porlascallesdecrdoba-p8b.com\/wp-content\/uploads\/2026\/08\/image-32.png 825w, https:\/\/xn--porlascallesdecrdoba-p8b.com\/wp-content\/uploads\/2026\/08\/image-32-300x135.png 300w, https:\/\/xn--porlascallesdecrdoba-p8b.com\/wp-content\/uploads\/2026\/08\/image-32-768x345.png 768w\" sizes=\"auto, (max-width: 825px) 100vw, 825px\" \/><\/figure>\n<\/div>\n\n\n<figure class=\"wp-block-image size-full\"><img loading=\"lazy\" decoding=\"async\" width=\"828\" height=\"373\" src=\"https:\/\/xn--porlascallesdecrdoba-p8b.com\/wp-content\/uploads\/2026\/08\/image-33.png\" alt=\"\" class=\"wp-image-5925\" srcset=\"https:\/\/xn--porlascallesdecrdoba-p8b.com\/wp-content\/uploads\/2026\/08\/image-33.png 828w, https:\/\/xn--porlascallesdecrdoba-p8b.com\/wp-content\/uploads\/2026\/08\/image-33-300x135.png 300w, https:\/\/xn--porlascallesdecrdoba-p8b.com\/wp-content\/uploads\/2026\/08\/image-33-768x346.png 768w\" sizes=\"auto, (max-width: 828px) 100vw, 828px\" \/><\/figure>\n\n\n<div class=\"wp-block-image\">\n<figure class=\"aligncenter size-full\"><img loading=\"lazy\" decoding=\"async\" width=\"849\" height=\"407\" src=\"https:\/\/xn--porlascallesdecrdoba-p8b.com\/wp-content\/uploads\/2026\/08\/image-34.png\" alt=\"\" class=\"wp-image-5926\" srcset=\"https:\/\/xn--porlascallesdecrdoba-p8b.com\/wp-content\/uploads\/2026\/08\/image-34.png 849w, https:\/\/xn--porlascallesdecrdoba-p8b.com\/wp-content\/uploads\/2026\/08\/image-34-300x144.png 300w, https:\/\/xn--porlascallesdecrdoba-p8b.com\/wp-content\/uploads\/2026\/08\/image-34-768x368.png 768w\" sizes=\"auto, (max-width: 849px) 100vw, 849px\" \/><\/figure>\n<\/div>\n\n\n<p class=\"wp-block-paragraph\" style=\"font-size:20px\">La Direcci\u00f3n General del Patrimonio del Estado cedi\u00f3 este edificio hist\u00f3rico a \u201cCasa \u00c1rabe\u201d para su sede en C\u00f3rdoba. Las obras de rehabilitaci\u00f3n y adaptaci\u00f3n, dirigidas por el Ayuntamiento de C\u00f3rdoba, fueron galardonadas con el primer Premio Ciudad Patrimonio de la Humanidad 2011, concedido por el Ministerio de Educaci\u00f3n, Cultura y Deporte.<\/p>\n\n\n<div class=\"wp-block-image\">\n<figure class=\"alignright size-full\"><img loading=\"lazy\" decoding=\"async\" width=\"264\" height=\"372\" src=\"https:\/\/xn--porlascallesdecrdoba-p8b.com\/wp-content\/uploads\/2026\/08\/casa-arabe-logo.png\" alt=\"\" class=\"wp-image-5928\"\/><\/figure>\n<\/div>\n\n\n<p class=\"wp-block-paragraph\" style=\"font-size:20px\">Casa \u00c1rabe es un consorcio constituido por el Ministerio de Asuntos Exteriores y de Cooperaci\u00f3n y la Agencia Espa\u00f1ola de Cooperaci\u00f3n Internacional para el Desarrollo, la Junta de Andaluc\u00eda, la Comunidad de Madrid y los Ayuntamientos de Madrid y de C\u00f3rdoba. Est\u00e1 regido por un Consejo Rector y una Direcci\u00f3n General. Su Alto Patronato est\u00e1 presidido por Sus Majestades los Reyes de Espa\u00f1a. Los principales objetivos de Casa \u00c1rabe, con sedes en Madrid y C\u00f3rdoba, son reforzar las relaciones pol\u00edticas bilaterales y multilaterales, fomentar y acompa\u00f1ar las relaciones econ\u00f3micas, culturales y educativas, as\u00ed como la formaci\u00f3n y el conocimiento sobre el mundo \u00e1rabe y musulm\u00e1n. En definitiva, Casa \u00c1rabe quiere ser un espacio de conocimiento mutuo y de reflexi\u00f3n compartida: un punto de encuentro. El logo de Casa \u00c1rabe, que para algunos evoca la <em>c <\/em>de \u201ccasa\u201d, es tambi\u00e9n una estilizaci\u00f3n de la letra \u00e1rabe <em>ayn, <\/em>inicial de la palabra <em>arabi, <\/em>\u201c\u00e1rabe\u201d.<\/p>\n\n\n\n<figure class=\"wp-block-gallery has-nested-images columns-default is-cropped wp-block-gallery-1 is-layout-flex wp-block-gallery-is-layout-flex\">\n<figure class=\"wp-block-image size-large\"><a href=\"https:\/\/xn--porlascallesdecrdoba-p8b.com\/?page_id=5872\"><img loading=\"lazy\" decoding=\"async\" width=\"182\" height=\"89\" data-id=\"5724\" src=\"https:\/\/xn--porlascallesdecrdoba-p8b.com\/wp-content\/uploads\/2026\/08\/01-Volver.png\" alt=\"\" class=\"wp-image-5724\"\/><\/a><\/figure>\n\n\n\n<figure class=\"wp-block-image size-large\"><a href=\"https:\/\/xn--porlascallesdecrdoba-p8b.com\/?page_id=5870\"><img loading=\"lazy\" decoding=\"async\" width=\"188\" height=\"89\" data-id=\"5725\" src=\"https:\/\/xn--porlascallesdecrdoba-p8b.com\/wp-content\/uploads\/2026\/08\/03-avanzar.png\" alt=\"\" class=\"wp-image-5725\"\/><\/a><\/figure>\n<\/figure>\n\n\n<div class=\"wp-block-image\">\n<figure class=\"aligncenter size-large\"><a href=\"https:\/\/xn--porlascallesdecrdoba-p8b.com\/?page_id=5727\"><img loading=\"lazy\" decoding=\"async\" width=\"370\" height=\"67\" src=\"https:\/\/xn--porlascallesdecrdoba-p8b.com\/wp-content\/uploads\/2026\/08\/Captura-de-pantalla-2026-08-02-182713-1.png\" alt=\"\" class=\"wp-image-5726\" srcset=\"https:\/\/xn--porlascallesdecrdoba-p8b.com\/wp-content\/uploads\/2026\/08\/Captura-de-pantalla-2026-08-02-182713-1.png 370w, https:\/\/xn--porlascallesdecrdoba-p8b.com\/wp-content\/uploads\/2026\/08\/Captura-de-pantalla-2026-08-02-182713-1-300x54.png 300w\" sizes=\"auto, (max-width: 370px) 100vw, 370px\" \/><\/a><\/figure>\n<\/div>\n\n\n<p class=\"wp-block-paragraph\" style=\"font-size:20px\"><\/p>\n\n\n\n<p class=\"wp-block-paragraph\"><\/p>\n","protected":false},"excerpt":{"rendered":"<p>Cierra la calle un magn\u00edfico edificio, la \u201cCasa Mud\u00e9jar\u201d, fruto de la uni\u00f3n de cinco casas, cuatro patios y un torre\u00f3n, construidos entre los siglos XIV y XV, que la <a class=\"more-link\" href=\"https:\/\/xn--porlascallesdecrdoba-p8b.com\/?page_id=5867\">Seguir leyendo &rarr;<\/a><\/p>\n","protected":false},"author":1,"featured_media":0,"parent":0,"menu_order":0,"comment_status":"closed","ping_status":"closed","template":"","meta":{"footnotes":""},"class_list":["post-5867","page","type-page","status-publish","hentry"],"_links":{"self":[{"href":"https:\/\/xn--porlascallesdecrdoba-p8b.com\/index.php?rest_route=\/wp\/v2\/pages\/5867","targetHints":{"allow":["GET"]}}],"collection":[{"href":"https:\/\/xn--porlascallesdecrdoba-p8b.com\/index.php?rest_route=\/wp\/v2\/pages"}],"about":[{"href":"https:\/\/xn--porlascallesdecrdoba-p8b.com\/index.php?rest_route=\/wp\/v2\/types\/page"}],"author":[{"embeddable":true,"href":"https:\/\/xn--porlascallesdecrdoba-p8b.com\/index.php?rest_route=\/wp\/v2\/users\/1"}],"replies":[{"embeddable":true,"href":"https:\/\/xn--porlascallesdecrdoba-p8b.com\/index.php?rest_route=%2Fwp%2Fv2%2Fcomments&post=5867"}],"version-history":[{"count":14,"href":"https:\/\/xn--porlascallesdecrdoba-p8b.com\/index.php?rest_route=\/wp\/v2\/pages\/5867\/revisions"}],"predecessor-version":[{"id":7326,"href":"https:\/\/xn--porlascallesdecrdoba-p8b.com\/index.php?rest_route=\/wp\/v2\/pages\/5867\/revisions\/7326"}],"wp:attachment":[{"href":"https:\/\/xn--porlascallesdecrdoba-p8b.com\/index.php?rest_route=%2Fwp%2Fv2%2Fmedia&parent=5867"}],"curies":[{"name":"wp","href":"https:\/\/api.w.org\/{rel}","templated":true}]}}