{"id":5949,"date":"2026-08-05T06:57:18","date_gmt":"2026-08-05T06:57:18","guid":{"rendered":"https:\/\/xn--porlascallesdecrdoba-p8b.com\/?page_id=5949"},"modified":"2026-08-24T10:29:18","modified_gmt":"2026-08-24T10:29:18","slug":"blanco-belmonte","status":"publish","type":"page","link":"https:\/\/xn--porlascallesdecrdoba-p8b.com\/?page_id=5949","title":{"rendered":"Blanco Belmonte"},"content":{"rendered":"\n<p class=\"wp-block-paragraph\" style=\"font-size:20px\">Esta calle une la plaza \u00abAgrupaci\u00f3n C\u00f3rdoba\u00bb con el centro de la ciudad, \u00abLas Tendillas\u00bb. En los planos de 1811 y 1915 aparece con el nombre de \u201cPedregosa\u201d y en el de 1920 ya con el actual. En el a\u00f1o 1860 la calle fue reurbanizada, alineando fachadas. Se piensa que podr\u00eda coincidir con el cardo m\u00e1ximo de la ampliaci\u00f3n de la ciudad en la Roma Imperial, ir\u00eda desde el foro hasta la Puerta del Puente, pues se alinea con la calle excavada bajo la ampliaci\u00f3n de Almanzor, en la Mezquita. Por varios restos arqueol\u00f3gicos localizados en esta calle, se sospecha que en esta zona pudieron existir en \u00e9poca romana varias \u201c<em>triclinia<\/em>s\u201d, grandes salones que actuaban como comedores p\u00fablicos.<\/p>\n\n\n\n<p class=\"wp-block-paragraph\" style=\"font-size:20px\">La calle lleva el nombre de un poeta, escritor, periodista y traductor de ingl\u00e9s y franc\u00e9s, nacido en C\u00f3rdoba en 1871 y fallecido en 1936, por enfermedad. Se inici\u00f3 como redactor del peri\u00f3dico local \u201cLa Uni\u00f3n\u201d, posteriormente se traslad\u00f3 a Madrid para trabajar en \u201cEl Espa\u00f1ol\u201d y en el a\u00f1o 1900 era redactor numerario de \u201cLa Ilustraci\u00f3n Espa\u00f1ola y Americana\u201d, colaborando en varios medios, como \u201cBlanco y Negro\u201d. Realizo diversas traducciones al castellano de textos en franc\u00e9s e ingl\u00e9s.<\/p>\n\n\n<div class=\"wp-block-image\">\n<figure class=\"aligncenter size-large is-resized\"><img loading=\"lazy\" decoding=\"async\" width=\"1024\" height=\"576\" src=\"https:\/\/xn--porlascallesdecrdoba-p8b.com\/wp-content\/uploads\/2026\/08\/20260426_101758-1024x576.jpg\" alt=\"\" class=\"wp-image-6018\" style=\"width:530px;height:auto\" srcset=\"https:\/\/xn--porlascallesdecrdoba-p8b.com\/wp-content\/uploads\/2026\/08\/20260426_101758-1024x576.jpg 1024w, https:\/\/xn--porlascallesdecrdoba-p8b.com\/wp-content\/uploads\/2026\/08\/20260426_101758-300x169.jpg 300w, https:\/\/xn--porlascallesdecrdoba-p8b.com\/wp-content\/uploads\/2026\/08\/20260426_101758-768x432.jpg 768w, https:\/\/xn--porlascallesdecrdoba-p8b.com\/wp-content\/uploads\/2026\/08\/20260426_101758-1536x864.jpg 1536w, https:\/\/xn--porlascallesdecrdoba-p8b.com\/wp-content\/uploads\/2026\/08\/20260426_101758-2048x1152.jpg 2048w\" sizes=\"auto, (max-width: 1024px) 100vw, 1024px\" \/><\/figure>\n<\/div>\n\n<div class=\"wp-block-image\">\n<figure class=\"alignright size-full is-resized\"><img loading=\"lazy\" decoding=\"async\" width=\"311\" height=\"379\" src=\"https:\/\/xn--porlascallesdecrdoba-p8b.com\/wp-content\/uploads\/2026\/08\/image-39.png\" alt=\"\" class=\"wp-image-6020\" style=\"aspect-ratio:0.8206069102003793;width:266px;height:auto\" srcset=\"https:\/\/xn--porlascallesdecrdoba-p8b.com\/wp-content\/uploads\/2026\/08\/image-39.png 311w, https:\/\/xn--porlascallesdecrdoba-p8b.com\/wp-content\/uploads\/2026\/08\/image-39-246x300.png 246w\" sizes=\"auto, (max-width: 311px) 100vw, 311px\" \/><figcaption class=\"wp-element-caption\">Calleja Villaseca<\/figcaption><\/figure>\n<\/div>\n\n\n<p class=\"wp-block-paragraph\" style=\"font-size:20px\"><br>Casi frente a la plaza \u00abAgrupaci\u00f3n de Cofrad\u00edas\u00bb, se encuentra una peque\u00f1a calleja sin salida, llamada \u201c<strong>Villaseca\u201d<\/strong>, en cuya casa n\u00famero uno nacer\u00eda don Luis Ram\u00edrez y de las Casa Deza. historiador cordob\u00e9s del siglo XIX (1802 \u2013 1874), el cual posee una calle con su nombre en la zona de Capuchinos.<\/p>\n\n\n\n<p class=\"wp-block-paragraph\" style=\"font-size:20px\">En esta calle se encuentran dos centros de ense\u00f1anza, el Conservatorio Profesional de Danza \u201cLuis del R\u00edo\u201d y la Escuela Superior de Arte Dram\u00e1tico. Ocupan dos edificios colindantes.<\/p>\n\n\n<div class=\"wp-block-image\">\n<figure class=\"aligncenter size-full is-resized\"><img loading=\"lazy\" decoding=\"async\" width=\"781\" height=\"591\" src=\"https:\/\/xn--porlascallesdecrdoba-p8b.com\/wp-content\/uploads\/2026\/08\/Captura-de-pantalla-2026-08-06-180751.png\" alt=\"\" class=\"wp-image-6016\" style=\"aspect-ratio:1.321497501520239;width:482px;height:auto\" srcset=\"https:\/\/xn--porlascallesdecrdoba-p8b.com\/wp-content\/uploads\/2026\/08\/Captura-de-pantalla-2026-08-06-180751.png 781w, https:\/\/xn--porlascallesdecrdoba-p8b.com\/wp-content\/uploads\/2026\/08\/Captura-de-pantalla-2026-08-06-180751-300x227.png 300w, https:\/\/xn--porlascallesdecrdoba-p8b.com\/wp-content\/uploads\/2026\/08\/Captura-de-pantalla-2026-08-06-180751-768x581.png 768w\" sizes=\"auto, (max-width: 781px) 100vw, 781px\" \/><figcaption class=\"wp-element-caption\">   sedecatastro.gob.es\/cartograf\u00eda<\/figcaption><\/figure>\n<\/div>\n\n\n<p class=\"wp-block-paragraph\">Conservatorio Profesional de Danza \u00abLuis del R\u00edo\u00bb:   <a href=\"https:\/\/xn--porlascallesdecrdoba-p8b.com\/?page_id=5952\">https:\/\/xn--porlascallesdecrdoba-p8b.com\/?page_id=5952<\/a><\/p>\n\n\n\n<p class=\"wp-block-paragraph\">Escuela Superior de Arte Dram\u00e1tico:     <a href=\"https:\/\/xn--porlascallesdecrdoba-p8b.com\/?page_id=5957\">https:\/\/xn--porlascallesdecrdoba-p8b.com\/?page_id=5957<br><\/a><\/p>\n\n\n<div class=\"wp-block-image\">\n<figure class=\"alignright size-full is-resized\"><img loading=\"lazy\" decoding=\"async\" width=\"666\" height=\"582\" src=\"https:\/\/xn--porlascallesdecrdoba-p8b.com\/wp-content\/uploads\/2026\/08\/image-40.png\" alt=\"\" class=\"wp-image-6031\" style=\"aspect-ratio:1.144364495516297;width:464px;height:auto\"\/><figcaption class=\"wp-element-caption\">Blanco Belmonte, 3<\/figcaption><\/figure>\n<\/div>\n\n\n<p class=\"wp-block-paragraph\" style=\"font-size:20px\">Pasando el Conservatorio, podemos ver, algunas casas que cumplen la centuria, como la n\u00famero 7 y la 3, de bonita fachada, con los dinteles de las ventanas y puertas decorados con yeser\u00edas, aqu\u00ed tienen su sede las religiosas \u201cSiervas de Mar\u00eda\u201d.<\/p>\n\n\n\n<p class=\"wp-block-paragraph\" style=\"font-size:20px\">Su primera sede en C\u00f3rdoba fue creada en 1893 en la calle Armas, en la ermita de la Consolaci\u00f3n, en otro tiempo hospital y asilo de ancianos abandonados. La congregaci\u00f3n fue fundada por Soledad Torres Acosta, en Madrid el a\u00f1o 1851. Su vida est\u00e1 dedicada al servicio de los enfermos en sus propias casas.<\/p>\n\n\n\n<p class=\"wp-block-paragraph\" style=\"font-size:20px\">Al llegar al final de \u201cBlanco Belmonte\u201d, seg\u00fan nuestro itinerario, o al principio seg\u00fan la numeraci\u00f3n de sus casas, estamos al final del barrio de \u201cLa Juder\u00eda\u201d, estaremos en el de \u201cSanto Domingo\u201d. Para continuar recorriendo La Juder\u00eda, tomaremos la calle \u201cRey Heredia\u201d.<\/p>\n\n\n\n<figure class=\"wp-block-gallery has-nested-images columns-default is-cropped wp-block-gallery-1 is-layout-flex wp-block-gallery-is-layout-flex\">\n<figure class=\"wp-block-image size-large\"><a href=\"https:\/\/xn--porlascallesdecrdoba-p8b.com\/?page_id=5870\"><img loading=\"lazy\" decoding=\"async\" width=\"182\" height=\"89\" data-id=\"5724\" src=\"https:\/\/xn--porlascallesdecrdoba-p8b.com\/wp-content\/uploads\/2026\/08\/01-Volver.png\" alt=\"\" class=\"wp-image-5724\"\/><\/a><\/figure>\n\n\n\n<figure class=\"wp-block-image size-large\"><a href=\"https:\/\/xn--porlascallesdecrdoba-p8b.com\/?page_id=5952\"><img loading=\"lazy\" decoding=\"async\" width=\"188\" height=\"89\" data-id=\"5725\" src=\"https:\/\/xn--porlascallesdecrdoba-p8b.com\/wp-content\/uploads\/2026\/08\/03-avanzar.png\" alt=\"\" class=\"wp-image-5725\"\/><\/a><\/figure>\n<\/figure>\n\n\n<div class=\"wp-block-image\">\n<figure class=\"aligncenter size-large\"><a href=\"https:\/\/xn--porlascallesdecrdoba-p8b.com\/?page_id=5727\"><img loading=\"lazy\" decoding=\"async\" width=\"370\" height=\"67\" src=\"https:\/\/xn--porlascallesdecrdoba-p8b.com\/wp-content\/uploads\/2026\/08\/Captura-de-pantalla-2026-08-02-182713-1.png\" alt=\"\" class=\"wp-image-5726\" srcset=\"https:\/\/xn--porlascallesdecrdoba-p8b.com\/wp-content\/uploads\/2026\/08\/Captura-de-pantalla-2026-08-02-182713-1.png 370w, https:\/\/xn--porlascallesdecrdoba-p8b.com\/wp-content\/uploads\/2026\/08\/Captura-de-pantalla-2026-08-02-182713-1-300x54.png 300w\" sizes=\"auto, (max-width: 370px) 100vw, 370px\" \/><\/a><\/figure>\n<\/div>\n\n\n<p class=\"wp-block-paragraph\" style=\"font-size:20px\"><\/p>\n\n\n\n<p class=\"wp-block-paragraph\"><\/p>\n","protected":false},"excerpt":{"rendered":"<p>Esta calle une la plaza \u00abAgrupaci\u00f3n C\u00f3rdoba\u00bb con el centro de la ciudad, \u00abLas Tendillas\u00bb. En los planos de 1811 y 1915 aparece con el nombre de \u201cPedregosa\u201d y en <a class=\"more-link\" href=\"https:\/\/xn--porlascallesdecrdoba-p8b.com\/?page_id=5949\">Seguir leyendo &rarr;<\/a><\/p>\n","protected":false},"author":1,"featured_media":0,"parent":0,"menu_order":0,"comment_status":"closed","ping_status":"closed","template":"","meta":{"footnotes":""},"class_list":["post-5949","page","type-page","status-publish","hentry"],"_links":{"self":[{"href":"https:\/\/xn--porlascallesdecrdoba-p8b.com\/index.php?rest_route=\/wp\/v2\/pages\/5949","targetHints":{"allow":["GET"]}}],"collection":[{"href":"https:\/\/xn--porlascallesdecrdoba-p8b.com\/index.php?rest_route=\/wp\/v2\/pages"}],"about":[{"href":"https:\/\/xn--porlascallesdecrdoba-p8b.com\/index.php?rest_route=\/wp\/v2\/types\/page"}],"author":[{"embeddable":true,"href":"https:\/\/xn--porlascallesdecrdoba-p8b.com\/index.php?rest_route=\/wp\/v2\/users\/1"}],"replies":[{"embeddable":true,"href":"https:\/\/xn--porlascallesdecrdoba-p8b.com\/index.php?rest_route=%2Fwp%2Fv2%2Fcomments&post=5949"}],"version-history":[{"count":20,"href":"https:\/\/xn--porlascallesdecrdoba-p8b.com\/index.php?rest_route=\/wp\/v2\/pages\/5949\/revisions"}],"predecessor-version":[{"id":7388,"href":"https:\/\/xn--porlascallesdecrdoba-p8b.com\/index.php?rest_route=\/wp\/v2\/pages\/5949\/revisions\/7388"}],"wp:attachment":[{"href":"https:\/\/xn--porlascallesdecrdoba-p8b.com\/index.php?rest_route=%2Fwp%2Fv2%2Fmedia&parent=5949"}],"curies":[{"name":"wp","href":"https:\/\/api.w.org\/{rel}","templated":true}]}}