{"id":5957,"date":"2026-08-05T07:00:25","date_gmt":"2026-08-05T07:00:25","guid":{"rendered":"https:\/\/xn--porlascallesdecrdoba-p8b.com\/?page_id=5957"},"modified":"2026-08-24T10:31:58","modified_gmt":"2026-08-24T10:31:58","slug":"escuela-superior-de-arte-dramatico","status":"publish","type":"page","link":"https:\/\/xn--porlascallesdecrdoba-p8b.com\/?page_id=5957","title":{"rendered":"Escuela Superior de Arte Dram\u00e1tico"},"content":{"rendered":"\n<p class=\"wp-block-paragraph\" style=\"font-size:20px\">Tras dejar el Conservatorio Superior de Danza subimos \u201cBlanco Belmonte\u201d, para llegar a un peque\u00f1o ensanche que recibi\u00f3 el nombre de \u201cplaza del Ave Mar\u00eda\u201d, que seg\u00fan Ram\u00edrez de Arellano tomaba el nombre \u201c<em>por ser el punto desde donde se percib\u00eda mejor la voz que daban desde la torre de la Catedral al tocar el alba, las doce y la oraci\u00f3n<\/em>\u201d.<\/p>\n\n\n\n<figure class=\"wp-block-image size-full\"><img loading=\"lazy\" decoding=\"async\" width=\"966\" height=\"488\" src=\"https:\/\/xn--porlascallesdecrdoba-p8b.com\/wp-content\/uploads\/2026\/08\/image-50.png\" alt=\"\" class=\"wp-image-6101\" srcset=\"https:\/\/xn--porlascallesdecrdoba-p8b.com\/wp-content\/uploads\/2026\/08\/image-50.png 966w, https:\/\/xn--porlascallesdecrdoba-p8b.com\/wp-content\/uploads\/2026\/08\/image-50-300x152.png 300w, https:\/\/xn--porlascallesdecrdoba-p8b.com\/wp-content\/uploads\/2026\/08\/image-50-768x388.png 768w\" sizes=\"auto, (max-width: 966px) 100vw, 966px\" \/><\/figure>\n\n\n\n<p class=\"wp-block-paragraph\" style=\"font-size:20px\">Aqu\u00ed encontramos la casa palacio de los Condes de Quemadas, sede actual de la <strong>Escuela Superior de Arte Dram\u00e1tico de C\u00f3rdoba<\/strong>. Este edificio y el Conservatorio de Danza, que son colindantes, se encuentran unidos por el interior. En la web de la Escuela, \u201c<em>esadcordoba.com<\/em>\u201d, Gonzalo Herreros Moya, nos narra la historia de este edificio.<\/p>\n\n\n\n<p class=\"wp-block-paragraph\" style=\"font-size:20px\">\u201c<em>En el espacio arquitect\u00f3nico que ocupa este inmueble se documentan que desde la Baja Edad Media tuvieron casas principales la familia de los Argote, uno de los linajes de \u00e9lite cordobesa.<\/em> <em>Ya en el siglo XVI, a trav\u00e9s del matrimonio de do\u00f1a Andrea de Argote, que hered\u00f3 estas propiedades, con Andr\u00e9s Fern\u00e1ndez de Mesa, se\u00f1or del Chanciller, pas\u00f3 el inmueble a vincularse con esta \u00faltima familia. Es as\u00ed que el hijo de ambos, don Alonso Fern\u00e1ndez de Mesa, vincul\u00f3 con privilegio real a su mayorazgo esta antigua casa de los Argote en 1590, pasando entonces a ser la casa solariega de los Mesa.<\/em><\/p>\n\n\n<div class=\"wp-block-image\">\n<figure class=\"alignright size-full is-resized\"><img loading=\"lazy\" decoding=\"async\" width=\"480\" height=\"640\" src=\"https:\/\/xn--porlascallesdecrdoba-p8b.com\/wp-content\/uploads\/2026\/08\/0171-b-06.jpg\" alt=\"\" class=\"wp-image-6074\" style=\"width:284px;height:auto\" srcset=\"https:\/\/xn--porlascallesdecrdoba-p8b.com\/wp-content\/uploads\/2026\/08\/0171-b-06.jpg 480w, https:\/\/xn--porlascallesdecrdoba-p8b.com\/wp-content\/uploads\/2026\/08\/0171-b-06-225x300.jpg 225w\" sizes=\"auto, (max-width: 480px) 100vw, 480px\" \/><\/figure>\n<\/div>\n\n\n<p class=\"wp-block-paragraph\" style=\"font-size:20px\"><em>En los a\u00f1os de juventud de su descendiente don Andr\u00e9s Fern\u00e1ndez de Mesa y Argote se decide reunir varias de esas antiguas casas y levantar sobre ellas una nueva residencia al gusto barroco. Este nuevo palacio se concluy\u00f3 entre 1656 y 1657, y su arquitectura -fachada, patios, escalera, planta y habitaciones-, es la que nos ha llegado hasta la actualidad.<\/em><\/p>\n\n\n\n<p class=\"wp-block-paragraph\" style=\"font-size:20px\"><em>El escudo her\u00e1ldico de la portada de la fachada principal es el propio de este caballero, observ\u00e1ndose la descripci\u00f3n de los linajes de los Mesa y los Argote, as\u00ed como las puntas de la cruz de caballero de Calatrava, distinci\u00f3n que disfrut\u00f3 este arist\u00f3crata.<\/em><\/p>\n\n\n\n<p class=\"wp-block-paragraph\" style=\"font-size:20px\"><em>Gracias al matrimonio de don Andr\u00e9s con do\u00f1a Paula Fern\u00e1ndez de C\u00f3rdova, hermana del primer marqu\u00e9s de Villaseca, que muri\u00f3 sin descendencia, su hijo primog\u00e9nito se convertir\u00e1 en 1704 en segundo marqu\u00e9s de Villaseca, por lo que pasar\u00e1 este t\u00edtulo nobiliario a estar vinculado con la casa. El marquesado se separar\u00e1 de la casa y linaje de los Mesa en 1749.<\/em><\/p>\n\n\n\n<p class=\"wp-block-paragraph\" style=\"font-size:20px\"><em>Los Fern\u00e1ndez de Mesa continuar\u00e1n viviendo en este inmueble hasta que lo abandonan en el primer tercio del siglo XIX. Despu\u00e9s de llevar varios a\u00f1os viviendo de alquiler en este palacete, en 1875 lo compra otra arist\u00f3crata de las m\u00e1s antiguas familias cordobesas, do\u00f1a Rosario Losada y Fern\u00e1ndez de Liencres, primera <strong>condesa de las Quemadas<\/strong> \u2013t\u00edtulo concedido sobre los terrenos de las Quemadas que pose\u00edan sus antepasados, hoy convertido en pol\u00edgono industrial a las afueras de C\u00f3rdoba.<\/em> <em>Es entonces cuando comenz\u00f3 a conocerse a la casa popularmente como \u201cPalacio de las Quemadas\u201d. Sin embargo, poco despu\u00e9s pas\u00f3 esta se\u00f1ora a incorporarse a la vida cortesana alfonsina, y residi\u00f3 muy a menudo en Madrid y San Sebasti\u00e1n, por lo que mantuvo esta casa solo como segunda residencia.<\/em><\/p>\n\n\n<div class=\"wp-block-image\">\n<figure class=\"alignright size-full is-resized\"><img loading=\"lazy\" decoding=\"async\" width=\"751\" height=\"563\" src=\"https:\/\/xn--porlascallesdecrdoba-p8b.com\/wp-content\/uploads\/2026\/08\/Condesa-de-Quemasas-blogspop-1.jpg\" alt=\"\" class=\"wp-image-6088\" style=\"aspect-ratio:1.333934667369765;width:399px;height:auto\"\/><\/figure>\n<\/div>\n\n\n<p class=\"wp-block-paragraph\" style=\"font-size:20px\"><em>Mantuvo la condesa el palacio como propiedad suya hasta que lo vendi\u00f3 en 1919, no sin haberle realizado importantes obras estructurales y decorativas, siendo la m\u00e1s destacable el dise\u00f1o de las pinturas her\u00e1ldicas de la yeser\u00eda de la escalera principal.<\/em> <em>La compradora del inmueble ser\u00eda su sobrina, do\u00f1a Ana de Hoces y Losada, casada, curiosamente, con don Francisco Fern\u00e1ndez de Mesa Porras, alcalde de la ciudad entre 1920-1921 y descendiente directo de los anteriores propietarios.<\/em> <em>De esta \u00e9poca data la colocaci\u00f3n de diferentes olambrillas her\u00e1ldicas de la soler\u00eda del pasillo bajo entre patios y de las ventanas, que desaparecieron en la \u00faltima reforma.<\/em><\/p>\n\n\n\n<p class=\"wp-block-paragraph\" style=\"font-size:20px\"><em>Fallecidos ambos, en 1925 el inmueble se subast\u00f3. En 1981, Miguel Salcedo Hierro, vicedirector del Conservatorio de M\u00fasica, Danza y Declamaci\u00f3n consigue la adquisici\u00f3n por parte del Ministerio de Educaci\u00f3n, para destinarlo a la consolidaci\u00f3n de la <strong>Escuela de Arte Dram\u00e1tico y Danza de C\u00f3rdoba,<\/strong>\u00a0segregada el Conservatorio Superior de M\u00fasica.<\/em><\/p>\n\n\n<div class=\"wp-block-image\">\n<figure class=\"alignleft size-full is-resized\"><img loading=\"lazy\" decoding=\"async\" width=\"935\" height=\"502\" src=\"https:\/\/xn--porlascallesdecrdoba-p8b.com\/wp-content\/uploads\/2026\/08\/image-49.png\" alt=\"\" class=\"wp-image-6093\" style=\"aspect-ratio:1.8626309662398137;width:461px;height:auto\"\/><\/figure>\n<\/div>\n\n\n<p class=\"wp-block-paragraph\" style=\"font-size:20px\"><em>Una primera gran reforma entre 1983-1984 para adecuarla a las necesidades educativas, la uni\u00f3n con la casa de los Cort\u00e9s de Mesa,&nbsp;finalizada en 1997, y la \u00faltima gran intervenci\u00f3n arquitect\u00f3nica concluida en 2013 completan la composici\u00f3n contempor\u00e1nea de este secular edificio.\u201d<\/em><\/p>\n\n\n\n<p class=\"wp-block-paragraph\" style=\"font-size:20px\">La fachada, de dos plantas, posee ventanas en la inferior y balcones en la superior. Su portada&nbsp; es adintelada estando enmarcada por dobles columnas sobre las que apoya un front\u00f3n curvo partido por un balc\u00f3n sobre el que a su vez se instala otro front\u00f3n con el escudo her\u00e1ldico. Como remate de todo el frente del edificio, se encuentra la cornisa de piedra con el alero apoyado sobre mensualillas.<\/p>\n\n\n\n<figure class=\"wp-block-image size-full\"><img loading=\"lazy\" decoding=\"async\" width=\"1185\" height=\"389\" src=\"https:\/\/xn--porlascallesdecrdoba-p8b.com\/wp-content\/uploads\/2026\/08\/image-44.png\" alt=\"\" class=\"wp-image-6078\"\/><\/figure>\n\n\n\n<p class=\"wp-block-paragraph\" style=\"font-size:20px\">La casa se articula alrededor de dos patios y de un peque\u00f1o jard\u00edn. Tras pasar la portada accedemos al primer patio, o \u201cPatio de Carruajes\u201d, con dos arcadas enfrentadas con arcos de medio punto sobre columnas d\u00f3ricas. La primera arcada decora el espacio entre arcos con azulejos. Sobre una pared se instala una, fuente de piedra. y en la de enfrente se abre un balc\u00f3n cerrado en madera.<\/p>\n\n\n\n<figure class=\"wp-block-image size-full\"><img loading=\"lazy\" decoding=\"async\" width=\"865\" height=\"419\" src=\"https:\/\/xn--porlascallesdecrdoba-p8b.com\/wp-content\/uploads\/2026\/08\/image-45.png\" alt=\"\" class=\"wp-image-6079\" srcset=\"https:\/\/xn--porlascallesdecrdoba-p8b.com\/wp-content\/uploads\/2026\/08\/image-45.png 865w, https:\/\/xn--porlascallesdecrdoba-p8b.com\/wp-content\/uploads\/2026\/08\/image-45-300x145.png 300w, https:\/\/xn--porlascallesdecrdoba-p8b.com\/wp-content\/uploads\/2026\/08\/image-45-768x372.png 768w\" sizes=\"auto, (max-width: 865px) 100vw, 865px\" \/><\/figure>\n\n\n\n<p class=\"wp-block-paragraph\" style=\"font-size:20px\"> En la primera cruj\u00eda es donde se sit\u00faa la escalera principal, de dos tramos y baranda de piedra. La marquesa de las Quemadas, en 1880 decor\u00f3 la b\u00f3veda de la escalera, del siglo XVII, con los escudos nobiliarios de su linaje, en el centro est\u00e1 el de los Guti\u00e9rrez de los R\u00edos, los condes de Gabia, de la que ella proced\u00eda, el escudo se rodea con el lema \u201c<em>Fluminum Familia Gothorum e Sanguinem Regum<\/em>\u201d (<em>\u201cfamilia de Godos y sangre de Reyes\u201d<\/em>).<\/p>\n\n\n<div class=\"wp-block-image\">\n<figure class=\"aligncenter size-full\"><img loading=\"lazy\" decoding=\"async\" width=\"573\" height=\"411\" src=\"https:\/\/xn--porlascallesdecrdoba-p8b.com\/wp-content\/uploads\/2026\/08\/image-48.png\" alt=\"\" class=\"wp-image-6083\"\/><\/figure>\n<\/div>\n\n\n<p class=\"wp-block-paragraph\" style=\"font-size:20px\">Al segundo patio, el principal de la casa se accede a trav\u00e9s de un hueco en forma de dintel con una reja renacentista. La planta baja posee una galer\u00eda de arcos de medio punto apoyados sobre columnas de m\u00e1rmol blanco, mientras que la planta alta tiene ventanas. Desde este patio se accede a las antiguas bodegas, en el s\u00f3tano, cubiertas con b\u00f3vedas de arista. El peque\u00f1o jard\u00edn es de inspiraci\u00f3n rom\u00e1ntica y en una de sus paredes se instala otra fuente.<\/p>\n\n\n<div class=\"wp-block-image\">\n<figure class=\"aligncenter size-large is-resized\"><img loading=\"lazy\" decoding=\"async\" width=\"1024\" height=\"683\" src=\"https:\/\/xn--porlascallesdecrdoba-p8b.com\/wp-content\/uploads\/2026\/08\/181126-cn-347-1024x683.jpg\" alt=\"\" class=\"wp-image-6096\" style=\"width:605px;height:auto\" srcset=\"https:\/\/xn--porlascallesdecrdoba-p8b.com\/wp-content\/uploads\/2026\/08\/181126-cn-347-1024x683.jpg 1024w, https:\/\/xn--porlascallesdecrdoba-p8b.com\/wp-content\/uploads\/2026\/08\/181126-cn-347-300x200.jpg 300w, https:\/\/xn--porlascallesdecrdoba-p8b.com\/wp-content\/uploads\/2026\/08\/181126-cn-347-768x512.jpg 768w, https:\/\/xn--porlascallesdecrdoba-p8b.com\/wp-content\/uploads\/2026\/08\/181126-cn-347-1536x1024.jpg 1536w, https:\/\/xn--porlascallesdecrdoba-p8b.com\/wp-content\/uploads\/2026\/08\/181126-cn-347-2048x1365.jpg 2048w, https:\/\/xn--porlascallesdecrdoba-p8b.com\/wp-content\/uploads\/2026\/08\/181126-cn-347-400x267.jpg 400w\" sizes=\"auto, (max-width: 1024px) 100vw, 1024px\" \/><\/figure>\n<\/div>\n\n\n<figure class=\"wp-block-gallery has-nested-images columns-default is-cropped wp-block-gallery-1 is-layout-flex wp-block-gallery-is-layout-flex\">\n<figure class=\"wp-block-image size-large\"><a href=\"https:\/\/xn--porlascallesdecrdoba-p8b.com\/?page_id=5952\"><img loading=\"lazy\" decoding=\"async\" width=\"182\" height=\"89\" data-id=\"5724\" src=\"https:\/\/xn--porlascallesdecrdoba-p8b.com\/wp-content\/uploads\/2026\/08\/01-Volver.png\" alt=\"\" class=\"wp-image-5724\"\/><\/a><\/figure>\n\n\n\n<figure class=\"wp-block-image size-large\"><a href=\"https:\/\/xn--porlascallesdecrdoba-p8b.com\/?page_id=5962\"><img loading=\"lazy\" decoding=\"async\" width=\"188\" height=\"89\" data-id=\"5725\" src=\"https:\/\/xn--porlascallesdecrdoba-p8b.com\/wp-content\/uploads\/2026\/08\/03-avanzar.png\" alt=\"\" class=\"wp-image-5725\"\/><\/a><\/figure>\n<\/figure>\n\n\n<div class=\"wp-block-image\">\n<figure class=\"aligncenter size-large\"><a href=\"https:\/\/xn--porlascallesdecrdoba-p8b.com\/?page_id=5727\"><img loading=\"lazy\" decoding=\"async\" width=\"370\" height=\"67\" src=\"https:\/\/xn--porlascallesdecrdoba-p8b.com\/wp-content\/uploads\/2026\/08\/Captura-de-pantalla-2026-08-02-182713-1.png\" alt=\"\" class=\"wp-image-5726\" srcset=\"https:\/\/xn--porlascallesdecrdoba-p8b.com\/wp-content\/uploads\/2026\/08\/Captura-de-pantalla-2026-08-02-182713-1.png 370w, https:\/\/xn--porlascallesdecrdoba-p8b.com\/wp-content\/uploads\/2026\/08\/Captura-de-pantalla-2026-08-02-182713-1-300x54.png 300w\" sizes=\"auto, (max-width: 370px) 100vw, 370px\" \/><\/a><\/figure>\n<\/div>\n\n\n<p class=\"wp-block-paragraph\" style=\"font-size:20px\"><\/p>\n","protected":false},"excerpt":{"rendered":"<p>Tras dejar el Conservatorio Superior de Danza subimos \u201cBlanco Belmonte\u201d, para llegar a un peque\u00f1o ensanche que recibi\u00f3 el nombre de \u201cplaza del Ave Mar\u00eda\u201d, que seg\u00fan Ram\u00edrez de Arellano <a class=\"more-link\" href=\"https:\/\/xn--porlascallesdecrdoba-p8b.com\/?page_id=5957\">Seguir leyendo &rarr;<\/a><\/p>\n","protected":false},"author":1,"featured_media":0,"parent":0,"menu_order":0,"comment_status":"closed","ping_status":"closed","template":"","meta":{"footnotes":""},"class_list":["post-5957","page","type-page","status-publish","hentry"],"_links":{"self":[{"href":"https:\/\/xn--porlascallesdecrdoba-p8b.com\/index.php?rest_route=\/wp\/v2\/pages\/5957","targetHints":{"allow":["GET"]}}],"collection":[{"href":"https:\/\/xn--porlascallesdecrdoba-p8b.com\/index.php?rest_route=\/wp\/v2\/pages"}],"about":[{"href":"https:\/\/xn--porlascallesdecrdoba-p8b.com\/index.php?rest_route=\/wp\/v2\/types\/page"}],"author":[{"embeddable":true,"href":"https:\/\/xn--porlascallesdecrdoba-p8b.com\/index.php?rest_route=\/wp\/v2\/users\/1"}],"replies":[{"embeddable":true,"href":"https:\/\/xn--porlascallesdecrdoba-p8b.com\/index.php?rest_route=%2Fwp%2Fv2%2Fcomments&post=5957"}],"version-history":[{"count":17,"href":"https:\/\/xn--porlascallesdecrdoba-p8b.com\/index.php?rest_route=\/wp\/v2\/pages\/5957\/revisions"}],"predecessor-version":[{"id":7390,"href":"https:\/\/xn--porlascallesdecrdoba-p8b.com\/index.php?rest_route=\/wp\/v2\/pages\/5957\/revisions\/7390"}],"wp:attachment":[{"href":"https:\/\/xn--porlascallesdecrdoba-p8b.com\/index.php?rest_route=%2Fwp%2Fv2%2Fmedia&parent=5957"}],"curies":[{"name":"wp","href":"https:\/\/api.w.org\/{rel}","templated":true}]}}