{"id":5962,"date":"2026-08-05T07:06:46","date_gmt":"2026-08-05T07:06:46","guid":{"rendered":"https:\/\/xn--porlascallesdecrdoba-p8b.com\/?page_id=5962"},"modified":"2026-08-24T10:34:20","modified_gmt":"2026-08-24T10:34:20","slug":"conde-y-luque","status":"publish","type":"page","link":"https:\/\/xn--porlascallesdecrdoba-p8b.com\/?page_id=5962","title":{"rendered":"Conde y Luque"},"content":{"rendered":"\n<p class=\"wp-block-paragraph\" style=\"font-size:20px\">Desde la plaza \u201cAgrupaci\u00f3n de Cofrad\u00edas\u201d, haciendo esquina con el Conservatorio Superior de Danza, tomaremos la calle \u201c<strong>Conde y Luque<\/strong>\u201d, dedicada a Rafael Conde y Luque (C\u00f3rdoba 1835-1922), quien naci\u00f3 en la actual plaza \u201cMaim\u00f3nides\u201d. Fue jurista, pol\u00edtico y catedr\u00e1tico de Derecho Internacional. Empez\u00f3 su carrera docente como profesor del Instituto de C\u00f3rdoba; obtuvo posteriormente el nombramiento de catedr\u00e1tico interino de Teolog\u00eda y despu\u00e9s la c\u00e1tedra de Teolog\u00eda de la Universidad de Salamanca. Cuando se abolieron las c\u00e1tedras de Teolog\u00eda en las universidades espa\u00f1olas pas\u00f3 a la Facultad de Derecho y, tras una oposici\u00f3n, fue nombrado catedr\u00e1tico de Derecho Internacional de la Universidad de Granada.<\/p>\n\n\n<div class=\"wp-block-image\">\n<figure class=\"alignright size-full\"><img loading=\"lazy\" decoding=\"async\" width=\"287\" height=\"324\" src=\"https:\/\/xn--porlascallesdecrdoba-p8b.com\/wp-content\/uploads\/2026\/08\/image-51.png\" alt=\"\" class=\"wp-image-6128\"\/><\/figure>\n<\/div>\n\n\n<p class=\"wp-block-paragraph\" style=\"font-size:20px\">A\u00f1os despu\u00e9s pas\u00f3 como catedr\u00e1tico de Derecho Internacional P\u00fablico y Privado a la de Madrid, de la cual fue rector en la Restauraci\u00f3n Borb\u00f3nica. La actividad docente la compagin\u00f3 con el ejercicio del derecho y la pol\u00edtica. Afiliado al Partido Moderado, en 1868 fue elegido diputado en Cortes por el distrito de C\u00f3rdoba capital. Tras el derrocamiento de la 1\u00aa Rep\u00fablica (11-feb-1873 a 29-dic-1974) y la Restauraci\u00f3n Borb\u00f3nica se reincorpor\u00f3 a la vida parlamentaria como miembro del Partido Liberal-Conservador, como diputado en Cortes por el distrito de C\u00f3rdoba capital, siendo elegido diputado por la provincia de C\u00f3rdoba en los a\u00f1os 1876, 79, 84, 91 y 96.<\/p>\n\n\n<div class=\"wp-block-image\">\n<figure class=\"alignleft size-full\"><img loading=\"lazy\" decoding=\"async\" width=\"349\" height=\"484\" src=\"https:\/\/xn--porlascallesdecrdoba-p8b.com\/wp-content\/uploads\/2026\/08\/image-52.png\" alt=\"\" class=\"wp-image-6131\" srcset=\"https:\/\/xn--porlascallesdecrdoba-p8b.com\/wp-content\/uploads\/2026\/08\/image-52.png 349w, https:\/\/xn--porlascallesdecrdoba-p8b.com\/wp-content\/uploads\/2026\/08\/image-52-216x300.png 216w\" sizes=\"auto, (max-width: 349px) 100vw, 349px\" \/><\/figure>\n<\/div>\n\n\n<p class=\"wp-block-paragraph\" style=\"font-size:20px\">Su gesti\u00f3n parlamentaria le cre\u00f3 un prestigio por el que le confiaron cargos de importancia: director general de los Registros Civil y de la Propiedad y del Notariado (1885), subsecretario del Ministerio de Gracia y Justicia (1890-1891) y fiscal del Tribunal Supremo (del 27 de noviembre de 1891 al 22 de diciembre de 1892). Asimismo, fue vocal del Real Patronato para la represi\u00f3n de la trata de blancas, del Instituto de Reformas Sociales y consejero de Instrucci\u00f3n P\u00fablica. Como reconocimiento a sus servicios, en 1918 Alfonso XIII le concedi\u00f3 el t\u00edtulo de conde de Leyva. Era hermano de Tom\u00e1s Conde y Luque, alcalde de C\u00f3rdoba, del que hablaremos al visitar la calle que lleva su nombre, pr\u00f3ximo a este lugar.<\/p>\n\n\n\n<p class=\"wp-block-paragraph\" style=\"font-size:20px\">Esta calle recibi\u00f3 el nombre de \u201cHorno de Jab\u00f3n\u201d, seg\u00fan Ram\u00edrez de Arellano, por una f\u00e1brica que hubo en ella; y en el plano de 1851 aparece ya con el top\u00f3nimo \u201cde los \u00c1ngeles\u201d, este nombre lo mantiene una peque\u00f1a calleja, sin salida, a la entrada de la calle, con la que hace esquina la casa n\u00famero 6, una casa unifamiliar del siglo XVIII, que se ha rehabilitado para instalar en ella el restaurante y tablao flamenco \u201cPatio de la Juder\u00eda\u201d.<\/p>\n\n\n\n<p class=\"wp-block-paragraph\" style=\"font-size:20px\"><\/p>\n\n\n<div class=\"wp-block-image\">\n<figure class=\"aligncenter size-full is-resized\"><img decoding=\"async\" src=\"https:\/\/xn--porlascallesdecrdoba-p8b.com\/wp-content\/uploads\/2026\/08\/20210626_095419.jpg\" alt=\"\" class=\"wp-image-6158\" style=\"width:468px;height:auto\"\/><\/figure>\n<\/div>\n\n\n<p class=\"wp-block-paragraph\" style=\"font-size:20px\"><\/p>\n\n\n<div class=\"wp-block-image\">\n<figure class=\"alignright size-full\"><img loading=\"lazy\" decoding=\"async\" width=\"244\" height=\"475\" src=\"https:\/\/xn--porlascallesdecrdoba-p8b.com\/wp-content\/uploads\/2026\/08\/image-54.png\" alt=\"\" class=\"wp-image-6139\"\/><\/figure>\n<\/div>\n\n\n<p class=\"wp-block-paragraph\" style=\"font-size:20px\">En el edificio n\u00famero ocho tiene su sede, desde 1977, la \u201cFederaci\u00f3n de Pe\u00f1as Cordobesas\u201d, una asociaci\u00f3n de \u00e1mbito local que agrupa las principales pe\u00f1as existentes en la ciudad. Creada en 1964, el primer local de la Federaci\u00f3n fue en la plaza \u201cJud\u00e1 Lev\u00ed\u201d, en el que fuera Oficina Municipal de Turismo.<\/p>\n\n\n\n<p class=\"wp-block-paragraph\" style=\"font-size:20px\">Aunque se tiene constancia de la existencia de alguna \u201cpe\u00f1a de amigos\u201d anterior a los a\u00f1os veinte del siglo XX, es en ese momento cuando empiezan a tomar cuerpo dentro de un \u00e1mbito privado, cuando un grupo de amigos se reun\u00edan en algunas tabernas para exaltar en tertulias y peroles los valores castizos de la ciudad, teniendo muy presente el mundo taurino y carnavalesco. <\/p>\n\n\n<div class=\"wp-block-image\">\n<figure class=\"alignleft size-full is-resized\"><img loading=\"lazy\" decoding=\"async\" width=\"411\" height=\"506\" src=\"https:\/\/xn--porlascallesdecrdoba-p8b.com\/wp-content\/uploads\/2026\/08\/image-55.png\" alt=\"\" class=\"wp-image-6141\" style=\"aspect-ratio:0.8122722500154407;width:294px;height:auto\" srcset=\"https:\/\/xn--porlascallesdecrdoba-p8b.com\/wp-content\/uploads\/2026\/08\/image-55.png 411w, https:\/\/xn--porlascallesdecrdoba-p8b.com\/wp-content\/uploads\/2026\/08\/image-55-244x300.png 244w\" sizes=\"auto, (max-width: 411px) 100vw, 411px\" \/><\/figure>\n<\/div>\n\n\n<p class=\"wp-block-paragraph\" style=\"font-size:20px\">En los a\u00f1os treinta las pe\u00f1as ya toman un car\u00e1cter m\u00e1s participativo y social hacia la ciudad. En los a\u00f1os cuarenta y principios de los cincuenta, las pe\u00f1as manten\u00edan su autonom\u00eda y cada una de ellas organizaba las actividades de su barrio, seg\u00fan sus h\u00e1bitos y costumbres. Con el fin de coordinar mejor las actividades que ten\u00edan en com\u00fan, en 1954 se re\u00fanen representantes de varias pe\u00f1as, para elevar a la Comisi\u00f3n de Ferias y Festejos del Ayuntamiento, las opiniones acordadas con respecto al engrandecimiento de los festejos de la Feria de Mayo y la participaci\u00f3n activa de las Pe\u00f1as en ellos, as\u00ed como fomentar las Cruces de Mayo, la Batalla de las Flores y las romer\u00edas de Santo Domingo y de Linares. pero no ser\u00eda hasta el a\u00f1o 1964, en la alcald\u00eda de Antonio Guzm\u00e1n Reina, cuando esto se llevar\u00e1 a cabo. <\/p>\n\n\n\n<p class=\"wp-block-paragraph\" style=\"font-size:20px\">El zagu\u00e1n de la casa de la sede de esta Federaci\u00f3n lo cierra una reja fechada en 1893, que da acceso al patio porticado con arcos, transformado en restaurante.<\/p>\n\n\n<div class=\"wp-block-image\">\n<figure class=\"aligncenter size-full\"><img loading=\"lazy\" decoding=\"async\" width=\"737\" height=\"416\" src=\"https:\/\/xn--porlascallesdecrdoba-p8b.com\/wp-content\/uploads\/2026\/08\/image-59.png\" alt=\"\" class=\"wp-image-6162\" srcset=\"https:\/\/xn--porlascallesdecrdoba-p8b.com\/wp-content\/uploads\/2026\/08\/image-59.png 737w, https:\/\/xn--porlascallesdecrdoba-p8b.com\/wp-content\/uploads\/2026\/08\/image-59-300x169.png 300w\" sizes=\"auto, (max-width: 737px) 100vw, 737px\" \/><\/figure>\n<\/div>\n\n\n<p class=\"wp-block-paragraph\" style=\"font-size:20px\"><\/p>\n\n\n<div class=\"wp-block-image\">\n<figure class=\"alignleft size-full is-resized\"><img loading=\"lazy\" decoding=\"async\" width=\"534\" height=\"382\" src=\"https:\/\/xn--porlascallesdecrdoba-p8b.com\/wp-content\/uploads\/2026\/08\/image-57.png\" alt=\"\" class=\"wp-image-6150\" style=\"aspect-ratio:1.3979792195042133;width:342px;height:auto\" srcset=\"https:\/\/xn--porlascallesdecrdoba-p8b.com\/wp-content\/uploads\/2026\/08\/image-57.png 534w, https:\/\/xn--porlascallesdecrdoba-p8b.com\/wp-content\/uploads\/2026\/08\/image-57-300x215.png 300w\" sizes=\"auto, (max-width: 534px) 100vw, 534px\" \/><\/figure>\n<\/div>\n\n\n<p class=\"wp-block-paragraph\" style=\"font-size:20px\">En la calle se encuentran diversos edificios del siglo XIX e inicios del XX, uno de ellos es el n\u00famero siete, transformado en hostal \u201cSeneca Hostel\u201d.<\/p>\n\n\n\n<p class=\"wp-block-paragraph\" style=\"font-size:20px\"><\/p>\n\n\n\n<p class=\"wp-block-paragraph\"><\/p>\n\n\n\n<p class=\"wp-block-paragraph\"><\/p>\n\n\n\n<p class=\"wp-block-paragraph\"><\/p>\n\n\n\n<p class=\"wp-block-paragraph\"><\/p>\n\n\n\n<p class=\"wp-block-paragraph\"><\/p>\n\n\n\n<p class=\"wp-block-paragraph\" style=\"font-size:20px\">Tambi\u00e9n destacan las fachadas de las casas 3 y 9, en la que un azaulejo nos marca su antigua propiedad del Cabildo.<\/p>\n\n\n\n<figure class=\"wp-block-gallery has-nested-images columns-default is-cropped wp-block-gallery-1 is-layout-flex wp-block-gallery-is-layout-flex\">\n<figure class=\"wp-block-image size-large\"><a href=\"https:\/\/xn--porlascallesdecrdoba-p8b.com\/?page_id=5957\"><img loading=\"lazy\" decoding=\"async\" width=\"182\" height=\"89\" data-id=\"5724\" src=\"https:\/\/xn--porlascallesdecrdoba-p8b.com\/wp-content\/uploads\/2026\/08\/01-Volver.png\" alt=\"\" class=\"wp-image-5724\"\/><\/a><\/figure>\n\n\n\n<figure class=\"wp-block-image size-large\"><a href=\"https:\/\/xn--porlascallesdecrdoba-p8b.com\/?page_id=5964\"><img loading=\"lazy\" decoding=\"async\" width=\"188\" height=\"89\" data-id=\"5725\" src=\"https:\/\/xn--porlascallesdecrdoba-p8b.com\/wp-content\/uploads\/2026\/08\/03-avanzar.png\" alt=\"\" class=\"wp-image-5725\"\/><\/a><\/figure>\n<\/figure>\n\n\n<div class=\"wp-block-image\">\n<figure class=\"aligncenter size-large\"><a href=\"https:\/\/xn--porlascallesdecrdoba-p8b.com\/?page_id=5727\"><img loading=\"lazy\" decoding=\"async\" width=\"370\" height=\"67\" src=\"https:\/\/xn--porlascallesdecrdoba-p8b.com\/wp-content\/uploads\/2026\/08\/Captura-de-pantalla-2026-08-02-182713-1.png\" alt=\"\" class=\"wp-image-5726\" srcset=\"https:\/\/xn--porlascallesdecrdoba-p8b.com\/wp-content\/uploads\/2026\/08\/Captura-de-pantalla-2026-08-02-182713-1.png 370w, https:\/\/xn--porlascallesdecrdoba-p8b.com\/wp-content\/uploads\/2026\/08\/Captura-de-pantalla-2026-08-02-182713-1-300x54.png 300w\" sizes=\"auto, (max-width: 370px) 100vw, 370px\" \/><\/a><\/figure>\n<\/div>\n\n\n<p class=\"wp-block-paragraph\" style=\"font-size:20px\"><\/p>\n","protected":false},"excerpt":{"rendered":"<p>Desde la plaza \u201cAgrupaci\u00f3n de Cofrad\u00edas\u201d, haciendo esquina con el Conservatorio Superior de Danza, tomaremos la calle \u201cConde y Luque\u201d, dedicada a Rafael Conde y Luque (C\u00f3rdoba 1835-1922), quien naci\u00f3 <a class=\"more-link\" href=\"https:\/\/xn--porlascallesdecrdoba-p8b.com\/?page_id=5962\">Seguir leyendo &rarr;<\/a><\/p>\n","protected":false},"author":1,"featured_media":0,"parent":0,"menu_order":0,"comment_status":"closed","ping_status":"closed","template":"","meta":{"footnotes":""},"class_list":["post-5962","page","type-page","status-publish","hentry"],"_links":{"self":[{"href":"https:\/\/xn--porlascallesdecrdoba-p8b.com\/index.php?rest_route=\/wp\/v2\/pages\/5962","targetHints":{"allow":["GET"]}}],"collection":[{"href":"https:\/\/xn--porlascallesdecrdoba-p8b.com\/index.php?rest_route=\/wp\/v2\/pages"}],"about":[{"href":"https:\/\/xn--porlascallesdecrdoba-p8b.com\/index.php?rest_route=\/wp\/v2\/types\/page"}],"author":[{"embeddable":true,"href":"https:\/\/xn--porlascallesdecrdoba-p8b.com\/index.php?rest_route=\/wp\/v2\/users\/1"}],"replies":[{"embeddable":true,"href":"https:\/\/xn--porlascallesdecrdoba-p8b.com\/index.php?rest_route=%2Fwp%2Fv2%2Fcomments&post=5962"}],"version-history":[{"count":30,"href":"https:\/\/xn--porlascallesdecrdoba-p8b.com\/index.php?rest_route=\/wp\/v2\/pages\/5962\/revisions"}],"predecessor-version":[{"id":7394,"href":"https:\/\/xn--porlascallesdecrdoba-p8b.com\/index.php?rest_route=\/wp\/v2\/pages\/5962\/revisions\/7394"}],"wp:attachment":[{"href":"https:\/\/xn--porlascallesdecrdoba-p8b.com\/index.php?rest_route=%2Fwp%2Fv2%2Fmedia&parent=5962"}],"curies":[{"name":"wp","href":"https:\/\/api.w.org\/{rel}","templated":true}]}}