{"id":5964,"date":"2026-08-05T07:07:04","date_gmt":"2026-08-05T07:07:04","guid":{"rendered":"https:\/\/xn--porlascallesdecrdoba-p8b.com\/?page_id=5964"},"modified":"2026-08-24T10:41:58","modified_gmt":"2026-08-24T10:41:58","slug":"buen-pastor","status":"publish","type":"page","link":"https:\/\/xn--porlascallesdecrdoba-p8b.com\/?page_id=5964","title":{"rendered":"Buen Pastor"},"content":{"rendered":"\n<p class=\"wp-block-paragraph\" style=\"font-size:20px\">El final de \u201cConde y Luque\u201d hace esquina con la calle \u201cDeanes\u201d, que nos acercar\u00eda a la Mezquita-Catedral, pero continuamos recto, tomando desde aqu\u00ed la calle <strong>\u201cBuen Pastor\u201d<\/strong>. En la esquina se abre la \u201cTaberna Rafa\u00e9\u201d, inaugurada como bodega el a\u00f1o1977 por Rafael Ord\u00f3\u00f1ez, primero fue una bodega en la parte baja del actual establecimiento, conserv\u00e1ndose, restaurada, como sal\u00f3n reservado. En el a\u00f1o 2000, coincidiendo con la remodelaci\u00f3n de la taberna, la propiedad cre\u00f3 el \u201cGrupo Ord\u00f3\u00f1\u00e9z\u201d, siendo propietario del restaurante \u201cLos Califas\u201d, en la calle Deanes, y de la Vinoteca Ord\u00f3\u00f1ez en la calle Medina y Corella.<\/p>\n\n\n<div class=\"wp-block-image\">\n<figure class=\"alignleft size-full\"><img loading=\"lazy\" decoding=\"async\" width=\"342\" height=\"447\" src=\"https:\/\/xn--porlascallesdecrdoba-p8b.com\/wp-content\/uploads\/2026\/08\/image-60.png\" alt=\"\" class=\"wp-image-6183\" srcset=\"https:\/\/xn--porlascallesdecrdoba-p8b.com\/wp-content\/uploads\/2026\/08\/image-60.png 342w, https:\/\/xn--porlascallesdecrdoba-p8b.com\/wp-content\/uploads\/2026\/08\/image-60-230x300.png 230w\" sizes=\"auto, (max-width: 342px) 100vw, 342px\" \/><\/figure>\n<\/div>\n\n\n<p class=\"wp-block-paragraph\" style=\"font-size:20px\">Esta calle recib\u00eda el nombre de \u00abSan Roque\u00bb, por el convento de este nombre que fundara, en 1586, San Juan de la Cruz. En un pleno municipal en el a\u00f1o 1886 se le cambia el nombre por el actual de \u201cBuen Pastor\u201d. A lo largo de esta calle veremos varias casas antiguas, algunas de las cuales conservan su portada que nos indica su pasado burgu\u00e9s y otras m\u00e1s humildes, es curiosa la entrada a la casa n\u00famero 26, con un pasillo de techo bajo con tablas y vigas hechas con troncos de \u00e1rboles.<\/p>\n\n\n\n<p class=\"wp-block-paragraph\" style=\"font-size:20px\">En esta misma acera quedan los restos de lo que fuera una portada g\u00f3tica human\u00edstica del XVI, perteneciente al convento de San Roque, en el arco cegado se encuentra desde 1942 una placa que nos dice:<\/p>\n\n\n\n<p class=\"wp-block-paragraph\" style=\"font-size:20px\"><em>\u00abEn esta casa cuando fue convento de la Descaldez Carmelitana vivi\u00f3 San Juan de la Cruz. 1586\u00bb.<\/em><em><\/em><\/p>\n\n\n\n<p class=\"wp-block-paragraph\" style=\"font-size:20px\">Del edificio del antiguo convento, hoy convertido en residencia de personas mayores. trataremos en una p\u00e1gina espec\u00edfica.<\/p>\n\n\n\n<p class=\"has-text-align-center wp-block-paragraph\" style=\"font-size:20px\"> <a href=\"https:\/\/xn--porlascallesdecrdoba-p8b.com\/?page_id=5968\">https:\/\/xn--porlascallesdecrdoba-p8b.com\/?page_id=5968<\/a><\/p>\n\n\n<div class=\"wp-block-image\">\n<figure class=\"aligncenter size-full is-resized\"><img loading=\"lazy\" decoding=\"async\" width=\"847\" height=\"333\" src=\"https:\/\/xn--porlascallesdecrdoba-p8b.com\/wp-content\/uploads\/2026\/08\/image-70.png\" alt=\"\" class=\"wp-image-6205\" style=\"aspect-ratio:2.5437201907790143;width:718px;height:auto\" srcset=\"https:\/\/xn--porlascallesdecrdoba-p8b.com\/wp-content\/uploads\/2026\/08\/image-70.png 847w, https:\/\/xn--porlascallesdecrdoba-p8b.com\/wp-content\/uploads\/2026\/08\/image-70-300x118.png 300w, https:\/\/xn--porlascallesdecrdoba-p8b.com\/wp-content\/uploads\/2026\/08\/image-70-768x302.png 768w\" sizes=\"auto, (max-width: 847px) 100vw, 847px\" \/><\/figure>\n<\/div>\n\n<div class=\"wp-block-image\">\n<figure class=\"alignright size-full is-resized\"><img loading=\"lazy\" decoding=\"async\" width=\"735\" height=\"480\" src=\"https:\/\/xn--porlascallesdecrdoba-p8b.com\/wp-content\/uploads\/2026\/08\/Captura-de-pantalla-2026-08-08-090654.png\" alt=\"\" class=\"wp-image-6181\" style=\"width:437px;height:auto\" srcset=\"https:\/\/xn--porlascallesdecrdoba-p8b.com\/wp-content\/uploads\/2026\/08\/Captura-de-pantalla-2026-08-08-090654.png 735w, https:\/\/xn--porlascallesdecrdoba-p8b.com\/wp-content\/uploads\/2026\/08\/Captura-de-pantalla-2026-08-08-090654-300x196.png 300w\" sizes=\"auto, (max-width: 735px) 100vw, 735px\" \/><\/figure>\n<\/div>\n\n\n<p class=\"wp-block-paragraph\" style=\"font-size:20px\">Junto a la portada del templo se abre la estrecha calleja \u00ab<strong>San Roque<\/strong>\u00ab, calleja, sin salida que al parecer, antes del siglo XIX, estaba comunicada con otra calleja situada en la uni\u00f3n de las calles \u201cAlmanzor\u201d y \u201cRomero\u201d, tambi\u00e9n actualmente sin salida; en el plano de 1811 ya aparecen separadas ambas callejas. El \u00fanico edifico de esta calleja, el n\u00famero 20 de \u00abBuen Pastor\u00bb, fue la casa principal del mayorazgo fundado por Juan Ruiz de Quintana, quien posteriormente se incorpor\u00f3 a la casa de Villaseca, anta\u00f1o muy arraigada en la ciudad. Pasar\u00eda luego a la familia Piedrahita, figurando en el padr\u00f3n de 1537, la calleja con el nombre de \u201c<em>calleja de Piedrahita<\/em>\u201d, all\u00ed vivir\u00eda Juan G\u00f3mez Piedrahita, \u201c<em>caballero de premi\u00e1<\/em>\u201d, quienes estaban obligados (\u201c<em>premia<\/em>\u201d) a mantener armas y caballo para ir a la guerra.<\/p>\n\n\n<div class=\"wp-block-image\">\n<figure class=\"aligncenter size-large is-resized\"><img loading=\"lazy\" decoding=\"async\" width=\"1024\" height=\"576\" src=\"https:\/\/xn--porlascallesdecrdoba-p8b.com\/wp-content\/uploads\/2026\/08\/20260813_095102-1024x576.jpg\" alt=\"\" class=\"wp-image-6490\" style=\"width:561px;height:auto\" srcset=\"https:\/\/xn--porlascallesdecrdoba-p8b.com\/wp-content\/uploads\/2026\/08\/20260813_095102-1024x576.jpg 1024w, https:\/\/xn--porlascallesdecrdoba-p8b.com\/wp-content\/uploads\/2026\/08\/20260813_095102-300x169.jpg 300w, https:\/\/xn--porlascallesdecrdoba-p8b.com\/wp-content\/uploads\/2026\/08\/20260813_095102-768x432.jpg 768w, https:\/\/xn--porlascallesdecrdoba-p8b.com\/wp-content\/uploads\/2026\/08\/20260813_095102-1536x864.jpg 1536w, https:\/\/xn--porlascallesdecrdoba-p8b.com\/wp-content\/uploads\/2026\/08\/20260813_095102-2048x1152.jpg 2048w\" sizes=\"auto, (max-width: 1024px) 100vw, 1024px\" \/><\/figure>\n<\/div>\n\n\n<figure class=\"wp-block-image size-large\"><img loading=\"lazy\" decoding=\"async\" width=\"1024\" height=\"314\" src=\"https:\/\/xn--porlascallesdecrdoba-p8b.com\/wp-content\/uploads\/2026\/08\/image-102-1024x314.png\" alt=\"\" class=\"wp-image-6492\" srcset=\"https:\/\/xn--porlascallesdecrdoba-p8b.com\/wp-content\/uploads\/2026\/08\/image-102-1024x314.png 1024w, https:\/\/xn--porlascallesdecrdoba-p8b.com\/wp-content\/uploads\/2026\/08\/image-102-300x92.png 300w, https:\/\/xn--porlascallesdecrdoba-p8b.com\/wp-content\/uploads\/2026\/08\/image-102-768x235.png 768w, https:\/\/xn--porlascallesdecrdoba-p8b.com\/wp-content\/uploads\/2026\/08\/image-102.png 1132w\" sizes=\"auto, (max-width: 1024px) 100vw, 1024px\" \/><\/figure>\n\n\n\n<p class=\"wp-block-paragraph\" style=\"font-size:20px\">Tras su abandono, pas\u00f3 a ser casa de maternidad y posterior cuartel de Guardia Civil, instal\u00e1ndose al final del XIX la Escuela de Magisterio para mujeres. Actualmente, es propiedad de la Diputaci\u00f3n Provincial, encontr\u00e1ndose las oficinas del Centro de Informaci\u00f3n Juvenil, el \u00c1rea del Bienestar Social y el de Empleo y Desarrollo Econ\u00f3mico, de la Diputaci\u00f3n. Hasta el a\u00f1o 2004 aqu\u00ed se encontraba el \u00abCentro Provincial de la Mujer\u201d, de la Junta de Andaluc\u00eda, el edificio posee un hermoso interior de pasillos y patio mud\u00e9jar, con reja fechada en 1903, en el interior hay un bello patio, de forma rectangular, que se divide en dos zonas. La primera zona es de estilo mud\u00e9jar, presidido por un p\u00f3rtico de tres arcos en ladrillo visto que descasan sobre columnas, cerr\u00e1ndose los vanos con rejas acristalada. En la planta superior se abren tres ventanas en forma de arco con alfiz rehundido.<\/p>\n\n\n\n<figure class=\"wp-block-image size-full\"><img loading=\"lazy\" decoding=\"async\" width=\"1132\" height=\"343\" src=\"https:\/\/xn--porlascallesdecrdoba-p8b.com\/wp-content\/uploads\/2026\/08\/image-103.png\" alt=\"\" class=\"wp-image-6493\"\/><\/figure>\n\n\n\n<p class=\"wp-block-paragraph\" style=\"font-size:20px\">En la segunda zona encontramos una galer\u00eda porticada con arcos que descansan sobre columnas, es obra del siglo XVIII. Aqu\u00ed podemos ver una placa de m\u00e1rmol que nos dice:<\/p>\n\n\n\n<p class=\"wp-block-paragraph\" style=\"font-size:20px\"><em>&nbsp;&nbsp;&nbsp;&nbsp;&nbsp;&nbsp;&nbsp;&nbsp;&nbsp;&nbsp; \u00abA la memoria de la benem\u00e9rita maestra D\u00aa Rosario Garc\u00eda Gonz\u00e1lez, primera directora-regente de esta Normal, quien<\/em> <em>con su extraordinario celo consagr\u00f3 su vida a la ense\u00f1anza desde el a\u00f1o 1861 al 1911.\u00bb<\/em><\/p>\n\n\n\n<p class=\"wp-block-paragraph\" style=\"font-size:20px\">Aqu\u00ed estuvo la Escuela Normal de Maestras, que en su inicio se ubicar\u00eda en la calle \u201cSaravias, n\u00ba 6\u201d, y en 1862 pasar\u00eda a la calle \u201cCenizas\u201d (actual Fernando Col\u00f3n) y a \u201cCampanas, n\u00ba 15\u201d, tres a\u00f1os m\u00e1s tarde pasar\u00eda a la casa del marqu\u00e9s de Valdeflores, en la plaza de \u201cSan Juan, n\u00ba 4\u201d, pasando el a\u00f1o 1877 a ocupar la casa n\u00ba 2 de la calle \u201cSan Roque\u201d (actual \u201cBuen Pastor\u201d) y a los dos a\u00f1os pasar\u00eda a este edificio propiedad de la Diputaci\u00f3n, que hab\u00eda sido Cuartel de la Guardia Civil. En 1931, con la II Rep\u00fablica se unifican las escuelas de maestras y maestros ocupando un edifico, tambi\u00e9n propiedad de la Diputaci\u00f3n, en la plaza San Felipe. Esta calle tiene una salida en forma de calleja, por el n\u00famero 12.<\/p>\n\n\n<div class=\"wp-block-image\">\n<figure class=\"alignleft size-full\"><img loading=\"lazy\" decoding=\"async\" width=\"415\" height=\"477\" src=\"https:\/\/xn--porlascallesdecrdoba-p8b.com\/wp-content\/uploads\/2026\/08\/image-93.png\" alt=\"\" class=\"wp-image-6353\"\/><figcaption class=\"wp-element-caption\">Plano del Catastro (sedecatastro.gob.es)<\/figcaption><\/figure>\n<\/div>\n\n\n<p class=\"wp-block-paragraph\" style=\"font-size:20px\">En la acera de los pares, los edificios que encontraremos tienen m\u00e1s de cien a\u00f1os de historia, empezando por el n\u00famero 18, que hace la esquina con la calleja. El 14, que conserva una portada p\u00e9trea adintelada con front\u00f3n partido por un balc\u00f3n y con dos pin\u00e1culos a los lados y bajo una ventana una fuerte reja del s\u00f3tano. La bella fachada del n\u00famero 10, con los dinteles de la puerta y ventanas decoradas con yeser\u00edas. Tambi\u00e9n son antiguas las casas 8 y 6.<\/p>\n\n\n\n<p class=\"wp-block-paragraph\" style=\"font-size:20px\">Al final de la calle, en el n\u00famero uno, encontramos la residencia geri\u00e1trica \u201cSan Rafael\u201d regentada por las \u201cHermanitas de los Ancianos Desamparados\u201d, orden fundada por Santa Teresa de Jes\u00fas Jornet. De este edificio y de su precisa iglesia, trataremos en una p\u00e1gina aparte.<\/p>\n\n\n\n<p class=\"wp-block-paragraph\" style=\"font-size:20px\"><a href=\"https:\/\/xn--porlascallesdecrdoba-p8b.com\/?page_id=5971\">https:\/\/xn--porlascallesdecrdoba-p8b.com\/?page_id=5971<\/a><\/p>\n\n\n\n<p class=\"wp-block-paragraph\" style=\"font-size:20px\">La casa n\u00famero 4, hasta 1851 formaba parte junto con la 2, de un solo inmueble. Fue la sede de la emisora de radio \u201cLa Voz de Andaluc\u00eda\u201d (EFE 48), se inaugur\u00f3 en julio de 1964 y pertenec\u00eda a la \u201cRed de Emisoras del Movimiento\u201d, era una emisora de \u00e1mbito provincial, emit\u00eda en onda media (OM) y su emisor se encontraba en el \u201cCruce de Trasierra\u201d. Con la llegada de la democracia esta cadena se transformar\u00eda en \u201cRadiocadena Espa\u00f1ola\u201d (RCE), integrada en el ente p\u00fablico RTVE. Se centraba en la radio local, sin perder su car\u00e1cter nacional, emit\u00eda en frecuencia modulada (FM) una programaci\u00f3n cultural e informativa propia.<\/p>\n\n\n<div class=\"wp-block-image\">\n<figure class=\"aligncenter size-large is-resized\"><img loading=\"lazy\" decoding=\"async\" width=\"1024\" height=\"576\" src=\"https:\/\/xn--porlascallesdecrdoba-p8b.com\/wp-content\/uploads\/2026\/08\/20210626_100830-1024x576.jpg\" alt=\"\" class=\"wp-image-6361\" style=\"width:590px;height:auto\" srcset=\"https:\/\/xn--porlascallesdecrdoba-p8b.com\/wp-content\/uploads\/2026\/08\/20210626_100830-1024x576.jpg 1024w, https:\/\/xn--porlascallesdecrdoba-p8b.com\/wp-content\/uploads\/2026\/08\/20210626_100830-300x169.jpg 300w, https:\/\/xn--porlascallesdecrdoba-p8b.com\/wp-content\/uploads\/2026\/08\/20210626_100830-768x432.jpg 768w, https:\/\/xn--porlascallesdecrdoba-p8b.com\/wp-content\/uploads\/2026\/08\/20210626_100830-1536x864.jpg 1536w, https:\/\/xn--porlascallesdecrdoba-p8b.com\/wp-content\/uploads\/2026\/08\/20210626_100830-2048x1152.jpg 2048w\" sizes=\"auto, (max-width: 1024px) 100vw, 1024px\" \/><\/figure>\n<\/div>\n\n\n<p class=\"wp-block-paragraph\" style=\"font-size:20px\">El edificio n\u00famero 2 era la casa-palacio del conde de Torres Cabrera, Federico Martel y Bernuy,\u00a0alcalde de C\u00f3rdoba y uno de los fundadores del C\u00edrculo de la Amistad.\u00a0En 1847 el conde adquiere una nueva residencia, en la por entonces llamada calle \u201cCardenal Toledo\u201d, la actual \u201cConde de Torres Cabrera\u201d. En su puerta se encuentran unas bellas aldabas de cabeza de le\u00f3n, en el zagu\u00e1n unas rejas nos separa de un patio de suelo enchinado haciendo dibujos en negro, en el centro un parterre con frondosa vegetaci\u00f3n, una de sus paredes se encuentra porticada con cuatro arcos que descansan sobre columnas de piedra; un arco de herradura, al estilo califal y decorado con relieve de vegetaci\u00f3n, nos introduce a un pasillo, que bajo arcos nos llevar\u00e1 a otros dos patios; el primero de ellos posee un ala porticada de la que sale la escalera a la planta alta. La casa fue la principal del mayorazgo fundado por don Juan Ruiz de Quintana.<\/p>\n\n\n<div class=\"wp-block-image\">\n<figure class=\"aligncenter size-full\"><img loading=\"lazy\" decoding=\"async\" width=\"773\" height=\"432\" src=\"https:\/\/xn--porlascallesdecrdoba-p8b.com\/wp-content\/uploads\/2026\/08\/image-67.png\" alt=\"\" class=\"wp-image-6197\"\/><figcaption class=\"wp-element-caption\">Buen Pastor, 2<\/figcaption><\/figure>\n<\/div>\n\n\n<figure class=\"wp-block-image size-full\"><img loading=\"lazy\" decoding=\"async\" width=\"816\" height=\"258\" src=\"https:\/\/xn--porlascallesdecrdoba-p8b.com\/wp-content\/uploads\/2026\/08\/image-106.png\" alt=\"\" class=\"wp-image-6498\" srcset=\"https:\/\/xn--porlascallesdecrdoba-p8b.com\/wp-content\/uploads\/2026\/08\/image-106.png 816w, https:\/\/xn--porlascallesdecrdoba-p8b.com\/wp-content\/uploads\/2026\/08\/image-106-300x95.png 300w, https:\/\/xn--porlascallesdecrdoba-p8b.com\/wp-content\/uploads\/2026\/08\/image-106-768x243.png 768w\" sizes=\"auto, (max-width: 816px) 100vw, 816px\" \/><figcaption class=\"wp-element-caption\">Escalera de Buen Pastor, 2<\/figcaption><\/figure>\n\n\n\n<p class=\"wp-block-paragraph\" style=\"font-size:20px\">La casa pas\u00f3 a ser propiedad de la familia L\u00f3pez, propietaria de la Azucarera de Villarubia, siendo posteriormente legada al Opus Dei,&nbsp;quien en 2006&nbsp;instal\u00f3 la sede de la Fundaci\u00f3n Aljaraque, dedicada a la ayuda de la mujer del Tercer Mundo.<\/p>\n\n\n<div class=\"wp-block-image\">\n<figure class=\"aligncenter size-full is-resized\"><img decoding=\"async\" src=\"https:\/\/xn--porlascallesdecrdoba-p8b.com\/wp-content\/uploads\/2026\/08\/20260813_100328.jpg\" alt=\"\" class=\"wp-image-6496\" style=\"width:517px;height:auto\"\/><\/figure>\n<\/div>\n\n\n<p class=\"wp-block-paragraph\" style=\"font-size:20px\"><\/p>\n\n\n\n<figure class=\"wp-block-image size-large\"><img loading=\"lazy\" decoding=\"async\" width=\"1024\" height=\"379\" src=\"https:\/\/xn--porlascallesdecrdoba-p8b.com\/wp-content\/uploads\/2026\/08\/image-69-1024x379.png\" alt=\"\" class=\"wp-image-6200\" srcset=\"https:\/\/xn--porlascallesdecrdoba-p8b.com\/wp-content\/uploads\/2026\/08\/image-69-1024x379.png 1024w, https:\/\/xn--porlascallesdecrdoba-p8b.com\/wp-content\/uploads\/2026\/08\/image-69-300x111.png 300w, https:\/\/xn--porlascallesdecrdoba-p8b.com\/wp-content\/uploads\/2026\/08\/image-69-768x284.png 768w, https:\/\/xn--porlascallesdecrdoba-p8b.com\/wp-content\/uploads\/2026\/08\/image-69.png 1190w\" sizes=\"auto, (max-width: 1024px) 100vw, 1024px\" \/><figcaption class=\"wp-element-caption\">Buen Pastor, 2<\/figcaption><\/figure>\n\n\n\n<figure class=\"wp-block-gallery has-nested-images columns-default is-cropped wp-block-gallery-1 is-layout-flex wp-block-gallery-is-layout-flex\">\n<figure class=\"wp-block-image size-large\"><a href=\"https:\/\/xn--porlascallesdecrdoba-p8b.com\/?page_id=5962\"><img loading=\"lazy\" decoding=\"async\" width=\"182\" height=\"89\" data-id=\"5724\" src=\"https:\/\/xn--porlascallesdecrdoba-p8b.com\/wp-content\/uploads\/2026\/08\/01-Volver.png\" alt=\"\" class=\"wp-image-5724\"\/><\/a><\/figure>\n\n\n\n<figure class=\"wp-block-image size-large\"><a href=\"https:\/\/xn--porlascallesdecrdoba-p8b.com\/?page_id=5968\"><img loading=\"lazy\" decoding=\"async\" width=\"188\" height=\"89\" data-id=\"5725\" src=\"https:\/\/xn--porlascallesdecrdoba-p8b.com\/wp-content\/uploads\/2026\/08\/03-avanzar.png\" alt=\"\" class=\"wp-image-5725\"\/><\/a><\/figure>\n<\/figure>\n\n\n<div class=\"wp-block-image\">\n<figure class=\"aligncenter size-large\"><a href=\"https:\/\/xn--porlascallesdecrdoba-p8b.com\/?page_id=5727\"><img loading=\"lazy\" decoding=\"async\" width=\"370\" height=\"67\" src=\"https:\/\/xn--porlascallesdecrdoba-p8b.com\/wp-content\/uploads\/2026\/08\/Captura-de-pantalla-2026-08-02-182713-1.png\" alt=\"\" class=\"wp-image-5726\" srcset=\"https:\/\/xn--porlascallesdecrdoba-p8b.com\/wp-content\/uploads\/2026\/08\/Captura-de-pantalla-2026-08-02-182713-1.png 370w, https:\/\/xn--porlascallesdecrdoba-p8b.com\/wp-content\/uploads\/2026\/08\/Captura-de-pantalla-2026-08-02-182713-1-300x54.png 300w\" sizes=\"auto, (max-width: 370px) 100vw, 370px\" \/><\/a><\/figure>\n<\/div>\n\n\n<p class=\"wp-block-paragraph\" style=\"font-size:20px\"><\/p>\n","protected":false},"excerpt":{"rendered":"<p>El final de \u201cConde y Luque\u201d hace esquina con la calle \u201cDeanes\u201d, que nos acercar\u00eda a la Mezquita-Catedral, pero continuamos recto, tomando desde aqu\u00ed la calle \u201cBuen Pastor\u201d. En la <a class=\"more-link\" href=\"https:\/\/xn--porlascallesdecrdoba-p8b.com\/?page_id=5964\">Seguir leyendo &rarr;<\/a><\/p>\n","protected":false},"author":1,"featured_media":0,"parent":0,"menu_order":0,"comment_status":"closed","ping_status":"closed","template":"","meta":{"footnotes":""},"class_list":["post-5964","page","type-page","status-publish","hentry"],"_links":{"self":[{"href":"https:\/\/xn--porlascallesdecrdoba-p8b.com\/index.php?rest_route=\/wp\/v2\/pages\/5964","targetHints":{"allow":["GET"]}}],"collection":[{"href":"https:\/\/xn--porlascallesdecrdoba-p8b.com\/index.php?rest_route=\/wp\/v2\/pages"}],"about":[{"href":"https:\/\/xn--porlascallesdecrdoba-p8b.com\/index.php?rest_route=\/wp\/v2\/types\/page"}],"author":[{"embeddable":true,"href":"https:\/\/xn--porlascallesdecrdoba-p8b.com\/index.php?rest_route=\/wp\/v2\/users\/1"}],"replies":[{"embeddable":true,"href":"https:\/\/xn--porlascallesdecrdoba-p8b.com\/index.php?rest_route=%2Fwp%2Fv2%2Fcomments&post=5964"}],"version-history":[{"count":29,"href":"https:\/\/xn--porlascallesdecrdoba-p8b.com\/index.php?rest_route=\/wp\/v2\/pages\/5964\/revisions"}],"predecessor-version":[{"id":7396,"href":"https:\/\/xn--porlascallesdecrdoba-p8b.com\/index.php?rest_route=\/wp\/v2\/pages\/5964\/revisions\/7396"}],"wp:attachment":[{"href":"https:\/\/xn--porlascallesdecrdoba-p8b.com\/index.php?rest_route=%2Fwp%2Fv2%2Fmedia&parent=5964"}],"curies":[{"name":"wp","href":"https:\/\/api.w.org\/{rel}","templated":true}]}}