{"id":5968,"date":"2026-08-05T07:09:55","date_gmt":"2026-08-05T07:09:55","guid":{"rendered":"https:\/\/xn--porlascallesdecrdoba-p8b.com\/?page_id=5968"},"modified":"2026-08-24T15:08:16","modified_gmt":"2026-08-24T15:08:16","slug":"residencia-geriatrica-san-juan-de-la-cruz","status":"publish","type":"page","link":"https:\/\/xn--porlascallesdecrdoba-p8b.com\/?page_id=5968","title":{"rendered":"Residencia Geriatrica San Juan de la Cruz"},"content":{"rendered":"<div class=\"wp-block-image\">\n<figure class=\"alignright size-full\"><img loading=\"lazy\" decoding=\"async\" width=\"310\" height=\"457\" src=\"https:\/\/xn--porlascallesdecrdoba-p8b.com\/wp-content\/uploads\/2026\/08\/image-72.png\" alt=\"\" class=\"wp-image-6237\" srcset=\"https:\/\/xn--porlascallesdecrdoba-p8b.com\/wp-content\/uploads\/2026\/08\/image-72.png 310w, https:\/\/xn--porlascallesdecrdoba-p8b.com\/wp-content\/uploads\/2026\/08\/image-72-204x300.png 204w\" sizes=\"auto, (max-width: 310px) 100vw, 310px\" \/><\/figure>\n<\/div>\n\n\n<p class=\"wp-block-paragraph\" style=\"font-size:20px\">En el edificio de \u00abBuen Pastor, 22\u00bb se encuentra la \u00abResidencia de Ancianos San Juan de la Cruz\u00bb, perteneciente a la Parroquia de \u00abLa Trinidad\u00bb. En su blanca fachada perduran los restos de la que fuera una portada g\u00f3tica human\u00edstica del XVI, que daba acceso al convento de San Roque, en el arco cegado se encuentra desde 1942 una placa que nos dice:<\/p>\n\n\n\n<p class=\"wp-block-paragraph\" style=\"font-size:20px\"><em>\u00abEn esta casa cuando fue convento de la Descaldez Carmelitana vivi\u00f3 San Juan de la Cruz. 1586\u00bb.<\/em><\/p>\n\n\n\n<p class=\"wp-block-paragraph\" style=\"font-size:20px\">San Juan de la Cruz iniciar\u00eda un periodo de fundaciones conventuales, en el 1586 llegar\u00e1 a C\u00f3rdoba para fundar el convento de los Carmelitas Descalzos, fundaci\u00f3n que cont\u00f3 con el respaldo del De\u00e1n Lu\u00eds Fern\u00e1ndez de C\u00f3rdoba, persona fundamental en la cesi\u00f3n de una ermita denominada \u00abSan Roque\u00bb crear en ella la nueva comunidad carmelita. Luego la necesidad de un mayor espacio, hacen que se busque un sitio a extramuros, y la comunidad se traslada a las cercan\u00edas del Colodro, al llamado Convento de San Jos\u00e9 o San Cayetano, por entoncese en el campo, camino de la sierra, en la cuesta del mismo nombre. Luego se marcha a Segovia, como tercer consiliario de la Consulta y nuevos enfrentamientos. En 1591 le relevan de todos sus cargos y se queda como fraile de a pie. A la vuelta a Segovia cae enfermo y lo trasladan a \u00dabeda donde muere en la noche del 13 al 14 de diciembre de 1591, con 49 a\u00f1os.<\/p>\n\n\n\n<figure class=\"wp-block-image size-large\"><img loading=\"lazy\" decoding=\"async\" width=\"1024\" height=\"768\" src=\"https:\/\/xn--porlascallesdecrdoba-p8b.com\/wp-content\/uploads\/2026\/08\/0192-a-02-1024x768.jpg\" alt=\"\" class=\"wp-image-6235\" srcset=\"https:\/\/xn--porlascallesdecrdoba-p8b.com\/wp-content\/uploads\/2026\/08\/0192-a-02-1024x768.jpg 1024w, https:\/\/xn--porlascallesdecrdoba-p8b.com\/wp-content\/uploads\/2026\/08\/0192-a-02-300x225.jpg 300w, https:\/\/xn--porlascallesdecrdoba-p8b.com\/wp-content\/uploads\/2026\/08\/0192-a-02-768x576.jpg 768w, https:\/\/xn--porlascallesdecrdoba-p8b.com\/wp-content\/uploads\/2026\/08\/0192-a-02-1536x1152.jpg 1536w, https:\/\/xn--porlascallesdecrdoba-p8b.com\/wp-content\/uploads\/2026\/08\/0192-a-02.jpg 2048w\" sizes=\"auto, (max-width: 1024px) 100vw, 1024px\" \/><\/figure>\n\n\n\n<p class=\"wp-block-paragraph\" style=\"font-size:20px\">El actual edificio se articula alrededor de dos patios, el principal es del siglo XVII, de planta cuadrangular se encuentra claustrado en sus cuatro lados. La planta baja tiene arcos de medio punto sobre columnas toscanas, estando parcialmente tapiadas las de planta alta y cerrada con vidrieras.  En este patio se encuentra una escalera de tres tramos cubierta mediante una c\u00fapula poligonal con linterna y un acceso a la iglesia. Un segundo patio-jard\u00edn ocupa el fondo de la parcela, se encuentra porticado en un solo lateral, decor\u00e1ndose el centro con una fuente con pil\u00f3n octogonal.<\/p>\n\n\n<div class=\"wp-block-image\">\n<figure class=\"alignright size-large is-resized\"><img loading=\"lazy\" decoding=\"async\" width=\"768\" height=\"1024\" src=\"https:\/\/xn--porlascallesdecrdoba-p8b.com\/wp-content\/uploads\/2026\/08\/0192-a-08-768x1024.jpg\" alt=\"\" class=\"wp-image-6238\" style=\"aspect-ratio:0.750007629627369;width:475px;height:auto\" srcset=\"https:\/\/xn--porlascallesdecrdoba-p8b.com\/wp-content\/uploads\/2026\/08\/0192-a-08-768x1024.jpg 768w, https:\/\/xn--porlascallesdecrdoba-p8b.com\/wp-content\/uploads\/2026\/08\/0192-a-08-225x300.jpg 225w, https:\/\/xn--porlascallesdecrdoba-p8b.com\/wp-content\/uploads\/2026\/08\/0192-a-08-1152x1536.jpg 1152w, https:\/\/xn--porlascallesdecrdoba-p8b.com\/wp-content\/uploads\/2026\/08\/0192-a-08.jpg 1536w\" sizes=\"auto, (max-width: 768px) 100vw, 768px\" \/><\/figure>\n<\/div>\n\n\n<p class=\"wp-block-paragraph\" style=\"font-size:20px\">Este convento lo dejar\u00e1 en 1613 la orden descalza, al trasladarse al de \u00abSan Jos\u00e9\u00bb (\u00abSan Cayetano\u00bb), instal\u00e1ndose aqu\u00ed los carmelitas observantes quienes establecieron un Colegio de Teolog\u00eda, con el nombre de \u201cBuen Pastor\u201d, por el que lleva el nombre la calle. Fue desamortizado en el a\u00f1o 1836 y pas\u00f3 a ser casa de vecinos y el templo cochera. Con los a\u00f1os las Madres Filipenses Hijas de Mar\u00eda Dolorosa, lo recuperaron y crearon un colegio y un Asilo de <em>Mujeres Arrepentidas<\/em>.<\/p>\n\n\n\n<p class=\"wp-block-paragraph\" style=\"font-size:20px\">Desde el a\u00f1o 2003 se encuentra en \u00e9l la residencia geri\u00e1trica \u201cSan Juan de la Cruz\u201d, perteneciente a la Obra P\u00eda creada por Antonio G\u00f3mez Aguilar, quien fuera p\u00e1rroco de La Trinidad. La iglesia fue restaurada a principio de este siglo. No tiene retablo en el altar mayor y s\u00ed varios peque\u00f1os de traza barroca con im\u00e1genes modernas.<\/p>\n\n\n\n<p class=\"wp-block-paragraph\" style=\"font-size:20px\">El acceso principal al edificio es por el 22 de la calle, aunque el 24 tambi\u00e9n da acceso a la residencia. &nbsp;Al templo se accede por una sobria fachada rectangular coronada con un front\u00f3n triangular, la portada es un arco de medio punto enmarcado por pilastras, en cuyo front\u00f3n se ha colocado en \u00e9poca actual, un azulejo del <em>Buen Pastor<\/em>.<\/p>\n\n\n<div class=\"wp-block-image\">\n<figure class=\"alignright size-full is-resized\"><img loading=\"lazy\" decoding=\"async\" width=\"684\" height=\"559\" src=\"https:\/\/xn--porlascallesdecrdoba-p8b.com\/wp-content\/uploads\/2026\/08\/image-73.png\" alt=\"\" class=\"wp-image-6240\" style=\"aspect-ratio:1.2236198462613557;width:413px;height:auto\" srcset=\"https:\/\/xn--porlascallesdecrdoba-p8b.com\/wp-content\/uploads\/2026\/08\/image-73.png 684w, https:\/\/xn--porlascallesdecrdoba-p8b.com\/wp-content\/uploads\/2026\/08\/image-73-300x245.png 300w\" sizes=\"auto, (max-width: 684px) 100vw, 684px\" \/><\/figure>\n<\/div>\n\n<div class=\"wp-block-image\">\n<figure class=\"alignright size-full is-resized\"><img loading=\"lazy\" decoding=\"async\" width=\"1536\" height=\"1679\" src=\"https:\/\/xn--porlascallesdecrdoba-p8b.com\/wp-content\/uploads\/2026\/08\/0192-b-04.jpg\" alt=\"\" class=\"wp-image-6242\" style=\"aspect-ratio:0.914841153557517;width:416px;height:auto\"\/><\/figure>\n<\/div>\n\n\n<p class=\"wp-block-paragraph\" style=\"font-size:20px\">El interior del templo es sencillo, de una sola nave, con coro alto en los pies; fue restaurado en el a\u00f1o 2003, seg\u00fan figura en la soler\u00eda. En el presb\u00edtero cuelga un bello crucifijo, sobre una lisa pared blanca sin retablo, siendo la \u00fanica decoraci\u00f3n esta imagen y el sagrario. Ante los escalones se encuentran varias l\u00e1pidas funerarias del siglo XVII.<\/p>\n\n\n\n<p class=\"wp-block-paragraph\" style=\"font-size:20px\">En las paredes laterales se encuentran tres retablos en hornacina, en el lado izquierdo, en donde una puerta nos comunica con la residencia, se encuentra el dedicado a San Roque; en el lateral opuesto se encuentran los de la Virgen del Carmen y el dedicado al fundador, San Juan de la Cruz. A los pies, en este mismo lateral, se encuentran las im\u00e1genes de una Virgen del Roc\u00edo y un Prendimiento.<\/p>\n\n\n\n<p class=\"wp-block-paragraph\" style=\"font-size:20px\">San Roque es un santo italiano del siglo XVI, uno de los tres patronos de los peregrinos, quien durante una peregrinaci\u00f3n a Roma coincidi\u00f3 con una epidemia de peste, dedic\u00e1ndose a curar y atender a los enfermos, a los que mor\u00edan, \u00e9l mismo les hac\u00eda la sepultura, pues nadie m\u00e1s se atrev\u00eda a acercarse a los cad\u00e1veres por el miedo a contagiarse de la peste. Tras contraer la enfermedad y quedar su cuerpo cubierto de \u00falceras, al no querer ser una carga para nadie, se arrastr\u00f3 hasta las afueras de la ciudad para morir solo y se refugi\u00f3 en un bosque; all\u00ed naci\u00f3 un aljibe de agua que le calmaba la sed. Poco despu\u00e9s, un perro lleg\u00f3 con un pan y se lo dio a Roque para alimentarlo; esto ocurri\u00f3 por varios d\u00edas, pues el perro sacaba el pan de la cocina de su amo, hasta que un d\u00eda el amo decidi\u00f3 seguir a su perro y descubri\u00f3 lo que ocurr\u00eda. Entonces el amo del perro se encarg\u00f3 de cuidar a Roque y curarle sus llagas. Cuando se recuper\u00f3, regres\u00f3 a la ciudad, donde sigui\u00f3 curando no solo a personas, sino tambi\u00e9n a animales. En la iconograf\u00eda se representa vestido de peregrino, con una llaga en una pierna y acompa\u00f1ado de un perro.<\/p>\n\n\n<div class=\"wp-block-image\">\n<figure class=\"aligncenter size-full\"><img loading=\"lazy\" decoding=\"async\" width=\"683\" height=\"451\" src=\"https:\/\/xn--porlascallesdecrdoba-p8b.com\/wp-content\/uploads\/2026\/08\/image-74.png\" alt=\"\" class=\"wp-image-6243\" srcset=\"https:\/\/xn--porlascallesdecrdoba-p8b.com\/wp-content\/uploads\/2026\/08\/image-74.png 683w, https:\/\/xn--porlascallesdecrdoba-p8b.com\/wp-content\/uploads\/2026\/08\/image-74-300x198.png 300w\" sizes=\"auto, (max-width: 683px) 100vw, 683px\" \/><\/figure>\n<\/div>\n\n\n<p class=\"wp-block-paragraph\" style=\"font-size:20px\">En este templo tuvo sepultura el padre Roelas, a quien San Rafael se le apareci\u00f3 en varias ocasiones, y sobre cuya casa, en el barrio de San Lorenzo, se construy\u00f3 la iglesia dedicada al Arc\u00e1ngel.<\/p>\n\n\n\n<p class=\"wp-block-paragraph\" style=\"font-size:20px\">Aqu\u00ed tiene su sede la \u201cHermandad y Cofrad\u00eda de Nazarenos Padre Jes\u00fas del Perd\u00f3n ante M\u00aa Stma. del Roc\u00edo y L\u00e1grimas y San Miguel Arc\u00e1ngel\u201d, que sale en procesi\u00f3n las tardes del Mi\u00e9rcoles Santo.\u00a0<\/p>\n\n\n<div class=\"wp-block-image\">\n<figure class=\"aligncenter size-full is-resized\"><img loading=\"lazy\" decoding=\"async\" width=\"800\" height=\"533\" src=\"https:\/\/xn--porlascallesdecrdoba-p8b.com\/wp-content\/uploads\/2026\/08\/1683.jpg\" alt=\"\" class=\"wp-image-6244\" style=\"aspect-ratio:1.500982087889537;width:666px;height:auto\"\/><\/figure>\n<\/div>\n\n\n<p class=\"wp-block-paragraph\" style=\"font-size:20px\"><\/p>\n\n\n\n<p class=\"wp-block-paragraph\" style=\"font-size:20px\">A comienzos del a\u00f1o 1990 un grupo de cofrades de diversas hermandades se unen para formar una nueva cofrad\u00eda alrededor de una imagen mariana obra de uno de ellos, Francisco Romero, el proceso de fundaci\u00f3n se inici\u00f3 en la parroquia de San Miguel, pero en el a\u00f1o 1992 se traslada al convento del Buen Pastor de las Madres Filipenses. En el a\u00f1o 1993 se encarga la realizaci\u00f3n de la imagen de Nuestro Padre Jes\u00fas del Perd\u00f3n a Francisco Romero; la imagen procesionar\u00e1 sola hasta el a\u00f1o 1998 que se incorporan las figuras de An\u00e1s y Malco realizadas por Manuel Luque Bonillo. En el a\u00f1o 1999 se incorporar\u00e1n las im\u00e1genes de dos sanedritas y en el 2000 las de dos soldados jud\u00edos realizadas todas ellas por el mismo autor. Desde el a\u00f1o 2000 procesiona por primera vez la imagen mariana que hab\u00eda sido el germen de esta hermandad, Nuestra Se\u00f1ora del Roc\u00edo y L\u00e1grimas en su nuevo paso de palio.<\/p>\n\n\n<div class=\"wp-block-image\">\n<figure class=\"aligncenter size-full is-resized\"><img loading=\"lazy\" decoding=\"async\" width=\"617\" height=\"398\" src=\"https:\/\/xn--porlascallesdecrdoba-p8b.com\/wp-content\/uploads\/2026\/08\/image-75.png\" alt=\"\" class=\"wp-image-6245\" style=\"aspect-ratio:1.5502728593302186;width:509px;height:auto\" srcset=\"https:\/\/xn--porlascallesdecrdoba-p8b.com\/wp-content\/uploads\/2026\/08\/image-75.png 617w, https:\/\/xn--porlascallesdecrdoba-p8b.com\/wp-content\/uploads\/2026\/08\/image-75-300x194.png 300w\" sizes=\"auto, (max-width: 617px) 100vw, 617px\" \/><\/figure>\n<\/div>\n\n\n<figure class=\"wp-block-gallery has-nested-images columns-default is-cropped wp-block-gallery-1 is-layout-flex wp-block-gallery-is-layout-flex\">\n<figure class=\"wp-block-image size-large\"><a href=\"https:\/\/xn--porlascallesdecrdoba-p8b.com\/?page_id=5964\"><img loading=\"lazy\" decoding=\"async\" width=\"182\" height=\"89\" data-id=\"5724\" src=\"https:\/\/xn--porlascallesdecrdoba-p8b.com\/wp-content\/uploads\/2026\/08\/01-Volver.png\" alt=\"\" class=\"wp-image-5724\"\/><\/a><\/figure>\n\n\n\n<figure class=\"wp-block-image size-large\"><a href=\"https:\/\/xn--porlascallesdecrdoba-p8b.com\/?page_id=5971\"><img loading=\"lazy\" decoding=\"async\" width=\"188\" height=\"89\" data-id=\"5725\" src=\"https:\/\/xn--porlascallesdecrdoba-p8b.com\/wp-content\/uploads\/2026\/08\/03-avanzar.png\" alt=\"\" class=\"wp-image-5725\"\/><\/a><\/figure>\n<\/figure>\n\n\n<div class=\"wp-block-image\">\n<figure class=\"aligncenter size-large\"><a href=\"https:\/\/xn--porlascallesdecrdoba-p8b.com\/?page_id=5727\"><img loading=\"lazy\" decoding=\"async\" width=\"370\" height=\"67\" src=\"https:\/\/xn--porlascallesdecrdoba-p8b.com\/wp-content\/uploads\/2026\/08\/Captura-de-pantalla-2026-08-02-182713-1.png\" alt=\"\" class=\"wp-image-5726\" srcset=\"https:\/\/xn--porlascallesdecrdoba-p8b.com\/wp-content\/uploads\/2026\/08\/Captura-de-pantalla-2026-08-02-182713-1.png 370w, https:\/\/xn--porlascallesdecrdoba-p8b.com\/wp-content\/uploads\/2026\/08\/Captura-de-pantalla-2026-08-02-182713-1-300x54.png 300w\" sizes=\"auto, (max-width: 370px) 100vw, 370px\" \/><\/a><\/figure>\n<\/div>\n\n\n<p class=\"wp-block-paragraph\" style=\"font-size:20px\"><\/p>\n","protected":false},"excerpt":{"rendered":"<p>En el edificio de \u00abBuen Pastor, 22\u00bb se encuentra la \u00abResidencia de Ancianos San Juan de la Cruz\u00bb, perteneciente a la Parroquia de \u00abLa Trinidad\u00bb. En su blanca fachada perduran <a class=\"more-link\" href=\"https:\/\/xn--porlascallesdecrdoba-p8b.com\/?page_id=5968\">Seguir leyendo &rarr;<\/a><\/p>\n","protected":false},"author":1,"featured_media":0,"parent":0,"menu_order":0,"comment_status":"closed","ping_status":"closed","template":"","meta":{"footnotes":""},"class_list":["post-5968","page","type-page","status-publish","hentry"],"_links":{"self":[{"href":"https:\/\/xn--porlascallesdecrdoba-p8b.com\/index.php?rest_route=\/wp\/v2\/pages\/5968","targetHints":{"allow":["GET"]}}],"collection":[{"href":"https:\/\/xn--porlascallesdecrdoba-p8b.com\/index.php?rest_route=\/wp\/v2\/pages"}],"about":[{"href":"https:\/\/xn--porlascallesdecrdoba-p8b.com\/index.php?rest_route=\/wp\/v2\/types\/page"}],"author":[{"embeddable":true,"href":"https:\/\/xn--porlascallesdecrdoba-p8b.com\/index.php?rest_route=\/wp\/v2\/users\/1"}],"replies":[{"embeddable":true,"href":"https:\/\/xn--porlascallesdecrdoba-p8b.com\/index.php?rest_route=%2Fwp%2Fv2%2Fcomments&post=5968"}],"version-history":[{"count":16,"href":"https:\/\/xn--porlascallesdecrdoba-p8b.com\/index.php?rest_route=\/wp\/v2\/pages\/5968\/revisions"}],"predecessor-version":[{"id":7417,"href":"https:\/\/xn--porlascallesdecrdoba-p8b.com\/index.php?rest_route=\/wp\/v2\/pages\/5968\/revisions\/7417"}],"wp:attachment":[{"href":"https:\/\/xn--porlascallesdecrdoba-p8b.com\/index.php?rest_route=%2Fwp%2Fv2%2Fmedia&parent=5968"}],"curies":[{"name":"wp","href":"https:\/\/api.w.org\/{rel}","templated":true}]}}