{"id":5971,"date":"2026-08-05T07:11:02","date_gmt":"2026-08-05T07:11:02","guid":{"rendered":"https:\/\/xn--porlascallesdecrdoba-p8b.com\/?page_id=5971"},"modified":"2026-08-28T20:06:02","modified_gmt":"2026-08-28T20:06:02","slug":"residencia-geriatrica-hermanitas-de-los-ancianos-desamparados","status":"publish","type":"page","link":"https:\/\/xn--porlascallesdecrdoba-p8b.com\/?page_id=5971","title":{"rendered":"Residencia Geriatrica San Rafael, Hermanitas de los Ancianos Desamparados. Jes\u00fas Crucificado"},"content":{"rendered":"<div class=\"wp-block-image\">\n<figure class=\"alignright size-large is-resized\"><img loading=\"lazy\" decoding=\"async\" width=\"1024\" height=\"747\" src=\"https:\/\/xn--porlascallesdecrdoba-p8b.com\/wp-content\/uploads\/2026\/08\/181203-cn-117-1024x747.jpg\" alt=\"\" class=\"wp-image-6259\" style=\"width:518px;height:auto\" srcset=\"https:\/\/xn--porlascallesdecrdoba-p8b.com\/wp-content\/uploads\/2026\/08\/181203-cn-117-1024x747.jpg 1024w, https:\/\/xn--porlascallesdecrdoba-p8b.com\/wp-content\/uploads\/2026\/08\/181203-cn-117-300x219.jpg 300w, https:\/\/xn--porlascallesdecrdoba-p8b.com\/wp-content\/uploads\/2026\/08\/181203-cn-117-768x560.jpg 768w, https:\/\/xn--porlascallesdecrdoba-p8b.com\/wp-content\/uploads\/2026\/08\/181203-cn-117-1536x1121.jpg 1536w, https:\/\/xn--porlascallesdecrdoba-p8b.com\/wp-content\/uploads\/2026\/08\/181203-cn-117-2048x1495.jpg 2048w\" sizes=\"auto, (max-width: 1024px) 100vw, 1024px\" \/><\/figure>\n<\/div>\n\n\n<p class=\"has-black-color has-text-color has-link-color wp-elements-9c0d1140447c588f7ccc98ec0fcef8f9 wp-block-paragraph\" style=\"font-size:20px\">Popularmente esta residencia es m\u00e1s conocida como <a>\u201cJes\u00fas Crucificado\u201d, pues ocupa el espacio del que fuera <strong>Hospital de Jes\u00fas Crucificado. <\/strong>\u00c9ste <\/a>fue fundado en 1496 con el patronazgo del Se\u00f1or\u00edo del Carpio. El 24 de agosto de 1495 do\u00f1a Mar\u00eda de Sotomayor, hija de don Luis M\u00e9ndez de Sotomayor, VI se\u00f1or del Carpio y de Morente, en su testamento dio poder a fray Francisco de Escoto, guardi\u00e1n del convento de San Francisco de C\u00f3rdoba, y a su hermana Beatriz de Sotomayor (VII se\u00f1ora del Carpio), para que su casa se transformara en hospital para treinta y tres mujeres, con la advocaci\u00f3n de Jes\u00fas Crucificado. La fundaci\u00f3n se llev\u00f3 a cabo el 29 de octubre de 1496. Beatriz casar\u00eda con Diego L\u00f3pez de Haro, capit\u00e1n General de Galicia, consejero de los Reyes Cat\u00f3licos y su embajador ante el Papa Alejandro VI. Un nieto de ambos ser\u00eda el I marqu\u00e9s del Carpio.<\/p>\n\n\n\n<figure class=\"wp-block-image size-large\"><img loading=\"lazy\" decoding=\"async\" width=\"1024\" height=\"576\" src=\"https:\/\/xn--porlascallesdecrdoba-p8b.com\/wp-content\/uploads\/2026\/08\/20260828_111142-1024x576.jpg\" alt=\"\" class=\"wp-image-7652\" srcset=\"https:\/\/xn--porlascallesdecrdoba-p8b.com\/wp-content\/uploads\/2026\/08\/20260828_111142-1024x576.jpg 1024w, https:\/\/xn--porlascallesdecrdoba-p8b.com\/wp-content\/uploads\/2026\/08\/20260828_111142-300x169.jpg 300w, https:\/\/xn--porlascallesdecrdoba-p8b.com\/wp-content\/uploads\/2026\/08\/20260828_111142-768x432.jpg 768w, https:\/\/xn--porlascallesdecrdoba-p8b.com\/wp-content\/uploads\/2026\/08\/20260828_111142-1536x864.jpg 1536w, https:\/\/xn--porlascallesdecrdoba-p8b.com\/wp-content\/uploads\/2026\/08\/20260828_111142-2048x1152.jpg 2048w\" sizes=\"auto, (max-width: 1024px) 100vw, 1024px\" \/><\/figure>\n\n\n\n<p class=\"has-black-color has-text-color has-link-color wp-elements-d9951515b2d885b691170d6ceca53597 wp-block-paragraph\" style=\"font-size:20px\">En 1508 se incorporan al centro varias monjas de la orden de Santo Domingo de Guzm\u00e1n, pasando entonces a ser convento de esta orden, conservando el mismo nombre gracias al protectorado del citado marquesado. En el a\u00f1o 1868 el convento fue suprimido y su comunidad se integr\u00f3 en el convento de Santa Mar\u00eda de Gracia, hoy desaparecido. Durante alg\u00fan tiempo, el convento fue usado como cuartel de la polic\u00eda.<\/p>\n\n\n\n<p class=\"has-black-color has-text-color has-link-color wp-elements-5a7fb542eee783b20e4aee2383107f35 wp-block-paragraph\" style=\"font-size:20px\">Posee un valioso patio claustrado con los cuatro lados abiertos en planta baja con p\u00f3rticos de arcos de medio punto peraltados apoyados sobre capiteles y columnas de acarreo. La planta baja es del siglo XVI y la superior del XVII. Entre los capiteles de la planta baja se encuentran dos que pueden ser visigodos, decorados con hojas, otro pudiera ser romano, de orden corintio, y el resto de la \u00e9poca califal.<\/p>\n\n\n<div class=\"wp-block-image\">\n<figure class=\"alignright size-full is-resized\"><img loading=\"lazy\" decoding=\"async\" width=\"732\" height=\"382\" src=\"https:\/\/xn--porlascallesdecrdoba-p8b.com\/wp-content\/uploads\/2026\/08\/image-276.png\" alt=\"\" class=\"wp-image-7653\" style=\"aspect-ratio:1.916267844725324;width:417px;height:auto\" srcset=\"https:\/\/xn--porlascallesdecrdoba-p8b.com\/wp-content\/uploads\/2026\/08\/image-276.png 732w, https:\/\/xn--porlascallesdecrdoba-p8b.com\/wp-content\/uploads\/2026\/08\/image-276-300x157.png 300w\" sizes=\"auto, (max-width: 732px) 100vw, 732px\" \/><\/figure>\n<\/div>\n\n\n<p class=\"has-black-color has-text-color has-link-color wp-elements-4a567aabe9232eccc527f4304744c64e wp-block-paragraph\" style=\"font-size:20px\">En el centro se conserva una fuente octogonal con una inscripci\u00f3n que data las obras del convento: \u201c<em>En 1569, siendo corregidor don Francisco Zapata de Cisneros, quien hizo merced del agua al M.I. Sr. D. Diego L\u00f3pez de Haro y Maldonado, siendo priora do\u00f1a Isabel de Haro<\/em>\u201d.<\/p>\n\n\n<div class=\"wp-block-image\">\n<figure class=\"alignleft size-full is-resized\"><img loading=\"lazy\" decoding=\"async\" width=\"480\" height=\"640\" src=\"https:\/\/xn--porlascallesdecrdoba-p8b.com\/wp-content\/uploads\/2026\/08\/0313-61.jpg\" alt=\"\" class=\"wp-image-6263\" style=\"width:280px;height:auto\" srcset=\"https:\/\/xn--porlascallesdecrdoba-p8b.com\/wp-content\/uploads\/2026\/08\/0313-61.jpg 480w, https:\/\/xn--porlascallesdecrdoba-p8b.com\/wp-content\/uploads\/2026\/08\/0313-61-225x300.jpg 225w\" sizes=\"auto, (max-width: 480px) 100vw, 480px\" \/><\/figure>\n<\/div>\n\n\n<p class=\"wp-block-paragraph\" style=\"font-size:20px\">El templo tiene su entrada por la calle \u201cLeiva Aguilar\u201d, se empez\u00f3 a construir a mediados del XVI costeado por Diego L\u00f3pez de Haro y Sotomayor, quien se reserv\u00f3 un enterramiento familiar en la capilla mayor. Era Veinticuatro de la ciudad, IX se\u00f1or y I marqu\u00e9s del Carpio, titulo concedido por Felipe II. En la portada aparecen los escudos de los Haro (izquierda) y Sotomayor (derecha), patronos del edificio, quienes consideraban al edificio como algo propio invirtiendo grandes cantidades en su mantenimiento, siendo una mujer de la familia, priora en 1569.<\/p>\n\n\n<div class=\"wp-block-image\">\n<figure class=\"alignright size-full\"><img loading=\"lazy\" decoding=\"async\" width=\"328\" height=\"537\" src=\"https:\/\/xn--porlascallesdecrdoba-p8b.com\/wp-content\/uploads\/2026\/08\/image-279.png\" alt=\"\" class=\"wp-image-7667\" srcset=\"https:\/\/xn--porlascallesdecrdoba-p8b.com\/wp-content\/uploads\/2026\/08\/image-279.png 328w, https:\/\/xn--porlascallesdecrdoba-p8b.com\/wp-content\/uploads\/2026\/08\/image-279-183x300.png 183w\" sizes=\"auto, (max-width: 328px) 100vw, 328px\" \/><\/figure>\n<\/div>\n\n\n<p class=\"wp-block-paragraph\" style=\"font-size:20px\"><\/p>\n\n\n\n<p class=\"wp-block-paragraph\" style=\"font-size:20px\">La portada del templo es de est\u00e9tica manierista, enmarcada entre pilastras. Por encima un front\u00f3n curvo partido en el que se encuentra la hornacina de medio punto.<\/p>\n\n\n\n<p class=\"wp-block-paragraph\" style=\"font-size:20px\">Accedemos al templo desde el interior de centro de mayores, pues su puerta exterior nunca se abre, desde el patio porticado nos dirigimos a la puerta a los pies de la iglesia, antes atravesaremos un pasillo muy alto, con las paredes de piedra, siendo uno de los elementos m\u00e1s antiguos del edificio.<\/p>\n\n\n\n<p class=\"wp-block-paragraph\" style=\"font-size:20px\"><\/p>\n\n\n\n<figure class=\"wp-block-image size-full\"><img loading=\"lazy\" decoding=\"async\" width=\"1536\" height=\"1506\" src=\"https:\/\/xn--porlascallesdecrdoba-p8b.com\/wp-content\/uploads\/2026\/08\/0313-a05a.jpg\" alt=\"\" class=\"wp-image-6267\"\/><\/figure>\n\n\n\n<p class=\"wp-block-paragraph\" style=\"font-size:20px\">El interior es de una sola nave de planta rectangular separ\u00e1ndose la capilla mayor por un arco que convierte el espacio de esta capilla en cuadrado, ambas zonas se encuentran cubiertas por bellos artesonados mud\u00e9jares del siglo XVI; destaca el de la capilla mayor, ochavado y decorado en su centro con las armas del obispo Garc\u00eda de Haro y Sotomayor, quien naci\u00f3 en C\u00f3rdoba en 1527, nieto de Diego L\u00f3pez de Haro y de Beatriz de Sotomayor y hermano del caballerizo mayor del reino, comenz\u00f3 la carrera militar que abandon\u00f3 para entrar en la iglesia, donde ocup\u00f3 varias sillas episcopales, como la de C\u00e1diz (1567) en donde destac\u00f3 por la preocupaci\u00f3n de las obras en la Catedral, y su edificaci\u00f3n, afrontando personalmente el costo de la Sala Capitular. <\/p>\n\n\n<div class=\"wp-block-image\">\n<figure class=\"aligncenter size-large\"><img loading=\"lazy\" decoding=\"async\" width=\"1024\" height=\"576\" src=\"https:\/\/xn--porlascallesdecrdoba-p8b.com\/wp-content\/uploads\/2026\/08\/20260828_111430-1024x576.jpg\" alt=\"\" class=\"wp-image-7656\" srcset=\"https:\/\/xn--porlascallesdecrdoba-p8b.com\/wp-content\/uploads\/2026\/08\/20260828_111430-1024x576.jpg 1024w, https:\/\/xn--porlascallesdecrdoba-p8b.com\/wp-content\/uploads\/2026\/08\/20260828_111430-300x169.jpg 300w, https:\/\/xn--porlascallesdecrdoba-p8b.com\/wp-content\/uploads\/2026\/08\/20260828_111430-768x432.jpg 768w, https:\/\/xn--porlascallesdecrdoba-p8b.com\/wp-content\/uploads\/2026\/08\/20260828_111430-1536x864.jpg 1536w, https:\/\/xn--porlascallesdecrdoba-p8b.com\/wp-content\/uploads\/2026\/08\/20260828_111430-2048x1152.jpg 2048w\" sizes=\"auto, (max-width: 1024px) 100vw, 1024px\" \/><\/figure>\n<\/div>\n\n\n<p class=\"wp-block-paragraph\" style=\"font-size:20px\"><\/p>\n\n\n\n<p class=\"wp-block-paragraph\" style=\"font-size:20px\">En 1587 ser\u00eda nombrado obispo de M\u00e1laga, en esta di\u00f3cesis puso su m\u00e1xima atenci\u00f3n en la construcci\u00f3n del muelle del puerto, colocando la primera piedra en la punta de la Ensenada, el 1 de enero de 1588. Activ\u00f3 las obras de la Catedral, y traslad\u00f3 el culto de la vieja Catedral-Mezquita a la parte terminada de la nueva Catedral que ya ten\u00eda las capillas absidales y el tramo del crucero, celebrando la dedicaci\u00f3n del templo en agosto de 1588. Particip\u00f3 en el programa iconogr\u00e1fico desarrollado en la capilla mayor de la Catedral de M\u00e1laga por parte del pintor italiano, Cesare Arbassia, el mismo que pint\u00f3 la Capilla del Sagrario de la Catedral de C\u00f3rdoba<strong><em>. <\/em><\/strong>Falleci\u00f3 en El Carpio el a\u00f1o 1587.<\/p>\n\n\n<div class=\"wp-block-image\">\n<figure class=\"aligncenter size-full is-resized\"><img loading=\"lazy\" decoding=\"async\" width=\"2048\" height=\"1536\" src=\"https:\/\/xn--porlascallesdecrdoba-p8b.com\/wp-content\/uploads\/2026\/08\/0313-a12.jpg\" alt=\"\" class=\"wp-image-6273\" style=\"width:607px;height:auto\"\/><\/figure>\n<\/div>\n\n\n<p class=\"wp-block-paragraph\" style=\"font-size:20px\">El retablo de la capilla mayor de \u00abJes\u00fas Crucificado\u00bb es obra de primeros del XVIII, fue construido para la capilla de Villaviciosa de la Catedral, posee banco, tres calles y \u00e1tico, decor\u00e1ndose con lienzos de Juan Pompeyo que representan <em>la Adoraci\u00f3n de los Pastores<\/em> y <em>la Epifan\u00eda<\/em>, en el \u00e1tico se instala una <em>Asunci\u00f3n<\/em> flanqueada por <em>San Pedro<\/em> y <em>San Pablo<\/em>. En este lugar hay una inscripci\u00f3n que dice <em>\u00abSe reedific\u00f3 esta capilla a\u00f1o 1704<\/em>\u00ab, momento en el que posiblemente se instalase aqu\u00ed el retablo.<\/p>\n\n\n<div class=\"wp-block-image\">\n<figure class=\"aligncenter size-full is-resized\"><img loading=\"lazy\" decoding=\"async\" width=\"792\" height=\"578\" src=\"https:\/\/xn--porlascallesdecrdoba-p8b.com\/wp-content\/uploads\/2026\/08\/image-277.png\" alt=\"\" class=\"wp-image-7660\" style=\"aspect-ratio:1.3702522235138277;width:535px;height:auto\" srcset=\"https:\/\/xn--porlascallesdecrdoba-p8b.com\/wp-content\/uploads\/2026\/08\/image-277.png 792w, https:\/\/xn--porlascallesdecrdoba-p8b.com\/wp-content\/uploads\/2026\/08\/image-277-300x219.png 300w, https:\/\/xn--porlascallesdecrdoba-p8b.com\/wp-content\/uploads\/2026\/08\/image-277-768x560.png 768w\" sizes=\"auto, (max-width: 792px) 100vw, 792px\" \/><\/figure>\n<\/div>\n\n\n<p class=\"wp-block-paragraph\" style=\"font-size:20px\"><\/p>\n\n\n<div class=\"wp-block-image\">\n<figure class=\"alignleft size-full is-resized\"><img loading=\"lazy\" decoding=\"async\" width=\"384\" height=\"491\" src=\"https:\/\/xn--porlascallesdecrdoba-p8b.com\/wp-content\/uploads\/2026\/08\/image-278.png\" alt=\"\" class=\"wp-image-7661\" style=\"aspect-ratio:0.7820704579448174;width:369px;height:auto\" srcset=\"https:\/\/xn--porlascallesdecrdoba-p8b.com\/wp-content\/uploads\/2026\/08\/image-278.png 384w, https:\/\/xn--porlascallesdecrdoba-p8b.com\/wp-content\/uploads\/2026\/08\/image-278-235x300.png 235w\" sizes=\"auto, (max-width: 384px) 100vw, 384px\" \/><\/figure>\n<\/div>\n\n\n<p class=\"wp-block-paragraph\" style=\"font-size:20px\">En la nave se exponen retablos barrocos del XVIII, destacando el que preside <em>San Jos\u00e9 con el Ni\u00f1o<\/em>, complet\u00e1ndose la decoraci\u00f3n de la nave con lienzos del siglo XVII. A los pies de la nave se encuentra un coro alto, el sotocoro se cubre con un techo plano del siglo XVII.<\/p>\n\n\n\n<p class=\"wp-block-paragraph\" style=\"font-size:20px\">Como cosa curiosa del que fuera convento de Jes\u00fas Crucificado, nos cuenta Fernando Penco, en su libro \u201cUn pa\u00eds llamado Cervantes\u201d, que el abuelo paterno de Miguel de Cervantes fue enterrado en este convento, pues se conserva un documento de su mujer, Leonor Fern\u00e1ndez de Torreblanca, que dice que quiere ser sepultada all\u00ed, junto a su esposo Juan de Cervantes, pero hoy en d\u00eda se desconoce si contin\u00faan a\u00fan en este templo. Hijo de este matrimonio fue Rodrigo de Cervantes, padre de Miguel, que por motivos econ\u00f3micos tuvo que salir de Valladolid y venir a C\u00f3rdoba con su esposa y sus hijos, por lo que el escritor pasar\u00eda parte de su infancia en C\u00f3rdoba, estudiar\u00eda en el colegio jesuita de \u201cLa Compa\u00f1\u00eda\u201d, tambi\u00e9n se sabe que su padre trabaj\u00f3 en el \u201cHospital de la Caridad\u201d.<\/p>\n\n\n\n<p class=\"wp-block-paragraph\" style=\"font-size:20px\"><\/p>\n\n\n\n<figure class=\"wp-block-gallery has-nested-images columns-default is-cropped wp-block-gallery-1 is-layout-flex wp-block-gallery-is-layout-flex\">\n<figure class=\"wp-block-image size-large\"><a href=\"https:\/\/xn--porlascallesdecrdoba-p8b.com\/?page_id=5968\"><img loading=\"lazy\" decoding=\"async\" width=\"182\" height=\"89\" data-id=\"5724\" src=\"https:\/\/xn--porlascallesdecrdoba-p8b.com\/wp-content\/uploads\/2026\/08\/01-Volver.png\" alt=\"\" class=\"wp-image-5724\"\/><\/a><\/figure>\n\n\n\n<figure class=\"wp-block-image size-large\"><a href=\"https:\/\/xn--porlascallesdecrdoba-p8b.com\/?page_id=5976\"><img loading=\"lazy\" decoding=\"async\" width=\"188\" height=\"89\" data-id=\"5725\" src=\"https:\/\/xn--porlascallesdecrdoba-p8b.com\/wp-content\/uploads\/2026\/08\/03-avanzar.png\" alt=\"\" class=\"wp-image-5725\"\/><\/a><\/figure>\n<\/figure>\n\n\n<div class=\"wp-block-image\">\n<figure class=\"aligncenter size-large\"><a href=\"https:\/\/xn--porlascallesdecrdoba-p8b.com\/?page_id=5727\"><img loading=\"lazy\" decoding=\"async\" width=\"370\" height=\"67\" src=\"https:\/\/xn--porlascallesdecrdoba-p8b.com\/wp-content\/uploads\/2026\/08\/Captura-de-pantalla-2026-08-02-182713-1.png\" alt=\"\" class=\"wp-image-5726\" srcset=\"https:\/\/xn--porlascallesdecrdoba-p8b.com\/wp-content\/uploads\/2026\/08\/Captura-de-pantalla-2026-08-02-182713-1.png 370w, https:\/\/xn--porlascallesdecrdoba-p8b.com\/wp-content\/uploads\/2026\/08\/Captura-de-pantalla-2026-08-02-182713-1-300x54.png 300w\" sizes=\"auto, (max-width: 370px) 100vw, 370px\" \/><\/a><\/figure>\n<\/div>\n\n\n<p class=\"wp-block-paragraph\" style=\"font-size:20px\"><\/p>\n","protected":false},"excerpt":{"rendered":"<p>Popularmente esta residencia es m\u00e1s conocida como \u201cJes\u00fas Crucificado\u201d, pues ocupa el espacio del que fuera Hospital de Jes\u00fas Crucificado. \u00c9ste fue fundado en 1496 con el patronazgo del Se\u00f1or\u00edo <a class=\"more-link\" href=\"https:\/\/xn--porlascallesdecrdoba-p8b.com\/?page_id=5971\">Seguir leyendo &rarr;<\/a><\/p>\n","protected":false},"author":1,"featured_media":0,"parent":0,"menu_order":0,"comment_status":"closed","ping_status":"closed","template":"","meta":{"footnotes":""},"class_list":["post-5971","page","type-page","status-publish","hentry"],"_links":{"self":[{"href":"https:\/\/xn--porlascallesdecrdoba-p8b.com\/index.php?rest_route=\/wp\/v2\/pages\/5971","targetHints":{"allow":["GET"]}}],"collection":[{"href":"https:\/\/xn--porlascallesdecrdoba-p8b.com\/index.php?rest_route=\/wp\/v2\/pages"}],"about":[{"href":"https:\/\/xn--porlascallesdecrdoba-p8b.com\/index.php?rest_route=\/wp\/v2\/types\/page"}],"author":[{"embeddable":true,"href":"https:\/\/xn--porlascallesdecrdoba-p8b.com\/index.php?rest_route=\/wp\/v2\/users\/1"}],"replies":[{"embeddable":true,"href":"https:\/\/xn--porlascallesdecrdoba-p8b.com\/index.php?rest_route=%2Fwp%2Fv2%2Fcomments&post=5971"}],"version-history":[{"count":20,"href":"https:\/\/xn--porlascallesdecrdoba-p8b.com\/index.php?rest_route=\/wp\/v2\/pages\/5971\/revisions"}],"predecessor-version":[{"id":7668,"href":"https:\/\/xn--porlascallesdecrdoba-p8b.com\/index.php?rest_route=\/wp\/v2\/pages\/5971\/revisions\/7668"}],"wp:attachment":[{"href":"https:\/\/xn--porlascallesdecrdoba-p8b.com\/index.php?rest_route=%2Fwp%2Fv2%2Fmedia&parent=5971"}],"curies":[{"name":"wp","href":"https:\/\/api.w.org\/{rel}","templated":true}]}}