{"id":5976,"date":"2026-08-05T07:14:38","date_gmt":"2026-08-05T07:14:38","guid":{"rendered":"https:\/\/xn--porlascallesdecrdoba-p8b.com\/?page_id=5976"},"modified":"2026-08-14T17:42:04","modified_gmt":"2026-08-14T17:42:04","slug":"la-hoguera","status":"publish","type":"page","link":"https:\/\/xn--porlascallesdecrdoba-p8b.com\/?page_id=5976","title":{"rendered":"La Hoguera"},"content":{"rendered":"\n<p class=\"wp-block-paragraph\" style=\"font-size:30px\"><\/p>\n\n\n<div class=\"wp-block-image\">\n<figure class=\"alignright size-full is-resized\"><img loading=\"lazy\" decoding=\"async\" width=\"628\" height=\"606\" src=\"https:\/\/xn--porlascallesdecrdoba-p8b.com\/wp-content\/uploads\/2026\/08\/image-84.png\" alt=\"\" class=\"wp-image-6301\" style=\"aspect-ratio:1.0363312877107937;width:494px;height:auto\" srcset=\"https:\/\/xn--porlascallesdecrdoba-p8b.com\/wp-content\/uploads\/2026\/08\/image-84.png 628w, https:\/\/xn--porlascallesdecrdoba-p8b.com\/wp-content\/uploads\/2026\/08\/image-84-300x289.png 300w\" sizes=\"auto, (max-width: 628px) 100vw, 628px\" \/><\/figure>\n<\/div>\n\n\n<p class=\"wp-block-paragraph\" style=\"font-size:20px\">En la calle \u00abDeanes\u00bb se nos abre una estrecha calleja, es la <strong>\u201cCalleja de la Hoguera\u201d<\/strong>, en el plano de 1920 aparece como \u201cQuero\u201d, en los planos anteriores no citan su top\u00f3nimo. La esquina la hace con un resto de columna. Este blanco recorrido es calleja y dos plazas al mismo tiempo. <\/p>\n\n\n\n<p class=\"wp-block-paragraph\" style=\"font-size:20px\">Al final de este estrecho primer tramo, nos encontramos con la casa n\u00famero seis, que a la calle tan solo abre una modesta portada y una diminuta ventana, por la que a trav\u00e9s de su reja podemos contemplar un relajante patio con estrechas columnillas, sobre pilares, soportan vigas de madera, esta fue la casa taller del pintor <strong>Miguel del Moral G\u00f3mez<\/strong>, a quien el Ayuntamiento ha dedicado la peque\u00f1a plaza.<\/p>\n\n\n<div class=\"wp-block-image\">\n<figure class=\"alignleft size-full is-resized\"><img loading=\"lazy\" decoding=\"async\" width=\"309\" height=\"312\" src=\"https:\/\/xn--porlascallesdecrdoba-p8b.com\/wp-content\/uploads\/2026\/08\/image-89.png\" alt=\"\" class=\"wp-image-6321\" style=\"aspect-ratio:0.9904337373535009;width:268px;height:auto\" srcset=\"https:\/\/xn--porlascallesdecrdoba-p8b.com\/wp-content\/uploads\/2026\/08\/image-89.png 309w, https:\/\/xn--porlascallesdecrdoba-p8b.com\/wp-content\/uploads\/2026\/08\/image-89-297x300.png 297w, https:\/\/xn--porlascallesdecrdoba-p8b.com\/wp-content\/uploads\/2026\/08\/image-89-150x150.png 150w\" sizes=\"auto, (max-width: 309px) 100vw, 309px\" \/><\/figure>\n<\/div>\n\n\n<p class=\"wp-block-paragraph\" style=\"font-size:20px\">Naci\u00f3 en la plaza de San Miguel el a\u00f1o 1917, estudi\u00f3 en la Escuela de Artes y Oficios de la calle Agust\u00edn Moreno, entonces \u201ccalle del Sol\u201d. Siendo a\u00fan adolescente contact\u00f3 con los grandes artistas de finales de los a\u00f1os veinte, incluidos los Romero de Torres. Colabor\u00f3 con la revista \u201cC\u00e1ntico\u201d desde su inicio en 1949, ilustr\u00e1ndola con \u201csus \u00e1ngeles, ni\u00f1os campesinos, damas\u2026\u201d<\/p>\n\n\n\n<p class=\"wp-block-paragraph\"><\/p>\n\n\n<div class=\"wp-block-image\">\n<figure class=\"alignright size-full is-resized\"><img loading=\"lazy\" decoding=\"async\" width=\"718\" height=\"576\" src=\"https:\/\/xn--porlascallesdecrdoba-p8b.com\/wp-content\/uploads\/2026\/08\/181203-cn-173-tx.jpg\" alt=\"\" class=\"wp-image-6302\" style=\"aspect-ratio:1.2465682816993109;width:484px;height:auto\" srcset=\"https:\/\/xn--porlascallesdecrdoba-p8b.com\/wp-content\/uploads\/2026\/08\/181203-cn-173-tx.jpg 718w, https:\/\/xn--porlascallesdecrdoba-p8b.com\/wp-content\/uploads\/2026\/08\/181203-cn-173-tx-300x241.jpg 300w\" sizes=\"auto, (max-width: 718px) 100vw, 718px\" \/><\/figure>\n<\/div>\n\n\n<p class=\"wp-block-paragraph\" style=\"font-size:20px\">Como ilustrador marchar\u00eda a Madrid donde ampliar\u00eda su formaci\u00f3n en el C\u00edrculo de Bellas Artes, a la vez que colaboraba con la prensa como \u201c<em>El Espa\u00f1ol\u201d<\/em>&nbsp;o&nbsp;\u201c<em>La Estafeta Literaria\u201d. <\/em>En 1952 se va a Par\u00eds, regresando a C\u00f3rdoba el siguiente a\u00f1o para exponer. En 1955 viaja a Italia, Austria, Yugoslavia y Hungr\u00eda, regresando a C\u00f3rdoba para instalar su estudio en la calleja de la Hoguera. Fue conocido como el \u201cZurbar\u00e1n Cordob\u00e9s\u201d. Muri\u00f3 en 1998, su casa la conserva una sobrina, a forma de museo.<\/p>\n\n\n\n<p class=\"wp-block-paragraph\" style=\"font-size:20px\"><\/p>\n\n\n<div class=\"wp-block-image\">\n<figure class=\"alignleft size-full\"><img loading=\"lazy\" decoding=\"async\" width=\"481\" height=\"410\" src=\"https:\/\/xn--porlascallesdecrdoba-p8b.com\/wp-content\/uploads\/2026\/08\/image-85.png\" alt=\"\" class=\"wp-image-6306\"\/><\/figure>\n<\/div>\n\n\n<p class=\"wp-block-paragraph\" style=\"font-size:20px\">La columna que podemos ver en la esquina de la fachada de su casa, con la inscripci\u00f3n:  &nbsp;\u201cSOY DE DOM LUIS DE GONGORA ANNO DNI 1627\u201d<\/p>\n\n\n\n<p class=\"wp-block-paragraph\" style=\"font-size:20px\">la hab\u00eda rescatado de una demolici\u00f3n en la plaza de Las Bulas, pues era muy cr\u00edtico con el espolio que se hac\u00eda de la riqueza cordobesa.<\/p>\n\n\n\n<p class=\"wp-block-paragraph\" style=\"font-size:20px\">La primitiva calleja acababa en este lugar, ser\u00e1 hasta mediados del siglo XX cuando se comuniquen ambos tramos de la calleja, al integrar dos patios de casas particulares. En esta primera plaza podemos acceder al restaurante \u201cEl Caballo Rojo\u201d, del que hablamos en la calle \u201cCardenal Herrero\u201d.<\/p>\n\n\n<div class=\"wp-block-image\">\n<figure class=\"alignright size-large is-resized\"><img loading=\"lazy\" decoding=\"async\" width=\"576\" height=\"1024\" src=\"https:\/\/xn--porlascallesdecrdoba-p8b.com\/wp-content\/uploads\/2026\/08\/20260813_100950-576x1024.jpg\" alt=\"\" class=\"wp-image-6488\" style=\"aspect-ratio:0.5625019074068422;width:337px;height:auto\" srcset=\"https:\/\/xn--porlascallesdecrdoba-p8b.com\/wp-content\/uploads\/2026\/08\/20260813_100950-576x1024.jpg 576w, https:\/\/xn--porlascallesdecrdoba-p8b.com\/wp-content\/uploads\/2026\/08\/20260813_100950-169x300.jpg 169w, https:\/\/xn--porlascallesdecrdoba-p8b.com\/wp-content\/uploads\/2026\/08\/20260813_100950-768x1365.jpg 768w, https:\/\/xn--porlascallesdecrdoba-p8b.com\/wp-content\/uploads\/2026\/08\/20260813_100950-864x1536.jpg 864w, https:\/\/xn--porlascallesdecrdoba-p8b.com\/wp-content\/uploads\/2026\/08\/20260813_100950-1152x2048.jpg 1152w, https:\/\/xn--porlascallesdecrdoba-p8b.com\/wp-content\/uploads\/2026\/08\/20260813_100950-scaled.jpg 1440w\" sizes=\"auto, (max-width: 576px) 100vw, 576px\" \/><\/figure>\n<\/div>\n\n\n<p class=\"wp-block-paragraph\" style=\"font-size:20px\">La plaza est\u00e1 dedicada al citado pintor<strong> Miguel del Moral G\u00f3mez<\/strong>, si bien no es su nombre oficial, pues las direcciones de las casas, que figuran en el Catastro\u00bb, es la de \u00abLa Hoguera\u00bb.<\/p>\n\n\n\n<p class=\"wp-block-paragraph\" style=\"font-size:20px\">Continuamos \u201cLa Hoguera\u201d, por un rinc\u00f3n encantador, un peque\u00f1o balc\u00f3n de madera une las dos paredes del estrecho paso y desembocamos en una de las plazas con m\u00e1s encanto de la ciudad, pues, aunque diminuta, en ella se respira algo que nos hace trasladarnos a las calles de la C\u00f3rdoba isl\u00e1mica, gracias al conjunto que forman sus dos naranjos, las encaladas paredes, las ventanas y sobre todo ese peque\u00f1o p\u00f3rtico, cubierto por el artesonado de madera, sostenido por una columna. El poeta Ricardo Molina escribi\u00f3 \u201c<em>esta plazuela con sabor a viejo patio es uno de los lugares m\u00e1s \u00edntimos y secretos de la ciudad<\/em>\u201d.<\/p>\n\n\n<div class=\"wp-block-image\">\n<figure class=\"alignleft size-full is-resized\"><img loading=\"lazy\" decoding=\"async\" width=\"417\" height=\"353\" src=\"https:\/\/xn--porlascallesdecrdoba-p8b.com\/wp-content\/uploads\/2026\/08\/image-90.png\" alt=\"\" class=\"wp-image-6331\" style=\"aspect-ratio:1.181311141605064;width:282px;height:auto\"\/><\/figure>\n<\/div>\n\n\n<p class=\"wp-block-paragraph\" style=\"font-size:20px\"><\/p>\n\n\n\n<p class=\"wp-block-paragraph\" style=\"font-size:20px\">Estos dos tramos de la calleja no se unieron hasta mediados del siglo XX, tras derribar un edificio, pudi\u00e9ndose apreciar en todos los planos de la ciudad, desde el de 1811, como son dos callejas independientes que no se unen, siendo esta segunda plaza, el patio de la casa.<\/p>\n\n\n<div class=\"wp-block-image\">\n<figure class=\"aligncenter size-full is-resized\"><img decoding=\"async\" src=\"https:\/\/xn--porlascallesdecrdoba-p8b.com\/wp-content\/uploads\/2026\/08\/181203-cn-196.jpg\" alt=\"\" class=\"wp-image-6337\" style=\"aspect-ratio:1.5000146485805526;width:660px;height:auto\"\/><\/figure>\n<\/div>\n\n<div class=\"wp-block-image\">\n<figure class=\"aligncenter size-full\"><img loading=\"lazy\" decoding=\"async\" width=\"952\" height=\"371\" src=\"https:\/\/xn--porlascallesdecrdoba-p8b.com\/wp-content\/uploads\/2026\/08\/image-91.png\" alt=\"\" class=\"wp-image-6338\"\/><\/figure>\n<\/div>\n\n<div class=\"wp-block-image\">\n<figure class=\"alignright size-large is-resized\"><img loading=\"lazy\" decoding=\"async\" width=\"576\" height=\"1024\" src=\"https:\/\/xn--porlascallesdecrdoba-p8b.com\/wp-content\/uploads\/2026\/08\/20210822_114812-576x1024.jpg\" alt=\"\" class=\"wp-image-6343\" style=\"aspect-ratio:0.5625019074068422;width:371px;height:auto\" srcset=\"https:\/\/xn--porlascallesdecrdoba-p8b.com\/wp-content\/uploads\/2026\/08\/20210822_114812-576x1024.jpg 576w, https:\/\/xn--porlascallesdecrdoba-p8b.com\/wp-content\/uploads\/2026\/08\/20210822_114812-169x300.jpg 169w, https:\/\/xn--porlascallesdecrdoba-p8b.com\/wp-content\/uploads\/2026\/08\/20210822_114812-768x1365.jpg 768w, https:\/\/xn--porlascallesdecrdoba-p8b.com\/wp-content\/uploads\/2026\/08\/20210822_114812-864x1536.jpg 864w, https:\/\/xn--porlascallesdecrdoba-p8b.com\/wp-content\/uploads\/2026\/08\/20210822_114812-1152x2048.jpg 1152w, https:\/\/xn--porlascallesdecrdoba-p8b.com\/wp-content\/uploads\/2026\/08\/20210822_114812-scaled.jpg 1440w\" sizes=\"auto, (max-width: 576px) 100vw, 576px\" \/><\/figure>\n<\/div>\n\n\n<p class=\"wp-block-paragraph\" style=\"font-size:20px\">Pasando bajo el p\u00f3rtico llegaremos al \u00faltimo tramo de \u201cla Hoguera\u201d, en donde una placa nos dice que aqu\u00ed se encuentra la <em>\u201cMezquita de los Andaluces \/ Universidad Isl\u00e1mica Internacional \/ Averroes de Al-Andalus\u201d.<\/em> La Universidad Internacional Isl\u00e1mica Averroes de C\u00f3rdoba, era una instituci\u00f3n universitaria creada por los acuerdos del Estado espa\u00f1ol con la comunidad musulmana en 1989, se dedicaba a estudios relacionados con el mundo musulm\u00e1n, como la lengua, la religi\u00f3n o la cultura. Se financiaba a trav\u00e9s de un patronato formado por personas del mundo musulm\u00e1n y europeo, presidido por Amadou Mahtar M\u2019Bow, exsecretario de la Unesco. La vida de esta sede universitaria llegar\u00eda a su fin en 2001, a\u00f1o en el que el edificio pasar\u00eda a ser una mezquita.<\/p>\n\n\n\n<p class=\"wp-block-paragraph\" style=\"font-size:20px\">Esta mezquita es un peque\u00f1o oratorio almohade del siglo XII, se compone de un patio de entrada y una sala de oraci\u00f3n de una sola nave. Si volvemos la vista podemos ver como se alza un alminar coronado por un<em> yamur<\/em> de cinco esferas decrecientes que representan los cinco preceptos del islam: \u201cla divinidad de Al\u00e1, la oraci\u00f3n, el ayuno, la limosna y la peregrinaci\u00f3n a la Meca\u201d, finalizando en una luna creciente y una estrella de ocho puntas. Este tipo de estrella, resultado de la superposici\u00f3n de dos cuadrados conc\u00e9ntricos girados 45\u00ba, fue utilizada por diversas culturas mediterr\u00e1neas. Durante la ocupaci\u00f3n musulmana de la pen\u00ednsula ib\u00e9rica se acu\u00f1aron las primeras monedas con la estrella de ocho puntas como s\u00edmbolo pol\u00edtico y elemento decorativo. Los moz\u00e1rabes y mud\u00e9jares llevaron la estrella de ocho puntas por todo el norte de la pen\u00ednsula ib\u00e9rica y los musulmanes y moriscos la difundieron por el Magreb y Oriente Medio.<\/p>\n\n\n<div class=\"wp-block-image\">\n<figure class=\"aligncenter size-full\"><img loading=\"lazy\" decoding=\"async\" width=\"424\" height=\"303\" src=\"https:\/\/xn--porlascallesdecrdoba-p8b.com\/wp-content\/uploads\/2026\/08\/image-92.png\" alt=\"\" class=\"wp-image-6345\"\/><\/figure>\n<\/div>\n\n\n<figure class=\"wp-block-gallery has-nested-images columns-default is-cropped wp-block-gallery-1 is-layout-flex wp-block-gallery-is-layout-flex\">\n<figure class=\"wp-block-image size-large\"><a href=\"https:\/\/xn--porlascallesdecrdoba-p8b.com\/?page_id=5971\"><img loading=\"lazy\" decoding=\"async\" width=\"182\" height=\"89\" data-id=\"5724\" src=\"https:\/\/xn--porlascallesdecrdoba-p8b.com\/wp-content\/uploads\/2026\/08\/01-Volver.png\" alt=\"\" class=\"wp-image-5724\"\/><\/a><\/figure>\n\n\n\n<figure class=\"wp-block-image size-large\"><a href=\"https:\/\/xn--porlascallesdecrdoba-p8b.com\/?page_id=5978\"><img loading=\"lazy\" decoding=\"async\" width=\"188\" height=\"89\" data-id=\"5725\" src=\"https:\/\/xn--porlascallesdecrdoba-p8b.com\/wp-content\/uploads\/2026\/08\/03-avanzar.png\" alt=\"\" class=\"wp-image-5725\"\/><\/a><\/figure>\n<\/figure>\n\n\n<div class=\"wp-block-image\">\n<figure class=\"aligncenter size-large\"><a href=\"https:\/\/xn--porlascallesdecrdoba-p8b.com\/?page_id=5727\"><img loading=\"lazy\" decoding=\"async\" width=\"370\" height=\"67\" src=\"https:\/\/xn--porlascallesdecrdoba-p8b.com\/wp-content\/uploads\/2026\/08\/Captura-de-pantalla-2026-08-02-182713-1.png\" alt=\"\" class=\"wp-image-5726\" srcset=\"https:\/\/xn--porlascallesdecrdoba-p8b.com\/wp-content\/uploads\/2026\/08\/Captura-de-pantalla-2026-08-02-182713-1.png 370w, https:\/\/xn--porlascallesdecrdoba-p8b.com\/wp-content\/uploads\/2026\/08\/Captura-de-pantalla-2026-08-02-182713-1-300x54.png 300w\" sizes=\"auto, (max-width: 370px) 100vw, 370px\" \/><\/a><\/figure>\n<\/div>\n\n\n<p class=\"wp-block-paragraph\" style=\"font-size:20px\"><\/p>\n\n\n\n<p class=\"wp-block-paragraph\"><\/p>\n","protected":false},"excerpt":{"rendered":"<p>En la calle \u00abDeanes\u00bb se nos abre una estrecha calleja, es la \u201cCalleja de la Hoguera\u201d, en el plano de 1920 aparece como \u201cQuero\u201d, en los planos anteriores no citan <a class=\"more-link\" href=\"https:\/\/xn--porlascallesdecrdoba-p8b.com\/?page_id=5976\">Seguir leyendo &rarr;<\/a><\/p>\n","protected":false},"author":1,"featured_media":0,"parent":0,"menu_order":0,"comment_status":"closed","ping_status":"closed","template":"","meta":{"footnotes":""},"class_list":["post-5976","page","type-page","status-publish","hentry"],"_links":{"self":[{"href":"https:\/\/xn--porlascallesdecrdoba-p8b.com\/index.php?rest_route=\/wp\/v2\/pages\/5976","targetHints":{"allow":["GET"]}}],"collection":[{"href":"https:\/\/xn--porlascallesdecrdoba-p8b.com\/index.php?rest_route=\/wp\/v2\/pages"}],"about":[{"href":"https:\/\/xn--porlascallesdecrdoba-p8b.com\/index.php?rest_route=\/wp\/v2\/types\/page"}],"author":[{"embeddable":true,"href":"https:\/\/xn--porlascallesdecrdoba-p8b.com\/index.php?rest_route=\/wp\/v2\/users\/1"}],"replies":[{"embeddable":true,"href":"https:\/\/xn--porlascallesdecrdoba-p8b.com\/index.php?rest_route=%2Fwp%2Fv2%2Fcomments&post=5976"}],"version-history":[{"count":32,"href":"https:\/\/xn--porlascallesdecrdoba-p8b.com\/index.php?rest_route=\/wp\/v2\/pages\/5976\/revisions"}],"predecessor-version":[{"id":6489,"href":"https:\/\/xn--porlascallesdecrdoba-p8b.com\/index.php?rest_route=\/wp\/v2\/pages\/5976\/revisions\/6489"}],"wp:attachment":[{"href":"https:\/\/xn--porlascallesdecrdoba-p8b.com\/index.php?rest_route=%2Fwp%2Fv2%2Fmedia&parent=5976"}],"curies":[{"name":"wp","href":"https:\/\/api.w.org\/{rel}","templated":true}]}}