{"id":6403,"date":"2026-08-10T16:23:33","date_gmt":"2026-08-10T16:23:33","guid":{"rendered":"https:\/\/xn--porlascallesdecrdoba-p8b.com\/?page_id=6403"},"modified":"2026-09-04T15:02:22","modified_gmt":"2026-09-04T15:02:22","slug":"capilla-no-1-san-salvador-y-san-ambrosio","status":"publish","type":"page","link":"https:\/\/xn--porlascallesdecrdoba-p8b.com\/?page_id=6403","title":{"rendered":"Capilla n\u00ba 1: San Salvador y San Ambrosio"},"content":{"rendered":"<div class=\"wp-block-image\">\n<figure class=\"alignright size-large is-resized\"><img loading=\"lazy\" decoding=\"async\" width=\"1024\" height=\"768\" src=\"https:\/\/xn--porlascallesdecrdoba-p8b.com\/wp-content\/uploads\/2026\/08\/15-04-09-431-1024x768.jpg\" alt=\"\" class=\"wp-image-6443\" style=\"width:269px;height:auto\" srcset=\"https:\/\/xn--porlascallesdecrdoba-p8b.com\/wp-content\/uploads\/2026\/08\/15-04-09-431-1024x768.jpg 1024w, https:\/\/xn--porlascallesdecrdoba-p8b.com\/wp-content\/uploads\/2026\/08\/15-04-09-431-300x225.jpg 300w, https:\/\/xn--porlascallesdecrdoba-p8b.com\/wp-content\/uploads\/2026\/08\/15-04-09-431-768x576.jpg 768w, https:\/\/xn--porlascallesdecrdoba-p8b.com\/wp-content\/uploads\/2026\/08\/15-04-09-431-1536x1152.jpg 1536w, https:\/\/xn--porlascallesdecrdoba-p8b.com\/wp-content\/uploads\/2026\/08\/15-04-09-431-2048x1536.jpg 2048w\" sizes=\"auto, (max-width: 1024px) 100vw, 1024px\" \/><\/figure>\n<\/div>\n\n\n<p class=\"wp-block-paragraph\" style=\"font-size:20px\">La capilla n\u00famero 1 est\u00e1 dedicada a \u00abSan Salvador y San Ambrosio\u00bb, es la capilla m\u00e1s pr\u00f3xima al Patio y la m\u00e1s antigua. La primera fundaci\u00f3n de esta capilla se hizo en 1252 con el nombre de \u201cSan Salvador\u201d, en 1528 el maestrescuela Don Juan Ruiz de C\u00f3rdoba, la refunda con el nombre de San Ambrosio de Mil\u00e1n. Tres siglos m\u00e1s tarde, en 1839, Pedro Mar\u00eda de Villavicencio, tambi\u00e9n maestrescuela, la restaura.<\/p>\n\n\n<div class=\"wp-block-image\">\n<figure class=\"alignleft size-large is-resized\"><img loading=\"lazy\" decoding=\"async\" width=\"1024\" height=\"768\" src=\"https:\/\/xn--porlascallesdecrdoba-p8b.com\/wp-content\/uploads\/2026\/08\/15-04-09-433-r50-1024x768.jpg\" alt=\"\" class=\"wp-image-6442\" style=\"width:544px;height:auto\" srcset=\"https:\/\/xn--porlascallesdecrdoba-p8b.com\/wp-content\/uploads\/2026\/08\/15-04-09-433-r50-1024x768.jpg 1024w, https:\/\/xn--porlascallesdecrdoba-p8b.com\/wp-content\/uploads\/2026\/08\/15-04-09-433-r50-300x225.jpg 300w, https:\/\/xn--porlascallesdecrdoba-p8b.com\/wp-content\/uploads\/2026\/08\/15-04-09-433-r50-768x576.jpg 768w, https:\/\/xn--porlascallesdecrdoba-p8b.com\/wp-content\/uploads\/2026\/08\/15-04-09-433-r50.jpg 1136w\" sizes=\"auto, (max-width: 1024px) 100vw, 1024px\" \/><\/figure>\n<\/div>\n\n\n<p class=\"wp-block-paragraph\" style=\"font-size:20px\">La capilla posee un retablo con fuste salom\u00f3nico firmado por Teodosio S\u00e1nchez Rueda en 1723; presidido por una imagen de San Ambrosio (s. XVII) a la que acompa\u00f1an pinturas de la \u201cAscensi\u00f3n\u201d y \u201cAdoraci\u00f3n de los Reyes\u201d. El \u00e1tico alberga un Calvario con las im\u00e1genes de La Virgen y San Juan (s. XVI), que pertenecen al retablo anterior. En las calles laterales se encuentran unos lienzos con la Ascensi\u00f3n y otro con la Adoraci\u00f3n de los Reyes, obras de Pedro Ruiz Mori\u00e1n y Moreno en 1723.<\/p>\n\n\n<div class=\"wp-block-image\">\n<figure class=\"alignright size-full\"><img loading=\"lazy\" decoding=\"async\" width=\"394\" height=\"498\" src=\"https:\/\/xn--porlascallesdecrdoba-p8b.com\/wp-content\/uploads\/2026\/08\/image-98.png\" alt=\"\" class=\"wp-image-6447\" srcset=\"https:\/\/xn--porlascallesdecrdoba-p8b.com\/wp-content\/uploads\/2026\/08\/image-98.png 394w, https:\/\/xn--porlascallesdecrdoba-p8b.com\/wp-content\/uploads\/2026\/08\/image-98-237x300.png 237w\" sizes=\"auto, (max-width: 394px) 100vw, 394px\" \/><\/figure>\n<\/div>\n\n\n<p class=\"wp-block-paragraph\" style=\"font-size:20px\">El artesonado de la capilla fue instalado en<em> 1977, est\u00e1 compuesto de vigas y tableros transversales,&nbsp; apareci\u00f3 en otro lugar de la mezquita de Abd al-Rahman I, en una restauraci\u00f3n de 1975, en que se eliminan las b\u00f3vedas de escayola, se piensa que pertenecen a unas instaladas en \u00e9poca de Alfonso X Se decora en estilo g\u00f3tico en blanco, negro, verde y rojo.<\/em><\/p>\n\n\n\n<p class=\"wp-block-paragraph\" style=\"font-size:20px\">En la capilla se encuentran unas tallas de piedra, son las piezas originales del grupo de la Anunciaci\u00f3n que presiden la \u201cPuerta de las Palmas\u201d, en donde actualmente se sit\u00faan sendas r\u00e9plicas.<\/p>\n\n\n\n<p class=\"wp-block-paragraph\" style=\"font-size:20px\"><\/p>\n\n\n\n<p class=\"wp-block-paragraph\" style=\"font-size:20px\"><\/p>\n\n\n\n<p class=\"wp-block-paragraph\" style=\"font-size:20px\"><\/p>\n\n\n<div class=\"wp-block-image\">\n<figure class=\"aligncenter size-full\"><img loading=\"lazy\" decoding=\"async\" width=\"991\" height=\"327\" src=\"https:\/\/xn--porlascallesdecrdoba-p8b.com\/wp-content\/uploads\/2026\/08\/image-99.png\" alt=\"\" class=\"wp-image-6448\"\/><\/figure>\n<\/div>\n\n<div class=\"wp-block-image\">\n<figure class=\"aligncenter size-large is-resized\"><img loading=\"lazy\" decoding=\"async\" width=\"1024\" height=\"576\" src=\"https:\/\/xn--porlascallesdecrdoba-p8b.com\/wp-content\/uploads\/2026\/09\/20260904_100432-1024x576.jpg\" alt=\"\" class=\"wp-image-8053\" style=\"width:503px;height:auto\" srcset=\"https:\/\/xn--porlascallesdecrdoba-p8b.com\/wp-content\/uploads\/2026\/09\/20260904_100432-1024x576.jpg 1024w, https:\/\/xn--porlascallesdecrdoba-p8b.com\/wp-content\/uploads\/2026\/09\/20260904_100432-300x169.jpg 300w, https:\/\/xn--porlascallesdecrdoba-p8b.com\/wp-content\/uploads\/2026\/09\/20260904_100432-768x432.jpg 768w, https:\/\/xn--porlascallesdecrdoba-p8b.com\/wp-content\/uploads\/2026\/09\/20260904_100432-1536x864.jpg 1536w, https:\/\/xn--porlascallesdecrdoba-p8b.com\/wp-content\/uploads\/2026\/09\/20260904_100432-2048x1152.jpg 2048w\" sizes=\"auto, (max-width: 1024px) 100vw, 1024px\" \/><\/figure>\n<\/div>\n\n\n<figure class=\"wp-block-gallery has-nested-images columns-default is-cropped wp-block-gallery-1 is-layout-flex wp-block-gallery-is-layout-flex\">\n<figure class=\"wp-block-image size-large\"><a href=\"https:\/\/xn--porlascallesdecrdoba-p8b.com\/?page_id=6440\"><img loading=\"lazy\" decoding=\"async\" width=\"155\" height=\"46\" data-id=\"6435\" src=\"https:\/\/xn--porlascallesdecrdoba-p8b.com\/wp-content\/uploads\/2026\/08\/Captura-de-pantalla-2026-08-10-184924-1.png\" alt=\"\" class=\"wp-image-6435\" srcset=\"https:\/\/xn--porlascallesdecrdoba-p8b.com\/wp-content\/uploads\/2026\/08\/Captura-de-pantalla-2026-08-10-184924-1.png 155w, https:\/\/xn--porlascallesdecrdoba-p8b.com\/wp-content\/uploads\/2026\/08\/Captura-de-pantalla-2026-08-10-184924-1-150x46.png 150w\" sizes=\"auto, (max-width: 155px) 100vw, 155px\" \/><\/a><\/figure>\n\n\n\n<figure class=\"wp-block-image size-full\"><a href=\"https:\/\/xn--porlascallesdecrdoba-p8b.com\/?page_id=6440\"><img loading=\"lazy\" decoding=\"async\" width=\"227\" height=\"59\" data-id=\"6436\" src=\"https:\/\/xn--porlascallesdecrdoba-p8b.com\/wp-content\/uploads\/2026\/08\/Captura-de-pantalla-2026-08-12-184912.png\" alt=\"\" class=\"wp-image-6436\"\/><\/a><\/figure>\n\n\n\n<figure class=\"wp-block-image size-large\"><a href=\"https:\/\/xn--porlascallesdecrdoba-p8b.com\/?page_id=6405\"><img loading=\"lazy\" decoding=\"async\" width=\"158\" height=\"48\" data-id=\"6434\" src=\"https:\/\/xn--porlascallesdecrdoba-p8b.com\/wp-content\/uploads\/2026\/08\/Captura-de-pantalla-2026-08-10-185011.png\" alt=\"\" class=\"wp-image-6434\"\/><\/a><\/figure>\n<\/figure>\n\n\n\n<p class=\"wp-block-paragraph\"><\/p>\n\n\n\n<p class=\"wp-block-paragraph\"><\/p>\n","protected":false},"excerpt":{"rendered":"<p>La capilla n\u00famero 1 est\u00e1 dedicada a \u00abSan Salvador y San Ambrosio\u00bb, es la capilla m\u00e1s pr\u00f3xima al Patio y la m\u00e1s antigua. La primera fundaci\u00f3n de esta capilla se <a class=\"more-link\" href=\"https:\/\/xn--porlascallesdecrdoba-p8b.com\/?page_id=6403\">Seguir leyendo &rarr;<\/a><\/p>\n","protected":false},"author":1,"featured_media":0,"parent":0,"menu_order":0,"comment_status":"closed","ping_status":"closed","template":"","meta":{"footnotes":""},"class_list":["post-6403","page","type-page","status-publish","hentry"],"_links":{"self":[{"href":"https:\/\/xn--porlascallesdecrdoba-p8b.com\/index.php?rest_route=\/wp\/v2\/pages\/6403","targetHints":{"allow":["GET"]}}],"collection":[{"href":"https:\/\/xn--porlascallesdecrdoba-p8b.com\/index.php?rest_route=\/wp\/v2\/pages"}],"about":[{"href":"https:\/\/xn--porlascallesdecrdoba-p8b.com\/index.php?rest_route=\/wp\/v2\/types\/page"}],"author":[{"embeddable":true,"href":"https:\/\/xn--porlascallesdecrdoba-p8b.com\/index.php?rest_route=\/wp\/v2\/users\/1"}],"replies":[{"embeddable":true,"href":"https:\/\/xn--porlascallesdecrdoba-p8b.com\/index.php?rest_route=%2Fwp%2Fv2%2Fcomments&post=6403"}],"version-history":[{"count":11,"href":"https:\/\/xn--porlascallesdecrdoba-p8b.com\/index.php?rest_route=\/wp\/v2\/pages\/6403\/revisions"}],"predecessor-version":[{"id":8054,"href":"https:\/\/xn--porlascallesdecrdoba-p8b.com\/index.php?rest_route=\/wp\/v2\/pages\/6403\/revisions\/8054"}],"wp:attachment":[{"href":"https:\/\/xn--porlascallesdecrdoba-p8b.com\/index.php?rest_route=%2Fwp%2Fv2%2Fmedia&parent=6403"}],"curies":[{"name":"wp","href":"https:\/\/api.w.org\/{rel}","templated":true}]}}