{"id":6407,"date":"2026-08-10T16:25:06","date_gmt":"2026-08-10T16:25:06","guid":{"rendered":"https:\/\/xn--porlascallesdecrdoba-p8b.com\/?page_id=6407"},"modified":"2026-09-04T15:07:51","modified_gmt":"2026-09-04T15:07:51","slug":"capilla-3-nta-sra-de-la-nievas-y-san-vicente","status":"publish","type":"page","link":"https:\/\/xn--porlascallesdecrdoba-p8b.com\/?page_id=6407","title":{"rendered":"Capilla 3: Nta. Sra. de la Nieves y San Vicente"},"content":{"rendered":"<div class=\"wp-block-image\">\n<figure class=\"alignright size-full is-resized\"><img loading=\"lazy\" decoding=\"async\" width=\"506\" height=\"252\" src=\"https:\/\/xn--porlascallesdecrdoba-p8b.com\/wp-content\/uploads\/2026\/08\/15-04-09-452-r25.jpg\" alt=\"\" class=\"wp-image-6479\" style=\"aspect-ratio:2.008123527223118;width:336px;height:auto\"\/><\/figure>\n<\/div>\n\n\n<p class=\"wp-block-paragraph\" style=\"font-size:20px\">Esta capilla est\u00e1 abierta en el espacio donde abre la puerta de San Esteban, \u00fanica abierta al exterior de la primitiva mezquita, se dedica a \u201cNtra Sra. de las Nieves y San Vicente M\u00e1rtir\u201d, carece de retablo, pues se traslad\u00f3 a la iglesia parroquial de La Carlota, pues el de esta iglesia fue uno de los destruido en la Guerra Civil Espa\u00f1ola, esto se repiti\u00f3 en varias localidades de la provincia, y varios de ellos fueron sustituidos por otros instalados en capillas de la Catedral.<\/p>\n\n\n<div class=\"wp-block-image\">\n<figure class=\"aligncenter size-full is-resized\"><img loading=\"lazy\" decoding=\"async\" width=\"518\" height=\"346\" src=\"https:\/\/xn--porlascallesdecrdoba-p8b.com\/wp-content\/uploads\/2026\/08\/18-02-27-_127-r20.jpg\" alt=\"\" class=\"wp-image-6480\" style=\"aspect-ratio:1.4971322765659576;width:598px;height:auto\" srcset=\"https:\/\/xn--porlascallesdecrdoba-p8b.com\/wp-content\/uploads\/2026\/08\/18-02-27-_127-r20.jpg 518w, https:\/\/xn--porlascallesdecrdoba-p8b.com\/wp-content\/uploads\/2026\/08\/18-02-27-_127-r20-300x200.jpg 300w, https:\/\/xn--porlascallesdecrdoba-p8b.com\/wp-content\/uploads\/2026\/08\/18-02-27-_127-r20-400x267.jpg 400w\" sizes=\"auto, (max-width: 518px) 100vw, 518px\" \/><\/figure>\n<\/div>\n\n\n<p class=\"wp-block-paragraph\" style=\"font-size:20px\">Con motivo de las excavaciones realizadas por F\u00e9liz Hern\u00e1ndex (1931-1935) se derrib\u00f3 el tabique norte, poniendo una reja para la separaci\u00f3n de las capillas,<\/p>\n\n\n\n<p class=\"wp-block-paragraph\" style=\"font-size:20px\">El origen de la capilla data del a\u00f1o 1401, al ceder Juan S\u00e1nchez este solar a Pedro Carrillo y a Do\u00f1a Leonor Alfonso de Est\u00fa\u00f1iga para edificar una capilla funeraria.<\/p>\n\n\n<div class=\"wp-block-image\">\n<figure class=\"alignright size-full is-resized\"><img loading=\"lazy\" decoding=\"async\" width=\"965\" height=\"523\" src=\"https:\/\/xn--porlascallesdecrdoba-p8b.com\/wp-content\/uploads\/2026\/09\/image-2.png\" alt=\"\" class=\"wp-image-7860\" style=\"aspect-ratio:1.8452445309402818;width:500px;height:auto\" srcset=\"https:\/\/xn--porlascallesdecrdoba-p8b.com\/wp-content\/uploads\/2026\/09\/image-2.png 965w, https:\/\/xn--porlascallesdecrdoba-p8b.com\/wp-content\/uploads\/2026\/09\/image-2-300x163.png 300w, https:\/\/xn--porlascallesdecrdoba-p8b.com\/wp-content\/uploads\/2026\/09\/image-2-768x416.png 768w\" sizes=\"auto, (max-width: 965px) 100vw, 965px\" \/><\/figure>\n<\/div>\n\n\n<p class=\"wp-block-paragraph\" style=\"font-size:20px\">Construida por el chantre de la <em>Catedra <\/em>Don Domingo Ruiz, m\u00e1s adelante, en 1497, el prior y can\u00f3nigo Don Pedro Garc\u00eda de la Vereda solicit\u00f3 ser enterrado en ella, por lo que el escudo del prior se encuentra en la reja que cierra la capilla y en la l\u00e1pida que a\u00fan se conserva en el suelo, se puede leer la inscripci\u00f3n:<\/p>\n\n\n\n<p class=\"wp-block-paragraph\" style=\"font-size:20px\">En la actualidad, en la capilla se ubica una buena pintura del siglo XIX, que representa a San Carlos Borromeo repartiendo limosna a los pobres.<\/p>\n\n\n\n<p class=\"wp-block-paragraph\" style=\"font-size:20px\"><\/p>\n\n\n\n<figure class=\"wp-block-image size-large\"><img loading=\"lazy\" decoding=\"async\" width=\"1024\" height=\"599\" src=\"https:\/\/xn--porlascallesdecrdoba-p8b.com\/wp-content\/uploads\/2026\/09\/20260904_101101-1024x599.jpg\" alt=\"\" class=\"wp-image-8059\" srcset=\"https:\/\/xn--porlascallesdecrdoba-p8b.com\/wp-content\/uploads\/2026\/09\/20260904_101101-1024x599.jpg 1024w, https:\/\/xn--porlascallesdecrdoba-p8b.com\/wp-content\/uploads\/2026\/09\/20260904_101101-300x175.jpg 300w, https:\/\/xn--porlascallesdecrdoba-p8b.com\/wp-content\/uploads\/2026\/09\/20260904_101101-768x449.jpg 768w, https:\/\/xn--porlascallesdecrdoba-p8b.com\/wp-content\/uploads\/2026\/09\/20260904_101101-1536x898.jpg 1536w, https:\/\/xn--porlascallesdecrdoba-p8b.com\/wp-content\/uploads\/2026\/09\/20260904_101101-2048x1197.jpg 2048w\" sizes=\"auto, (max-width: 1024px) 100vw, 1024px\" \/><\/figure>\n\n\n\n<p class=\"wp-block-paragraph\" style=\"font-size:20px\">La imagen de San Vicente, di\u00e1cono oscense m\u00e1rtir del siglo III, es obra del escultor Miguel Arjona (1933-2012). El motivo de estar en este lugar la imagen de San Vicente, es recordar que en este espacio se encontraba la el complejo episcopal bizantino de San Vicente del siglo VI. a mezquita. Fue excavada en esta zona en el a\u00f1o 2003 dejando visibles un mosaico bajo un suelo de cristal frente a la capilla.<\/p>\n\n\n\n<p class=\"wp-block-paragraph\" style=\"font-size:20px\">Tambi\u00e9n se encuentran tres esculturas, pertenecientes a diversas \u00e9pocas, junto al cuadro de San Carlos, los patronos de la capital, San Acisclo y Santa Victoria, fechadas en 1516. La virgen de la Candelaria, de Pedro Duque Cornejo, autor de la Siller\u00eda del Coro.<\/p>\n\n\n\n<figure class=\"wp-block-image size-full\"><img loading=\"lazy\" decoding=\"async\" width=\"978\" height=\"402\" src=\"https:\/\/xn--porlascallesdecrdoba-p8b.com\/wp-content\/uploads\/2026\/08\/image-101.png\" alt=\"\" class=\"wp-image-6484\" srcset=\"https:\/\/xn--porlascallesdecrdoba-p8b.com\/wp-content\/uploads\/2026\/08\/image-101.png 978w, https:\/\/xn--porlascallesdecrdoba-p8b.com\/wp-content\/uploads\/2026\/08\/image-101-300x123.png 300w, https:\/\/xn--porlascallesdecrdoba-p8b.com\/wp-content\/uploads\/2026\/08\/image-101-768x316.png 768w\" sizes=\"auto, (max-width: 978px) 100vw, 978px\" \/><figcaption class=\"wp-element-caption\">Puerta de San Esteban, exterior e interior<\/figcaption><\/figure>\n\n\n\n<figure class=\"wp-block-gallery has-nested-images columns-default is-cropped wp-block-gallery-1 is-layout-flex wp-block-gallery-is-layout-flex\">\n<figure class=\"wp-block-image size-large\"><a href=\"https:\/\/xn--porlascallesdecrdoba-p8b.com\/?page_id=6403\"><img loading=\"lazy\" decoding=\"async\" width=\"155\" height=\"46\" data-id=\"6435\" src=\"https:\/\/xn--porlascallesdecrdoba-p8b.com\/wp-content\/uploads\/2026\/08\/Captura-de-pantalla-2026-08-10-184924-1.png\" alt=\"\" class=\"wp-image-6435\" srcset=\"https:\/\/xn--porlascallesdecrdoba-p8b.com\/wp-content\/uploads\/2026\/08\/Captura-de-pantalla-2026-08-10-184924-1.png 155w, https:\/\/xn--porlascallesdecrdoba-p8b.com\/wp-content\/uploads\/2026\/08\/Captura-de-pantalla-2026-08-10-184924-1-150x46.png 150w\" sizes=\"auto, (max-width: 155px) 100vw, 155px\" \/><\/a><\/figure>\n\n\n\n<figure class=\"wp-block-image size-full\"><a href=\"https:\/\/xn--porlascallesdecrdoba-p8b.com\/?page_id=6440\"><img loading=\"lazy\" decoding=\"async\" width=\"227\" height=\"59\" data-id=\"6436\" src=\"https:\/\/xn--porlascallesdecrdoba-p8b.com\/wp-content\/uploads\/2026\/08\/Captura-de-pantalla-2026-08-12-184912.png\" alt=\"\" class=\"wp-image-6436\"\/><\/a><\/figure>\n\n\n\n<figure class=\"wp-block-image size-large\"><a href=\"https:\/\/xn--porlascallesdecrdoba-p8b.com\/?page_id=6409\"><img loading=\"lazy\" decoding=\"async\" width=\"158\" height=\"48\" data-id=\"6434\" src=\"https:\/\/xn--porlascallesdecrdoba-p8b.com\/wp-content\/uploads\/2026\/08\/Captura-de-pantalla-2026-08-10-185011.png\" alt=\"\" class=\"wp-image-6434\"\/><\/a><\/figure>\n<\/figure>\n\n\n\n<p class=\"wp-block-paragraph\"><\/p>\n","protected":false},"excerpt":{"rendered":"<p>Esta capilla est\u00e1 abierta en el espacio donde abre la puerta de San Esteban, \u00fanica abierta al exterior de la primitiva mezquita, se dedica a \u201cNtra Sra. de las Nieves <a class=\"more-link\" href=\"https:\/\/xn--porlascallesdecrdoba-p8b.com\/?page_id=6407\">Seguir leyendo &rarr;<\/a><\/p>\n","protected":false},"author":1,"featured_media":0,"parent":0,"menu_order":0,"comment_status":"closed","ping_status":"closed","template":"","meta":{"footnotes":""},"class_list":["post-6407","page","type-page","status-publish","hentry"],"_links":{"self":[{"href":"https:\/\/xn--porlascallesdecrdoba-p8b.com\/index.php?rest_route=\/wp\/v2\/pages\/6407","targetHints":{"allow":["GET"]}}],"collection":[{"href":"https:\/\/xn--porlascallesdecrdoba-p8b.com\/index.php?rest_route=\/wp\/v2\/pages"}],"about":[{"href":"https:\/\/xn--porlascallesdecrdoba-p8b.com\/index.php?rest_route=\/wp\/v2\/types\/page"}],"author":[{"embeddable":true,"href":"https:\/\/xn--porlascallesdecrdoba-p8b.com\/index.php?rest_route=\/wp\/v2\/users\/1"}],"replies":[{"embeddable":true,"href":"https:\/\/xn--porlascallesdecrdoba-p8b.com\/index.php?rest_route=%2Fwp%2Fv2%2Fcomments&post=6407"}],"version-history":[{"count":11,"href":"https:\/\/xn--porlascallesdecrdoba-p8b.com\/index.php?rest_route=\/wp\/v2\/pages\/6407\/revisions"}],"predecessor-version":[{"id":8060,"href":"https:\/\/xn--porlascallesdecrdoba-p8b.com\/index.php?rest_route=\/wp\/v2\/pages\/6407\/revisions\/8060"}],"wp:attachment":[{"href":"https:\/\/xn--porlascallesdecrdoba-p8b.com\/index.php?rest_route=%2Fwp%2Fv2%2Fmedia&parent=6407"}],"curies":[{"name":"wp","href":"https:\/\/api.w.org\/{rel}","templated":true}]}}