{"id":6411,"date":"2026-08-10T16:26:24","date_gmt":"2026-08-10T16:26:24","guid":{"rendered":"https:\/\/xn--porlascallesdecrdoba-p8b.com\/?page_id=6411"},"modified":"2026-09-04T16:13:12","modified_gmt":"2026-09-04T16:13:12","slug":"capilla-5-inmaculada-concepcion","status":"publish","type":"page","link":"https:\/\/xn--porlascallesdecrdoba-p8b.com\/?page_id=6411","title":{"rendered":"Capilla 5: Inmaculada Concepci\u00f3n. Altares Virgen del Pilar y Santa Elena"},"content":{"rendered":"\n<figure class=\"wp-block-image size-large\"><img loading=\"lazy\" decoding=\"async\" width=\"1024\" height=\"576\" src=\"https:\/\/xn--porlascallesdecrdoba-p8b.com\/wp-content\/uploads\/2026\/09\/20260904_101651-1-1024x576.jpg\" alt=\"\" class=\"wp-image-8063\" srcset=\"https:\/\/xn--porlascallesdecrdoba-p8b.com\/wp-content\/uploads\/2026\/09\/20260904_101651-1-1024x576.jpg 1024w, https:\/\/xn--porlascallesdecrdoba-p8b.com\/wp-content\/uploads\/2026\/09\/20260904_101651-1-300x169.jpg 300w, https:\/\/xn--porlascallesdecrdoba-p8b.com\/wp-content\/uploads\/2026\/09\/20260904_101651-1-768x432.jpg 768w, https:\/\/xn--porlascallesdecrdoba-p8b.com\/wp-content\/uploads\/2026\/09\/20260904_101651-1-1536x864.jpg 1536w, https:\/\/xn--porlascallesdecrdoba-p8b.com\/wp-content\/uploads\/2026\/09\/20260904_101651-1-2048x1152.jpg 2048w\" sizes=\"auto, (max-width: 1024px) 100vw, 1024px\" \/><\/figure>\n\n\n<div class=\"wp-block-image\">\n<figure class=\"alignleft size-full is-resized\"><img loading=\"lazy\" decoding=\"async\" width=\"521\" height=\"676\" src=\"https:\/\/xn--porlascallesdecrdoba-p8b.com\/wp-content\/uploads\/2026\/08\/image-156.png\" alt=\"\" class=\"wp-image-6853\" style=\"aspect-ratio:0.7707105498150274;width:427px;height:auto\" srcset=\"https:\/\/xn--porlascallesdecrdoba-p8b.com\/wp-content\/uploads\/2026\/08\/image-156.png 521w, https:\/\/xn--porlascallesdecrdoba-p8b.com\/wp-content\/uploads\/2026\/08\/image-156-231x300.png 231w\" sizes=\"auto, (max-width: 521px) 100vw, 521px\" \/><\/figure>\n<\/div>\n\n\n<p class=\"wp-block-paragraph\" style=\"font-size:20px\">Dedicada a la Pur\u00edsima Concepci\u00f3n de la Virgen Mar\u00eda, \u00e9sta es una de las mejores capillas privadas de la Catedral, la fund\u00f3 el obispo Alonso de Salizanes y Medina (1675-1685), para albergar su enterramiento. Anteriormente este espacio era ocupado por el Baptisterio (capilla del Bautismo). En una bula de 1760 el papa Clemente XIII, declar\u00f3 a la Pur\u00edsima Concepci\u00f3n Patrona de Espa\u00f1a.<\/p>\n\n\n\n<p class=\"wp-block-paragraph\" style=\"font-size:20px\">La capilla se inaugur\u00f3 el 2 de diciembre de 1682, seg\u00fan una inscripci\u00f3n en la c\u00fapula anterior a la capilla, espacio este que se abre mediante un gran arco de piedra decorado con puntas de diamante, tras \u00e9l una c\u00fapula de media naranja adornada con pinturas que se atribuyen a Juan de Alfaros (1643-1680), donde se representa la Gloria, presidida por el Esp\u00edritu Santo, con \u00e1ngeles sosteniendo s\u00edmbolos marianos. En las pechinas, los cuatro Evangelistas, en los laterales, ventanas ovales y las representaciones de San Francisco de As\u00eds y San Antonio de Padua.<\/p>\n\n\n\n<p class=\"wp-block-paragraph\" style=\"font-size:20px\">La portada de la capilla es de m\u00e1rmol rojo de Cabra, con un arco de medio punto sobre el que se instala una imagen en piedra de la Concepci\u00f3n, a sus lados los escudos los escudos de la orden franciscana y del obispo fundador. El arco se cierra con una reja <em>firmada en el cerrojo por Pedro de Le\u00f3n en 1682.<\/em><\/p>\n\n\n\n<figure class=\"wp-block-image size-large\"><img loading=\"lazy\" decoding=\"async\" width=\"1024\" height=\"576\" src=\"https:\/\/xn--porlascallesdecrdoba-p8b.com\/wp-content\/uploads\/2026\/09\/20260904_101549-1024x576.jpg\" alt=\"\" class=\"wp-image-8064\" srcset=\"https:\/\/xn--porlascallesdecrdoba-p8b.com\/wp-content\/uploads\/2026\/09\/20260904_101549-1024x576.jpg 1024w, https:\/\/xn--porlascallesdecrdoba-p8b.com\/wp-content\/uploads\/2026\/09\/20260904_101549-300x169.jpg 300w, https:\/\/xn--porlascallesdecrdoba-p8b.com\/wp-content\/uploads\/2026\/09\/20260904_101549-768x432.jpg 768w, https:\/\/xn--porlascallesdecrdoba-p8b.com\/wp-content\/uploads\/2026\/09\/20260904_101549-1536x864.jpg 1536w, https:\/\/xn--porlascallesdecrdoba-p8b.com\/wp-content\/uploads\/2026\/09\/20260904_101549-2048x1152.jpg 2048w\" sizes=\"auto, (max-width: 1024px) 100vw, 1024px\" \/><\/figure>\n\n\n<div class=\"wp-block-image\">\n<figure class=\"aligncenter size-full\"><img loading=\"lazy\" decoding=\"async\" width=\"555\" height=\"363\" src=\"https:\/\/xn--porlascallesdecrdoba-p8b.com\/wp-content\/uploads\/2026\/08\/image-157.png\" alt=\"\" class=\"wp-image-6862\" srcset=\"https:\/\/xn--porlascallesdecrdoba-p8b.com\/wp-content\/uploads\/2026\/08\/image-157.png 555w, https:\/\/xn--porlascallesdecrdoba-p8b.com\/wp-content\/uploads\/2026\/08\/image-157-300x196.png 300w\" sizes=\"auto, (max-width: 555px) 100vw, 555px\" \/><\/figure>\n<\/div>\n\n\n<p class=\"wp-block-paragraph\" style=\"font-size:20px\"><em>El interior es de una gran riqueza, destacando la c\u00fapula con decoraci\u00f3n radial. En el retablo de m\u00e1rmol se sit\u00faan las im\u00e1genes de la Pur\u00edsima Concepci\u00f3n, San Jos\u00e9 y Santa Ana, realizadas por el escultor granadino Pedro de Mena (1628-1688).<\/em><\/p>\n\n\n<div class=\"wp-block-image\">\n<figure class=\"aligncenter size-full\"><img loading=\"lazy\" decoding=\"async\" width=\"832\" height=\"432\" src=\"https:\/\/xn--porlascallesdecrdoba-p8b.com\/wp-content\/uploads\/2026\/08\/image-158.png\" alt=\"\" class=\"wp-image-6865\" srcset=\"https:\/\/xn--porlascallesdecrdoba-p8b.com\/wp-content\/uploads\/2026\/08\/image-158.png 832w, https:\/\/xn--porlascallesdecrdoba-p8b.com\/wp-content\/uploads\/2026\/08\/image-158-300x156.png 300w, https:\/\/xn--porlascallesdecrdoba-p8b.com\/wp-content\/uploads\/2026\/08\/image-158-768x399.png 768w\" sizes=\"auto, (max-width: 832px) 100vw, 832px\" \/><\/figure>\n<\/div>\n\n<div class=\"wp-block-image\">\n<figure class=\"alignright size-large is-resized\"><img loading=\"lazy\" decoding=\"async\" width=\"576\" height=\"1024\" src=\"https:\/\/xn--porlascallesdecrdoba-p8b.com\/wp-content\/uploads\/2026\/09\/20260904_102034-576x1024.jpg\" alt=\"\" class=\"wp-image-8068\" style=\"aspect-ratio:0.5625013732943684;width:332px;height:auto\" srcset=\"https:\/\/xn--porlascallesdecrdoba-p8b.com\/wp-content\/uploads\/2026\/09\/20260904_102034-576x1024.jpg 576w, https:\/\/xn--porlascallesdecrdoba-p8b.com\/wp-content\/uploads\/2026\/09\/20260904_102034-169x300.jpg 169w, https:\/\/xn--porlascallesdecrdoba-p8b.com\/wp-content\/uploads\/2026\/09\/20260904_102034-768x1365.jpg 768w, https:\/\/xn--porlascallesdecrdoba-p8b.com\/wp-content\/uploads\/2026\/09\/20260904_102034-864x1536.jpg 864w, https:\/\/xn--porlascallesdecrdoba-p8b.com\/wp-content\/uploads\/2026\/09\/20260904_102034-1152x2048.jpg 1152w, https:\/\/xn--porlascallesdecrdoba-p8b.com\/wp-content\/uploads\/2026\/09\/20260904_102034-scaled.jpg 1440w\" sizes=\"auto, (max-width: 576px) 100vw, 576px\" \/><\/figure>\n<\/div>\n\n\n<p class=\"wp-block-paragraph\" style=\"font-size:20px\">En los laterales de la capilla se encuentran las estatuas orantes del obispo fray Alonso de Salizanes y Medina y la de su sobrino, el can\u00f3nigo Medina y Requejo.<\/p>\n\n\n\n<p class=\"wp-block-paragraph\" style=\"font-size:20px\">Bajo el suelo de la capilla se encuentra la cripta en la que reciben sepultura, adem\u00e1s del fundador, los obispos Juan Alfonso de Alburquerque (siglo XIX), Jos\u00e9 Pozuelo y Herrero, Adolfo P\u00e9rez Mu\u00f1oz y Manuel Fern\u00e1ndez Conde (obispos, \u00e9stos, del s. XX). Tambi\u00e9n reciben sepultura tres arcedianos de la comarca cordobesa de los Pedroches, como el citado sobrino del fundador y el fundador del Monte de Piedad de C\u00f3rdoba (antecesora de Cajasur), Jos\u00e9 Medina y Corella.<\/p>\n\n\n\n<p class=\"wp-block-paragraph\" style=\"font-size:20px\">En el interior, a la izquierda, una puerta da acceso a la sacrist\u00eda de la capilla, en donde se encuentra un retrato del obispo Medina, realizado por el cordob\u00e9s Juan de Alfaro, que fuera disc\u00edpulo de Vel\u00e1zquez. Sobre ella cuelga un cuadro de 1645 realizado por Antonio del Castillo representando a San Pelagio, el joven gallego martirizado en C\u00f3rdoba(1645), nos separa de la capilla de San Ant\u00f3n.<\/p>\n\n\n\n<figure class=\"wp-block-image size-full\"><img loading=\"lazy\" decoding=\"async\" width=\"940\" height=\"576\" src=\"https:\/\/xn--porlascallesdecrdoba-p8b.com\/wp-content\/uploads\/2026\/08\/00-Plano-base-muro-E-2-copia.png\" alt=\"\" class=\"wp-image-6915\"\/><\/figure>\n\n\n\n<p class=\"wp-block-paragraph\" style=\"font-size:20px\"><\/p>\n\n\n<div class=\"wp-block-image\">\n<figure class=\"alignleft size-full is-resized\"><img loading=\"lazy\" decoding=\"async\" width=\"304\" height=\"479\" src=\"https:\/\/xn--porlascallesdecrdoba-p8b.com\/wp-content\/uploads\/2026\/09\/image-9.png\" alt=\"\" class=\"wp-image-8073\" style=\"aspect-ratio:0.6346643178704248;width:378px;height:auto\" srcset=\"https:\/\/xn--porlascallesdecrdoba-p8b.com\/wp-content\/uploads\/2026\/09\/image-9.png 304w, https:\/\/xn--porlascallesdecrdoba-p8b.com\/wp-content\/uploads\/2026\/09\/image-9-190x300.png 190w\" sizes=\"auto, (max-width: 304px) 100vw, 304px\" \/><\/figure>\n<\/div>\n\n\n<p class=\"wp-block-paragraph\" style=\"font-size:20px\"><strong>Altar de la Virgen del Pilar<\/strong><\/p>\n\n\n\n<p class=\"wp-block-paragraph\" style=\"font-size:20px\">Se conoce la existencia de un altar dedicado a la \u201cVirgen del Pilar\u201d desde 1345, gracias a un escrito por el que el cabildo concede dos sepulturas ante el pilar grande junto al altar \u201cde Santa Mar\u00eda del Pilar\u201d. Se desconoce si la advocaci\u00f3n de este altar la pose\u00eda por la imagen de Zaragoza, o por estar sobre un pilar.\u00a0 Este altar a lo largo de la historia sufri\u00f3 varias reformas, as\u00ed en 1734, cuando el arcediano de pedroche y can\u00f3nigo don Juan Francisco Medina y Requejo, natural de Teruel, sobrino del obispo Medina y enterrado en la capilla de la Concepci\u00f3n, trajo de Zaragoza una imagen de la Virgen del Pilar que se puso en este altar sobre un nuevo retablo barroco de madera tallada y dorada, en forma de \u00f3valo, donde en el tercio inferior se encuentra una hornacina con la imagen de la Virgen. Se representa a Santiago, arrodillado, al que se le aparece la Virgen en el cielo.<\/p>\n\n\n\n<p class=\"has-link-color wp-elements-c370ca901ca3cdd226809f383180f686 wp-block-paragraph\" style=\"font-size:20px\"><strong><em>Altar de Santa Elena y Santa Cecilia<\/em><\/strong><\/p>\n\n\n<div class=\"wp-block-image\">\n<figure class=\"alignright size-full\"><img loading=\"lazy\" decoding=\"async\" width=\"360\" height=\"642\" src=\"https:\/\/xn--porlascallesdecrdoba-p8b.com\/wp-content\/uploads\/2026\/09\/image-10.png\" alt=\"\" class=\"wp-image-8080\" srcset=\"https:\/\/xn--porlascallesdecrdoba-p8b.com\/wp-content\/uploads\/2026\/09\/image-10.png 360w, https:\/\/xn--porlascallesdecrdoba-p8b.com\/wp-content\/uploads\/2026\/09\/image-10-168x300.png 168w\" sizes=\"auto, (max-width: 360px) 100vw, 360px\" \/><\/figure>\n<\/div>\n\n\n<p class=\"wp-block-paragraph\" style=\"font-size:20px\">El altar se situaba en uno de los pilares de la <em>qibla<\/em> de la primera mezquita, que se encuentra revestido, con la construcci\u00f3n de la catedral del siglo XVI, se sustituye dicho pilar por un contrafuerte para el coro. Hern\u00e1n Ruiz dise\u00f1a un contrafuerte muy decorado con una hornacina para volver a instalar un altar dedicado a Santa Elena.<\/p>\n\n\n\n<p class=\"wp-block-paragraph\" style=\"font-size:20px\">La pintura actual puede ser de 1605, fecha cuando se hace el pago del altar, en ella se representan a Santa Elena en el centro, a la derecha Santa Celia y Santa Apolonia.<\/p>\n\n\n\n<p class=\"has-link-color wp-elements-737ab11359879f4a3d8f843bf4876f65 wp-block-paragraph\" style=\"font-size:20px\">.<\/p>\n\n\n<div class=\"wp-block-image\">\n<figure class=\"aligncenter size-large\"><img loading=\"lazy\" decoding=\"async\" width=\"1024\" height=\"295\" src=\"https:\/\/xn--porlascallesdecrdoba-p8b.com\/wp-content\/uploads\/2026\/09\/image-11-1024x295.png\" alt=\"\" class=\"wp-image-8083\" srcset=\"https:\/\/xn--porlascallesdecrdoba-p8b.com\/wp-content\/uploads\/2026\/09\/image-11-1024x295.png 1024w, https:\/\/xn--porlascallesdecrdoba-p8b.com\/wp-content\/uploads\/2026\/09\/image-11-300x87.png 300w, https:\/\/xn--porlascallesdecrdoba-p8b.com\/wp-content\/uploads\/2026\/09\/image-11-768x222.png 768w, https:\/\/xn--porlascallesdecrdoba-p8b.com\/wp-content\/uploads\/2026\/09\/image-11.png 1203w\" sizes=\"auto, (max-width: 1024px) 100vw, 1024px\" \/><\/figure>\n<\/div>\n\n\n<figure class=\"wp-block-gallery has-nested-images columns-default is-cropped wp-block-gallery-1 is-layout-flex wp-block-gallery-is-layout-flex\">\n<figure class=\"wp-block-image size-large\"><a href=\"https:\/\/xn--porlascallesdecrdoba-p8b.com\/?page_id=6409\"><img loading=\"lazy\" decoding=\"async\" width=\"155\" height=\"46\" data-id=\"6435\" src=\"https:\/\/xn--porlascallesdecrdoba-p8b.com\/wp-content\/uploads\/2026\/08\/Captura-de-pantalla-2026-08-10-184924-1.png\" alt=\"\" class=\"wp-image-6435\" srcset=\"https:\/\/xn--porlascallesdecrdoba-p8b.com\/wp-content\/uploads\/2026\/08\/Captura-de-pantalla-2026-08-10-184924-1.png 155w, https:\/\/xn--porlascallesdecrdoba-p8b.com\/wp-content\/uploads\/2026\/08\/Captura-de-pantalla-2026-08-10-184924-1-150x46.png 150w\" sizes=\"auto, (max-width: 155px) 100vw, 155px\" \/><\/a><\/figure>\n\n\n\n<figure class=\"wp-block-image size-full\"><a href=\"https:\/\/xn--porlascallesdecrdoba-p8b.com\/?page_id=6440\"><img loading=\"lazy\" decoding=\"async\" width=\"227\" height=\"59\" data-id=\"6436\" src=\"https:\/\/xn--porlascallesdecrdoba-p8b.com\/wp-content\/uploads\/2026\/08\/Captura-de-pantalla-2026-08-12-184912.png\" alt=\"\" class=\"wp-image-6436\"\/><\/a><\/figure>\n\n\n\n<figure class=\"wp-block-image size-large\"><a href=\"https:\/\/xn--porlascallesdecrdoba-p8b.com\/?page_id=6414\"><img loading=\"lazy\" decoding=\"async\" width=\"158\" height=\"48\" data-id=\"6434\" src=\"https:\/\/xn--porlascallesdecrdoba-p8b.com\/wp-content\/uploads\/2026\/08\/Captura-de-pantalla-2026-08-10-185011.png\" alt=\"\" class=\"wp-image-6434\"\/><\/a><\/figure>\n<\/figure>\n\n\n\n<p class=\"wp-block-paragraph\"><\/p>\n","protected":false},"excerpt":{"rendered":"<p>Dedicada a la Pur\u00edsima Concepci\u00f3n de la Virgen Mar\u00eda, \u00e9sta es una de las mejores capillas privadas de la Catedral, la fund\u00f3 el obispo Alonso de Salizanes y Medina (1675-1685), <a class=\"more-link\" href=\"https:\/\/xn--porlascallesdecrdoba-p8b.com\/?page_id=6411\">Seguir leyendo &rarr;<\/a><\/p>\n","protected":false},"author":1,"featured_media":0,"parent":0,"menu_order":0,"comment_status":"closed","ping_status":"closed","template":"","meta":{"footnotes":""},"class_list":["post-6411","page","type-page","status-publish","hentry"],"_links":{"self":[{"href":"https:\/\/xn--porlascallesdecrdoba-p8b.com\/index.php?rest_route=\/wp\/v2\/pages\/6411","targetHints":{"allow":["GET"]}}],"collection":[{"href":"https:\/\/xn--porlascallesdecrdoba-p8b.com\/index.php?rest_route=\/wp\/v2\/pages"}],"about":[{"href":"https:\/\/xn--porlascallesdecrdoba-p8b.com\/index.php?rest_route=\/wp\/v2\/types\/page"}],"author":[{"embeddable":true,"href":"https:\/\/xn--porlascallesdecrdoba-p8b.com\/index.php?rest_route=\/wp\/v2\/users\/1"}],"replies":[{"embeddable":true,"href":"https:\/\/xn--porlascallesdecrdoba-p8b.com\/index.php?rest_route=%2Fwp%2Fv2%2Fcomments&post=6411"}],"version-history":[{"count":39,"href":"https:\/\/xn--porlascallesdecrdoba-p8b.com\/index.php?rest_route=\/wp\/v2\/pages\/6411\/revisions"}],"predecessor-version":[{"id":8084,"href":"https:\/\/xn--porlascallesdecrdoba-p8b.com\/index.php?rest_route=\/wp\/v2\/pages\/6411\/revisions\/8084"}],"wp:attachment":[{"href":"https:\/\/xn--porlascallesdecrdoba-p8b.com\/index.php?rest_route=%2Fwp%2Fv2%2Fmedia&parent=6411"}],"curies":[{"name":"wp","href":"https:\/\/api.w.org\/{rel}","templated":true}]}}