{"id":6520,"date":"2026-08-14T20:16:20","date_gmt":"2026-08-14T20:16:20","guid":{"rendered":"https:\/\/xn--porlascallesdecrdoba-p8b.com\/?page_id=6520"},"modified":"2026-08-26T16:25:00","modified_gmt":"2026-08-26T16:25:00","slug":"rey-heredia","status":"publish","type":"page","link":"https:\/\/xn--porlascallesdecrdoba-p8b.com\/?page_id=6520","title":{"rendered":"Rey Heredia"},"content":{"rendered":"\n<figure class=\"wp-block-image size-full\"><img loading=\"lazy\" decoding=\"async\" width=\"1019\" height=\"538\" src=\"https:\/\/xn--porlascallesdecrdoba-p8b.com\/wp-content\/uploads\/2026\/08\/Plano-1431-2.png\" alt=\"\" class=\"wp-image-6740\" srcset=\"https:\/\/xn--porlascallesdecrdoba-p8b.com\/wp-content\/uploads\/2026\/08\/Plano-1431-2.png 1019w, https:\/\/xn--porlascallesdecrdoba-p8b.com\/wp-content\/uploads\/2026\/08\/Plano-1431-2-300x158.png 300w, https:\/\/xn--porlascallesdecrdoba-p8b.com\/wp-content\/uploads\/2026\/08\/Plano-1431-2-768x405.png 768w\" sizes=\"auto, (max-width: 1019px) 100vw, 1019px\" \/><\/figure>\n\n\n\n<p class=\"wp-block-paragraph\" style=\"font-size:20px\">La calle \u00ab<strong>Jos\u00e9 Rey Heredia\u00bb<\/strong>, debe su top\u00f3nimo al estudioso y escritor de temas matem\u00e1ticos, nacido en C\u00f3rdoba en 1818 en la calle \u201cMoriscos\u201d y fallecido en el n\u00famero doce de esta calle el a\u00f1o 1861. Inici\u00f3 su formaci\u00f3n en el colegio de Santa Catalina y en el Seminario de San Pelagio, licenci\u00e1ndose en Filosof\u00eda y Letras. Imparti\u00f3 clases de L\u00f3gica en Ciudad Real y Madrid. Como fil\u00f3sofo, se esforz\u00f3 en propagar las ideas de Kant con un sentido pedag\u00f3gico para hacerlas comprensibles. En 1855 escribi\u00f3 el libro que le hizo pasar a la posteridad, <em>\u00abTeor\u00eda transcendental de las cantidades imaginarias\u00bb<\/em>, aunque fue publicado tras su muerte.&nbsp; Est\u00e1 considerado uno de los grandes pensadores de la Espa\u00f1a del XIX, fue miembro de la Real Academia de C\u00f3rdoba.<\/p>\n\n\n\n<p class=\"wp-block-paragraph\" style=\"font-size:20px\"><\/p>\n\n\n<div class=\"wp-block-image\">\n<figure class=\"alignright size-full is-resized\"><img loading=\"lazy\" decoding=\"async\" width=\"431\" height=\"668\" src=\"https:\/\/xn--porlascallesdecrdoba-p8b.com\/wp-content\/uploads\/2026\/08\/181217-cn-068-r.jpg\" alt=\"\" class=\"wp-image-6571\" style=\"aspect-ratio:0.6452163742690058;width:281px;height:auto\"\/><\/figure>\n<\/div>\n\n\n<p class=\"wp-block-paragraph\" style=\"font-size:20px\">La calle <strong>\u201cRey Heredia\u201d <\/strong>est\u00e1 cargada de historia, ya cuando C\u00f3rdoba era \u201cColonia Patricia\u201d, el&nbsp;<em>Cardo Maximus<\/em>&nbsp;o eje principal N-S se bifurc\u00f3 en dos ramales, uno de los cuales coincid\u00eda con el trazado actual de la calle Rey Heredia. Dicho ramal se cre\u00f3 con la ampliaci\u00f3n de la ciudad en \u00e9poca del emperador Augusto, comunicaba la zona central de la ciudad con la puerta existente en el \u00e1ngulo SE, la llamada posteriormente \u201cPuerta de la Pescader\u00eda\u201d. En \u00e9poca del califato exist\u00eda una mezquita&nbsp;a la que se le a\u00f1adi\u00f3 un alminar a finales del siglo X y en donde en el siglo XIII se construy\u00f3 un convento. En el n\u00famero 13 tuvo residencia el Duque de Medina Sidonia, hijo ileg\u00edtimo del rey Enrique II de Castilla, nacido en el castillo de Cabra. De esta casa se trata en una p\u00e1gina independiente.<\/p>\n\n\n<div class=\"wp-block-image\">\n<figure class=\"alignleft size-large is-resized\"><img loading=\"lazy\" decoding=\"async\" width=\"1024\" height=\"768\" src=\"https:\/\/xn--porlascallesdecrdoba-p8b.com\/wp-content\/uploads\/2026\/08\/2013-12-11-18.35.06-1024x768.jpg\" alt=\"\" class=\"wp-image-6565\" style=\"aspect-ratio:1.33335082655471;width:456px;height:auto\" srcset=\"https:\/\/xn--porlascallesdecrdoba-p8b.com\/wp-content\/uploads\/2026\/08\/2013-12-11-18.35.06-1024x768.jpg 1024w, https:\/\/xn--porlascallesdecrdoba-p8b.com\/wp-content\/uploads\/2026\/08\/2013-12-11-18.35.06-300x225.jpg 300w, https:\/\/xn--porlascallesdecrdoba-p8b.com\/wp-content\/uploads\/2026\/08\/2013-12-11-18.35.06-768x576.jpg 768w, https:\/\/xn--porlascallesdecrdoba-p8b.com\/wp-content\/uploads\/2026\/08\/2013-12-11-18.35.06-1536x1152.jpg 1536w, https:\/\/xn--porlascallesdecrdoba-p8b.com\/wp-content\/uploads\/2026\/08\/2013-12-11-18.35.06-2048x1536.jpg 2048w\" sizes=\"auto, (max-width: 1024px) 100vw, 1024px\" \/><figcaption class=\"wp-element-caption\">\u201c<strong><em>Centro de Arte Pepe Espali\u00fa<\/em><\/strong>\u201d<\/figcaption><\/figure>\n<\/div>\n\n\n<p class=\"wp-block-paragraph\" style=\"font-size:20px\">Bajamos \u201cRey Heredia\u201d desde el inicio de su numeraci\u00f3n, podemos ver la espada\u00f1a del convento de la Encarnaci\u00f3n. Esta calle re\u00fane varias casas que cumplen el centenar de a\u00f1os, conservando algunas de ellas elementos m\u00e1s antiguos. <\/p>\n\n\n\n<p class=\"wp-block-paragraph\" style=\"font-size:20px\">En el n\u00famero 1, edificio propiedad de la sociedad municipal \u201cVimcorsa\u201d, se encuentra el \u201c<strong><em>Centro de Arte Pepe Espali\u00fa<\/em><\/strong>\u201d, es una casa unifamiliar del siglo XVIII con patio porticado, que fue restaurada por Vimcorsa en el a\u00f1o 2010 para albergar la colecci\u00f3n de este artista. Espali\u00fa naci\u00f3 en C\u00f3rdoba en 1955, ser\u00eda una de las personalidades m\u00e1s destacadas de la segunda generaci\u00f3n de artistas espa\u00f1oles de los ochenta.<\/p>\n\n\n<div class=\"wp-block-image\">\n<figure class=\"alignright size-large is-resized\"><img loading=\"lazy\" decoding=\"async\" width=\"576\" height=\"1024\" src=\"https:\/\/xn--porlascallesdecrdoba-p8b.com\/wp-content\/uploads\/2026\/08\/20210717_101125-576x1024.jpg\" alt=\"\" class=\"wp-image-6569\" style=\"aspect-ratio:0.5625019074068422;width:303px;height:auto\" srcset=\"https:\/\/xn--porlascallesdecrdoba-p8b.com\/wp-content\/uploads\/2026\/08\/20210717_101125-576x1024.jpg 576w, https:\/\/xn--porlascallesdecrdoba-p8b.com\/wp-content\/uploads\/2026\/08\/20210717_101125-169x300.jpg 169w, https:\/\/xn--porlascallesdecrdoba-p8b.com\/wp-content\/uploads\/2026\/08\/20210717_101125-768x1365.jpg 768w, https:\/\/xn--porlascallesdecrdoba-p8b.com\/wp-content\/uploads\/2026\/08\/20210717_101125-864x1536.jpg 864w, https:\/\/xn--porlascallesdecrdoba-p8b.com\/wp-content\/uploads\/2026\/08\/20210717_101125-1152x2048.jpg 1152w, https:\/\/xn--porlascallesdecrdoba-p8b.com\/wp-content\/uploads\/2026\/08\/20210717_101125-scaled.jpg 1440w\" sizes=\"auto, (max-width: 576px) 100vw, 576px\" \/><\/figure>\n<\/div>\n\n\n<p class=\"wp-block-paragraph\" style=\"font-size:20px\">En la casa se exponen unas 40 obras del artista, unas de propiedad municipal y otras cedidas, conserv\u00e1ndose tambi\u00e9n su biblioteca personal que fue donada en 1994, de manera p\u00f3stuma a <em>Arteleku<\/em>, un espacio de experimentaci\u00f3n pl\u00e1stica pionero en Espa\u00f1a al que el artista estuvo profundamente vinculado durante los \u00faltimos a\u00f1os de su vida; con motivo del cierre definitivo de la instituci\u00f3n, la biblioteca personal llegar\u00eda al centro que lleva su nombre, est\u00e1 compuesta por unos 4.000 vol\u00famenes, en los que abundan los textos filos\u00f3ficos, la poes\u00eda y, c\u00f3mo no, los cat\u00e1logos y revistas de arte.<\/p>\n\n\n\n<p class=\"wp-block-paragraph\" style=\"font-size:20px\">Espali\u00fa fue un artista polifac\u00e9tico, trabaj\u00f3 la pintura, la escultura y la poes\u00eda. En la \u00faltima etapa de su vida su obra estar\u00eda muy marcada por el sida, enfermedad que padeci\u00f3, estando marcada por una fuerza y una expresividad desbordantes, buscando entre otras cosas que todos nos comprometi\u00e9ramos con esta enfermedad. Su formaci\u00f3n se desarroll\u00f3 en Barcelona y Par\u00eds, toda su obra se desarrolla entre los a\u00f1os 1986 a 1993. Fue uno de los artistas espa\u00f1oles con mayor proyecci\u00f3n internacional en la segunda mitad de los a\u00f1os 80, teniendo exposiciones en \u00c1msterdam, Venecia, Nueva York y Par\u00eds. Fallecer\u00eda en el a\u00f1o 1993.<\/p>\n\n\n<div class=\"wp-block-image\">\n<figure class=\"alignleft size-large is-resized\"><img loading=\"lazy\" decoding=\"async\" width=\"1024\" height=\"576\" src=\"https:\/\/xn--porlascallesdecrdoba-p8b.com\/wp-content\/uploads\/2026\/08\/20210717_100900-1024x576.jpg\" alt=\"\" class=\"wp-image-6574\" style=\"aspect-ratio:1.7778309955525144;width:442px;height:auto\" srcset=\"https:\/\/xn--porlascallesdecrdoba-p8b.com\/wp-content\/uploads\/2026\/08\/20210717_100900-1024x576.jpg 1024w, https:\/\/xn--porlascallesdecrdoba-p8b.com\/wp-content\/uploads\/2026\/08\/20210717_100900-300x169.jpg 300w, https:\/\/xn--porlascallesdecrdoba-p8b.com\/wp-content\/uploads\/2026\/08\/20210717_100900-768x432.jpg 768w, https:\/\/xn--porlascallesdecrdoba-p8b.com\/wp-content\/uploads\/2026\/08\/20210717_100900-1536x864.jpg 1536w, https:\/\/xn--porlascallesdecrdoba-p8b.com\/wp-content\/uploads\/2026\/08\/20210717_100900-2048x1152.jpg 2048w\" sizes=\"auto, (max-width: 1024px) 100vw, 1024px\" \/><figcaption class=\"wp-element-caption\">Rey Heredia, 3<\/figcaption><\/figure>\n<\/div>\n\n\n<p class=\"wp-block-paragraph\" style=\"font-size:20px\">Continuamos recorriendo la calle, si pasamos al zagu\u00e1n de las casas 5 y 3, podemos apreciar que este se abre a patios porticados, y destaca el amplio zagu\u00e1n del n\u00famero 3, con un sencillo artesonado de madera. La casa n\u00famero 8 conserva su balc\u00f3n cerrado con una cristalera de madera, de las que ya quedan pocas en la ciudad.<\/p>\n\n\n\n<p class=\"wp-block-paragraph\" style=\"font-size:20px\"><\/p>\n\n\n<div class=\"wp-block-image\">\n<figure class=\"alignright size-full is-resized\"><img loading=\"lazy\" decoding=\"async\" width=\"323\" height=\"423\" src=\"https:\/\/xn--porlascallesdecrdoba-p8b.com\/wp-content\/uploads\/2026\/08\/image-114.png\" alt=\"\" class=\"wp-image-6578\" style=\"aspect-ratio:0.7636128555596602;width:244px;height:auto\"\/><figcaption class=\"wp-element-caption\">Rey Heredia, 5<\/figcaption><\/figure>\n<\/div>\n\n\n<p class=\"wp-block-paragraph\" style=\"font-size:20px\">La gran mayor\u00eda de los edificios de la calle \u201cRey Heredia\u201d poseen una antig\u00fcedad de m\u00e1s de cien a\u00f1os, conservando algunos de ellos elementos, al menos, del siglo XVIII, el primer caso que encontramos es la casa n\u00famero dos.<\/p>\n\n\n\n<p class=\"wp-block-paragraph\" style=\"font-size:20px\">Bajamos la calle contemplando la bella imagen de la espada\u00f1a de la Encarnaci\u00f3n, pasada la Casa del Duque, la calle hace un peque\u00f1o ensanche a la altura del n\u00famero 12, donde se encuentra el hostal \u201cLa Milagrosa\u201d, en cuya fachada se encuentra una placa, instalada en 1902, que indica que aqu\u00ed muri\u00f3 don Jos\u00e9 Mar\u00eda Rey y Herrera, \u201cSabio matem\u00e1tico y fil\u00f3sofo\u201d. en el a\u00f1o 1861, a\u00f1o en el que cambi\u00f3 el nombre a la calle por el del matem\u00e1tico.<\/p>\n\n\n\n<p class=\"wp-block-paragraph\" style=\"font-size:20px\">Este tramo de la calle \u201cRey Heredia\u201d, aparece en el plano de 1811 como \u201cSanta Clara\u201d. En esta zona se encuentra la casa n\u00famero 15, una vivienda unifamiliar con elementos, al menos de XIX, en donde su zagu\u00e1n nos deja ver el patio a trav\u00e9s de una hermosa reja de forja.<\/p>\n\n\n\n<p class=\"wp-block-paragraph\" style=\"font-size:20px\">La gran mayor\u00eda de los edificios de la calle \u201cRey Heredia\u201d poseen una antig\u00fcedad de m\u00e1s de cien a\u00f1os, conservando algunos de ellos elementos, al menos, del siglo XVIII, el primer caso que encontramos es la casa n\u00famero dos.<\/p>\n\n\n\n<p class=\"wp-block-paragraph\" style=\"font-size:20px\">Bajamos la calle contemplando la bella imagen de la espada\u00f1a de la Encarnaci\u00f3n, pasada la Casa del Duque, la calle hace un peque\u00f1o ensanche a la altura del n\u00famero 12, donde se encuentra el hostal \u201cLa Milagrosa\u201d, en cuya fachada se encuentra una placa, instalada en 1902, que indica que aqu\u00ed muri\u00f3 don Jos\u00e9 Mar\u00eda Rey y Herrera, \u201cSabio matem\u00e1tico y fil\u00f3sofo\u201d. en el a\u00f1o 1861, a\u00f1o en el que cambi\u00f3 el nombre a la calle por el del matem\u00e1tico.<\/p>\n\n\n\n<figure class=\"wp-block-image size-large\"><img loading=\"lazy\" decoding=\"async\" width=\"1024\" height=\"433\" src=\"https:\/\/xn--porlascallesdecrdoba-p8b.com\/wp-content\/uploads\/2026\/08\/image-115-1024x433.png\" alt=\"\" class=\"wp-image-6581\" srcset=\"https:\/\/xn--porlascallesdecrdoba-p8b.com\/wp-content\/uploads\/2026\/08\/image-115-1024x433.png 1024w, https:\/\/xn--porlascallesdecrdoba-p8b.com\/wp-content\/uploads\/2026\/08\/image-115-300x127.png 300w, https:\/\/xn--porlascallesdecrdoba-p8b.com\/wp-content\/uploads\/2026\/08\/image-115-768x325.png 768w, https:\/\/xn--porlascallesdecrdoba-p8b.com\/wp-content\/uploads\/2026\/08\/image-115.png 1088w\" sizes=\"auto, (max-width: 1024px) 100vw, 1024px\" \/><\/figure>\n\n\n\n<p class=\"wp-block-paragraph\" style=\"font-size:20px\">Este tramo de la calle \u201cRey Heredia\u201d, aparece en el plano de 1811 como \u201cSanta Clara\u201d. En esta zona se encuentra la casa n\u00famero 15, una vivienda unifamiliar con elementos al menos de XIX, en donde su zagu\u00e1n nos deja ver el patio a trav\u00e9s de una hermosa reja de forja.<\/p>\n\n\n\n<p class=\"wp-block-paragraph\" style=\"font-size:20px\">Frente a \u201cBataneros\u201d nos sale la calle \u201cOsio\u201d, de la que ya hablamos, y en su esquina se encuentra uno de los edificios con m\u00e1s historia y m\u00e1s abandonado por la administraci\u00f3n, el antiguo <strong>Convento de Santa Clara<\/strong>, del que se trata en una p\u00e1gina independiente.<\/p>\n\n\n\n<p class=\"wp-block-paragraph\" style=\"font-size:20px\">Este tramo recibi\u00f3 el nombre de \u201cSanta Clara\u201d con el que aparece en los planos de 1811 y 1851, apareciendo con el nombre actual en el plano de 1884. Son varias casas de diversa antig\u00fcedad las que se encuentran en esta calle, pues desde la Edad Media fue ocupada por las capas altas de la sociedad. Muchas de las fachadas de las casas que aqu\u00ed abren conservan el sabor del XIX, algunas de ellas con hermosas rejas en sus balcones, como las n\u00famero 25, 26 \u00f3 31. Portadas adinteladas como la 28. Casi todas ellas con su zagu\u00e1n y reja que nos separa del patio interior, como es la n\u00famero 17, esquina con \u201cBataneros\u201d, o la 26 que se adapt\u00f3 para el hostal \u201cEl Antiguo Convento\u201d, que junto con la 24 se sit\u00faan sobre el solar del que fuera convento, y como hemos mencionado, el patio claustrado de la casa 24 es el mismo que hemos citado en las oficinas municipales, dividido por una pared.<\/p>\n\n\n<div class=\"wp-block-image\">\n<figure class=\"alignright size-full is-resized\"><img loading=\"lazy\" decoding=\"async\" width=\"686\" height=\"474\" src=\"https:\/\/xn--porlascallesdecrdoba-p8b.com\/wp-content\/uploads\/2026\/08\/image-116.png\" alt=\"\" class=\"wp-image-6588\" style=\"aspect-ratio:1.4473198391244149;width:451px;height:auto\" srcset=\"https:\/\/xn--porlascallesdecrdoba-p8b.com\/wp-content\/uploads\/2026\/08\/image-116.png 686w, https:\/\/xn--porlascallesdecrdoba-p8b.com\/wp-content\/uploads\/2026\/08\/image-116-300x207.png 300w\" sizes=\"auto, (max-width: 686px) 100vw, 686px\" \/><figcaption class=\"wp-element-caption\">Rey Heredia, 23<\/figcaption><\/figure>\n<\/div>\n\n\n<p class=\"wp-block-paragraph\" style=\"font-size:20px\">El edificio 23, frente al antiguo convento, es una antigua casa de la que se desconocen sus antiguos propietarios, pero seg\u00fan Manuel Ramos Gil, debi\u00f3 ser <em>Casa Mayorazgo, de una familia muy principal<\/em>. Fue la casa-taller del escultor y restaurador cordob\u00e9s Miguel Arjona Navarro (1933-2012). La portada g\u00f3tica nos da acceso a un zagu\u00e1n que a su vez abre dos accesos a un primer patio o jard\u00edn, desde el que una doble arcada nos llevar\u00e1 al patio principal de la vivienda, est\u00e1 porticado en varios estilos, mud\u00e9jar, uno de sus lados, con columnas ochavadas de ladrillo, que sostienen arcos del mismo material, la otra galer\u00eda posee columnas de piedra y capiteles renacentistas. <\/p>\n\n\n<div class=\"wp-block-image\">\n<figure class=\"alignleft size-full is-resized\"><img loading=\"lazy\" decoding=\"async\" width=\"424\" height=\"554\" src=\"https:\/\/xn--porlascallesdecrdoba-p8b.com\/wp-content\/uploads\/2026\/08\/image-235.png\" alt=\"\" class=\"wp-image-7442\" style=\"aspect-ratio:0.7653579285835167;width:241px;height:auto\" srcset=\"https:\/\/xn--porlascallesdecrdoba-p8b.com\/wp-content\/uploads\/2026\/08\/image-235.png 424w, https:\/\/xn--porlascallesdecrdoba-p8b.com\/wp-content\/uploads\/2026\/08\/image-235-230x300.png 230w\" sizes=\"auto, (max-width: 424px) 100vw, 424px\" \/><figcaption class=\"wp-element-caption\">Cabeza de San Juan<\/figcaption><\/figure>\n<\/div>\n\n\n<p class=\"wp-block-paragraph\" style=\"font-size:20px\">Arjona entrar\u00eda con 14 a\u00f1os a trabajar en el taller de un imaginero, quien le anim\u00f3 a estudiar en la Escuela de Arte y Oficios, en donde tuvo de profesor a Amadeo Ruiz Olmos. Su primer taller lo montar\u00eda en la calle \u201cAdarve\u201d, desde all\u00ed pasar\u00eda a \u201cEncarnaci\u00f3n Agustina\u201d, a mediados de los sesenta comprar\u00eda esta casa para instalar en ella su vivienda y taller, dedic\u00e1ndose profundamente a la escultura religiosa y a su restauraci\u00f3n; en el museo de Bellas Artes de C\u00f3rdoba se expone \u201cCabeza de San Juan\u201d, obra de 1958.<\/p>\n\n\n\n<p class=\"wp-block-paragraph\" style=\"font-size:20px\"><\/p>\n\n\n<div class=\"wp-block-image\">\n<figure class=\"aligncenter size-full\"><img loading=\"lazy\" decoding=\"async\" width=\"1135\" height=\"355\" src=\"https:\/\/xn--porlascallesdecrdoba-p8b.com\/wp-content\/uploads\/2026\/08\/image-125.png\" alt=\"\" class=\"wp-image-6627\"\/><figcaption class=\"wp-element-caption\">Rey Heredia, 26<\/figcaption><\/figure>\n<\/div>\n\n<div class=\"wp-block-image\">\n<figure class=\"alignright size-full is-resized\"><img decoding=\"async\" src=\"https:\/\/xn--porlascallesdecrdoba-p8b.com\/wp-content\/uploads\/2026\/08\/181217-cn-142.jpg\" alt=\"\" class=\"wp-image-6593\" style=\"width:330px;height:auto\"\/><figcaption class=\"wp-element-caption\">Rey Heredia, 29<\/figcaption><\/figure>\n<\/div>\n\n\n<p class=\"wp-block-paragraph\" style=\"font-size:20px\">El n\u00famero 26, fue en la segunda mitad del XX el \u201cHostal Rey Heredia\u201d. Es un edificio catalogado como bien protegido en el Plan Especial del Casco Hist\u00f3rico. En la ficha de este documento, se indica que era una&nbsp;casa patio&nbsp;del&nbsp;siglo XVIII, con reformas en el XX; siendo una segregaci\u00f3n del&nbsp;convento de Santa Clara.<\/p>\n\n\n\n<p class=\"wp-block-paragraph\" style=\"font-size:20px\">La casa n\u00famero 29 fue la de los Figueroa, vivi\u00f3 en ella en el siglo XVII Jos\u00e9 de Figueroa y C\u00f3rdoba, poeta y dramaturgo, al que en 1649 se le admite como Caballero de la orden de Calatrava. En el siglo XVIII se sabe por el catastro, que viv\u00eda en ella Jos\u00e9 G\u00f3mez de Figueroa. La portada de la casa es de transici\u00f3n del g\u00f3tico al renacimiento, con almohadillado rehundido, pudi\u00e9ndose datar entre el siglo XV y XVI, siendo el balc\u00f3n de \u00e9poca posterior. Los blasones, de \u00e9poca m\u00e1s tard\u00eda, representan la Cruz de Calatrava. En el amplio zagu\u00e1n con suelo enchinado formando mosaico, una bella reja de forja nos separa de un hermoso patio, tambi\u00e9n enchinado, con dos p\u00f3rticos enfrentados, cuyas columnas de piedra con capiteles genoveses sostienen dos arcos de ladrillo visto, enmarcados en alfiz. En el interior dispone de otros dos patios, siendo el \u00faltimo de amplias dimensiones.<\/p>\n\n\n<div class=\"wp-block-image\">\n<figure class=\"aligncenter size-full is-resized\"><img loading=\"lazy\" decoding=\"async\" width=\"864\" height=\"576\" src=\"https:\/\/xn--porlascallesdecrdoba-p8b.com\/wp-content\/uploads\/2026\/08\/181126-cn-118-r.jpg\" alt=\"\" class=\"wp-image-6595\" style=\"aspect-ratio:1.5000146485805526;width:556px;height:auto\" srcset=\"https:\/\/xn--porlascallesdecrdoba-p8b.com\/wp-content\/uploads\/2026\/08\/181126-cn-118-r.jpg 864w, https:\/\/xn--porlascallesdecrdoba-p8b.com\/wp-content\/uploads\/2026\/08\/181126-cn-118-r-300x200.jpg 300w, https:\/\/xn--porlascallesdecrdoba-p8b.com\/wp-content\/uploads\/2026\/08\/181126-cn-118-r-768x512.jpg 768w, https:\/\/xn--porlascallesdecrdoba-p8b.com\/wp-content\/uploads\/2026\/08\/181126-cn-118-r-400x267.jpg 400w\" sizes=\"auto, (max-width: 864px) 100vw, 864px\" \/><figcaption class=\"wp-element-caption\">Rey Heredia, 29<\/figcaption><\/figure>\n<\/div>\n\n\n<figure class=\"wp-block-gallery has-nested-images columns-default is-cropped wp-block-gallery-1 is-layout-flex wp-block-gallery-is-layout-flex\">\n<figure class=\"wp-block-image size-large\"><a href=\"https:\/\/xn--porlascallesdecrdoba-p8b.com\/?page_id=5982\"><img loading=\"lazy\" decoding=\"async\" width=\"218\" height=\"72\" data-id=\"6503\" src=\"https:\/\/xn--porlascallesdecrdoba-p8b.com\/wp-content\/uploads\/2026\/08\/Captura-de-pantalla-2026-08-14-215034.png\" alt=\"\" class=\"wp-image-6503\"\/><\/a><\/figure>\n\n\n\n<figure class=\"wp-block-image size-full\"><a href=\"https:\/\/xn--porlascallesdecrdoba-p8b.com\/?page_id=5727\"><img loading=\"lazy\" decoding=\"async\" width=\"211\" height=\"63\" data-id=\"6505\" src=\"https:\/\/xn--porlascallesdecrdoba-p8b.com\/wp-content\/uploads\/2026\/08\/Captura-de-pantalla-2026-08-14-215040.png\" alt=\"\" class=\"wp-image-6505\"\/><\/a><\/figure>\n\n\n\n<figure class=\"wp-block-image size-large\"><a href=\"https:\/\/xn--porlascallesdecrdoba-p8b.com\/?page_id=6554\"><img loading=\"lazy\" decoding=\"async\" width=\"214\" height=\"64\" data-id=\"6504\" src=\"https:\/\/xn--porlascallesdecrdoba-p8b.com\/wp-content\/uploads\/2026\/08\/Captura-de-pantalla-2026-08-14-215047.png\" alt=\"\" class=\"wp-image-6504\"\/><\/a><\/figure>\n<\/figure>\n\n\n\n<p class=\"wp-block-paragraph\"><\/p>\n","protected":false},"excerpt":{"rendered":"<p>La calle \u00abJos\u00e9 Rey Heredia\u00bb, debe su top\u00f3nimo al estudioso y escritor de temas matem\u00e1ticos, nacido en C\u00f3rdoba en 1818 en la calle \u201cMoriscos\u201d y fallecido en el n\u00famero doce <a class=\"more-link\" href=\"https:\/\/xn--porlascallesdecrdoba-p8b.com\/?page_id=6520\">Seguir leyendo &rarr;<\/a><\/p>\n","protected":false},"author":1,"featured_media":0,"parent":0,"menu_order":0,"comment_status":"closed","ping_status":"closed","template":"","meta":{"footnotes":""},"class_list":["post-6520","page","type-page","status-publish","hentry"],"_links":{"self":[{"href":"https:\/\/xn--porlascallesdecrdoba-p8b.com\/index.php?rest_route=\/wp\/v2\/pages\/6520","targetHints":{"allow":["GET"]}}],"collection":[{"href":"https:\/\/xn--porlascallesdecrdoba-p8b.com\/index.php?rest_route=\/wp\/v2\/pages"}],"about":[{"href":"https:\/\/xn--porlascallesdecrdoba-p8b.com\/index.php?rest_route=\/wp\/v2\/types\/page"}],"author":[{"embeddable":true,"href":"https:\/\/xn--porlascallesdecrdoba-p8b.com\/index.php?rest_route=\/wp\/v2\/users\/1"}],"replies":[{"embeddable":true,"href":"https:\/\/xn--porlascallesdecrdoba-p8b.com\/index.php?rest_route=%2Fwp%2Fv2%2Fcomments&post=6520"}],"version-history":[{"count":37,"href":"https:\/\/xn--porlascallesdecrdoba-p8b.com\/index.php?rest_route=\/wp\/v2\/pages\/6520\/revisions"}],"predecessor-version":[{"id":7445,"href":"https:\/\/xn--porlascallesdecrdoba-p8b.com\/index.php?rest_route=\/wp\/v2\/pages\/6520\/revisions\/7445"}],"wp:attachment":[{"href":"https:\/\/xn--porlascallesdecrdoba-p8b.com\/index.php?rest_route=%2Fwp%2Fv2%2Fmedia&parent=6520"}],"curies":[{"name":"wp","href":"https:\/\/api.w.org\/{rel}","templated":true}]}}