{"id":6524,"date":"2026-08-14T20:17:28","date_gmt":"2026-08-14T20:17:28","guid":{"rendered":"https:\/\/xn--porlascallesdecrdoba-p8b.com\/?page_id=6524"},"modified":"2026-09-04T05:29:54","modified_gmt":"2026-09-04T05:29:54","slug":"plaza-de-jeronimo-paez","status":"publish","type":"page","link":"https:\/\/xn--porlascallesdecrdoba-p8b.com\/?page_id=6524","title":{"rendered":"Calle Cabezas I"},"content":{"rendered":"<div class=\"wp-block-image\">\n<figure class=\"alignright size-full is-resized\"><img loading=\"lazy\" decoding=\"async\" width=\"761\" height=\"559\" src=\"https:\/\/xn--porlascallesdecrdoba-p8b.com\/wp-content\/uploads\/2026\/08\/Plano-6524-Cabezas-1.png\" alt=\"\" class=\"wp-image-6796\" style=\"aspect-ratio:1.3614153327716934;width:525px;height:auto\" srcset=\"https:\/\/xn--porlascallesdecrdoba-p8b.com\/wp-content\/uploads\/2026\/08\/Plano-6524-Cabezas-1.png 761w, https:\/\/xn--porlascallesdecrdoba-p8b.com\/wp-content\/uploads\/2026\/08\/Plano-6524-Cabezas-1-300x220.png 300w\" sizes=\"auto, (max-width: 761px) 100vw, 761px\" \/><\/figure>\n<\/div>\n\n\n<p class=\"wp-block-paragraph\"><a href=\"https:\/\/earth.google.com\/web\/search\/calle+cabezas,+C%c3%b3rdoba,+Espa%c3%b1a\/@37.88069695,-4.77692051,111.38464867a,575.41477667d,35y,0h,0t,0r\/data=Co4BGmASWgokMHhkNmQyMDgyNjEzNDI5MzM6MHhkNzkwZjE4MmM3ZjJiOTMwGQazrna58EJAIT2NxYA2GxPAKiBjYWxsZSBjYWJlemFzLCBDw7NyZG9iYSwgRXNwYcOxYRgCIAEiJgokCeBUwCXM8EJAEQGAXDat8EJAGRXkOU73GRPAIY-h5fCbHBPAQgIIATIpCicKJQohMTZuWGNrLU42a2RQUTlfX3YwLWdTRUF1NnItdWV6c2Q4IAE6AwoBMEICCABKCAirycWMBRAB?authuser=0\" target=\"_blank\" rel=\"noreferrer noopener\">Pincha para localizar la calle en Google Earth<\/a><\/p>\n\n\n\n<p class=\"wp-block-paragraph\" style=\"font-size:20px\">A la calle Cabezas entraremos por la de Rey Heredia, donde confluyen cuatro calles, tomamos la de la izquierda, las otras ya la hemos tratado, esta antigua v\u00eda conserva varias casas que fueron solariegas. Es una peque\u00f1a con mucha historia y leyendas, con edificios que tambi\u00e9n la tienen, por eso le dedicaremos tres p\u00e1ginas para su recorrido.<\/p>\n\n\n\n<p class=\"wp-block-paragraph\" style=\"font-size:20px\">El primer edifico que nos encontramos es el n\u00famero 19, antigua casa que a inicios del siglo XXI cerr\u00f3 cuando era una vieja casa de vecinos, este edificio, junto con el colindante de la calle \u201cCaldereros\u201d, ha sido adquirido en el a\u00f1o 2021 por la sociedad \u201c<em>Millenium HotelsReal Estate\u201d<\/em>, con el fin de construir un hotel de cinco estrellas, con el nombre de <em>Hotel Palacetes de C\u00f3rdoba<\/em>, ocupar\u00e1 el lugar de tres edificios colindantes de esta calle y la de Caldereros.<\/p>\n\n\n\n<figure class=\"wp-block-image size-full\"><img loading=\"lazy\" decoding=\"async\" width=\"1000\" height=\"418\" src=\"https:\/\/xn--porlascallesdecrdoba-p8b.com\/wp-content\/uploads\/2026\/08\/image-144.png\" alt=\"\" class=\"wp-image-6802\" srcset=\"https:\/\/xn--porlascallesdecrdoba-p8b.com\/wp-content\/uploads\/2026\/08\/image-144.png 1000w, https:\/\/xn--porlascallesdecrdoba-p8b.com\/wp-content\/uploads\/2026\/08\/image-144-300x125.png 300w, https:\/\/xn--porlascallesdecrdoba-p8b.com\/wp-content\/uploads\/2026\/08\/image-144-768x321.png 768w\" sizes=\"auto, (max-width: 1000px) 100vw, 1000px\" \/><\/figure>\n\n\n\n<p class=\"wp-block-paragraph\" style=\"font-size:20px\">Frente a ella se levanta la casa rotulada como <strong>n\u00famero 26<\/strong> (en el catastro figura como 22), casa solariega de blanca fachada, en la que se abre una portada adintelada con un escudo con diversas cuartelas, siendo curiosa la inferior izquierda con una serpiente marina (o drag\u00f3n, pues tiene cabeza de \u00e1guila y cola de drag\u00f3n, aunque le faltan las alas y las garras) soportando una espada en su boca. El casco de perfil a la diestra, con la visera levantada dejando ver tres rejillas, indica que el propietario ten\u00eda la consideraci\u00f3n de hidalgo (perteneciente a una nobleza no titulada).<\/p>\n\n\n<div class=\"wp-block-image\">\n<figure class=\"aligncenter size-full\"><img loading=\"lazy\" decoding=\"async\" width=\"584\" height=\"460\" src=\"https:\/\/xn--porlascallesdecrdoba-p8b.com\/wp-content\/uploads\/2026\/08\/image-145.png\" alt=\"\" class=\"wp-image-6804\" srcset=\"https:\/\/xn--porlascallesdecrdoba-p8b.com\/wp-content\/uploads\/2026\/08\/image-145.png 584w, https:\/\/xn--porlascallesdecrdoba-p8b.com\/wp-content\/uploads\/2026\/08\/image-145-300x236.png 300w\" sizes=\"auto, (max-width: 584px) 100vw, 584px\" \/><\/figure>\n<\/div>\n\n\n<p class=\"wp-block-paragraph\" style=\"font-size:20px\">La casa perteneci\u00f3 a una familia de origen converso, los Gonz\u00e1lez de Giral. A inicios del siglo XVII, esta familia ten\u00eda su vivienda en la calle \u201cJurado Pedro de C\u00e1ceres\u201d (actual \u201cCaldereros\u201d), eran miembros de una incipiente burgues\u00eda mercantil de la \u00e9poca. En el padr\u00f3n de 1606, Pedro Gonz\u00e1lez de Guiral aparece como \u201c<em>hidalgo de ejecutoria<\/em>\u201d, el que ha litigado la hidalgu\u00eda y probado ser hidalgo de sangre. El primero de la familia que figura empadronado en la calle Cabezas, es Gaspar Gonz\u00e1lez de Guiral, en el padr\u00f3n de 1672, quien era abogado de profesi\u00f3n.<\/p>\n\n\n<div class=\"wp-block-image\">\n<figure class=\"alignright size-large is-resized\"><img loading=\"lazy\" decoding=\"async\" width=\"908\" height=\"1024\" src=\"https:\/\/xn--porlascallesdecrdoba-p8b.com\/wp-content\/uploads\/2026\/08\/20210717_102459-2-908x1024.jpg\" alt=\"\" class=\"wp-image-6805\" style=\"aspect-ratio:0.8867336335296155;width:341px;height:auto\" srcset=\"https:\/\/xn--porlascallesdecrdoba-p8b.com\/wp-content\/uploads\/2026\/08\/20210717_102459-2-908x1024.jpg 908w, https:\/\/xn--porlascallesdecrdoba-p8b.com\/wp-content\/uploads\/2026\/08\/20210717_102459-2-266x300.jpg 266w, https:\/\/xn--porlascallesdecrdoba-p8b.com\/wp-content\/uploads\/2026\/08\/20210717_102459-2-768x866.jpg 768w, https:\/\/xn--porlascallesdecrdoba-p8b.com\/wp-content\/uploads\/2026\/08\/20210717_102459-2.jpg 1061w\" sizes=\"auto, (max-width: 908px) 100vw, 908px\" \/><\/figure>\n<\/div>\n\n\n<p class=\"wp-block-paragraph\" style=\"font-size:20px\">Al interior de la vivienda se accede a trav\u00e9s de un zagu\u00e1n con chino cordob\u00e9s que representa un sol esquem\u00e1tico, una reja nos dar\u00e1 acceso a un peque\u00f1o patio alargado que nos comunica con el&nbsp; patio principal mediante un arco de medio punto. En el interior de la casa se mezclan varios estilos arquitect\u00f3nicos, fruto de las diversas remodelaciones, encontramos mud\u00e9jar, renacimiento y barroco. Se supone que no fue construida como una sola casa, siendo fruto de la agregaci\u00f3n de varias.<\/p>\n\n\n\n<p class=\"wp-block-paragraph\" style=\"font-size:20px\">El patio principal de la vivienda, en estilo renacentista, est\u00e1 claustrado en tres de sus lados. La planta alta tambi\u00e9n ten\u00eda los arcos, pero fueron tabicados en una reforma abri\u00e9ndose balcones. Como cosa curiosa, este patio se asemeja mucho al de la casa de la plaza de la Concha, propiedad de los vizcondes de Montesina, con quienes, en las fechas de la construcci\u00f3n de ambos patios, estaba emparentado Mart\u00edn Gonz\u00e1lez de Guiral.<\/p>\n\n\n\n<p class=\"wp-block-paragraph\" style=\"font-size:20px\">En uno de los extremos del patio principal se encuentra una escalera barroca construida en piedra con dos tramos, finaliza en el caracter\u00edstico doble arco con columna, y se cubre mediante una b\u00f3veda de yeser\u00eda. Al subir la escalera llegamos a un corredor, alrededor del patio, al que se abren las estancias nobles y dormitorios, siendo la planta baja destinada casi exclusivamente para el servicio de la vivienda. La casa posee un mirador barroco con tejado a un agua y con tres arcos. Regresando a la parte baja, al fondo de la casa se accede a trav\u00e9s de una reja, que deja atr\u00e1s los otros estilos para adentrarnos en el mud\u00e9jar, esta parte se organiza alrededor de dos patios, en donde se conservan la pila y el pozo.<\/p>\n\n\n<div class=\"wp-block-image\">\n<figure class=\"aligncenter size-full is-resized\"><img loading=\"lazy\" decoding=\"async\" width=\"748\" height=\"523\" src=\"https:\/\/xn--porlascallesdecrdoba-p8b.com\/wp-content\/uploads\/2026\/08\/image-190.png\" alt=\"\" class=\"wp-image-7092\" style=\"aspect-ratio:1.4302231782737296;width:550px;height:auto\" srcset=\"https:\/\/xn--porlascallesdecrdoba-p8b.com\/wp-content\/uploads\/2026\/08\/image-190.png 748w, https:\/\/xn--porlascallesdecrdoba-p8b.com\/wp-content\/uploads\/2026\/08\/image-190-300x210.png 300w\" sizes=\"auto, (max-width: 748px) 100vw, 748px\" \/><figcaption class=\"wp-element-caption\">Fotograf\u00eda del libro \u00abCasas Se\u00f1oriales de C\u00f3rdoba\u00bb<\/figcaption><\/figure>\n<\/div>\n\n\n<p class=\"wp-block-paragraph\" style=\"font-size:20px\">Desde finales del siglo XX la casa es propiedad del guitarrista flamenco cordob\u00e9s, Francisco Pe\u00f1a P\u00e9rez, \u201cPaco Pe\u00f1a\u201d, nacido en C\u00f3rdoba el a\u00f1o 1942, quien es considerado uno de los mejores maestros de la guitarra. Tras actuar como guitarrista en grupos de flamenco en la Costa Brava, decide trasladarse a Londres a finales de los sesenta, empezando a actuar en solitario en un restaurante y pronto compartir\u00eda un concierto con Jimi Hendrix. Posteriormente fund\u00f3 el primer curso universitario sobre guitarra flamenca en el Conservatorio de R\u00f3terdam.<\/p>\n\n\n<div class=\"wp-block-image\">\n<figure class=\"alignleft size-full\"><img loading=\"lazy\" decoding=\"async\" width=\"330\" height=\"219\" src=\"https:\/\/xn--porlascallesdecrdoba-p8b.com\/wp-content\/uploads\/2026\/08\/image-146.png\" alt=\"\" class=\"wp-image-6808\"\/><\/figure>\n<\/div>\n\n\n<p class=\"wp-block-paragraph\" style=\"font-size:20px\">En 1981 cre\u00f3 en C\u00f3rdoba el <em>Centro Flamenco Paco Pe\u00f1a,<\/em> se inaugur\u00f3 con el&nbsp;I Encuentro Flamenco al que asistieron numerosos alumnos de todo el mundo, naciendo as\u00ed el prestigioso Festival Internacional de la Guitarra, del que fue el primer director. En 1997 la Jefatura del Estado le concedi\u00f3 la Orden del M\u00e9rito Civil.<\/p>\n\n\n\n<p class=\"wp-block-paragraph\" style=\"font-size:20px\">Paco Pe\u00f1a es amigo personal de Tony Blair, primer ministro brit\u00e1nico entre 1997 y 2007, al que, cuando ocupaba el cargo, cedi\u00f3 en algunas ocasiones esta casa para descansar unos d\u00edas, de forma privada. Como an\u00e9cdota su seguridad personal de Scotland Yard pag\u00f3 a varias casas de prostituci\u00f3n que hab\u00eda en la zona para que cerrasen esos d\u00edas.<\/p>\n\n\n<div class=\"wp-block-image\">\n<figure class=\"alignright size-full is-resized\"><img loading=\"lazy\" decoding=\"async\" width=\"564\" height=\"277\" src=\"https:\/\/xn--porlascallesdecrdoba-p8b.com\/wp-content\/uploads\/2026\/08\/image-147.png\" alt=\"\" class=\"wp-image-6810\" style=\"width:372px;height:auto\" srcset=\"https:\/\/xn--porlascallesdecrdoba-p8b.com\/wp-content\/uploads\/2026\/08\/image-147.png 564w, https:\/\/xn--porlascallesdecrdoba-p8b.com\/wp-content\/uploads\/2026\/08\/image-147-300x147.png 300w\" sizes=\"auto, (max-width: 564px) 100vw, 564px\" \/><\/figure>\n<\/div>\n\n\n<p class=\"has-black-color has-text-color has-link-color wp-elements-0983b6b2c73866d65f230012d478c472 wp-block-paragraph\" style=\"font-size:20px\"><a>En la calle Cabezas est\u00e1 documentada que la mayor\u00eda de sus casas pertenec\u00edan a familias de conversos, y que muchos matrimonios se realizaban entre familias de la calle, esto ha hecho pensar a algunos historiadores que posiblemente se continuar\u00eda con ritos hebreos de forma oculta, o al menos que exist\u00eda un cierto proteccionismo entre ellas. Muchas familias de ascendencia judeoconversa utilizaron la obtenci\u00f3n de los cargos de jurado (representantes de las collaciones) para acceder a la antesala de la nobleza local. pertenec\u00edan a la nueva burgues\u00eda mercantil de finales del XV y del XVI<\/a><\/p>\n\n\n\n<p class=\"has-black-color has-text-color has-link-color wp-elements-46ea7b9514f372c4cfa22a97308a6790 wp-block-paragraph\" style=\"font-size:20px\">El notario y autor de los libros \u201cCasas Se\u00f1oriales de C\u00f3rdoba\u201d, Manuel Ramos Gil, abri\u00f3, en el a\u00f1o 2014, en el edificio <strong>n\u00famero 18,<\/strong> la \u201cCasa de las Cabezas\u201d. Hasta entonces era una casa abandonada del siglo XVI, con cuatro patios, \u00e9l la restaura para convertirla en un museo donde se recrea la vida de una familia de la alta sociedad. Tras la pandemia del COVID-19, el museo cerr\u00f3 y la casa se transformara en alojamiento tur\u00edstico. Las fotos del interior de esta casa son de la \u00e9poca en que era museo.<\/p>\n\n\n<div class=\"wp-block-image\">\n<figure class=\"aligncenter size-full is-resized\"><img decoding=\"async\" src=\"https:\/\/xn--porlascallesdecrdoba-p8b.com\/wp-content\/uploads\/2026\/08\/18-03-06_215.jpg\" alt=\"\" class=\"wp-image-6813\" style=\"aspect-ratio:1.5000146485805526;width:615px;height:auto\"\/><\/figure>\n<\/div>\n\n\n<p class=\"has-black-color has-text-color has-link-color wp-elements-0b40244018c639ec24f75bdcaf4f97e2 wp-block-paragraph\" style=\"font-size:20px\">La casa posee uno de los pocos \u201cestrados femeninos\u201d, que se conservan en Espa\u00f1a, junto a los de la Casa de Cervantes y de la Casa Lope de Vega. Aqu\u00ed se sentaban las mujeres de la casa, pues hasta el siglo XVIII en C\u00f3rdoba las mujeres se sentaban en el suelo sobre ricas alfombras de damascos y terciopelos, conservando as\u00ed la tradici\u00f3n morisca.<\/p>\n\n\n<div class=\"wp-block-image\">\n<figure class=\"aligncenter size-full\"><img loading=\"lazy\" decoding=\"async\" width=\"1066\" height=\"356\" src=\"https:\/\/xn--porlascallesdecrdoba-p8b.com\/wp-content\/uploads\/2026\/08\/image-148.png\" alt=\"\" class=\"wp-image-6816\"\/><\/figure>\n<\/div>\n\n\n<p class=\"has-black-color has-text-color has-link-color wp-elements-2550eb7a34512ebd1bf300f0d22722b4 wp-block-paragraph\" style=\"font-size:20px\">En el s\u00f3tano se encuentra una alberca romana que pudiera haber sido utilizada como un <em>Miqv\u00e9<\/em>, ba\u00f1era ritual, que sol\u00eda haber en las sinagogas medievales y que se usaba para realizar ba\u00f1os de purificaci\u00f3n, adem\u00e1s de estar bajo tierra, el \u201cMiqv\u00e9\u201d deb\u00eda cumplir varios requisitos, como disponer de un n\u00famero de escalones, una capacidad de agua precisa, la cual no puede estar estancada, proviniendo directamente de una fuente o manantial. La casa a inicios del siglo XVI, cuando fue nombrado inquisidor de la ciudad Lucero (1499), era propiedad de una familia que fue juzgada por este inquisidor acusada de practicar el juda\u00edsmo de manera oculta en su vivienda, por lo que el propietario fue sentenciado a muerte, dentro del mayor proceso de la Inquisici\u00f3n en Espa\u00f1a. Uno de los motivos por los que anteriormente se cit\u00f3 la posible connivencia de judeoconversos en la calle, es que a los pocos a\u00f1os, la casa fue vendida, pues la Inquisici\u00f3n expropiaba los bienes de los ajusticiados, siendo comprada por un sobrino del anterior propietario.<\/p>\n\n\n<div class=\"wp-block-image\">\n<figure class=\"aligncenter size-large\"><img loading=\"lazy\" decoding=\"async\" width=\"1024\" height=\"337\" src=\"https:\/\/xn--porlascallesdecrdoba-p8b.com\/wp-content\/uploads\/2026\/08\/image-149-1024x337.png\" alt=\"\" class=\"wp-image-6818\" srcset=\"https:\/\/xn--porlascallesdecrdoba-p8b.com\/wp-content\/uploads\/2026\/08\/image-149-1024x337.png 1024w, https:\/\/xn--porlascallesdecrdoba-p8b.com\/wp-content\/uploads\/2026\/08\/image-149-300x99.png 300w, https:\/\/xn--porlascallesdecrdoba-p8b.com\/wp-content\/uploads\/2026\/08\/image-149-768x252.png 768w, https:\/\/xn--porlascallesdecrdoba-p8b.com\/wp-content\/uploads\/2026\/08\/image-149.png 1068w\" sizes=\"auto, (max-width: 1024px) 100vw, 1024px\" \/><\/figure>\n<\/div>\n\n\n<p class=\"has-black-color has-text-color has-link-color wp-elements-4a5483cef50357ea31648fbcbce527ff wp-block-paragraph\" style=\"font-size:20px\"><\/p>\n\n\n<div class=\"wp-block-image\">\n<figure class=\"alignright size-full is-resized\"><img loading=\"lazy\" decoding=\"async\" width=\"269\" height=\"456\" src=\"https:\/\/xn--porlascallesdecrdoba-p8b.com\/wp-content\/uploads\/2026\/08\/image-153.png\" alt=\"\" class=\"wp-image-6833\" style=\"width:196px;height:auto\"\/><\/figure>\n<\/div>\n\n\n<p class=\"has-black-color has-text-color has-link-color wp-elements-af7994736ba3b2eef4d91828a91a40f1 wp-block-paragraph\" style=\"font-size:20px\">La presunta sinagoga fue mandada destruir por Lucero, tal y como dan fe las actas municipales de 1513, y hasta la fecha, se consideraban falsas las acusaciones vertidas por la Inquisici\u00f3n. Sin embargo, a la luz de estos descubrimientos se plantea la hip\u00f3tesis de que, quiz\u00e1s, no se trataba de simples calumnias.<\/p>\n\n\n\n<p class=\"wp-block-paragraph\" style=\"font-size:20px\">Junto a la casa se encuentra, cerrada por una reja, la calleja conocida como Arquillos, en la se se sit\u00faa la leyenda de los Infantes de Lara, de la que hablamos en otra p\u00e1gina de esta web.<\/p>\n\n\n\n<p class=\"wp-block-paragraph\"> <a href=\"https:\/\/xn--porlascallesdecrdoba-p8b.com\/?page_id=6528\">https:\/\/xn--porlascallesdecrdoba-p8b.com\/?page_id=6528<\/a><\/p>\n\n\n\n<p class=\"wp-block-paragraph\" style=\"font-size:20px\">El edificio <strong>n\u00famero 17<\/strong> fue una casa se\u00f1orial, vivienda de Salvador Mu\u00f1oz P\u00e9rez (Adamuz 1876 \u2013 C\u00f3rdoba 1947), abogado y pol\u00edtico, ostent\u00f3 la alcald\u00eda de C\u00f3rdoba en varias ocasiones (1912-1913; 1916-1917; 19\/7\/1939-25\/9\/1936), fue miembro del Partido Liberal, su programa municipal tuvo como uno de sus ejes fundamentales la defensa de la zona art\u00edstica de la ciudad. Desempe\u00f1\u00f3 los cargos de Gobernador Civil de Valencia y de Castell\u00f3n. Como Gobernador Civil de Valencia sufri\u00f3 un atentado de facciones sindicales radicales del que sali\u00f3 ileso.<\/p>\n\n\n<div class=\"wp-block-image\">\n<figure class=\"aligncenter size-full\"><img loading=\"lazy\" decoding=\"async\" width=\"578\" height=\"428\" src=\"https:\/\/xn--porlascallesdecrdoba-p8b.com\/wp-content\/uploads\/2026\/08\/image-150.png\" alt=\"\" class=\"wp-image-6819\" srcset=\"https:\/\/xn--porlascallesdecrdoba-p8b.com\/wp-content\/uploads\/2026\/08\/image-150.png 578w, https:\/\/xn--porlascallesdecrdoba-p8b.com\/wp-content\/uploads\/2026\/08\/image-150-300x222.png 300w\" sizes=\"auto, (max-width: 578px) 100vw, 578px\" \/><\/figure>\n<\/div>\n\n\n<p class=\"wp-block-paragraph\" style=\"font-size:20px\">Esta casa se ha sometido a una fuerte restauraci\u00f3n para albergar en ella el hotel \u201cMadinat\u201d, de cuatro estrellas. El zagu\u00e1n posee un suelo tapizado de teselas que conforman coloridos juegos geom\u00e9tricos, obra de finales del XIX, la reja est\u00e1 fechada en 1863, custodiada por dos columnas de m\u00e1rmol, que nos deja ver la primera estancia de una casa-patio de estilo se\u00f1orial, cuya estructura y muros se remontan al siglo XVIII. Fue reformada a finales del XIX y principios del XX, en un estilo modernista. La escalera, con baranda flanqueada por dos efigies gemelas en el techo se encuentran cuatro cari\u00e1tides, representantes de la rica yeser\u00eda ornamental.<\/p>\n\n\n<div class=\"wp-block-image\">\n<figure class=\"alignright size-large is-resized\"><img loading=\"lazy\" decoding=\"async\" width=\"1024\" height=\"683\" src=\"https:\/\/xn--porlascallesdecrdoba-p8b.com\/wp-content\/uploads\/2026\/08\/181217-cn-162-1-1024x683.jpg\" alt=\"\" class=\"wp-image-6821\" style=\"aspect-ratio:1.5000298953662183;width:379px;height:auto\" srcset=\"https:\/\/xn--porlascallesdecrdoba-p8b.com\/wp-content\/uploads\/2026\/08\/181217-cn-162-1-1024x683.jpg 1024w, https:\/\/xn--porlascallesdecrdoba-p8b.com\/wp-content\/uploads\/2026\/08\/181217-cn-162-1-300x200.jpg 300w, https:\/\/xn--porlascallesdecrdoba-p8b.com\/wp-content\/uploads\/2026\/08\/181217-cn-162-1-768x512.jpg 768w, https:\/\/xn--porlascallesdecrdoba-p8b.com\/wp-content\/uploads\/2026\/08\/181217-cn-162-1-1536x1024.jpg 1536w, https:\/\/xn--porlascallesdecrdoba-p8b.com\/wp-content\/uploads\/2026\/08\/181217-cn-162-1-2048x1365.jpg 2048w, https:\/\/xn--porlascallesdecrdoba-p8b.com\/wp-content\/uploads\/2026\/08\/181217-cn-162-1-400x267.jpg 400w\" sizes=\"auto, (max-width: 1024px) 100vw, 1024px\" \/><\/figure>\n<\/div>\n\n\n<p class=\"wp-block-paragraph\" style=\"font-size:20px\">Todo el hotel est\u00e1 decorado con materiales antiguos pertenecientes a la casa, Se pueden apreciar restos arqueol\u00f3gicos por todo el hotel, como un pozo ar\u00e1bigo-andalus\u00ed de forma el\u00edptica, situado en el extremo del patio, as\u00ed como columnas, suelos y enseres propios de una casa t\u00edpica andaluza.&nbsp;<\/p>\n\n\n\n<p class=\"wp-block-paragraph\" style=\"font-size:20px\">En esta casa tuvo su inicio la emisora decana de C\u00f3rdoba \u201cRadio C\u00f3rdoba\u201d, actualmente perteneciente a la cadena Ser, cuando en 1929 Rafael Mu\u00f1oz Navas, abogado cordob\u00e9s y radioaficionado, comienza a realizar pruebas de emisi\u00f3n desde su casa, en el n\u00famero 17 de la calle \u201cCabezas\u201d, donde hoy se encuentra el hotel \u201cMadinat\u201d, con una radio Pull-Man-Six. \u00c9l nos relata el inicio:<\/p>\n\n\n\n<p class=\"wp-block-paragraph\" style=\"font-size:20px\">\u201c<em>Era el a\u00f1o 1929 y en casa ten\u00edamos un receptor de radio que en aquella \u00e9poca era la \u00faltima palabra. Era un&nbsp;Pullman six. Casualmente, vi en una revista que la l\u00e1mpara Bigrill pod\u00eda servir para modular la oscilaci\u00f3n. Entonces, ese circuito de entrada del receptor se convert\u00eda en una microemisora. Hice las pruebas y los arreglos y, efectivamente, en otro aparato, en la habitaci\u00f3n de al lado, se o\u00eda. Conect\u00e9 una bobina a la bobina osciladora del receptor y la enchuf\u00e9 a la antena exterior que ten\u00edamos en casa. Llam\u00e9 por tel\u00e9fono a un amigo y le dije: Oye, pon la radio en la sinton\u00eda de Sevilla, porque entonces Sevilla terminaba la emisi\u00f3n de sobremesa a las tres y media. La puso y le dije:\u00bfOyes un disco que estoy poniendo?. Me respondi\u00f3: Te oigo perfectamente.&nbsp;Entonces la emoci\u00f3n fue inenarrable<\/em>\u201d.<\/p>\n\n\n<div class=\"wp-block-image\">\n<figure class=\"alignright size-large is-resized\"><img loading=\"lazy\" decoding=\"async\" width=\"1024\" height=\"540\" src=\"https:\/\/xn--porlascallesdecrdoba-p8b.com\/wp-content\/uploads\/2026\/08\/image-151-1024x540.png\" alt=\"\" class=\"wp-image-6825\" style=\"aspect-ratio:1.8963221652297282;width:469px;height:auto\" srcset=\"https:\/\/xn--porlascallesdecrdoba-p8b.com\/wp-content\/uploads\/2026\/08\/image-151-1024x540.png 1024w, https:\/\/xn--porlascallesdecrdoba-p8b.com\/wp-content\/uploads\/2026\/08\/image-151-300x158.png 300w, https:\/\/xn--porlascallesdecrdoba-p8b.com\/wp-content\/uploads\/2026\/08\/image-151-768x405.png 768w, https:\/\/xn--porlascallesdecrdoba-p8b.com\/wp-content\/uploads\/2026\/08\/image-151.png 1059w\" sizes=\"auto, (max-width: 1024px) 100vw, 1024px\" \/><figcaption class=\"wp-element-caption\">Estudio de EAJ 24 Radio C\u00f3rdoba, en Alfonso XIII<\/figcaption><\/figure>\n<\/div>\n\n\n<p class=\"wp-block-paragraph\" style=\"font-size:20px\">Junto a un amigo, Jos\u00e9 Posadillo, montaron una peque\u00f1a emisora y bajo el indicativo de radioaficionado EAR\u2013213 emit\u00edan m\u00fasica y conciertos de la banda municipal de C\u00f3rdoba. Un decreto de 1932 dar\u00eda luz verde a la emisora que nacer\u00eda oficialmente el 14 de enero de 1933, con un acto p\u00fablico en el Conservatorio de M\u00fasica. La emisora se instal\u00f3 en la calle Alfonso XIII, n\u00ba 12, pasando al poco tiempo al edificio del \u201cantiguo Gobierno Civil\u201d, en la misma calle. Al mismo tiempo publicaban una revista llamada \u201cMicr\u00f3fono\u201d, \u00f3rgano oficial de este nuevo Radio Club de C\u00f3rdoba. Para financiar la revista comenzaron a buscar empresas dispuestas a anunciarse y as\u00ed es como iniciaron su relaci\u00f3n con Federico Algarra Ram\u00edrez, subdirector de una compa\u00f1\u00eda de seguros y representante de \u201cCervezas El \u00c1guila\u201d, quien se uni\u00f3 a ellos aportando el capital para la instalaci\u00f3n de una nueva emisora. Consigui\u00f3 la licencia de emisi\u00f3n para \u201cEAJ-24 Radio C\u00f3rdoba\u201d en diciembre de 1932.<\/p>\n\n\n<div class=\"wp-block-image\">\n<figure class=\"alignleft size-full is-resized\"><img loading=\"lazy\" decoding=\"async\" width=\"344\" height=\"519\" src=\"https:\/\/xn--porlascallesdecrdoba-p8b.com\/wp-content\/uploads\/2026\/08\/image-152.png\" alt=\"\" class=\"wp-image-6829\" style=\"aspect-ratio:0.6628350310134866;width:261px;height:auto\"\/><\/figure>\n<\/div>\n\n\n<p class=\"wp-block-paragraph\" style=\"font-size:20px\">En 1987 se trasladan a la sede actual en la calle&nbsp;\u201cGarc\u00eda Lovera\u201d, en la d\u00e9cada de los 90, los propietarios, la familia Algarra, vendieron la emisora al grupo PRISA, pasando a formar parte de la \u201cCadena Ser\u201d. Las emisiones se hac\u00edan en el 1575 de onda media (OM), hasta junio de 2022, ochenta y nueve a\u00f1os despu\u00e9s, que pasan a hacerse en frecuencia modulada (FM). Radio C\u00f3rdoba es el medio de comunicaci\u00f3n que conserva el nombre m\u00e1s antiguo de C\u00f3rdoba.<\/p>\n\n\n\n<p class=\"wp-block-paragraph\" style=\"font-size:20px\">La casa<strong> n\u00famero 16<\/strong> fue propiedad de don Carlos Ram\u00edrez de Arellano (1814-1874), abogado y escritor, fue acad\u00e9mico de la Real Academia de Historia y de las Buenas Letras de Sevilla, as\u00ed como de la Real Academia de C\u00f3rdoba, de la que fue director hasta su fallecimiento. Ocupo la alcald\u00eda de C\u00f3rdoba en dos ocasiones, 1841 a 1858 y 1861 a 1862. Era hermano de Teodomiro Ram\u00edrez de Arellano, autor del libro \u201cPaseos por C\u00f3rdoba\u201d y de Feliciano, marqu\u00e9s de la Fuensanta del Valle, propietario del palacio que actualmente es el Conservatorio Superior de M\u00fasica.<\/p>\n\n\n\n<figure class=\"wp-block-gallery has-nested-images columns-default is-cropped wp-block-gallery-1 is-layout-flex wp-block-gallery-is-layout-flex\">\n<figure class=\"wp-block-image size-large\"><a href=\"https:\/\/xn--porlascallesdecrdoba-p8b.com\/?page_id=6522\"><img loading=\"lazy\" decoding=\"async\" width=\"218\" height=\"72\" data-id=\"6503\" src=\"https:\/\/xn--porlascallesdecrdoba-p8b.com\/wp-content\/uploads\/2026\/08\/Captura-de-pantalla-2026-08-14-215034.png\" alt=\"\" class=\"wp-image-6503\"\/><\/a><\/figure>\n\n\n\n<figure class=\"wp-block-image size-full\"><a href=\"https:\/\/xn--porlascallesdecrdoba-p8b.com\/?page_id=5727\"><img loading=\"lazy\" decoding=\"async\" width=\"211\" height=\"63\" data-id=\"6505\" src=\"https:\/\/xn--porlascallesdecrdoba-p8b.com\/wp-content\/uploads\/2026\/08\/Captura-de-pantalla-2026-08-14-215040.png\" alt=\"\" class=\"wp-image-6505\"\/><\/a><\/figure>\n\n\n\n<figure class=\"wp-block-image size-large\"><a href=\"https:\/\/xn--porlascallesdecrdoba-p8b.com\/?page_id=6526\"><img loading=\"lazy\" decoding=\"async\" width=\"214\" height=\"64\" data-id=\"6504\" src=\"https:\/\/xn--porlascallesdecrdoba-p8b.com\/wp-content\/uploads\/2026\/08\/Captura-de-pantalla-2026-08-14-215047.png\" alt=\"\" class=\"wp-image-6504\"\/><\/a><\/figure>\n<\/figure>\n\n\n\n<p class=\"wp-block-paragraph\"><\/p>\n\n\n\n<p class=\"wp-block-paragraph\" style=\"font-size:20px\"><\/p>\n\n\n\n<p class=\"wp-block-paragraph\"><\/p>\n","protected":false},"excerpt":{"rendered":"<p>Pincha para localizar la calle en Google Earth A la calle Cabezas entraremos por la de Rey Heredia, donde confluyen cuatro calles, tomamos la de la izquierda, las otras ya <a class=\"more-link\" href=\"https:\/\/xn--porlascallesdecrdoba-p8b.com\/?page_id=6524\">Seguir leyendo &rarr;<\/a><\/p>\n","protected":false},"author":1,"featured_media":0,"parent":0,"menu_order":0,"comment_status":"closed","ping_status":"closed","template":"","meta":{"footnotes":""},"class_list":["post-6524","page","type-page","status-publish","hentry"],"_links":{"self":[{"href":"https:\/\/xn--porlascallesdecrdoba-p8b.com\/index.php?rest_route=\/wp\/v2\/pages\/6524","targetHints":{"allow":["GET"]}}],"collection":[{"href":"https:\/\/xn--porlascallesdecrdoba-p8b.com\/index.php?rest_route=\/wp\/v2\/pages"}],"about":[{"href":"https:\/\/xn--porlascallesdecrdoba-p8b.com\/index.php?rest_route=\/wp\/v2\/types\/page"}],"author":[{"embeddable":true,"href":"https:\/\/xn--porlascallesdecrdoba-p8b.com\/index.php?rest_route=\/wp\/v2\/users\/1"}],"replies":[{"embeddable":true,"href":"https:\/\/xn--porlascallesdecrdoba-p8b.com\/index.php?rest_route=%2Fwp%2Fv2%2Fcomments&post=6524"}],"version-history":[{"count":31,"href":"https:\/\/xn--porlascallesdecrdoba-p8b.com\/index.php?rest_route=\/wp\/v2\/pages\/6524\/revisions"}],"predecessor-version":[{"id":8052,"href":"https:\/\/xn--porlascallesdecrdoba-p8b.com\/index.php?rest_route=\/wp\/v2\/pages\/6524\/revisions\/8052"}],"wp:attachment":[{"href":"https:\/\/xn--porlascallesdecrdoba-p8b.com\/index.php?rest_route=%2Fwp%2Fv2%2Fmedia&parent=6524"}],"curies":[{"name":"wp","href":"https:\/\/api.w.org\/{rel}","templated":true}]}}