{"id":6526,"date":"2026-08-14T20:17:58","date_gmt":"2026-08-14T20:17:58","guid":{"rendered":"https:\/\/xn--porlascallesdecrdoba-p8b.com\/?page_id=6526"},"modified":"2026-08-28T17:25:55","modified_gmt":"2026-08-28T17:25:55","slug":"palacio-de-los-paez","status":"publish","type":"page","link":"https:\/\/xn--porlascallesdecrdoba-p8b.com\/?page_id=6526","title":{"rendered":"Calle Cabezas III, tres edificios con historia."},"content":{"rendered":"<div class=\"wp-block-image\">\n<figure class=\"alignright size-large is-resized\"><img loading=\"lazy\" decoding=\"async\" width=\"634\" height=\"1024\" src=\"https:\/\/xn--porlascallesdecrdoba-p8b.com\/wp-content\/uploads\/2026\/08\/21-06-20210619_090747-634x1024.jpg\" alt=\"\" class=\"wp-image-7031\" style=\"aspect-ratio:0.6194347657762292;width:325px;height:auto\" srcset=\"https:\/\/xn--porlascallesdecrdoba-p8b.com\/wp-content\/uploads\/2026\/08\/21-06-20210619_090747-634x1024.jpg 634w, https:\/\/xn--porlascallesdecrdoba-p8b.com\/wp-content\/uploads\/2026\/08\/21-06-20210619_090747-186x300.jpg 186w, https:\/\/xn--porlascallesdecrdoba-p8b.com\/wp-content\/uploads\/2026\/08\/21-06-20210619_090747-768x1240.jpg 768w, https:\/\/xn--porlascallesdecrdoba-p8b.com\/wp-content\/uploads\/2026\/08\/21-06-20210619_090747-951x1536.jpg 951w, https:\/\/xn--porlascallesdecrdoba-p8b.com\/wp-content\/uploads\/2026\/08\/21-06-20210619_090747-1269x2048.jpg 1269w, https:\/\/xn--porlascallesdecrdoba-p8b.com\/wp-content\/uploads\/2026\/08\/21-06-20210619_090747-scaled.jpg 1586w\" sizes=\"auto, (max-width: 634px) 100vw, 634px\" \/><\/figure>\n<\/div>\n\n\n<p class=\"wp-block-paragraph\" style=\"font-size:20px\">Llegamos a un ensanche de la plaza en donde se levanta impresionante un torre\u00f3n g\u00f3tico que pertenece a la casa que fuera de los <strong>Marqueses del Carpio<\/strong>, hoy de los Herruzo. Esta era anta\u00f1o la entrada a la casa-palacio, actualmente la entrada principal se hace por la calle \u201cSan Fernando\u201d, m\u00e1s conocida como \u201ccalle de la Feria\u201d.<\/p>\n\n\n\n<p class=\"wp-block-paragraph\" style=\"font-size:20px\">El lugar que actualmente ocupa la casa-palacio de los Marqueses del Carpio debi\u00f3 ser parte del repartimiento que, tras la toma de la ciudad en 1236, el rey Fernando III hizo a los caballeros que le acompa\u00f1aron, seguramente el beneficiario de este lugar ser\u00eda a la vez encargado de la defensa de esta parte de la muralla de la Villa, y de la cercana \u201cPuerta de Pescader\u00eda\u00bb.<\/p>\n\n\n\n<p class=\"wp-block-paragraph\" style=\"font-size:20px\">La familia que recibir\u00eda esta propiedad ser\u00eda M\u00e9ndez de Sotomayor. Garc\u00ed M\u00e9ndez de Sotomayor, casar\u00eda con Juana S\u00e1nchez de J\u00f3dar, se\u00f1ora del castillo del Carpio y en 1325 funda el se\u00f1or\u00edo, por lo que ser\u00eda el I se\u00f1or del Carpio. La s\u00e9ptima se\u00f1ora fue Beatriz de Sotomayor (1486-1528) quien cas\u00f3 con Diego L\u00f3pez de Haro, se\u00f1or de Sorbas y Lubr\u00edn, pasando el se\u00f1or\u00edo al apellido Haro en su hijo Luis M\u00e9ndez de Haro. Hijo de este ser\u00eda Diego L\u00f3pez de Haro y Sotomayor (1515-1578), que no se debe confundir con su primo, y nieto tambi\u00e9n de do\u00f1a Beatriz, Diego L\u00f3pez de Haro y Guzm\u00e1n, a quien Felipe II nombr\u00f3 Caballerizo Mayor del Reino.<\/p>\n\n\n<div class=\"wp-block-image\">\n<figure class=\"alignleft size-full\"><img loading=\"lazy\" decoding=\"async\" width=\"226\" height=\"288\" src=\"https:\/\/xn--porlascallesdecrdoba-p8b.com\/wp-content\/uploads\/2026\/08\/image-178.png\" alt=\"\" class=\"wp-image-7030\"\/><figcaption class=\"wp-element-caption\">Escudo de Diego L\u00f3pez de Haro y Sotomayor, I marqu\u00e9s del Carpio<\/figcaption><\/figure>\n<\/div>\n\n\n<p class=\"wp-block-paragraph\" style=\"font-size:20px\">La transformaci\u00f3n de se\u00f1or\u00edo a marquesado la realiza Felipe II en 1559, en la persona de Diego L\u00f3pez de Haro y Sotomayor, a la vez que le otorgaba el h\u00e1bito de Santiago. El rey Felipe IV en el a\u00f1o 1640 concede a esta casa la \u201cGrandeza de Espa\u00f1a\u201d.<\/p>\n\n\n\n<p class=\"wp-block-paragraph\" style=\"font-size:20px\">El VI marqu\u00e9s, Luis M\u00e9ndez de Haro y Guzm\u00e1n (1603-1661), naci\u00f3 en Valladolid, en donde se encontraba la corte de Espa\u00f1a, cri\u00e1ndose junto al futuro rey Felipe IV, su madre era hermana del valido I conde-duque de Olivares. Por entonces su familia era una de las m\u00e1s poderosas de Andaluc\u00eda.<\/p>\n\n\n\n<p class=\"wp-block-paragraph\" style=\"font-size:20px\">Tras la expulsi\u00f3n de su t\u00edo, el conde duque, en 1643, el rey Fernando IV lo nombrar\u00eda valido gracias a su capacidad de evitar enfrentamientos entre los grupos palaciegos rivales en un momento en el que la Monarqu\u00eda pasaba graves apuros, pues estaba inmersa en guerras en Flandes e Italia y rebeliones en Catalu\u00f1a, Portugal, Sicilia y N\u00e1poles. Al morir su padre en 1648 hered\u00f3 el t\u00edtulo de marqu\u00e9s del Carpio y con \u00e9l un enorme conjunto de propiedades.\u200b En su \u00e9poca hizo de las posesiones familiares en C\u00f3rdoba el mayor se\u00f1or\u00edo de este reino.<\/p>\n\n\n\n<figure class=\"wp-block-image size-full\"><img loading=\"lazy\" decoding=\"async\" width=\"897\" height=\"420\" src=\"https:\/\/xn--porlascallesdecrdoba-p8b.com\/wp-content\/uploads\/2026\/08\/Captura-de-pantalla-2026-08-21-181552.png\" alt=\"\" class=\"wp-image-7033\" srcset=\"https:\/\/xn--porlascallesdecrdoba-p8b.com\/wp-content\/uploads\/2026\/08\/Captura-de-pantalla-2026-08-21-181552.png 897w, https:\/\/xn--porlascallesdecrdoba-p8b.com\/wp-content\/uploads\/2026\/08\/Captura-de-pantalla-2026-08-21-181552-300x140.png 300w, https:\/\/xn--porlascallesdecrdoba-p8b.com\/wp-content\/uploads\/2026\/08\/Captura-de-pantalla-2026-08-21-181552-768x360.png 768w\" sizes=\"auto, (max-width: 897px) 100vw, 897px\" \/><figcaption class=\"wp-element-caption\">Extensi\u00f3n aproximada del edificio (foto de Google Earth)<\/figcaption><\/figure>\n\n\n<div class=\"wp-block-image\">\n<figure class=\"alignright size-full is-resized\"><img decoding=\"async\" src=\"https:\/\/xn--porlascallesdecrdoba-p8b.com\/wp-content\/uploads\/2026\/08\/181217-cn-185.jpg\" alt=\"\" class=\"wp-image-7036\" style=\"width:341px;height:auto\"\/><\/figure>\n<\/div>\n\n\n<p class=\"wp-block-paragraph\" style=\"font-size:20px\">Entre las prebendas que el rey concede a su valido est\u00e1 la <em>Torre de la Calahorra<\/em> y que su casa de C\u00f3rdoba tuviese 12 alabarderos (soldado del cuerpo especial de infanter\u00eda que da guardia de honor a los reyes de Espa\u00f1a y cuya arma distintiva es la alabarda), as\u00ed como que su persona pod\u00eda entrar con armas en el Ayuntamiento donde fuera Veinticuatro (cargo dentro del cabildo municipal, 24 en total, lo ostentaban miembros de la nobleza), y sus tenientes con espada. Con el matrimonio de Catalina M\u00e9ndez de Haro y Guzm\u00e1n (1672-1733), VIII\u00a0marquesa del Carpio, con Fernando \u00c1lvarez de Toledo y Silva, X duque de Alba, el marquesado y el ducado se unir\u00e1n.<\/p>\n\n\n\n<p class=\"wp-block-paragraph\" style=\"font-size:20px\">Centr\u00e1ndonos ya en el edificio, la impresionante torre es obra posiblemente del siglo XV, con grandes sillares colocados a \u201csoga y tiz\u00f3n\u201d. La portada es de dintel de dovelas y sobre ella se abre un balc\u00f3n con delgadas columnas, t\u00edpicas de la arquitectura g\u00f3tica. A ambos lados se abren ventanas de estilo g\u00f3tico flam\u00edgero, al igual que el balc\u00f3n de la planta tercera. La \u00faltima planta es obra de mediados del siglo XVI y en ella se abren ocho ventanas.<\/p>\n\n\n\n<p class=\"wp-block-paragraph\" style=\"font-size:20px\">Actualmente la entrada principal se encuentra en la calle \u201cde la Feria\u201d, en donde tras una gran reja podemos ver un lienzo de muralla, reconstruida, con un gran arco, obra de los a\u00f1os treinta del siglo XX, junto a \u00e9l se encuentra otro torre\u00f3n g\u00f3tico, m\u00e1s peque\u00f1o, cuya funci\u00f3n ser\u00eda la protecci\u00f3n de esta zona de la muralla, esta torre fue descubierta, durante la restauraci\u00f3n que hizo la familia Herruzo, tras derribar casas que hab\u00eda adosadas a la muralla.<\/p>\n\n\n<div class=\"wp-block-image\">\n<figure class=\"aligncenter size-large is-resized\"><img loading=\"lazy\" decoding=\"async\" width=\"1024\" height=\"768\" src=\"https:\/\/xn--porlascallesdecrdoba-p8b.com\/wp-content\/uploads\/2026\/08\/1201-c-15-1024x768.jpg\" alt=\"\" class=\"wp-image-7038\" style=\"width:549px;height:auto\" srcset=\"https:\/\/xn--porlascallesdecrdoba-p8b.com\/wp-content\/uploads\/2026\/08\/1201-c-15-1024x768.jpg 1024w, https:\/\/xn--porlascallesdecrdoba-p8b.com\/wp-content\/uploads\/2026\/08\/1201-c-15-300x225.jpg 300w, https:\/\/xn--porlascallesdecrdoba-p8b.com\/wp-content\/uploads\/2026\/08\/1201-c-15-768x576.jpg 768w, https:\/\/xn--porlascallesdecrdoba-p8b.com\/wp-content\/uploads\/2026\/08\/1201-c-15-1536x1152.jpg 1536w, https:\/\/xn--porlascallesdecrdoba-p8b.com\/wp-content\/uploads\/2026\/08\/1201-c-15.jpg 2048w\" sizes=\"auto, (max-width: 1024px) 100vw, 1024px\" \/><figcaption class=\"wp-element-caption\">Casa del Marqu\u00e9s del Carpio por la calle San Fernando<\/figcaption><\/figure>\n<\/div>\n\n\n<p class=\"wp-block-paragraph\" style=\"font-size:20px\">La casa tiene tambi\u00e9n otros dos accesos en las callejas sin salida de \u201cHorno de Guiral\u201d y \u201cConejera\u201d, \u00e9sta en \u201cCaldereros\u201d, que pertenec\u00edan a casas que fueron a\u00f1adidas a la propiedad.<\/p>\n\n\n\n<p class=\"wp-block-paragraph\" style=\"font-size:20px\">Tras el abandono de la casa en el siglo XIX, \u00e9sta se transform\u00f3 en casa de vecinos, tiempo durante la que sufri\u00f3 muchos da\u00f1os y a\u00f1adidos. En los a\u00f1os treinta del siglo XX es adquirida por el matrimonio Antonio Herruzo y Pilar de Sotomayor, la cual era descendiente de los M\u00e9ndez de Sotomayor, se\u00f1ores del Carpio. Este matrimonio llev\u00f3 a cabo una gran rehabilitaci\u00f3n de la casa, para lo que cont\u00f3 con buenos artesanos de la piedra y ebanistas, que realizaron un gran trabajo en la reconstrucci\u00f3n de los artesonados. Para las restauraciones se acudi\u00f3 a material de acarreo contando con buenas unidades de capiteles y fustes de diversas \u00e9pocas procedentes de edificios en ruinas, as\u00ed como varios alfarjes (techos con maderas labradas y entrelazadas art\u00edsticamente), que fueron instalados aqu\u00ed.<\/p>\n\n\n<div class=\"wp-block-image\">\n<figure class=\"alignright size-full\"><img loading=\"lazy\" decoding=\"async\" width=\"336\" height=\"402\" src=\"https:\/\/xn--porlascallesdecrdoba-p8b.com\/wp-content\/uploads\/2026\/08\/image-180.png\" alt=\"\" class=\"wp-image-7047\" srcset=\"https:\/\/xn--porlascallesdecrdoba-p8b.com\/wp-content\/uploads\/2026\/08\/image-180.png 336w, https:\/\/xn--porlascallesdecrdoba-p8b.com\/wp-content\/uploads\/2026\/08\/image-180-251x300.png 251w\" sizes=\"auto, (max-width: 336px) 100vw, 336px\" \/><figcaption class=\"wp-element-caption\">Fotograf\u00eda del libro \u00abCasas Se\u00f1oriales de C\u00f3rdoba\u00bb<\/figcaption><\/figure>\n<\/div>\n\n\n<p class=\"wp-block-paragraph\" style=\"font-size:20px\"><\/p>\n\n\n\n<p class=\"wp-block-paragraph\" style=\"font-size:20px\">A trav\u00e9s de la portada del torre\u00f3n de la calle \u201cCabezas\u201d, al igual que la de la calle de la Feria, se accede al <em>Patio de Entrada<\/em>, algunos autores dicen que ser\u00eda el patio de armas de la casa-palacio, a este gran patio dan los dos torreones, en sus paredes este y oeste. En la pared del gran torre\u00f3n, en la planta segunda se abren dos balcones con amplios arcos ojivales, y en la tercera otras dos ventanas con ajimez (ventana arqueada dividida en el centro por una columna), la cuarta planta mantiene las ocho ventanas.<\/p>\n\n\n\n<p class=\"wp-block-paragraph\" style=\"font-size:20px\">En el lateral sur se encuentra una arquer\u00eda de estilo mud\u00e9jar con arcos de medio punto y ladrillo visto, descansan sobre pilares de planta octogonal rematados en capiteles g\u00f3ticos de piedra arenisca; el corredor del piso superior se cierra mediante arcos rebajados protegidos por cierres de cristal emplomado. Tras las arcadas se encuentra un bello espacio g\u00f3tico cubierto con buenos alfarjes; desde aqu\u00ed pasaremos a las zonas principales de la casa a trav\u00e9s de una portada neomud\u00e9jar con forma de arco.<\/p>\n\n\n<div class=\"wp-block-image\">\n<figure class=\"alignleft size-full is-resized\"><img loading=\"lazy\" decoding=\"async\" width=\"818\" height=\"616\" src=\"https:\/\/xn--porlascallesdecrdoba-p8b.com\/wp-content\/uploads\/2026\/08\/image-181.png\" alt=\"\" class=\"wp-image-7050\" style=\"aspect-ratio:1.3279385828405437;width:376px;height:auto\" srcset=\"https:\/\/xn--porlascallesdecrdoba-p8b.com\/wp-content\/uploads\/2026\/08\/image-181.png 818w, https:\/\/xn--porlascallesdecrdoba-p8b.com\/wp-content\/uploads\/2026\/08\/image-181-300x226.png 300w, https:\/\/xn--porlascallesdecrdoba-p8b.com\/wp-content\/uploads\/2026\/08\/image-181-768x578.png 768w\" sizes=\"auto, (max-width: 818px) 100vw, 818px\" \/><figcaption class=\"wp-element-caption\"><br>Patio de las Cuernas, fotograf\u00eda del libro \u00abCasas Se\u00f1oriales de C\u00f3rdoba\u00bb<\/figcaption><\/figure>\n<\/div>\n\n\n<p class=\"wp-block-paragraph\" style=\"font-size:20px\">Llegamos al \u201c<em>Patio de los Pomelos<\/em>\u201d, por los \u00e1rboles all\u00ed plantados. En \u00e9l se encuentra una arquer\u00eda, conocida como \u201c<em>Galer\u00eda de las Cuernas<\/em>\u201d, pues en su pared cuelgan gran cantidad de estos trofeos de caza. El p\u00f3rtico es de cuatro arcos de ladrillo visto, que descansan sobre columnas de acarreo, como son tambi\u00e9n las basas y capiteles, de origen romano y omeya. El aljarfe de la galer\u00eda sustituye la madera por ladrillo vidriado. Una portada en arco de medio punto, nos da acceso a una sala mud\u00e9jar, a ambos lados de la portada abren dos ventanas con ajimeces y arcos pentalobulados que descansan sobre una fina columna con capitel de la \u00e9poca de Hixen II.<\/p>\n\n\n\n<p class=\"wp-block-paragraph\" style=\"font-size:20px\">De este patio pasamos al <em>Patio del Pilar<\/em>, nombre que toma de una imagen de esta Virgen, aqu\u00ed se ubica uno de los pozos que abastec\u00edan de agua a la casa.<\/p>\n\n\n<div class=\"wp-block-image\">\n<figure class=\"alignright size-full is-resized\"><img loading=\"lazy\" decoding=\"async\" width=\"615\" height=\"402\" src=\"https:\/\/xn--porlascallesdecrdoba-p8b.com\/wp-content\/uploads\/2026\/08\/image-182.png\" alt=\"\" class=\"wp-image-7054\" style=\"width:377px;height:auto\"\/><\/figure>\n<\/div>\n\n\n<p class=\"wp-block-paragraph\" style=\"font-size:20px\">El siguiente patio es el <em>Principal<\/em> de la casa, el m\u00e1s extenso, linda con la muralla romana y pudo ser el huerto en el medievo. Este patio-jard\u00edn se articula en zonas, una de ellas presidida por una estatua de Zeus, en otro encontramos una fuente de m\u00e1rmol negro flanqueada por unos bancos de piedra que utilizan como apoyo antiguas basas de columnas. Un tercer espacio est\u00e1 m\u00e1s reservado, abierto con un arco de enredadera, tiene una escultura de la diosa Venus en el interior. El patio se va transformando en un jard\u00edn con sabor andalus\u00ed y una amplia alberca-piscina junto a la que se encuentra un edificio de estilo morisco, con blancas paredes, en donde la planta baja posee p\u00f3rtico de tres arcos enmarcados en alfiz y la planta segunda, una ventana con arco ojival tapada con una celos\u00eda de madera. Aqu\u00ed encontramos tambi\u00e9n un blanco torre\u00f3n. Desde este patio podemos acceder a la bodega, donde se conservan restos de una<em> domus<\/em> romana en la que todav\u00eda se aprecia el <em>impluvium<\/em> y el <em>triclinium<\/em>, espacios decorados con mosaicos con adornos geom\u00e9tricos y figurativos.<\/p>\n\n\n\n<p class=\"wp-block-paragraph\" style=\"font-size:20px\">La casa a\u00fan dispone otros dos patios, el Patio de los Gitanos, con unas arquer\u00edas de ladrillo visto en la planta baja, y en el piso superior un p\u00f3rtico de pies derechos (madero dispuesto en vertical, solo o en compa\u00f1\u00eda de otros, para sostener algo, entre su extremo superior y el miembro sustentado suele interponerse una zapata, tambi\u00e9n de madera).<\/p>\n\n\n<div class=\"wp-block-image\">\n<figure class=\"aligncenter size-full is-resized\"><img loading=\"lazy\" decoding=\"async\" width=\"744\" height=\"475\" src=\"https:\/\/xn--porlascallesdecrdoba-p8b.com\/wp-content\/uploads\/2026\/08\/image-183.png\" alt=\"\" class=\"wp-image-7056\" style=\"width:663px;height:auto\" srcset=\"https:\/\/xn--porlascallesdecrdoba-p8b.com\/wp-content\/uploads\/2026\/08\/image-183.png 744w, https:\/\/xn--porlascallesdecrdoba-p8b.com\/wp-content\/uploads\/2026\/08\/image-183-300x192.png 300w\" sizes=\"auto, (max-width: 744px) 100vw, 744px\" \/><\/figure>\n<\/div>\n\n\n<p class=\"wp-block-paragraph\" style=\"font-size:20px\">El Patio de la Morera, desde el que se accede al comedor de verano; recibe su nombre por la enorme morera que crece en un alcorque. En su centro, este patio luce una fuente de estilo mud\u00e9jar. Lo m\u00e1s caracter\u00edstico de este espacio son los dos grandes arcos de herradura apuntados, como las alcazabas, obra de la restauraci\u00f3n del XX.<\/p>\n\n\n<div class=\"wp-block-image\">\n<figure class=\"aligncenter size-full is-resized\"><img decoding=\"async\" src=\"https:\/\/xn--porlascallesdecrdoba-p8b.com\/wp-content\/uploads\/2026\/08\/181217-cn-192.jpg\" alt=\"\" class=\"wp-image-7059\" style=\"aspect-ratio:1.5000146485805526;width:582px;height:auto\"\/><figcaption class=\"wp-element-caption\">Cabezas 3, \u00abCasa de G\u00f3ngora\u00bb<\/figcaption><\/figure>\n<\/div>\n\n\n<p class=\"wp-block-paragraph\" style=\"font-size:20px\">Continuando por \u201cCabezas\u201d, el n\u00famero 3, conocida como <strong>\u201cCasa de G\u00f3ngora\u201d<\/strong>, es un edificio barroco del siglo XVII o XVIII, propiedad municipal, en donde desde el a\u00f1o 2007 se encuentra el Centro de Estudios Gongorinos, y es la sede de la C\u00e1tedra \u201c<em>Luis de G\u00f3ngora<\/em>\u201d, creada en el 2014 por la Universidad de C\u00f3rdoba, con el fin de estudiar y difundir la obra de G\u00f3ngora, tanto en el \u00e1mbito universitario como fuera de \u00e9l. Hay que precisar que el poeta nunca tuvo relaci\u00f3n alguna con esta casa.<\/p>\n\n\n\n<p class=\"wp-block-paragraph\" style=\"font-size:20px\">Las primeras noticias que se tienen de este edificio corresponden al Catastro del Marqu\u00e9s de la Ensenada, realizado en 1749, donde se menciona como propietaria a do\u00f1a Juana de Buenrostro. Su \u00faltimo propietario particular fue Fernando Fern\u00e1ndez de C\u00f3rdoba y Martel, hasta la adquisici\u00f3n por el Ayuntamiento para dedicarla a Archivo de Protocolos Notariales.<\/p>\n\n\n<div class=\"wp-block-image\">\n<figure class=\"aligncenter size-full is-resized\"><img decoding=\"async\" src=\"https:\/\/xn--porlascallesdecrdoba-p8b.com\/wp-content\/uploads\/2026\/08\/20210717_103821.jpg\" alt=\"\" class=\"wp-image-7065\" style=\"width:641px;height:auto\"\/><\/figure>\n<\/div>\n\n\n<p class=\"wp-block-paragraph\" style=\"font-size:20px\">De fachada sobria, destacan sus rejas g\u00f3tico-renacentistas, la decoraci\u00f3n alrededor de las ventanas y balcones y las dos espada\u00f1as de los tejados. El zagu\u00e1n de la casa se alinea con los dos patios. Al primer patio, de peque\u00f1as dimensiones, se accede a trav\u00e9s de una reja de finales del XIX, el suelo es de chino, y de aqu\u00ed sube la escalera a la segunda planta, \u00e9sta es de dos tiros y finaliza en el t\u00edpico doble arco, haci\u00e9ndolo con una columna, posiblemente de origen califal. Tambi\u00e9n en este patio se observan los restos de una casa romana, es un almac\u00e9n, no est\u00e1 excavado hasta la cota inferior, donde la familia de la <em>domus<\/em> conservaba sus alimentos, pues un cercano venero subterr\u00e1neo la dota de humedad que facilita el fresco de la habitaci\u00f3n.<\/p>\n\n\n<div class=\"wp-block-image\">\n<figure class=\"alignleft size-large is-resized\"><img loading=\"lazy\" decoding=\"async\" width=\"576\" height=\"1024\" src=\"https:\/\/xn--porlascallesdecrdoba-p8b.com\/wp-content\/uploads\/2026\/08\/20210717_103752-576x1024.jpg\" alt=\"\" class=\"wp-image-7068\" style=\"aspect-ratio:0.5625013732943684;width:352px;height:auto\" srcset=\"https:\/\/xn--porlascallesdecrdoba-p8b.com\/wp-content\/uploads\/2026\/08\/20210717_103752-576x1024.jpg 576w, https:\/\/xn--porlascallesdecrdoba-p8b.com\/wp-content\/uploads\/2026\/08\/20210717_103752-169x300.jpg 169w, https:\/\/xn--porlascallesdecrdoba-p8b.com\/wp-content\/uploads\/2026\/08\/20210717_103752-768x1365.jpg 768w, https:\/\/xn--porlascallesdecrdoba-p8b.com\/wp-content\/uploads\/2026\/08\/20210717_103752-864x1536.jpg 864w, https:\/\/xn--porlascallesdecrdoba-p8b.com\/wp-content\/uploads\/2026\/08\/20210717_103752-1152x2048.jpg 1152w, https:\/\/xn--porlascallesdecrdoba-p8b.com\/wp-content\/uploads\/2026\/08\/20210717_103752-scaled.jpg 1440w\" sizes=\"auto, (max-width: 576px) 100vw, 576px\" \/><\/figure>\n<\/div>\n\n\n<p class=\"wp-block-paragraph\" style=\"font-size:20px\"><\/p>\n\n\n\n<p class=\"wp-block-paragraph\" style=\"font-size:20px\">Desde el patio de entrada, una puerta nos da acceso al patio principal, es un patio barroco porticado en sus cuatro lados con tres arcos que se sustentan sobre columnas, sobre ellos, en la planta superior, se abren balcones. El suelo es enchinado estando en el centro una fuente barroca de piedra negra, alrededor del patio se abren las habitaciones de esta planta.<\/p>\n\n\n\n<p class=\"wp-block-paragraph\" style=\"font-size:20px\">Dejamos la \u201cCasa de G\u00f3ngora\u201d, para fijarnos en la acera de los pares, el n\u00famero seis, frente al torre\u00f3n, se encuentra la que fuera casa solariega de los condes de Zamora de Riofrio. Es un edificio del siglo XVII, remodelado en el XX y pendiente de una amplia reforma para adaptarlo a hotel.<\/p>\n\n\n\n<p class=\"wp-block-paragraph\" style=\"font-size:20px\">Su amplia fachada blanca tan solo se rompe por la portada y sus enrejadas ventanas. Esta casa, junto al n\u00famero 4, perteneci\u00f3 desde la segunda mitad del siglo XIX a los condes de Zamora de Riofrio, quienes, tras vender su casa de la actual plaza de S\u00e9neca, se trasladan a este lugar.<\/p>\n\n\n\n<p class=\"wp-block-paragraph\" style=\"font-size:20px\">El t\u00edtulo de <strong>marqu\u00e9s de Zamora y Riofrio<\/strong> es otorgado por el rey Carlos IV a Manuel Medina y Corella, hermano menor del Arcediano de los Pedroches y fundador del Monte de Piedad, Jos\u00e9 Medina y Corella, del que hablamos cuando paseamos por la calle dedicada a \u00e9l junto a la Mezquita-Catedral. Con \u00e9l vendr\u00eda a C\u00f3rdoba su hermano menor, Manuel, a quien, gracias a los contactos de Jos\u00e9 con la corte, se introdujo en la nobleza local, as\u00ed en el a\u00f1o 1781 el rey Carlos III lo nombra Veinticuatro de la ciudad y en el 1789 fundar\u00eda para \u00e9l y sus descendientes un mayorazgo. En 1795 Carlos IV le concedi\u00f3 el t\u00edtulo de conde de Zamora de Riofr\u00edo, que hac\u00eda referencia a dos de sus propiedades con estos nombres en los municipios cordobeses de Monturque y Montilla, respectivamente.<\/p>\n\n\n<div class=\"wp-block-image\">\n<figure class=\"aligncenter size-full is-resized\"><img loading=\"lazy\" decoding=\"async\" width=\"823\" height=\"611\" src=\"https:\/\/xn--porlascallesdecrdoba-p8b.com\/wp-content\/uploads\/2026\/08\/image-184.png\" alt=\"\" class=\"wp-image-7072\" style=\"aspect-ratio:1.346978506221883;width:621px;height:auto\"\/><\/figure>\n<\/div>\n\n<div class=\"wp-block-image\">\n<figure class=\"alignright size-large is-resized\"><img loading=\"lazy\" decoding=\"async\" width=\"576\" height=\"1024\" src=\"https:\/\/xn--porlascallesdecrdoba-p8b.com\/wp-content\/uploads\/2026\/08\/20210817_105643-576x1024.jpg\" alt=\"\" class=\"wp-image-7073\" style=\"aspect-ratio:0.5625013732943684;width:278px;height:auto\" srcset=\"https:\/\/xn--porlascallesdecrdoba-p8b.com\/wp-content\/uploads\/2026\/08\/20210817_105643-576x1024.jpg 576w, https:\/\/xn--porlascallesdecrdoba-p8b.com\/wp-content\/uploads\/2026\/08\/20210817_105643-169x300.jpg 169w, https:\/\/xn--porlascallesdecrdoba-p8b.com\/wp-content\/uploads\/2026\/08\/20210817_105643-768x1365.jpg 768w, https:\/\/xn--porlascallesdecrdoba-p8b.com\/wp-content\/uploads\/2026\/08\/20210817_105643-864x1536.jpg 864w, https:\/\/xn--porlascallesdecrdoba-p8b.com\/wp-content\/uploads\/2026\/08\/20210817_105643-1152x2048.jpg 1152w, https:\/\/xn--porlascallesdecrdoba-p8b.com\/wp-content\/uploads\/2026\/08\/20210817_105643-scaled.jpg 1440w\" sizes=\"auto, (max-width: 576px) 100vw, 576px\" \/><\/figure>\n<\/div>\n\n\n<p class=\"wp-block-paragraph\" style=\"font-size:20px\">La propiedad de esta casa est\u00e1 documentada desde el Padr\u00f3n de la Catedral de 1693, viviendo en ella \u201c<em>don Juan de Fuentes, viudo, jurado con escritorio de Seda<\/em>\u201d, la familia pertenec\u00eda a la nueva burgues\u00eda gracias al comercio de la seda y cuyos antecedentes familiares se creen que pudieran ser hebreos, pero que ser\u00edan tapados gracias al poder econ\u00f3mico; fue nombrado jurado de una de las collaciones de la ciudad. Un heredero de esta familia casar\u00eda con un familiar del II conde de Zamora de Riofrio, y un hijo heredar\u00e1 el condado al morir el II conde sin descendencia, por lo que desde ese momento la casa pasar\u00eda a ser del condado. El V conde, Mariano Cabezas Saravia, fue alcalde de C\u00f3rdoba durante cinco meses en 1868, tras su muerte la econom\u00eda de la familia entrar\u00eda en una dif\u00edcil situaci\u00f3n que les hizo vender la casa de la plaza S\u00e9neca al marqu\u00e9s de Escalonias y el impago de un pr\u00e9stamo hace que la casa de la calle Cabezas sea subastada mediante un proceso judicial en 1881, pasando a ser propiedad de la familia Suarez Varela y Losada. Tras la muerte sin descendencia de la VI condesa en 1945, el t\u00edtulo dejar\u00e1 la ciudad de C\u00f3rdoba.<\/p>\n\n\n\n<p class=\"wp-block-paragraph\" style=\"font-size:20px\">Centr\u00e1ndonos en el inmueble que ocupa los solares catastrales de las casas 4, 6 y 8, la fachada principal abre frente al torre\u00f3n de los marqueses del Carpio, adem\u00e1s de la portada principal, posee otra por el callej\u00f3n rotulado como \u201cDo\u00f1a Munda\u201d, concretamente la puerta que cierra la calle.<\/p>\n\n\n<div class=\"wp-block-image\">\n<figure class=\"alignleft size-full is-resized\"><img loading=\"lazy\" decoding=\"async\" width=\"687\" height=\"569\" src=\"https:\/\/xn--porlascallesdecrdoba-p8b.com\/wp-content\/uploads\/2026\/08\/Captura-de-pantalla-2026-08-21-192752.png\" alt=\"\" class=\"wp-image-7075\" style=\"width:394px;height:auto\"\/><\/figure>\n<\/div>\n\n\n<p class=\"wp-block-paragraph\" style=\"font-size:20px\">El interior de la casa se articula alrededor de varios patios y un jard\u00edn. Por la portada n\u00famero 4 entramos a un zagu\u00e1n acodado decorado con una gruesa columna con capitel, por \u00e9l, a trav\u00e9s de una reja de estilo renacentista accedemos al <em>Patio de Entrada<\/em>, conserva un estilo mud\u00e9jar con dos p\u00f3rticos de doble arco enfrentados, uno con capitel califal y el otro romano sobre una gruesa columna de granito, en \u00e9l se encuentra la escalera que conserva el pretil de piedra. Esta escalera, de dos tramos se cubre con una b\u00f3veda decorada con yeser\u00edas, y finaliza en doble arco que descansan sobre una fina columna de m\u00e1rmol. En la planta superior se encuentran dos zonas diferenciadas la de \u201clos se\u00f1ores\u201d y la \u201cde servicio\u201d. En la primera destacan varias salas y salones conectados entre s\u00ed mediante amplias puertas, estando inspirado en el estilo franc\u00e9s de finales del XVIII y del XIX. Una de las salas es el comedor, con una galer\u00eda de arcos cerrados mediante cristal emplomado. Tambi\u00e9n est\u00e1 en este piso la biblioteca, por la que se accede al oratorio.<\/p>\n\n\n<div class=\"wp-block-image\">\n<figure class=\"alignright size-full\"><img loading=\"lazy\" decoding=\"async\" width=\"334\" height=\"422\" src=\"https:\/\/xn--porlascallesdecrdoba-p8b.com\/wp-content\/uploads\/2026\/08\/image-185.png\" alt=\"\" class=\"wp-image-7078\" srcset=\"https:\/\/xn--porlascallesdecrdoba-p8b.com\/wp-content\/uploads\/2026\/08\/image-185.png 334w, https:\/\/xn--porlascallesdecrdoba-p8b.com\/wp-content\/uploads\/2026\/08\/image-185-237x300.png 237w\" sizes=\"auto, (max-width: 334px) 100vw, 334px\" \/><\/figure>\n<\/div>\n\n\n<p class=\"wp-block-paragraph\" style=\"font-size:20px\">El segundo patio es el <em>Principal<\/em>, claustrado en sus cuarto lados por tres arcos de medio punto y capiteles renacentistas. El suelo presenta un mosaico de chino y en el centro se sit\u00faa una fuente baja de piedra negra. En la planta superior abren a cada lado un balc\u00f3n central y ventanas a sus lados, en estilo barroco. Alrededor de este patio se distribuyen dormitorios y otras dependencias como la que nos conduce al \u201c<em>Patio de las Pavas<\/em>\u201d, llamado as\u00ed por disponer en una ventana a la calle con poyetes para sentarse a \u201cpelar la pava\u201d, este patio tiene una amplia vegetaci\u00f3n, principalmente arbustos \u201cboj\u201d, en los arriates y \u00e1rboles de c\u00edtricos.<\/p>\n\n\n\n<p class=\"wp-block-paragraph\" style=\"font-size:20px\">Regresamos al <em>Patio Principal<\/em>, desde donde una galer\u00eda nos lleva a un peque\u00f1o patio que estar\u00eda en la zona de servicio, se denomina \u201c<em>de las Cocinas<\/em>\u201d, y desde \u00e9l se puede acceder a la planta superior a trav\u00e9s de una escalera con pretil de arenisca, la cual se cubre mediante c\u00fapula y finaliza en el t\u00edpico doble arco con columna, la escalera era utilizada por el servicio para acceder a otras dependencias del miso como el granero o el cuarto de plancha.<\/p>\n\n\n\n<p class=\"wp-block-paragraph\" style=\"font-size:20px\">El jard\u00edn de la casa ser\u00eda con toda seguridad el huerto, y fue reformado en el siglo XX para instalar una piscina presidida por una galer\u00eda porticada con un gran arco central, teniendo a ambos lados balcones de madera, en el p\u00f3rtico abre una portada neomud\u00e9jar con una ventana en ajimez en el piso superior. Este espacio es f\u00e1cilmente identificable desde la calle, por los altos cipreses que en aqu\u00ed crecen, esta zona corresponde, seg\u00fan la web del catastro, a la casa n\u00famero 8.<\/p>\n\n\n\n<figure class=\"wp-block-image size-full\"><img loading=\"lazy\" decoding=\"async\" width=\"757\" height=\"491\" src=\"https:\/\/xn--porlascallesdecrdoba-p8b.com\/wp-content\/uploads\/2026\/08\/image-186.png\" alt=\"\" class=\"wp-image-7081\"\/><figcaption class=\"wp-element-caption\">Fotograf\u00eda del libro \u00abCasas Se\u00f1oriales de C\u00f3rdoba\u00bb<\/figcaption><\/figure>\n\n\n\n<p class=\"wp-block-paragraph\" style=\"font-size:20px\"><\/p>\n\n\n\n<p class=\"wp-block-paragraph\" style=\"font-size:20px\">Al patio de \u201c<em>Caballerizas<\/em>\u201d, se accede desde el exterior por la puerta de la calleja \u201cDo\u00f1a Munda\u201d, en este patio se conserva el enchinado cordob\u00e9s original, en una de sus paredes se sit\u00faa una fuente abrevadero, junto a la que se encuentran unas ventanas bajas, por donde se introduc\u00eda el carb\u00f3n al s\u00f3tano, donde se conserva una caldera de inicios del XX.<\/p>\n\n\n<div class=\"wp-block-image\">\n<figure class=\"aligncenter size-full\"><img loading=\"lazy\" decoding=\"async\" width=\"610\" height=\"447\" src=\"https:\/\/xn--porlascallesdecrdoba-p8b.com\/wp-content\/uploads\/2026\/08\/image-187.png\" alt=\"\" class=\"wp-image-7082\"\/><figcaption class=\"wp-element-caption\">Fotograf\u00eda del libro \u00abCasas Se\u00f1oriales de C\u00f3rdoba\u00bb<\/figcaption><\/figure>\n<\/div>\n\n<div class=\"wp-block-image\">\n<figure class=\"alignright size-full is-resized\"><img loading=\"lazy\" decoding=\"async\" width=\"717\" height=\"589\" src=\"https:\/\/xn--porlascallesdecrdoba-p8b.com\/wp-content\/uploads\/2026\/08\/image-188.png\" alt=\"\" class=\"wp-image-7083\" style=\"width:425px;height:auto\" srcset=\"https:\/\/xn--porlascallesdecrdoba-p8b.com\/wp-content\/uploads\/2026\/08\/image-188.png 717w, https:\/\/xn--porlascallesdecrdoba-p8b.com\/wp-content\/uploads\/2026\/08\/image-188-300x246.png 300w\" sizes=\"auto, (max-width: 717px) 100vw, 717px\" \/><figcaption class=\"wp-element-caption\">Fotograf\u00eda del libro \u00abCasas Se\u00f1oriales de C\u00f3rdoba\u00bb<\/figcaption><\/figure>\n<\/div>\n\n\n<p class=\"wp-block-paragraph\" style=\"font-size:20px\">El patio tiene la peculiaridad de que el soporte de la viga de madera de la galer\u00eda adintelada, la hace una columna que en realidad son dos fustes unidos en altura. El patio nos da acceso a la cuadra, perfectamente conservadas, con sus pesebres y el suelo de canto rodado. Desde este patio se accede tambi\u00e9n a una bodega que pudo ser el cuarto de carruajes<\/p>\n\n\n\n<p class=\"wp-block-paragraph\" style=\"font-size:20px\">Junto a la \u201cCasa de G\u00f3ngora\u201d se encuentra el edificio n\u00famero 1, de blanca fachada, que pasa pr\u00e1cticamente desapercibido, la planta alta posee ventanas con rejas voladas, una de ellas sobre la puerta, y sobre ella se alza un mirador con doble arco, que en la actualidad se encuentra cegado.<\/p>\n\n\n\n<figure class=\"wp-block-image size-large\"><img loading=\"lazy\" decoding=\"async\" width=\"1024\" height=\"576\" src=\"https:\/\/xn--porlascallesdecrdoba-p8b.com\/wp-content\/uploads\/2026\/08\/20210717_105144-1024x576.jpg\" alt=\"\" class=\"wp-image-7085\" srcset=\"https:\/\/xn--porlascallesdecrdoba-p8b.com\/wp-content\/uploads\/2026\/08\/20210717_105144-1024x576.jpg 1024w, https:\/\/xn--porlascallesdecrdoba-p8b.com\/wp-content\/uploads\/2026\/08\/20210717_105144-300x169.jpg 300w, https:\/\/xn--porlascallesdecrdoba-p8b.com\/wp-content\/uploads\/2026\/08\/20210717_105144-768x432.jpg 768w, https:\/\/xn--porlascallesdecrdoba-p8b.com\/wp-content\/uploads\/2026\/08\/20210717_105144-1536x864.jpg 1536w, https:\/\/xn--porlascallesdecrdoba-p8b.com\/wp-content\/uploads\/2026\/08\/20210717_105144-2048x1152.jpg 2048w\" sizes=\"auto, (max-width: 1024px) 100vw, 1024px\" \/><\/figure>\n\n\n\n<p class=\"wp-block-paragraph\" style=\"font-size:20px\"><\/p>\n\n\n\n<p class=\"wp-block-paragraph\" style=\"font-size:20px\">El \u00faltimo edifico de esta calle, el n\u00famero 2, actualmente es la pensi\u00f3n \u201cEl Portillo\u201d, era una casa cordobesa fechada en 1814. Una de sus caracter\u00edsticas son los azulejos de estilo mud\u00e9jar del zagu\u00e1n y del patio central. Viendo la fachada, que se decora con una l\u00ednea de azulejos que divide las dos plantas. as\u00ed como la forja de rejas y balcones, dan a pensar que debi\u00f3 pertenecer a una familia de la burgues\u00eda del XIX. Frente a este edificio nos sale la calle \u00ab<strong>Portillo<\/strong>\u00bb o \u201cPortillo de San Francisco\u201d,<\/p>\n\n\n<div class=\"wp-block-image\">\n<figure class=\"aligncenter size-full is-resized\"><img loading=\"lazy\" decoding=\"async\" width=\"877\" height=\"551\" src=\"https:\/\/xn--porlascallesdecrdoba-p8b.com\/wp-content\/uploads\/2026\/08\/image-189.png\" alt=\"\" class=\"wp-image-7087\" style=\"aspect-ratio:1.591693350327976;width:422px;height:auto\"\/><\/figure>\n<\/div>\n\n\n<figure class=\"wp-block-gallery has-nested-images columns-default is-cropped wp-block-gallery-1 is-layout-flex wp-block-gallery-is-layout-flex\">\n<figure class=\"wp-block-image size-large\"><a href=\"https:\/\/xn--porlascallesdecrdoba-p8b.com\/?page_id=6524\"><img loading=\"lazy\" decoding=\"async\" width=\"218\" height=\"72\" data-id=\"6503\" src=\"https:\/\/xn--porlascallesdecrdoba-p8b.com\/wp-content\/uploads\/2026\/08\/Captura-de-pantalla-2026-08-14-215034.png\" alt=\"\" class=\"wp-image-6503\"\/><\/a><\/figure>\n\n\n\n<figure class=\"wp-block-image size-full\"><a href=\"https:\/\/xn--porlascallesdecrdoba-p8b.com\/?page_id=5727\"><img loading=\"lazy\" decoding=\"async\" width=\"211\" height=\"63\" data-id=\"6505\" src=\"https:\/\/xn--porlascallesdecrdoba-p8b.com\/wp-content\/uploads\/2026\/08\/Captura-de-pantalla-2026-08-14-215040.png\" alt=\"\" class=\"wp-image-6505\"\/><\/a><\/figure>\n\n\n\n<figure class=\"wp-block-image size-large\"><a href=\"https:\/\/xn--porlascallesdecrdoba-p8b.com\/?page_id=6528\"><img loading=\"lazy\" decoding=\"async\" width=\"214\" height=\"64\" data-id=\"6504\" src=\"https:\/\/xn--porlascallesdecrdoba-p8b.com\/wp-content\/uploads\/2026\/08\/Captura-de-pantalla-2026-08-14-215047.png\" alt=\"\" class=\"wp-image-6504\"\/><\/a><\/figure>\n<\/figure>\n\n\n\n<p class=\"wp-block-paragraph\"><\/p>\n","protected":false},"excerpt":{"rendered":"<p>Llegamos a un ensanche de la plaza en donde se levanta impresionante un torre\u00f3n g\u00f3tico que pertenece a la casa que fuera de los Marqueses del Carpio, hoy de los <a class=\"more-link\" href=\"https:\/\/xn--porlascallesdecrdoba-p8b.com\/?page_id=6526\">Seguir leyendo &rarr;<\/a><\/p>\n","protected":false},"author":1,"featured_media":0,"parent":0,"menu_order":0,"comment_status":"closed","ping_status":"closed","template":"","meta":{"footnotes":""},"class_list":["post-6526","page","type-page","status-publish","hentry"],"_links":{"self":[{"href":"https:\/\/xn--porlascallesdecrdoba-p8b.com\/index.php?rest_route=\/wp\/v2\/pages\/6526","targetHints":{"allow":["GET"]}}],"collection":[{"href":"https:\/\/xn--porlascallesdecrdoba-p8b.com\/index.php?rest_route=\/wp\/v2\/pages"}],"about":[{"href":"https:\/\/xn--porlascallesdecrdoba-p8b.com\/index.php?rest_route=\/wp\/v2\/types\/page"}],"author":[{"embeddable":true,"href":"https:\/\/xn--porlascallesdecrdoba-p8b.com\/index.php?rest_route=\/wp\/v2\/users\/1"}],"replies":[{"embeddable":true,"href":"https:\/\/xn--porlascallesdecrdoba-p8b.com\/index.php?rest_route=%2Fwp%2Fv2%2Fcomments&post=6526"}],"version-history":[{"count":27,"href":"https:\/\/xn--porlascallesdecrdoba-p8b.com\/index.php?rest_route=\/wp\/v2\/pages\/6526\/revisions"}],"predecessor-version":[{"id":7648,"href":"https:\/\/xn--porlascallesdecrdoba-p8b.com\/index.php?rest_route=\/wp\/v2\/pages\/6526\/revisions\/7648"}],"wp:attachment":[{"href":"https:\/\/xn--porlascallesdecrdoba-p8b.com\/index.php?rest_route=%2Fwp%2Fv2%2Fmedia&parent=6526"}],"curies":[{"name":"wp","href":"https:\/\/api.w.org\/{rel}","templated":true}]}}