{"id":6531,"date":"2026-08-14T20:19:13","date_gmt":"2026-08-14T20:19:13","guid":{"rendered":"https:\/\/xn--porlascallesdecrdoba-p8b.com\/?page_id=6531"},"modified":"2026-09-04T05:27:12","modified_gmt":"2026-09-04T05:27:12","slug":"museo-arqueologico-ii","status":"publish","type":"page","link":"https:\/\/xn--porlascallesdecrdoba-p8b.com\/?page_id=6531","title":{"rendered":"Callejas: Horno de Guiral y Do\u00f1a Munda"},"content":{"rendered":"\n<p class=\"wp-block-paragraph\"><a href=\"https:\/\/earth.google.com\/web\/search\/calle+horno+giral,+C%c3%b3rdoba,+Espa%c3%b1a\/@37.88075794,-4.77664794,110.08316164a,56.38531064d,35y,0h,0t,0r\/data=CiwiJgokCQVoOTtz8UJAEY69RXTj8EJAGRgavvrkFRPAITxG-f4tIhPAQgIIATIpCicKJQohMTZuWGNrLU42a2RQUTlfX3YwLWdTRUF1NnItdWV6c2Q4IAE6AwoBMEICCABKCAirycWMBRAB?authuser=0\" target=\"_blank\" rel=\"noreferrer noopener\">Pincha para localizar la calle en Google Earth<\/a><\/p>\n\n\n\n<p class=\"wp-block-paragraph\" style=\"font-size:20px\">A la calle Cabezas se abren dos cortas callejas sin salida, una frente a la otra, son \u201c<strong>Do\u00f1a Munda<\/strong>\u201d, en la acera de los pares y \u201c<strong>Horno de Guiral<\/strong>\u201d, en la de los impares. Al parecer sus nombres est\u00e1n cambiados entre s\u00ed, desde que a inicios del siglo XX se rotulasen y se colocasen mal los nombres. Esto lo demuestran escritos anteriores, que sit\u00faan al horno propiedad de la familia Guiral, junto a las casas de los marqueses de Zamora y Riofrio, las n\u00famero 4, 6 y 8, teniendo esta casa la entrada de carruajes por dicha calle; en una documentaci\u00f3n del siglo XIX figura que el conde de Zamora de Riofrio adquiere y une a sus casas el inmueble del horno propiedad de Gonz\u00e1lez de Guiral.<\/p>\n\n\n<div class=\"wp-block-image\">\n<figure class=\"aligncenter size-full\"><img loading=\"lazy\" decoding=\"async\" width=\"596\" height=\"468\" src=\"https:\/\/xn--porlascallesdecrdoba-p8b.com\/wp-content\/uploads\/2026\/08\/Captura-de-pantalla-2026-08-21-225654-1.png\" alt=\"\" class=\"wp-image-7132\" srcset=\"https:\/\/xn--porlascallesdecrdoba-p8b.com\/wp-content\/uploads\/2026\/08\/Captura-de-pantalla-2026-08-21-225654-1.png 596w, https:\/\/xn--porlascallesdecrdoba-p8b.com\/wp-content\/uploads\/2026\/08\/Captura-de-pantalla-2026-08-21-225654-1-300x236.png 300w\" sizes=\"auto, (max-width: 596px) 100vw, 596px\" \/><\/figure>\n<\/div>\n\n\n<p class=\"wp-block-paragraph\" style=\"font-size:20px\"><\/p>\n\n\n<div class=\"wp-block-image\">\n<figure class=\"alignleft size-full is-resized\"><img loading=\"lazy\" decoding=\"async\" width=\"1099\" height=\"844\" src=\"https:\/\/xn--porlascallesdecrdoba-p8b.com\/wp-content\/uploads\/2026\/08\/181217-cn-168.jpg\" alt=\"\" class=\"wp-image-7120\" style=\"aspect-ratio:1.3021363173957274;width:220px;height:auto\"\/><\/figure>\n<\/div>\n\n\n<p class=\"wp-block-paragraph\" style=\"font-size:20px\">En otro documento se menciona que la casa de los marqueses del Carpio, la n\u00famero 5, ten\u00eda una entrada por la calleja \u201cDo\u00f1a Munda\u201d.<\/p>\n\n\n\n<p class=\"wp-block-paragraph\" style=\"font-size:20px\">En ninguno de los planos anteriores a los actuales aparecen estas callejas con nombre, es m\u00e1s, actualmente la numeraci\u00f3n de las puertas de las casas que abren a ellas, lleva la numeraci\u00f3n de la calle \u201cCabezas\u201d.<\/p>\n\n\n<div class=\"wp-block-image\">\n<figure class=\"alignright size-full is-resized\"><img decoding=\"async\" src=\"https:\/\/xn--porlascallesdecrdoba-p8b.com\/wp-content\/uploads\/2026\/08\/181217-cn-169.jpg\" alt=\"\" class=\"wp-image-7121\" style=\"width:333px;height:auto\"\/><\/figure>\n<\/div>\n\n\n<p class=\"wp-block-paragraph\" style=\"font-size:20px\">\u201cHorno de Guiral\u201d poco tiene que relatar, salvo la portada que cierra la calle, que es un acceso a la casa de los \u201cMarqueses del Carpio\u201d, de la que luego hablaremos, este acceso hizo que la calleja fuera conocida como \u201cde la Marquesa del Carpio\u201d. El top\u00f3nimo de \u201cHorno de Guiral\u201d se debe a una casa-horno existente en ella, que en su d\u00eda fue propiedad de un familiar de Gonz\u00e1lez de Giral, propietarios de la casa 22, Mart\u00edn Gonz\u00e1lez de Guiral, quien solicitar\u00eda el cargo de Veinticuatro, lo que le llev\u00f3 a un expediente de nobleza de sangre, por el que se sabe que viv\u00eda en \u201cHorno de Guiral\u201d. En el padr\u00f3n de 1674 aparece como Veinticuatro, caballero hijodalgo de ejecutoria, En el padr\u00f3n de 1710 la casa aparece ya como horno, y en ella vive Juan S\u00e1nchez, hornero y su mujer. Pero recordemos que este horno estar\u00eda realmente en la calleja rotulada hoy como \u201cDo\u00f1a Munda\u201d.<\/p>\n\n\n\n<p class=\"wp-block-paragraph\" style=\"font-size:20px\"><\/p>\n\n\n<div class=\"wp-block-image\">\n<figure class=\"alignleft size-full is-resized\"><img loading=\"lazy\" decoding=\"async\" width=\"351\" height=\"296\" src=\"https:\/\/xn--porlascallesdecrdoba-p8b.com\/wp-content\/uploads\/2026\/08\/image-191.png\" alt=\"\" class=\"wp-image-7124\" style=\"aspect-ratio:1.1858206197539989;width:219px;height:auto\"\/><\/figure>\n<\/div>\n\n\n<p class=\"wp-block-paragraph\" style=\"font-size:20px\">La actual \u201cDo\u00f1a Munda\u201d, la cierra un port\u00f3n doble, que era el acceso de carruajes a la casa n\u00famero 6, de la que hablaremos m\u00e1s tarde. La casa n\u00famero 8, actualmente est\u00e1 unida a las n\u00fameros 4 y 6.<\/p>\n\n\n\n<p class=\"wp-block-paragraph\" style=\"font-size:20px\">Continuando por \u201cCabezas\u201d, llegamos a la casa n\u00famero 9, cuya arquitectura posee elementos del siglo XVIII, aunque su conjunto podr\u00eda datarse de finales del XIX inicios del XX. En ella se encuentra instalado el \u201c<em>Centro Suf\u00ed Nematollabi<\/em>\u201d. El sufismo se define como la dimensi\u00f3n interna y el aspecto espiritual del islam. Los suf\u00edes han pertenecido a menudo a diferentes \u00f3rdenes, congregaciones formadas en torno a un gran maestro conocido como wali. Se re\u00fanen para sesiones espirituales (<em>majalis<\/em>) en lugares de reuni\u00f3n conocidos como <em>zawiyas, khanqahs<\/em> o <em>tekke<\/em>. Esforz\u00e1ndose por la perfecci\u00f3n de la adoraci\u00f3n, \u00ab<em>Ihsan es adorar a Al\u00e1&nbsp;como si lo vieras; si no puedes verlo, seguramente \u00c9l te ve a ti<\/em>\u00ab. En muchas ocasiones los suf\u00eds se han confundido con una secta del islam, siendo en realidad una orden religiosa para cualquier denominaci\u00f3n isl\u00e1mica. Llegamos a un ensanche de la plaza en donde se levanta.<\/p>\n\n\n<div class=\"wp-block-image\">\n<figure class=\"aligncenter size-full\"><img loading=\"lazy\" decoding=\"async\" width=\"608\" height=\"440\" src=\"https:\/\/xn--porlascallesdecrdoba-p8b.com\/wp-content\/uploads\/2026\/08\/image-192.png\" alt=\"\" class=\"wp-image-7127\"\/><\/figure>\n<\/div>\n\n\n<figure class=\"wp-block-gallery has-nested-images columns-default is-cropped wp-block-gallery-1 is-layout-flex wp-block-gallery-is-layout-flex\">\n<figure class=\"wp-block-image size-large\"><a href=\"https:\/\/xn--porlascallesdecrdoba-p8b.com\/?page_id=6528\"><img loading=\"lazy\" decoding=\"async\" width=\"218\" height=\"72\" data-id=\"6503\" src=\"https:\/\/xn--porlascallesdecrdoba-p8b.com\/wp-content\/uploads\/2026\/08\/Captura-de-pantalla-2026-08-14-215034.png\" alt=\"\" class=\"wp-image-6503\"\/><\/a><\/figure>\n\n\n\n<figure class=\"wp-block-image size-full\"><a href=\"https:\/\/xn--porlascallesdecrdoba-p8b.com\/?page_id=5727\"><img loading=\"lazy\" decoding=\"async\" width=\"211\" height=\"63\" data-id=\"6505\" src=\"https:\/\/xn--porlascallesdecrdoba-p8b.com\/wp-content\/uploads\/2026\/08\/Captura-de-pantalla-2026-08-14-215040.png\" alt=\"\" class=\"wp-image-6505\"\/><\/a><\/figure>\n\n\n\n<figure class=\"wp-block-image size-large\"><a href=\"https:\/\/xn--porlascallesdecrdoba-p8b.com\/?page_id=6533\"><img loading=\"lazy\" decoding=\"async\" width=\"214\" height=\"64\" data-id=\"6504\" src=\"https:\/\/xn--porlascallesdecrdoba-p8b.com\/wp-content\/uploads\/2026\/08\/Captura-de-pantalla-2026-08-14-215047.png\" alt=\"\" class=\"wp-image-6504\"\/><\/a><\/figure>\n<\/figure>\n\n\n\n<p class=\"wp-block-paragraph\"><\/p>\n","protected":false},"excerpt":{"rendered":"<p>Pincha para localizar la calle en Google Earth A la calle Cabezas se abren dos cortas callejas sin salida, una frente a la otra, son \u201cDo\u00f1a Munda\u201d, en la acera <a class=\"more-link\" href=\"https:\/\/xn--porlascallesdecrdoba-p8b.com\/?page_id=6531\">Seguir leyendo &rarr;<\/a><\/p>\n","protected":false},"author":1,"featured_media":0,"parent":0,"menu_order":0,"comment_status":"closed","ping_status":"closed","template":"","meta":{"footnotes":""},"class_list":["post-6531","page","type-page","status-publish","hentry"],"_links":{"self":[{"href":"https:\/\/xn--porlascallesdecrdoba-p8b.com\/index.php?rest_route=\/wp\/v2\/pages\/6531","targetHints":{"allow":["GET"]}}],"collection":[{"href":"https:\/\/xn--porlascallesdecrdoba-p8b.com\/index.php?rest_route=\/wp\/v2\/pages"}],"about":[{"href":"https:\/\/xn--porlascallesdecrdoba-p8b.com\/index.php?rest_route=\/wp\/v2\/types\/page"}],"author":[{"embeddable":true,"href":"https:\/\/xn--porlascallesdecrdoba-p8b.com\/index.php?rest_route=\/wp\/v2\/users\/1"}],"replies":[{"embeddable":true,"href":"https:\/\/xn--porlascallesdecrdoba-p8b.com\/index.php?rest_route=%2Fwp%2Fv2%2Fcomments&post=6531"}],"version-history":[{"count":11,"href":"https:\/\/xn--porlascallesdecrdoba-p8b.com\/index.php?rest_route=\/wp\/v2\/pages\/6531\/revisions"}],"predecessor-version":[{"id":8050,"href":"https:\/\/xn--porlascallesdecrdoba-p8b.com\/index.php?rest_route=\/wp\/v2\/pages\/6531\/revisions\/8050"}],"wp:attachment":[{"href":"https:\/\/xn--porlascallesdecrdoba-p8b.com\/index.php?rest_route=%2Fwp%2Fv2%2Fmedia&parent=6531"}],"curies":[{"name":"wp","href":"https:\/\/api.w.org\/{rel}","templated":true}]}}