{"id":6535,"date":"2026-08-14T20:20:17","date_gmt":"2026-08-14T20:20:17","guid":{"rendered":"https:\/\/xn--porlascallesdecrdoba-p8b.com\/?page_id=6535"},"modified":"2026-09-04T05:22:25","modified_gmt":"2026-09-04T05:22:25","slug":"elie-nahmias-casa-del-judio","status":"publish","type":"page","link":"https:\/\/xn--porlascallesdecrdoba-p8b.com\/?page_id=6535","title":{"rendered":"Calle Julio Romero de Torres"},"content":{"rendered":"\n<p class=\"wp-block-paragraph\"><a href=\"https:\/\/earth.google.com\/web\/search\/Calle+Julio+Romero+de+Torres,+c%c3%b3rdoba,+espa%c3%b1a\/@37.88120021,-4.77733342,109.01673412a,650.27844083d,35y,0h,0t,0r\/data=Cp0BGm8SaQokMHhkNmQyMDgyODViODExYzM6MHgzYTc3ODg2NGMyMWFkNmEyGXShqCLL8EJAIR85iIz9GxPAKi9DYWxsZSBKdWxpbyBSb21lcm8gZGUgVG9ycmVzLCBjw7NyZG9iYSwgZXNwYcOxYRgCIAEiJgokCfYAJ_gg8UJAETVBLWuT8EJAGXMNaJt8FRPAIcgA0dCUIRPAQgIIAToDCgEwQgIIAEoNCP___________wEQAA?authuser=0\" target=\"_blank\" rel=\"noreferrer noopener\">Pincha para localizar la calle en Google Earth<\/a><\/p>\n\n\n\n<p class=\"wp-block-paragraph\" style=\"font-size:20px\">Desde la esquina de la calle \u201cCabezas\u201d, entraremos a la calle que C\u00f3rdoba tiene dedicada a su pintor por excelencia, Julio Romero de Torres. En el plano de 1811 y 1851 aparece como \u00abCallejas del Portillo\u00bb, siendo una con la actual calle \u00abPortillo\u00bb. en el de 1884 ya se diferencian ambas calles d\u00e1ndole a \u00e9sta el nombre de \u00abMascarones\u00bb, seg\u00fan cuenta Ram\u00edrez de Arellano, \u201c<em>por dos relieves que representaban dos soldados romanos que estaban a los lados del balc\u00f3n de la casa n\u00famero 21, solariega de los Mohedanos de Saavedra, portada que debi\u00f3 pertenecer a principios del siglo XVI<\/em>\u201d, tambi\u00e9n nos cuenta que \u201c<em>estas callejas eran antiguamente uno de los sitios m\u00e1s sucios que hab\u00eda en esta poblaci\u00f3n<\/em>\u201d.<\/p>\n\n\n<div class=\"wp-block-image\">\n<figure class=\"aligncenter size-full is-resized\"><img loading=\"lazy\" decoding=\"async\" width=\"925\" height=\"508\" src=\"https:\/\/xn--porlascallesdecrdoba-p8b.com\/wp-content\/uploads\/2026\/08\/image-199.png\" alt=\"\" class=\"wp-image-7176\" style=\"aspect-ratio:1.820962407084682;width:662px;height:auto\" srcset=\"https:\/\/xn--porlascallesdecrdoba-p8b.com\/wp-content\/uploads\/2026\/08\/image-199.png 925w, https:\/\/xn--porlascallesdecrdoba-p8b.com\/wp-content\/uploads\/2026\/08\/image-199-300x165.png 300w, https:\/\/xn--porlascallesdecrdoba-p8b.com\/wp-content\/uploads\/2026\/08\/image-199-768x422.png 768w\" sizes=\"auto, (max-width: 925px) 100vw, 925px\" \/><\/figure>\n<\/div>\n\n<div class=\"wp-block-image\">\n<figure class=\"alignright size-full is-resized\"><img loading=\"lazy\" decoding=\"async\" width=\"525\" height=\"367\" src=\"https:\/\/xn--porlascallesdecrdoba-p8b.com\/wp-content\/uploads\/2026\/08\/image-201.png\" alt=\"\" class=\"wp-image-7186\" style=\"aspect-ratio:1.4305786179588709;width:459px;height:auto\"\/><\/figure>\n<\/div>\n\n\n<p class=\"wp-block-paragraph\" style=\"font-size:20px\">Julio Romero de Torres es el pintor por antonomasia de C\u00f3rdoba naci\u00f3 en el edificio donde hoy se encuentra su museo en la plaza del Potro, en el a\u00f1o 1874, pues era el s\u00e9ptimo hijo (de ocho) del director del Museo de Bellas Artes, Rafael Romero Barros. Desde muy joven empezar\u00e1 su trabajo en la pintura dirigido por su padre y en 1895 presentar\u00e1 su obra \u201c<em>\u00a1Mira qu\u00e9 bonita era!\u201d <\/em>en la Exposici\u00f3n Nacional de Bellas Artes, donde&nbsp;obtiene una menci\u00f3n honor\u00edfica, siendo adquirida por el Estado, el primer premio fue para Joaqu\u00edn Sorolla, por su obra \u201dY<em> luego dicen que el pescado es caro\u201d.<\/em><\/p>\n\n\n\n<p class=\"wp-block-paragraph\" style=\"font-size:20px\">En 1898 se inicia como cartelista pintando el cartel de la \u201cFeria de Nuestra Se\u00f1ora de la Salud\u201d de C\u00f3rdoba.<\/p>\n\n\n\n<p class=\"wp-block-paragraph\" style=\"font-size:20px\">Su trayectoria se puede dividir en varias etapas, durante la primera (1900-1908) viaja a Marruecos, Francia y los Paises Bajos, pasando un tiempo en Madrid frecuentando el ambiente cultural. En 1905 pinta para el C\u00edrculo de la Amistad de C\u00f3rdoba seis grandes telas en un estilo modernista, hoy se encuentran en la escalinata principal. \u201c<em>Canto al amor<\/em>\u201d, \u201c<em>El genio y la inspiraci\u00f3n\u201d, La escultura<\/em>\u200b o&nbsp;<em>Alegor\u00eda a la escultura, \u201cLa m\u00fasica\u201d, \u201cLa pintura\u201d y \u201cLa literatura\u201d<\/em>. Tambi\u00e9n se conserva en este edificio una obra del a\u00f1o 1898,<em> \u201cRosas en la balconada\u201d.<\/em><\/p>\n\n\n\n<figure class=\"wp-block-image size-full\"><img loading=\"lazy\" decoding=\"async\" width=\"758\" height=\"341\" src=\"https:\/\/xn--porlascallesdecrdoba-p8b.com\/wp-content\/uploads\/2026\/08\/image-202.png\" alt=\"\" class=\"wp-image-7190\" srcset=\"https:\/\/xn--porlascallesdecrdoba-p8b.com\/wp-content\/uploads\/2026\/08\/image-202.png 758w, https:\/\/xn--porlascallesdecrdoba-p8b.com\/wp-content\/uploads\/2026\/08\/image-202-300x135.png 300w\" sizes=\"auto, (max-width: 758px) 100vw, 758px\" \/><\/figure>\n\n\n\n<p class=\"wp-block-paragraph\" style=\"font-size:20px\">En el a\u00f1o 1908 obtendr\u00e1 la medalla de oro en el certamen Nacional, por su obra \u00abMusa Gitana\u00bb (actualmente en el Museo Nacional Centro de Arte Reina Sofia, Madrid), y a\u00f1os m\u00e1s tarde un premio internacional en Munich.<\/p>\n\n\n\n<p class=\"wp-block-paragraph\" style=\"font-size:20px\">A comienzos del siglo XX inicia una pintura muy personal y caracter\u00edstica, donde predomina el retrato, contando en su cat\u00e1logo con m\u00e1s de quinientas obras de este tipo. En su pintura predomina el desnudo femenino, siendo el mejor en esta faceta en su \u00e9poca, su obra, expuesta en su museo, \u201cEl Pecado\u201d (1913), est\u00e1 considerado el mejor desnudo femenino de la primera mitad del siglo XX, junto con otra obra suya, \u201cLa Gracia\u201d (1915), ambas expuestas en su museo. Realizar\u00e1 tambi\u00e9n figuras aleg\u00f3ricas, en donde destaca la obra \u201cCante Hondo\u201d (1923), una alegor\u00eda maestra al flamenco.<\/p>\n\n\n\n<p class=\"wp-block-paragraph\" style=\"font-size:20px\">Realiza varios retratos, algunos de ellos de familias de la burgues\u00eda de la \u00e9poca.<\/p>\n\n\n\n<p class=\"wp-block-paragraph\" style=\"font-size:20px\">Tendr\u00e1 estudio en C\u00f3rdoba y en Madrid, donde lo tuvo en la calle Pelayo entre los a\u00f1os 1916 a 1930 y por donde pasaron personajes de la cultura de la \u00e9poca, como Valle Incl\u00e1n o Azor\u00edn, con los que tuvo amistad. En este estudio pintar\u00eda \u201cLa Fuensanta\u201d (1929), siendo la modelo la argentina M\u00aa Teresa L\u00f3pez Gonz\u00e1lez, una de sus favoritas, este cuadro fue motivo del billete de cien pesetas editado en 1953.<\/p>\n\n\n\n<figure class=\"wp-block-image size-full\"><img loading=\"lazy\" decoding=\"async\" width=\"827\" height=\"249\" src=\"https:\/\/xn--porlascallesdecrdoba-p8b.com\/wp-content\/uploads\/2026\/08\/image-203.png\" alt=\"\" class=\"wp-image-7191\" srcset=\"https:\/\/xn--porlascallesdecrdoba-p8b.com\/wp-content\/uploads\/2026\/08\/image-203.png 827w, https:\/\/xn--porlascallesdecrdoba-p8b.com\/wp-content\/uploads\/2026\/08\/image-203-300x90.png 300w, https:\/\/xn--porlascallesdecrdoba-p8b.com\/wp-content\/uploads\/2026\/08\/image-203-768x231.png 768w\" sizes=\"auto, (max-width: 827px) 100vw, 827px\" \/><\/figure>\n\n\n<div class=\"wp-block-image\">\n<figure class=\"alignright size-full is-resized\"><img loading=\"lazy\" decoding=\"async\" width=\"300\" height=\"375\" src=\"https:\/\/xn--porlascallesdecrdoba-p8b.com\/wp-content\/uploads\/2026\/08\/image-204.png\" alt=\"\" class=\"wp-image-7192\" style=\"width:263px;height:auto\"\/><\/figure>\n<\/div>\n\n\n<p class=\"wp-block-paragraph\" style=\"font-size:20px\">Durante su estancia en Madrid ser\u00e1 profesor de \u201cDibujo Antiguo y Ropaje\u201d en la Escuela Especial de Pintura de la Real Academia de San Fernando. Desde este momento se interesa cada vez m\u00e1s por los ropajes y las vestiduras de sus modelos, estudiando minuciosamente los detalles y en los cuadros van apareciendo objetos simb\u00f3licos, como las piezas de lat\u00f3n, que sustituyen las im\u00e1genes anteriores de C\u00f3rdoba.<\/p>\n\n\n\n<p class=\"wp-block-paragraph\" style=\"font-size:20px\">En 1920, Romero de Torres pinta una de sus obras cumbres.&nbsp;<em>La muerte de Santa In\u00e9s<\/em>, pol\u00edptico manierista de tres tablas.<\/p>\n\n\n\n<p class=\"wp-block-paragraph\" style=\"font-size:20px\">En 1928 pinta <em>La Virgen de los Faroles<\/em> para la fachada norte de la Mezquita-Catedral. Una de sus obras m\u00e1s famosas, \u201c<em>La Chiquita Piconera<\/em>\u201d, la presenta en 1929 en la Exposici\u00f3n Iberoamericana de Sevilla. De ese a\u00f1o son tambi\u00e9n \u201cNaranja y Limones\u201d, \u00a8La Copla\u201d, \u201cCante Hondo\u201d.<\/p>\n\n\n\n<p class=\"wp-block-paragraph\" style=\"font-size:20px\">Muere en C\u00f3rdoba en mayo de 1930, a su entierro en la Catedral acudi\u00f3 el ministro de Gracia y Justicia en representaci\u00f3n del rey Alfonso XIII, un largo cortejo acompa\u00f1\u00f3 sus restos hasta el cementerio de San Rafael, donde reposan. Ese d\u00eda fue luto local, cerrando incluso el comercio y bares, los taxis fueron enlutados con crespones; los afiliados al sindicato UGT, concentrados por la organizaci\u00f3n, acudieron con sus trajes de trabajo, considerando que hab\u00eda muerto un acreditado trabajador.<\/p>\n\n\n\n<p class=\"wp-block-paragraph\" style=\"font-size:20px\">A lo largo de la calle encontraremos varios edificios de cierta antig\u00fcedad, aunque con poca importancia arquitect\u00f3nica. Entre ellos el n\u00famero 4, que albergaba hasta el a\u00f1o 2026 la \u201cPe\u00f1a Flamenca Julio Romero\u201d, el edificio se remonta al siglo XVI, la portada de ladrillo con un gran port\u00f3n nos da acceso a un amplio zagu\u00e1n, cuya soler\u00eda empedrada es la original, y se cubre con un sencillo artesonado de madera. Desde aqu\u00ed, a trav\u00e9s de un peque\u00f1o vano con reja accedemos al patio en el que encontramos galer\u00edas en las dos plantas, porticadas con arcos sustentados sobre columnas de piedra. Este edificio lleg\u00f3 a ser propiedad de Julio Romero de Torres, pero no lo habit\u00f3.<\/p>\n\n\n\n<figure class=\"wp-block-image size-full\"><img loading=\"lazy\" decoding=\"async\" width=\"807\" height=\"293\" src=\"https:\/\/xn--porlascallesdecrdoba-p8b.com\/wp-content\/uploads\/2026\/08\/image-205.png\" alt=\"\" class=\"wp-image-7195\" srcset=\"https:\/\/xn--porlascallesdecrdoba-p8b.com\/wp-content\/uploads\/2026\/08\/image-205.png 807w, https:\/\/xn--porlascallesdecrdoba-p8b.com\/wp-content\/uploads\/2026\/08\/image-205-300x109.png 300w, https:\/\/xn--porlascallesdecrdoba-p8b.com\/wp-content\/uploads\/2026\/08\/image-205-768x279.png 768w\" sizes=\"auto, (max-width: 807px) 100vw, 807px\" \/><\/figure>\n\n\n\n<figure class=\"wp-block-image size-full\"><img loading=\"lazy\" decoding=\"async\" width=\"966\" height=\"288\" src=\"https:\/\/xn--porlascallesdecrdoba-p8b.com\/wp-content\/uploads\/2026\/08\/image-206.png\" alt=\"\" class=\"wp-image-7196\" srcset=\"https:\/\/xn--porlascallesdecrdoba-p8b.com\/wp-content\/uploads\/2026\/08\/image-206.png 966w, https:\/\/xn--porlascallesdecrdoba-p8b.com\/wp-content\/uploads\/2026\/08\/image-206-300x89.png 300w, https:\/\/xn--porlascallesdecrdoba-p8b.com\/wp-content\/uploads\/2026\/08\/image-206-768x229.png 768w\" sizes=\"auto, (max-width: 966px) 100vw, 966px\" \/><\/figure>\n\n\n<div class=\"wp-block-image\">\n<figure class=\"alignright size-full is-resized\"><img loading=\"lazy\" decoding=\"async\" width=\"332\" height=\"454\" src=\"https:\/\/xn--porlascallesdecrdoba-p8b.com\/wp-content\/uploads\/2026\/08\/image-207.png\" alt=\"\" class=\"wp-image-7197\" style=\"aspect-ratio:0.7312682842884185;width:272px;height:auto\"\/><\/figure>\n<\/div>\n\n\n<p class=\"wp-block-paragraph\" style=\"font-size:20px\">En el solar que hoy ocupa el n\u00famero ocho, empez\u00f3 a funcionar el 24 de Enero de 1928, la \u00abEscuela Industrial\u00bb, origen de la actual Escuela Polit\u00e9cnica Superior de C\u00f3rdoba, el curso lo iniciar\u00eda con 170 alumnos. El inicio de su fundaci\u00f3n se remonta dos a\u00f1os antes. Se inaugur\u00f3 con los estudios correspondientes a la \u00abEscuela Elemental del Trabajo\u00bb. Hasta el siguiente curso 28-29 no comenzaron los correspondientes a la \u00abEscuela Superior del Trabajo\u00bb, con el t\u00edtulo de \u00abT\u00e9cnico Industrial Mec\u00e1nico\u00bb.<\/p>\n\n\n\n<p class=\"wp-block-paragraph\" style=\"font-size:20px\">Para el curso 32-33, el Centro se traslada al Palacio del Marqu\u00e9s de Santa Rosa en la calle Manr\u00edquez, 2 (antes calle Juder\u00eda).<\/p>\n\n\n\n<p class=\"wp-block-paragraph\" style=\"font-size:20px\">La calle termina en una peque\u00f1a plaza a la que abren cuatro casas, la n\u00famero 19, de blanca fachada con una portada dintelada sobre la que se encuentra un bello balc\u00f3n cerrado con una cristalera met\u00e1lica, el patio interior posee una galer\u00eda con columnas y capiteles de m\u00e1rmol blanco.<\/p>\n\n\n<div class=\"wp-block-image\">\n<figure class=\"aligncenter size-large is-resized\"><img loading=\"lazy\" decoding=\"async\" width=\"1024\" height=\"683\" src=\"https:\/\/xn--porlascallesdecrdoba-p8b.com\/wp-content\/uploads\/2026\/08\/181217-cn-274-1024x683.jpg\" alt=\"\" class=\"wp-image-7198\" style=\"width:609px;height:auto\" srcset=\"https:\/\/xn--porlascallesdecrdoba-p8b.com\/wp-content\/uploads\/2026\/08\/181217-cn-274-1024x683.jpg 1024w, https:\/\/xn--porlascallesdecrdoba-p8b.com\/wp-content\/uploads\/2026\/08\/181217-cn-274-300x200.jpg 300w, https:\/\/xn--porlascallesdecrdoba-p8b.com\/wp-content\/uploads\/2026\/08\/181217-cn-274-768x512.jpg 768w, https:\/\/xn--porlascallesdecrdoba-p8b.com\/wp-content\/uploads\/2026\/08\/181217-cn-274-1536x1024.jpg 1536w, https:\/\/xn--porlascallesdecrdoba-p8b.com\/wp-content\/uploads\/2026\/08\/181217-cn-274-2048x1365.jpg 2048w, https:\/\/xn--porlascallesdecrdoba-p8b.com\/wp-content\/uploads\/2026\/08\/181217-cn-274-400x267.jpg 400w\" sizes=\"auto, (max-width: 1024px) 100vw, 1024px\" \/><\/figure>\n<\/div>\n\n\n<p class=\"wp-block-paragraph\" style=\"font-size:20px\">Menci\u00f3n merece la n\u00famero 14, con la fachada de ladrillo rojo y cerrada mediante una reja, el <strong>\u201cPalacete de los Burgos\u201d,<\/strong> construido a finales en el siglo XIX, en el pilar de la reja se fecha en 1890. En su interior hay varios patios, el que fuera principal y repartidor de las estancias se encuentra dividido por una tapia, tras la divisi\u00f3n del inmueble original en tres parcelas. Su nombre lo toma del apellido de la que fuera familia propietaria. El edificio se encuentra en el Cat\u00e1logo de Bienes Protegidos del Conjunto Hist\u00f3rico de C\u00f3rdoba, de la Gerencia de Urbanismo. La altura es de dos plantas y s\u00f3tano, si bien en la \u00faltima zona llega a las tres alturas.<\/p>\n\n\n<div class=\"wp-block-image\">\n<figure class=\"aligncenter size-full is-resized\"><img decoding=\"async\" src=\"https:\/\/xn--porlascallesdecrdoba-p8b.com\/wp-content\/uploads\/2026\/08\/181217-cn-279.jpg\" alt=\"\" class=\"wp-image-7199\" style=\"aspect-ratio:1.5000146485805526;width:586px;height:auto\"\/><\/figure>\n<\/div>\n\n\n<p class=\"wp-block-paragraph\" style=\"font-size:20px\">&nbsp;&nbsp;&nbsp;&nbsp; La caracter\u00edstica fachada es de ladrillo en colores rojo y amarillo, con forma de U, haciendo el patio de carruajes, cerrado al exterior por una reja. A inicios del siglo XXI se present\u00f3 un proyecto para albergar un hotel en el edificio, cosa que no prosper\u00f3.<\/p>\n\n\n\n<p class=\"wp-block-paragraph\" style=\"font-size:20px\">Seg\u00fan escribe Manuel Ramos Gil, las grandes casas del siglo XIX sufren varias transformaciones con respecto a sus antecesoras, tal vez la principal sea la apertura en la fachada de varias ventanas y balcones, haciendo la vida de sus inquilinos m\u00e1s hacia el exterior: se sustituyen las ventanas con rejas voladas por ventanas y balcones, donde poder asomarse a la calle, y se protegen con rejas de hierro fundido, con decoraci\u00f3n geom\u00e9trica o vegetal. El zagu\u00e1n se transforma, dando visi\u00f3n al patio de la casa, que queda a las vistas de los viandantes. El zagu\u00e1n, y otras dependencias, se empiezan a decorar con azulejos, muchas veces con motivos arabescos, procedentes de f\u00e1bricas sevillanas.<\/p>\n\n\n\n<figure class=\"wp-block-image size-full\"><img loading=\"lazy\" decoding=\"async\" width=\"951\" height=\"549\" src=\"https:\/\/xn--porlascallesdecrdoba-p8b.com\/wp-content\/uploads\/2026\/08\/image-208.png\" alt=\"\" class=\"wp-image-7200\" srcset=\"https:\/\/xn--porlascallesdecrdoba-p8b.com\/wp-content\/uploads\/2026\/08\/image-208.png 951w, https:\/\/xn--porlascallesdecrdoba-p8b.com\/wp-content\/uploads\/2026\/08\/image-208-300x173.png 300w, https:\/\/xn--porlascallesdecrdoba-p8b.com\/wp-content\/uploads\/2026\/08\/image-208-768x443.png 768w\" sizes=\"auto, (max-width: 951px) 100vw, 951px\" \/><\/figure>\n\n\n\n<p class=\"wp-block-paragraph\" style=\"font-size:20px\">En el interior la utilizaci\u00f3n del hierro fundido para hacer dinteles y columnas cambia la fisonom\u00eda del patio.<\/p>\n\n\n\n<figure class=\"wp-block-gallery has-nested-images columns-default is-cropped wp-block-gallery-1 is-layout-flex wp-block-gallery-is-layout-flex\">\n<figure class=\"wp-block-image size-large\"><a href=\"https:\/\/xn--porlascallesdecrdoba-p8b.com\/?page_id=6533\"><img loading=\"lazy\" decoding=\"async\" width=\"218\" height=\"72\" data-id=\"6503\" src=\"https:\/\/xn--porlascallesdecrdoba-p8b.com\/wp-content\/uploads\/2026\/08\/Captura-de-pantalla-2026-08-14-215034.png\" alt=\"\" class=\"wp-image-6503\"\/><\/a><\/figure>\n\n\n\n<figure class=\"wp-block-image size-full\"><a href=\"https:\/\/xn--porlascallesdecrdoba-p8b.com\/?page_id=5727\"><img loading=\"lazy\" decoding=\"async\" width=\"211\" height=\"63\" data-id=\"6505\" src=\"https:\/\/xn--porlascallesdecrdoba-p8b.com\/wp-content\/uploads\/2026\/08\/Captura-de-pantalla-2026-08-14-215040.png\" alt=\"\" class=\"wp-image-6505\"\/><\/a><\/figure>\n\n\n\n<figure class=\"wp-block-image size-large\"><a href=\"https:\/\/xn--porlascallesdecrdoba-p8b.com\/?page_id=6537\"><img loading=\"lazy\" decoding=\"async\" width=\"214\" height=\"64\" data-id=\"6504\" src=\"https:\/\/xn--porlascallesdecrdoba-p8b.com\/wp-content\/uploads\/2026\/08\/Captura-de-pantalla-2026-08-14-215047.png\" alt=\"\" class=\"wp-image-6504\"\/><\/a><\/figure>\n<\/figure>\n\n\n\n<p class=\"wp-block-paragraph\"><\/p>\n","protected":false},"excerpt":{"rendered":"<p>Pincha para localizar la calle en Google Earth Desde la esquina de la calle \u201cCabezas\u201d, entraremos a la calle que C\u00f3rdoba tiene dedicada a su pintor por excelencia, Julio Romero <a class=\"more-link\" href=\"https:\/\/xn--porlascallesdecrdoba-p8b.com\/?page_id=6535\">Seguir leyendo &rarr;<\/a><\/p>\n","protected":false},"author":1,"featured_media":0,"parent":0,"menu_order":0,"comment_status":"closed","ping_status":"closed","template":"","meta":{"footnotes":""},"class_list":["post-6535","page","type-page","status-publish","hentry"],"_links":{"self":[{"href":"https:\/\/xn--porlascallesdecrdoba-p8b.com\/index.php?rest_route=\/wp\/v2\/pages\/6535","targetHints":{"allow":["GET"]}}],"collection":[{"href":"https:\/\/xn--porlascallesdecrdoba-p8b.com\/index.php?rest_route=\/wp\/v2\/pages"}],"about":[{"href":"https:\/\/xn--porlascallesdecrdoba-p8b.com\/index.php?rest_route=\/wp\/v2\/types\/page"}],"author":[{"embeddable":true,"href":"https:\/\/xn--porlascallesdecrdoba-p8b.com\/index.php?rest_route=\/wp\/v2\/users\/1"}],"replies":[{"embeddable":true,"href":"https:\/\/xn--porlascallesdecrdoba-p8b.com\/index.php?rest_route=%2Fwp%2Fv2%2Fcomments&post=6535"}],"version-history":[{"count":17,"href":"https:\/\/xn--porlascallesdecrdoba-p8b.com\/index.php?rest_route=\/wp\/v2\/pages\/6535\/revisions"}],"predecessor-version":[{"id":8046,"href":"https:\/\/xn--porlascallesdecrdoba-p8b.com\/index.php?rest_route=\/wp\/v2\/pages\/6535\/revisions\/8046"}],"wp:attachment":[{"href":"https:\/\/xn--porlascallesdecrdoba-p8b.com\/index.php?rest_route=%2Fwp%2Fv2%2Fmedia&parent=6535"}],"curies":[{"name":"wp","href":"https:\/\/api.w.org\/{rel}","templated":true}]}}