{"id":6537,"date":"2026-08-14T20:20:36","date_gmt":"2026-08-14T20:20:36","guid":{"rendered":"https:\/\/xn--porlascallesdecrdoba-p8b.com\/?page_id=6537"},"modified":"2026-09-04T05:20:51","modified_gmt":"2026-09-04T05:20:51","slug":"antonio-del-castillo","status":"publish","type":"page","link":"https:\/\/xn--porlascallesdecrdoba-p8b.com\/?page_id=6537","title":{"rendered":"San Eul\u00f3gio"},"content":{"rendered":"<div class=\"wp-block-image\">\n<figure class=\"alignright size-large is-resized\"><img loading=\"lazy\" decoding=\"async\" width=\"1024\" height=\"639\" src=\"https:\/\/xn--porlascallesdecrdoba-p8b.com\/wp-content\/uploads\/2026\/08\/Plano-6537-S-Eulogio-1024x639.png\" alt=\"\" class=\"wp-image-7211\" style=\"aspect-ratio:1.6026015894436947;width:475px;height:auto\" srcset=\"https:\/\/xn--porlascallesdecrdoba-p8b.com\/wp-content\/uploads\/2026\/08\/Plano-6537-S-Eulogio-1024x639.png 1024w, https:\/\/xn--porlascallesdecrdoba-p8b.com\/wp-content\/uploads\/2026\/08\/Plano-6537-S-Eulogio-300x187.png 300w, https:\/\/xn--porlascallesdecrdoba-p8b.com\/wp-content\/uploads\/2026\/08\/Plano-6537-S-Eulogio-768x479.png 768w, https:\/\/xn--porlascallesdecrdoba-p8b.com\/wp-content\/uploads\/2026\/08\/Plano-6537-S-Eulogio.png 1030w\" sizes=\"auto, (max-width: 1024px) 100vw, 1024px\" \/><\/figure>\n<\/div>\n\n\n<p class=\"wp-block-paragraph\"><a href=\"https:\/\/earth.google.com\/web\/search\/calle+san+eulogio,+c%c3%b3rdoba,+espa%c3%b1a\/@37.88165931,-4.77688711,111.39575135a,650.27398794d,35y,0h,0t,0r\/data=CpIBGmQSXgokMHhkNmQyMDgyN2ZjNjQ1ZWQ6MHhjZDFhNDBmMzFmZDEzOTNkGRnd5jLa8EJAIR-HHLaIGxPAKiRjYWxsZSBzYW4gZXVsb2dpbywgY8OzcmRvYmEsIGVzcGHDsWEYAiABIiYKJAlCqUMyI_FCQBFSrYGSlvBCQBlWYBGKMhUTwCEkt2t7NiETwEICCAE6AwoBMEICCABKDQj___________8BEAA?authuser=0\" target=\"_blank\" rel=\"noreferrer noopener\">Pincha para localizar la calle en Google Earth<\/a><\/p>\n\n\n\n<p class=\"wp-block-paragraph\" style=\"font-size:20px\">La calle San Eulogio se sit\u00faa entre la calle Cabezas y la plaza de S\u00e9neca. Su nombre lo tom\u00f3 en el a\u00f1o1852 del m\u00e1rtir moz\u00e1rabe cordob\u00e9s Eulogio de C\u00f3rdoba (800-859). Naci\u00f3 dentro de una familia influyente y cristiana, cuando en C\u00f3rdoba se viv\u00eda el esplendor del emirato Omeya durante el mandato de Al-Hakam I.<\/p>\n\n\n\n<p class=\"wp-block-paragraph\" style=\"font-size:20px\">La sociedad cristiana de al-\u00c1ndalus se encontraba dividida, por un lado hab\u00eda un sector mayoritario de fieles que se adaptaron a las circunstancias, practicando los ritos cristiano y pagando los impuestos e integr\u00e1ndose en la sociedad con lo que se \u201ccontaminaron\u201d tambi\u00e9n religiosamente, frente a ellos se encontraba un grupo minoritario de cristianos que, como reacci\u00f3n a los anteriores, llevaron la ortodoxia hasta las \u00faltimas consecuencias, propiciando un movimiento de claras connotaciones apocal\u00edpticas y de ataque abierto al Islam. A este grupo perteneci\u00f3 el abad Esperaindeo, que daba clase en la bas\u00edlica de San Zoilo (posiblemente la actual parroquia de San Andr\u00e9s), entre sus alumnos estaban los j\u00f3venes Eulogio y Paulo \u00c1lvaro, quien luego ser\u00eda su bi\u00f3grafo. Tras ser ordenado sacerdote, Eulogio permaneci\u00f3 en dicha bas\u00edlica, emprendiendo un viaje por los reinos cristianos del norte peninsular, a su regreso a C\u00f3rdoba trajo una colecci\u00f3n de libros latinos de gran inter\u00e9s, que no se encontraban en al-\u00c1ndalus. Eulogio restaur\u00f3 los estudios de Lengua y la Literatura latina desde su escuela y en los monasterios.<\/p>\n\n\n<div class=\"wp-block-image\">\n<figure class=\"alignright size-full is-resized\"><img loading=\"lazy\" decoding=\"async\" width=\"855\" height=\"630\" src=\"https:\/\/xn--porlascallesdecrdoba-p8b.com\/wp-content\/uploads\/2026\/08\/image-209.png\" alt=\"\" class=\"wp-image-7208\" style=\"aspect-ratio:1.3571901921802518;width:461px;height:auto\" srcset=\"https:\/\/xn--porlascallesdecrdoba-p8b.com\/wp-content\/uploads\/2026\/08\/image-209.png 855w, https:\/\/xn--porlascallesdecrdoba-p8b.com\/wp-content\/uploads\/2026\/08\/image-209-300x221.png 300w, https:\/\/xn--porlascallesdecrdoba-p8b.com\/wp-content\/uploads\/2026\/08\/image-209-768x566.png 768w\" sizes=\"auto, (max-width: 855px) 100vw, 855px\" \/><figcaption class=\"wp-element-caption\">Capilla de San Eulogio en la Mezquita-Catedral<\/figcaption><\/figure>\n<\/div>\n\n\n<p class=\"wp-block-paragraph\" style=\"font-size:20px\">Tras ello Eulogio fue uno de los cl\u00e9rigos que lider\u00f3 el movimiento del \u201c<em>martirio voluntario<\/em>\u201d a medio centenar de moz\u00e1rabes cordobeses, siendo \u00e9l uno de ellos. El conflicto de los m\u00e1rtires voluntarios comenz\u00f3 en el a\u00f1o 850 con la muerte del sacerdote Perfecto, lo que provoc\u00f3 un estado de indignaci\u00f3n entre los cristianos ortodoxos que comenzaron a presentarse en grupo o individualmente ante las autoridades musulmanas buscando el martirio. Tras las primeras muertes, Abd al-Ra\u1e25man II mand\u00f3 convocar un concilio cristiano que se celebr\u00f3 en C\u00f3rdoba en el 852, presidido por Recafredo, obispo de Sevilla, y con la presencia de Saulo, obispo de C\u00f3rdoba y Eulogio que defend\u00edan la causa de los m\u00e1rtires. El concilio conden\u00f3 los martirios voluntarios y Recafredo mand\u00f3 encarcelar a los cabecillas del movimiento martirial, entre los que se encontraba Eulogio, quien durante su cautiverio escribi\u00f3 obras de apolog\u00eda del martirio. Con la llegada al trono de Mu\u1e25ammad I se endurecieron las condiciones de vida de los moz\u00e1rabes. En el a\u00f1o 858, al morir el obispo de Toledo, Eulogio fue elegido obispo de dicha ciudad, aunque no llegar\u00eda a ocupar la sede.<\/p>\n\n\n\n<p class=\"wp-block-paragraph\" style=\"font-size:20px\">Fue detenido a principios del 859 por haber ayudado a ocultarse a Leocricia, cristiana de padres musulmanes; la joven fue ejecutada enseguida, pero el cad\u00ed de C\u00f3rdoba, dada la posici\u00f3n de Eulogio como primado electo, resolvi\u00f3 enviarlo al palacio del emir ante quien el santo atac\u00f3 abiertamente el islam y fue sentenciado, siendo ejecutado ese mismo a\u00f1o.<\/p>\n\n\n\n<p class=\"wp-block-paragraph\" style=\"font-size:20px\">Los restos de san Eulogio fueron sepultados en la bas\u00edlica de San Zoilo y generaron un culto inmediato; en el a\u00f1o 883, Alfonso III obtuvo del emir las reliquias y las traslad\u00f3 a la capilla de Santa Leocadia en la catedral de Oviedo, de all\u00ed pasaron a la c\u00e1mara santa de la misma catedral en 1303, donde a\u00fan se conserva una parte de las mismas en una urna de plata; el mismo a\u00f1o, otra parte de las reliquias retorn\u00f3 a C\u00f3rdoba para ser depositada en la iglesia de San Rafael.<\/p>\n\n\n<div class=\"wp-block-image\">\n<figure class=\"aligncenter size-full is-resized\"><img loading=\"lazy\" decoding=\"async\" width=\"648\" height=\"487\" src=\"https:\/\/xn--porlascallesdecrdoba-p8b.com\/wp-content\/uploads\/2026\/08\/Captura-de-pantalla-2026-08-22-231310.png\" alt=\"\" class=\"wp-image-7217\" style=\"aspect-ratio:1.3306487839312071;width:557px;height:auto\" srcset=\"https:\/\/xn--porlascallesdecrdoba-p8b.com\/wp-content\/uploads\/2026\/08\/Captura-de-pantalla-2026-08-22-231310.png 648w, https:\/\/xn--porlascallesdecrdoba-p8b.com\/wp-content\/uploads\/2026\/08\/Captura-de-pantalla-2026-08-22-231310-300x225.png 300w\" sizes=\"auto, (max-width: 648px) 100vw, 648px\" \/><\/figure>\n<\/div>\n\n<div class=\"wp-block-image\">\n<figure class=\"alignright size-full is-resized\"><img decoding=\"async\" src=\"https:\/\/xn--porlascallesdecrdoba-p8b.com\/wp-content\/uploads\/2026\/08\/20211008_111820.jpg\" alt=\"\" class=\"wp-image-7218\" style=\"aspect-ratio:0.45040289946866535;width:268px;height:auto\"\/><\/figure>\n<\/div>\n\n\n<p class=\"wp-block-paragraph\" style=\"font-size:20px\">Centr\u00e1ndonos ya en la calle, recibi\u00f3 el mismo nombre que la cercana \u201cJulio Romero de Torres\u201d, \u201cCallejas que van al Portillo\u201d, o \u201cCallejas del Portillo\u201d. La calle se urbaniza en dos tramos, dejando una peque\u00f1a plaza en medio, en el segundo tramo, la casa n\u00famero 12 conserva encantos de su pasado mud\u00e9jar puestos en valor tras una reciente restauraci\u00f3n, posee un patio mud\u00e9jar porticado con material de acarreo de \u00e9poca califal en buen estado, los pasillos se cubren con unos <em>alfarjes<\/em>, techo de madera horizontal y entrelazada.&nbsp;<\/p>\n\n\n\n<p class=\"wp-block-paragraph\" style=\"font-size:20px\">La casa n\u00aa 10 conserva una portada adintalada, de siller\u00eda. Actualmente se encuentra abandonada, el edificio rodea a un amplio patio, teniendo el junto una superficie de unos 350 m<sup>2<\/sup>.<\/p>\n\n\n\n<p class=\"wp-block-paragraph\" style=\"font-size:20px\">En la peque\u00f1a plaza que hemos citado que hace la calle, un vano rectangular nos da acceso a un espacio que estuvo ocupado hasta el a\u00f1o 2007 por una propiedad privada, al derribarla se aprovech\u00f3 para volver a poner en valor un antiguo acceso a trav\u00e9s de la muralla romana creado en 1965 que, mediante una escalera, conecta las calles \u201cSan Fernando\u201d y \u201cSan Eulogio\u201d.<\/p>\n\n\n\n<p class=\"wp-block-paragraph\" style=\"font-size:20px\">El edificio n\u00famero 1 posee un zagu\u00e1n con una reja fechada en 1883, siendo varios los edificios que superan los cien a\u00f1os, al menos parte de su arquitectura.<\/p>\n\n\n\n<figure class=\"wp-block-gallery has-nested-images columns-default is-cropped wp-block-gallery-1 is-layout-flex wp-block-gallery-is-layout-flex\">\n<figure class=\"wp-block-image size-large\"><a href=\"https:\/\/xn--porlascallesdecrdoba-p8b.com\/?page_id=6535\"><img loading=\"lazy\" decoding=\"async\" width=\"218\" height=\"72\" data-id=\"6503\" src=\"https:\/\/xn--porlascallesdecrdoba-p8b.com\/wp-content\/uploads\/2026\/08\/Captura-de-pantalla-2026-08-14-215034.png\" alt=\"\" class=\"wp-image-6503\"\/><\/a><\/figure>\n\n\n\n<figure class=\"wp-block-image size-full\"><a href=\"https:\/\/xn--porlascallesdecrdoba-p8b.com\/?page_id=5727\"><img loading=\"lazy\" decoding=\"async\" width=\"211\" height=\"63\" data-id=\"6505\" src=\"https:\/\/xn--porlascallesdecrdoba-p8b.com\/wp-content\/uploads\/2026\/08\/Captura-de-pantalla-2026-08-14-215040.png\" alt=\"\" class=\"wp-image-6505\"\/><\/a><\/figure>\n\n\n\n<figure class=\"wp-block-image size-large\"><a href=\"https:\/\/xn--porlascallesdecrdoba-p8b.com\/?page_id=7222\"><img loading=\"lazy\" decoding=\"async\" width=\"214\" height=\"64\" data-id=\"6504\" src=\"https:\/\/xn--porlascallesdecrdoba-p8b.com\/wp-content\/uploads\/2026\/08\/Captura-de-pantalla-2026-08-14-215047.png\" alt=\"\" class=\"wp-image-6504\"\/><\/a><\/figure>\n<\/figure>\n\n\n\n<p class=\"wp-block-paragraph\"><\/p>\n","protected":false},"excerpt":{"rendered":"<p>Pincha para localizar la calle en Google Earth La calle San Eulogio se sit\u00faa entre la calle Cabezas y la plaza de S\u00e9neca. Su nombre lo tom\u00f3 en el a\u00f1o1852 <a class=\"more-link\" href=\"https:\/\/xn--porlascallesdecrdoba-p8b.com\/?page_id=6537\">Seguir leyendo &rarr;<\/a><\/p>\n","protected":false},"author":1,"featured_media":0,"parent":0,"menu_order":0,"comment_status":"closed","ping_status":"closed","template":"","meta":{"footnotes":""},"class_list":["post-6537","page","type-page","status-publish","hentry"],"_links":{"self":[{"href":"https:\/\/xn--porlascallesdecrdoba-p8b.com\/index.php?rest_route=\/wp\/v2\/pages\/6537","targetHints":{"allow":["GET"]}}],"collection":[{"href":"https:\/\/xn--porlascallesdecrdoba-p8b.com\/index.php?rest_route=\/wp\/v2\/pages"}],"about":[{"href":"https:\/\/xn--porlascallesdecrdoba-p8b.com\/index.php?rest_route=\/wp\/v2\/types\/page"}],"author":[{"embeddable":true,"href":"https:\/\/xn--porlascallesdecrdoba-p8b.com\/index.php?rest_route=\/wp\/v2\/users\/1"}],"replies":[{"embeddable":true,"href":"https:\/\/xn--porlascallesdecrdoba-p8b.com\/index.php?rest_route=%2Fwp%2Fv2%2Fcomments&post=6537"}],"version-history":[{"count":17,"href":"https:\/\/xn--porlascallesdecrdoba-p8b.com\/index.php?rest_route=\/wp\/v2\/pages\/6537\/revisions"}],"predecessor-version":[{"id":8044,"href":"https:\/\/xn--porlascallesdecrdoba-p8b.com\/index.php?rest_route=\/wp\/v2\/pages\/6537\/revisions\/8044"}],"wp:attachment":[{"href":"https:\/\/xn--porlascallesdecrdoba-p8b.com\/index.php?rest_route=%2Fwp%2Fv2%2Fmedia&parent=6537"}],"curies":[{"name":"wp","href":"https:\/\/api.w.org\/{rel}","templated":true}]}}