{"id":6552,"date":"2026-08-15T16:58:40","date_gmt":"2026-08-15T16:58:40","guid":{"rendered":"https:\/\/xn--porlascallesdecrdoba-p8b.com\/?page_id=6552"},"modified":"2026-08-28T17:13:07","modified_gmt":"2026-08-28T17:13:07","slug":"antiguo-convento-de-santa-clara","status":"publish","type":"page","link":"https:\/\/xn--porlascallesdecrdoba-p8b.com\/?page_id=6552","title":{"rendered":"Antiguo convento de Santa Clara"},"content":{"rendered":"<div class=\"wp-block-image\">\n<figure class=\"alignright size-full is-resized\"><img loading=\"lazy\" decoding=\"async\" width=\"612\" height=\"483\" src=\"https:\/\/xn--porlascallesdecrdoba-p8b.com\/wp-content\/uploads\/2026\/08\/Captura-de-pantalla-2026-08-19-134531.png\" alt=\"\" class=\"wp-image-6747\" style=\"width:491px;height:auto\" srcset=\"https:\/\/xn--porlascallesdecrdoba-p8b.com\/wp-content\/uploads\/2026\/08\/Captura-de-pantalla-2026-08-19-134531.png 612w, https:\/\/xn--porlascallesdecrdoba-p8b.com\/wp-content\/uploads\/2026\/08\/Captura-de-pantalla-2026-08-19-134531-300x237.png 300w\" sizes=\"auto, (max-width: 612px) 100vw, 612px\" \/><\/figure>\n<\/div>\n\n\n<p class=\"wp-block-paragraph\" style=\"font-size:20px\">En la calle \u00abRey Heredia\u00bb, esquina con \u00abOsio\u00bb, se encuentra uno de los edificios cuya arquitectura conserva restos m\u00e1s antiguos y diversos de la historia de la ciudad. Es el que fuera convento de San Clara, un edificio que lleva a\u00f1os de estudio, trabajos arqueol\u00f3gicos y restauraciones. En \u00e9l se han localizado desde mosaicos romanos, hasta restos paleocristianos, una antigua mezquita omeya y el convento cristiano de Santa Clara.<\/p>\n\n\n<div class=\"wp-block-image\">\n<figure class=\"alignright size-full is-resized\"><img loading=\"lazy\" decoding=\"async\" width=\"385\" height=\"537\" src=\"https:\/\/xn--porlascallesdecrdoba-p8b.com\/wp-content\/uploads\/2026\/08\/image-135.png\" alt=\"\" class=\"wp-image-6723\" style=\"aspect-ratio:0.716966857741438;width:298px;height:auto\" srcset=\"https:\/\/xn--porlascallesdecrdoba-p8b.com\/wp-content\/uploads\/2026\/08\/image-135.png 385w, https:\/\/xn--porlascallesdecrdoba-p8b.com\/wp-content\/uploads\/2026\/08\/image-135-215x300.png 215w\" sizes=\"auto, (max-width: 385px) 100vw, 385px\" \/><figcaption class=\"wp-element-caption\">Torre alminar de Santa Clara<\/figcaption><\/figure>\n<\/div>\n\n\n<p class=\"wp-block-paragraph\" style=\"font-size:20px\">Declarado Bien de Inter\u00e9s Cultural. Fue el primer monasterio femenino de C\u00f3rdoba tras la conquista cristiana, ya que se instituy\u00f3 en el a\u00f1o 1256, entonces con apenas ocho monjas clarisas. Fue construido sobre una mezquita del siglo X de la que a\u00fan conserva el alminar. En el siglo XIX fue abandonado, pasando la comunidad de monjas clarisas al convento de la Santa Cruz.<\/p>\n\n\n\n<p class=\"wp-block-paragraph\" style=\"font-size:20px\">Su historia se remonta a tiempos paleocristianos, cuando se crea en este lugar <strong>la bas\u00edlica de \u201cSanta Catalina\u201d<\/strong>, fue construida a mediados del siglo VI, cuando el sur peninsular era la\u00a0<em>provincia de Spania<\/em>, del imperio bizantino, mientras que el resto de la pen\u00ednsula estaba en manos visigodas.<\/p>\n\n\n<div class=\"wp-block-image\">\n<figure class=\"alignleft size-full is-resized\"><img loading=\"lazy\" decoding=\"async\" width=\"506\" height=\"370\" src=\"https:\/\/xn--porlascallesdecrdoba-p8b.com\/wp-content\/uploads\/2026\/08\/image-136.png\" alt=\"\" class=\"wp-image-6725\" style=\"aspect-ratio:1.3676408480445983;width:421px;height:auto\" srcset=\"https:\/\/xn--porlascallesdecrdoba-p8b.com\/wp-content\/uploads\/2026\/08\/image-136.png 506w, https:\/\/xn--porlascallesdecrdoba-p8b.com\/wp-content\/uploads\/2026\/08\/image-136-300x219.png 300w\" sizes=\"auto, (max-width: 506px) 100vw, 506px\" \/><figcaption class=\"wp-element-caption\">Escudo de Castilla Le\u00f3n, sobre la portada del convento<\/figcaption><\/figure>\n<\/div>\n\n\n<p class=\"wp-block-paragraph\" style=\"font-size:20px\"><\/p>\n\n\n\n<p class=\"wp-block-paragraph\" style=\"font-size:20px\">Con la llegada en el 711 de los musulmanes, se proh\u00edbe la pr\u00e1ctica religiosa que no sea la isl\u00e1mica en el interior de la Medina, por lo que este templo quedar\u00eda sin uso.<\/p>\n\n\n\n<p class=\"wp-block-paragraph\" style=\"font-size:20px\">En el siglo X sobre la bas\u00edlica cristiana se levanta una <strong>mezquita<\/strong> de seiscientos metros cuadrados, con una sala de oraci\u00f3n (liw\u00e1n) de tres naves, patio y alminar. El liw\u00e1n ocupar\u00eda el espacio de la nave central y la izquierda, de la antigua bas\u00edlica, sus dimensiones eran de 19 x 16 m., la nave central central m\u00e1s ancha, separ\u00e1ndose una de otra por medio de seis arcos de herradura apoyados en cinco columnas. Tambi\u00e9n se han localizado restos del arco del mihrab y del alfiz en el muro de la <em>qibla<\/em>. Se supone que el patio estaba porticado con arquer\u00edas que, posteriormente fueron aprovechadas para la construcci\u00f3n del templo cristiano del siglo XIII. En el interior del edificio, de la mezquita, se conserva una cantidad relevante de esta estructura como el muro de quibla y el patio de abluciones y un arco de herradura que se puede ver en la calle Osio.<\/p>\n\n\n<div class=\"wp-block-image\">\n<figure class=\"aligncenter size-full\"><img loading=\"lazy\" decoding=\"async\" width=\"568\" height=\"246\" src=\"https:\/\/xn--porlascallesdecrdoba-p8b.com\/wp-content\/uploads\/2026\/08\/image-134.png\" alt=\"\" class=\"wp-image-6721\" srcset=\"https:\/\/xn--porlascallesdecrdoba-p8b.com\/wp-content\/uploads\/2026\/08\/image-134.png 568w, https:\/\/xn--porlascallesdecrdoba-p8b.com\/wp-content\/uploads\/2026\/08\/image-134-300x130.png 300w\" sizes=\"auto, (max-width: 568px) 100vw, 568px\" \/><figcaption class=\"wp-element-caption\">Elementos de una mezquita<\/figcaption><\/figure>\n<\/div>\n\n<div class=\"wp-block-image\">\n<figure class=\"alignright size-full\"><img loading=\"lazy\" decoding=\"async\" width=\"354\" height=\"477\" src=\"https:\/\/xn--porlascallesdecrdoba-p8b.com\/wp-content\/uploads\/2026\/08\/image-141.png\" alt=\"\" class=\"wp-image-6745\"\/><\/figure>\n<\/div>\n\n\n<p class=\"wp-block-paragraph\" style=\"font-size:20px\">Bajo el nivel de la mezquita califal se localizaron restos de un derrumbe de elementos cristianos, por lo que para el arque\u00f3logo Pedro Marfil, quien estudi\u00f3 este edifico, de haber existido una mezquita emiral reutilizando la iglesia, no se habr\u00edan encontrado esos restos, por lo que se piensa que la comunidad moz\u00e1rabe desmont\u00f3 la iglesia, perforando el pavimento mosaico para retirar los restos humanos enterrados.<\/p>\n\n\n\n<p class=\"wp-block-paragraph\" style=\"font-size:20px\">El alminar es del periodo califa, a\u00f1o 976, de su \u00e9poca isl\u00e1mica se conserva hasta el dintel transversal, y a partir de aqu\u00ed pertenece al reinado de Alfonso XI. Hasta finales de los a\u00f1os 1990 el alminar conservaba las almenas escalonadas, similares a las que se ven en el muro exterior de la mezquita. Esta torre-alminar se encuentra catalogada como Bien de Inter\u00e9s Cultural con tipolog\u00eda jur\u00eddica de Monumento desde 1931.<\/p>\n\n\n\n<figure class=\"wp-block-image size-large\"><img loading=\"lazy\" decoding=\"async\" width=\"1024\" height=\"328\" src=\"https:\/\/xn--porlascallesdecrdoba-p8b.com\/wp-content\/uploads\/2026\/08\/image-137-1024x328.png\" alt=\"\" class=\"wp-image-6729\" srcset=\"https:\/\/xn--porlascallesdecrdoba-p8b.com\/wp-content\/uploads\/2026\/08\/image-137-1024x328.png 1024w, https:\/\/xn--porlascallesdecrdoba-p8b.com\/wp-content\/uploads\/2026\/08\/image-137-300x96.png 300w, https:\/\/xn--porlascallesdecrdoba-p8b.com\/wp-content\/uploads\/2026\/08\/image-137-768x246.png 768w, https:\/\/xn--porlascallesdecrdoba-p8b.com\/wp-content\/uploads\/2026\/08\/image-137.png 1102w\" sizes=\"auto, (max-width: 1024px) 100vw, 1024px\" \/><figcaption class=\"wp-element-caption\">Fotograf\u00edas publicadas por \u00abEl D\u00eda de C\u00f3rdoba\u00bb<\/figcaption><\/figure>\n\n\n\n<p class=\"wp-block-paragraph\" style=\"font-size:20px\">Se sabe que, para atender a las abluciones de los feligreses, en la calle Rey Heredia exist\u00edan unos ba\u00f1os, junto a esta mezquita.<\/p>\n\n\n\n<p class=\"wp-block-paragraph\" style=\"font-size:20px\">Con la toma de la ciudad en 1236 por el rey Fernando III, \u00e9ste cede terrenos de esta zona a su madre, Juana de Ponthieu, por lo que ser\u00eda conocido como \u201cManzana de la Reina\u201d, posteriormente pasar\u00edan a ser del infante don Luis, hermano de Alfonso X El Sabio. En 1265, el arcediano Miguel D\u00eda compra al infante estas casas para transformarlas en convento de monjas, siendo el primer cenobio femenino fundado en C\u00f3rdoba tras la toma por Fernando III, fue bendecido por el primer obispo de C\u00f3rdoba, Lope Fitero (1238-1245), el a\u00f1o anterior a finalizar su obispado. A los a\u00f1os se alojaron monjas Clarisas, tomando el convento el nombre de <strong>\u201cSanta Clara\u201d<\/strong> y m\u00e1s tarde el de \u00abde Santa Isabel\u00bb, como homenaje a Isabel de Francia, muy vinculada a la monarqu\u00eda espa\u00f1ola.<\/p>\n\n\n\n<p class=\"wp-block-paragraph\" style=\"font-size:20px\">En el a\u00f1o 1267 el convento pasar\u00eda a ser tutelado por el rey Alfonso X, empezando a recibir grandes beneficios de la nobleza, que se fueron ampliando con los posteriores apoyos de los monarcas Sancho IV, Fernando IV, Alfonso XI y Pedro I. En el siglo XIV se someti\u00f3 a una amplia reforma levant\u00e1ndose la fachada entre el patio y la iglesia, se derriban las arquer\u00edas \u00e1rabes, y se sustituyen por otras dos de tres vanos y se construye el coro, con una planta basilical de tres naves. El z\u00f3calo se decora con pinturas mud\u00e9jares con representaciones geom\u00e9tricas. En el XVI el patio ser\u00e1 transformado y se cambiar\u00eda la orientaci\u00f3n del templo, siendo \u00e9ste reformado m\u00e1s tarde tech\u00e1ndose el patio y la nave principal con b\u00f3veda enca\u00f1onada que ciega los arcos superiores de las galer\u00edas laterales; en el siglo XVIII se construye la portada barroca en la calle Rey Heredia y la separaci\u00f3n del templo y la clausura.<\/p>\n\n\n<div class=\"wp-block-image\">\n<figure class=\"aligncenter size-large\"><img loading=\"lazy\" decoding=\"async\" width=\"1024\" height=\"339\" src=\"https:\/\/xn--porlascallesdecrdoba-p8b.com\/wp-content\/uploads\/2026\/08\/image-138-1024x339.png\" alt=\"\" class=\"wp-image-6731\" srcset=\"https:\/\/xn--porlascallesdecrdoba-p8b.com\/wp-content\/uploads\/2026\/08\/image-138-1024x339.png 1024w, https:\/\/xn--porlascallesdecrdoba-p8b.com\/wp-content\/uploads\/2026\/08\/image-138-300x99.png 300w, https:\/\/xn--porlascallesdecrdoba-p8b.com\/wp-content\/uploads\/2026\/08\/image-138-768x254.png 768w, https:\/\/xn--porlascallesdecrdoba-p8b.com\/wp-content\/uploads\/2026\/08\/image-138.png 1078w\" sizes=\"auto, (max-width: 1024px) 100vw, 1024px\" \/><figcaption class=\"wp-element-caption\">Fotograf\u00edas publicadas por \u00abEl D\u00eda de C\u00f3rdoba\u00bb<\/figcaption><\/figure>\n<\/div>\n\n\n<p class=\"wp-block-paragraph\" style=\"font-size:20px\"><\/p>\n\n\n\n<p class=\"wp-block-paragraph\" style=\"font-size:20px\">El convento ser\u00e1 desamortizado en el siglo XIX y las monjas pasar\u00edan en 1868 al convento de Santa Cruz, de la calle Agust\u00edn Moreno.<\/p>\n\n\n\n<p class=\"wp-block-paragraph\" style=\"font-size:20px\">M\u00e1s tarde ser\u00e1 utilizado como polvor\u00edn, acuartelamiento militar e incluso lavander\u00eda, hasta ser adquirido finalmente por el Ayuntamiento en los a\u00f1os cincuenta del siglo XX,<\/p>\n\n\n\n<p class=\"wp-block-paragraph\" style=\"font-size:20px\">Con la exclaustraci\u00f3n del siglo XIX, el edificio quedar\u00eda sin uso religioso pasando a ser utilizado como cuartel, por un periodo de ocho a\u00f1os en que ser\u00e1 parcelado y vendido. En 1933 lo adquiere la comunidad religiosa \u201cHijas de Mar\u00eda Inmaculada\u201d, pasando treinta a\u00f1os m\u00e1s tarde a propiedad municipal instalando un centro de educaci\u00f3n primaria con el nombre de \u201cJulio Romero de Torres\u201d. Tras el cierre de \u00e9ste, el edifico se restaur\u00f3 y adapt\u00f3 para instalar en \u00e9l los \u201cEquipos de Orientaci\u00f3n Educativa\u201d de la Consejer\u00eda de Educaci\u00f3n de la Junta de Andaluc\u00eda. Posteriormente alberg\u00f3 el Consorcio de Turismo de C\u00f3rdoba, un organismo de derecho p\u00fablico y de \u00e1mbito municipal creado por el&nbsp;Ayuntamiento de C\u00f3rdoba&nbsp;junto a la Confederaci\u00f3n de Empresarios de C\u00f3rdoba, la&nbsp;C\u00e1mara Oficial de Comercio e Industria&nbsp;y una instituci\u00f3n privada, formada por empresarios de diversos sectores relacionados con el turismo, siendo el \u00f3rgano que dirigi\u00f3 la pol\u00edtica tur\u00edstica en ese tiempo. Desde 2018 es la sede del Instituto Municipal de Turismo, del Ayuntamiento de C\u00f3rdoba.<\/p>\n\n\n<div class=\"wp-block-image\">\n<figure class=\"aligncenter size-full\"><img loading=\"lazy\" decoding=\"async\" width=\"1027\" height=\"357\" src=\"https:\/\/xn--porlascallesdecrdoba-p8b.com\/wp-content\/uploads\/2026\/08\/image-139.png\" alt=\"\" class=\"wp-image-6732\"\/><figcaption class=\"wp-element-caption\">Fotograf\u00edas publicadas por \u00abEl D\u00eda de C\u00f3rdoba\u00bb<\/figcaption><\/figure>\n<\/div>\n\n\n<p class=\"wp-block-paragraph\" style=\"font-size:20px\"><\/p>\n\n\n\n<p class=\"wp-block-paragraph\" style=\"font-size:20px\">El edificio se articula alrededor de cuatro patios: del claustro, del jard\u00edn, del estanque y del pozo. La entrada la haremos a una zona que conserva un aire medieval con las paredes de ladrillo y siller\u00eda. Llegaremos al patio principal, claustrado en tres de sus lados, los arcos de ladrillo visto descansan sobre columnas renacentistas; la pared no claustrada, en la que se sit\u00faa una fuente, divide al patio en dos, perteneciendo la otra parte a la vivienda n\u00famero 24. Tras la desamortizaci\u00f3n se vende a particulares parte del convento y, por ejemplo, sobre \u00e9l se levantan las casas 22, 24 y 26 de la calle Rey Heredia.<\/p>\n\n\n\n<p class=\"wp-block-paragraph\" style=\"font-size:20px\">Este edificio se ha sometido a un gran n\u00famero de estudios arqueol\u00f3gicos, y tras ellos periodos de abandono. En el a\u00f1o 1981 el alcalde Julio Anguita entreg\u00f3 las llaves del convento a Ali Kettani, consejero del rey de Arabia Saud\u00ed. Esto provoc\u00f3 una pol\u00e9mica en la ciudad, ante el gesto del alcalde de entregar la propiedad y el uso de un edificio municipal a la comunidad musulmana extranjera. Posteriormente este acuerdo fue revocado.<\/p>\n\n\n<div class=\"wp-block-image\">\n<figure class=\"aligncenter size-full\"><img loading=\"lazy\" decoding=\"async\" width=\"997\" height=\"356\" src=\"https:\/\/xn--porlascallesdecrdoba-p8b.com\/wp-content\/uploads\/2026\/08\/image-140.png\" alt=\"\" class=\"wp-image-6733\" srcset=\"https:\/\/xn--porlascallesdecrdoba-p8b.com\/wp-content\/uploads\/2026\/08\/image-140.png 997w, https:\/\/xn--porlascallesdecrdoba-p8b.com\/wp-content\/uploads\/2026\/08\/image-140-300x107.png 300w, https:\/\/xn--porlascallesdecrdoba-p8b.com\/wp-content\/uploads\/2026\/08\/image-140-768x274.png 768w\" sizes=\"auto, (max-width: 997px) 100vw, 997px\" \/><figcaption class=\"wp-element-caption\">Fotograf\u00edas publicadas por \u00abEl D\u00eda de C\u00f3rdoba\u00bb<\/figcaption><\/figure>\n<\/div>\n\n\n<figure class=\"wp-block-gallery has-nested-images columns-default is-cropped wp-block-gallery-1 is-layout-flex wp-block-gallery-is-layout-flex\">\n<figure class=\"wp-block-image size-large\"><a href=\"https:\/\/xn--porlascallesdecrdoba-p8b.com\/?page_id=6554\"><img loading=\"lazy\" decoding=\"async\" width=\"218\" height=\"72\" data-id=\"6503\" src=\"https:\/\/xn--porlascallesdecrdoba-p8b.com\/wp-content\/uploads\/2026\/08\/Captura-de-pantalla-2026-08-14-215034.png\" alt=\"\" class=\"wp-image-6503\"\/><\/a><\/figure>\n\n\n\n<figure class=\"wp-block-image size-full\"><a href=\"https:\/\/xn--porlascallesdecrdoba-p8b.com\/?page_id=5727\"><img loading=\"lazy\" decoding=\"async\" width=\"211\" height=\"63\" data-id=\"6505\" src=\"https:\/\/xn--porlascallesdecrdoba-p8b.com\/wp-content\/uploads\/2026\/08\/Captura-de-pantalla-2026-08-14-215040.png\" alt=\"\" class=\"wp-image-6505\"\/><\/a><\/figure>\n\n\n\n<figure class=\"wp-block-image size-large\"><a href=\"https:\/\/xn--porlascallesdecrdoba-p8b.com\/?page_id=6522\"><img loading=\"lazy\" decoding=\"async\" width=\"214\" height=\"64\" data-id=\"6504\" src=\"https:\/\/xn--porlascallesdecrdoba-p8b.com\/wp-content\/uploads\/2026\/08\/Captura-de-pantalla-2026-08-14-215047.png\" alt=\"\" class=\"wp-image-6504\"\/><\/a><\/figure>\n<\/figure>\n\n\n\n<p class=\"wp-block-paragraph\"><\/p>\n","protected":false},"excerpt":{"rendered":"<p>En la calle \u00abRey Heredia\u00bb, esquina con \u00abOsio\u00bb, se encuentra uno de los edificios cuya arquitectura conserva restos m\u00e1s antiguos y diversos de la historia de la ciudad. Es el <a class=\"more-link\" href=\"https:\/\/xn--porlascallesdecrdoba-p8b.com\/?page_id=6552\">Seguir leyendo &rarr;<\/a><\/p>\n","protected":false},"author":1,"featured_media":0,"parent":0,"menu_order":0,"comment_status":"closed","ping_status":"closed","template":"","meta":{"footnotes":""},"class_list":["post-6552","page","type-page","status-publish","hentry"],"_links":{"self":[{"href":"https:\/\/xn--porlascallesdecrdoba-p8b.com\/index.php?rest_route=\/wp\/v2\/pages\/6552","targetHints":{"allow":["GET"]}}],"collection":[{"href":"https:\/\/xn--porlascallesdecrdoba-p8b.com\/index.php?rest_route=\/wp\/v2\/pages"}],"about":[{"href":"https:\/\/xn--porlascallesdecrdoba-p8b.com\/index.php?rest_route=\/wp\/v2\/types\/page"}],"author":[{"embeddable":true,"href":"https:\/\/xn--porlascallesdecrdoba-p8b.com\/index.php?rest_route=\/wp\/v2\/users\/1"}],"replies":[{"embeddable":true,"href":"https:\/\/xn--porlascallesdecrdoba-p8b.com\/index.php?rest_route=%2Fwp%2Fv2%2Fcomments&post=6552"}],"version-history":[{"count":15,"href":"https:\/\/xn--porlascallesdecrdoba-p8b.com\/index.php?rest_route=\/wp\/v2\/pages\/6552\/revisions"}],"predecessor-version":[{"id":7640,"href":"https:\/\/xn--porlascallesdecrdoba-p8b.com\/index.php?rest_route=\/wp\/v2\/pages\/6552\/revisions\/7640"}],"wp:attachment":[{"href":"https:\/\/xn--porlascallesdecrdoba-p8b.com\/index.php?rest_route=%2Fwp%2Fv2%2Fmedia&parent=6552"}],"curies":[{"name":"wp","href":"https:\/\/api.w.org\/{rel}","templated":true}]}}