{"id":6554,"date":"2026-08-15T21:19:27","date_gmt":"2026-08-15T21:19:27","guid":{"rendered":"https:\/\/xn--porlascallesdecrdoba-p8b.com\/?page_id=6554"},"modified":"2026-08-26T16:30:27","modified_gmt":"2026-08-26T16:30:27","slug":"rey-heredia-la-casa-del-duque","status":"publish","type":"page","link":"https:\/\/xn--porlascallesdecrdoba-p8b.com\/?page_id=6554","title":{"rendered":"Rey Heredia, la Casa del Duque"},"content":{"rendered":"<div class=\"wp-block-image\">\n<figure class=\"alignright size-full\"><img loading=\"lazy\" decoding=\"async\" width=\"331\" height=\"552\" src=\"https:\/\/xn--porlascallesdecrdoba-p8b.com\/wp-content\/uploads\/2026\/08\/image-126.png\" alt=\"\" class=\"wp-image-6644\"\/><\/figure>\n<\/div>\n\n\n<p class=\"wp-block-paragraph\" style=\"font-size:20px\">La portada n\u00famero 13 pertenece a la <strong>\u201cCasa del Duque de Medina Sidonia\u201d<\/strong>, que se abre frente a la calle \u201cEncarnaci\u00f3n\u201d, pertenece a una de las mejores casas de C\u00f3rdoba, ya en 1237 se mencionan las \u201cCasas Altas\u201d, que llegaban a la \u201cplaza de los Para\u00edsos\u201d, actual \u201cJer\u00f3nimo P\u00e1ez\u201d; \u00e9stas fueron entregadas, en 1237, por el rey Fernando III a Domingo Mu\u00f1oz, Adalid de C\u00f3rdoba, uno de los personajes m\u00e1s significativos que le acompa\u00f1aron en la toma de C\u00f3rdoba. Adalid era la persona que actuaba como caudillo o jefe de un grupo de soldados o guerreros. Domingo Mu\u00f1oz fue el padre de la esposa de Fern\u00e1n N\u00fa\u00f1ez de T\u00e9mez, fundador de la dinast\u00eda Fern\u00e1ndez de C\u00f3rdoba, el cognomen o sobrenombre \u201cC\u00f3rdoba\u201d proviene del aladid.<\/p>\n\n\n\n<p class=\"wp-block-paragraph\" style=\"font-size:20px\">En el s. XIV la casa pas\u00f3 a ser propiedad de Vasco Alfonso de Sousa, noble caballero de origen portugu\u00e9s, casado con una descendiente del citado Domingo Mu\u00f1oz.<\/p>\n\n\n<div class=\"wp-block-image\">\n<figure class=\"aligncenter size-full\"><img loading=\"lazy\" decoding=\"async\" width=\"1004\" height=\"422\" src=\"https:\/\/xn--porlascallesdecrdoba-p8b.com\/wp-content\/uploads\/2026\/08\/image-127.png\" alt=\"\" class=\"wp-image-6646\" srcset=\"https:\/\/xn--porlascallesdecrdoba-p8b.com\/wp-content\/uploads\/2026\/08\/image-127.png 1004w, https:\/\/xn--porlascallesdecrdoba-p8b.com\/wp-content\/uploads\/2026\/08\/image-127-300x126.png 300w, https:\/\/xn--porlascallesdecrdoba-p8b.com\/wp-content\/uploads\/2026\/08\/image-127-768x323.png 768w\" sizes=\"auto, (max-width: 1004px) 100vw, 1004px\" \/><\/figure>\n<\/div>\n\n\n<p class=\"wp-block-paragraph\" style=\"font-size:20px\">El rey Pedro I, a instancia y en agradecimiento a los servicios prestados a su madre la reina do\u00f1a Mar\u00eda de Portugal, nombr\u00f3 a don Vasco Alfonso de Sousa, Alcalde y Justicia Mayor de C\u00f3rdoba y Se\u00f1or de <em>Castil-Anzur<\/em> (Puente Genil) en 1366. Vasco Alfonso, era el tercer nieto del rey Alfonso II de Portugal.<\/p>\n\n\n\n<p class=\"wp-block-paragraph\" style=\"font-size:20px\">Juana de Sousa, hija de Vasco Alfonso, tuvo una relaci\u00f3n amorosa con el rey Enrique II (el primer Trastamara), quien pasaba temporadas en el Alc\u00e1zar por motivos de la guerra con el reino de Granada. El rey estar\u00eda en C\u00f3rdoba en diversas ocasiones, siendo especialmente prolongadas las estancias en los a\u00f1os 1375 y 1377, a\u00f1o en el que en el castillo de Cabra nacer\u00e1 el hijo de ambos, Enrique de Castilla y Sousa. Su padre fue especialmente generoso con \u00e9l, sobre todo a la hora de la concesi\u00f3n de t\u00edtulos, pues fue I duque de Cabra y de Medina Sidonia, se\u00f1or de Mor\u00f3n, Alcal\u00e1 de los Gazules y Aranda del Duero. Vivi\u00f3 en C\u00f3rdoba, junto a su madre, en esta casa \u201cPalacio del Duque de Medina Sidonia\u201d<strong>,<\/strong> por lo que la calle recibi\u00f3 hasta el cambio por el actual, el nombre de \u201ccalle del Duque\u201d. Enrique falleci\u00f3 a los veintisiete a\u00f1os en esta casa, sin llegar a contraer matrimonio ni tener descendencia, por lo que sus t\u00edtulos volvieron a ser propiedad del <em>realengo<\/em>. Fue sepultado en la Catedral en el altar de Santiago, pero en una restauraci\u00f3n del siglo XX pasar\u00eda a ser depositado en la capilla mayor de la Mezquita-Catedral, la l\u00e1pida, sin grabaci\u00f3n her\u00e1ldica tiene el siguiente epitafio:<\/p>\n\n\n\n<p class=\"wp-block-paragraph\" style=\"font-size:20px\">&nbsp;<em>\u201cAqui jace Don \/ Enrrique de Castilla \/ Duque de Medina \/ Sidonia Conde de \/ Cabra Se\u00f1or de Alcala \/ y Mor\u00f3n Hijo del mui alto rei D. Enrique 2\u00ba \/ el Magnifico\u201d<\/em>.<\/p>\n\n\n<div class=\"wp-block-image\">\n<figure class=\"alignleft size-full is-resized\"><img loading=\"lazy\" decoding=\"async\" width=\"543\" height=\"609\" src=\"https:\/\/xn--porlascallesdecrdoba-p8b.com\/wp-content\/uploads\/2026\/08\/image-128.png\" alt=\"\" class=\"wp-image-6649\" style=\"aspect-ratio:0.8916457125262995;width:403px;height:auto\" srcset=\"https:\/\/xn--porlascallesdecrdoba-p8b.com\/wp-content\/uploads\/2026\/08\/image-128.png 543w, https:\/\/xn--porlascallesdecrdoba-p8b.com\/wp-content\/uploads\/2026\/08\/image-128-267x300.png 267w\" sizes=\"auto, (max-width: 543px) 100vw, 543px\" \/><\/figure>\n<\/div>\n\n\n<p class=\"wp-block-paragraph\" style=\"font-size:20px\">Tras la muerte del duque en el 1404, el palacio pas\u00f3 a poder de los Sousas, sus familiares por l\u00ednea materna. Posteriormente el inmueble fue vendido a los Haro, Se\u00f1ores del Carpio, y m\u00e1s tarde a los Armenta. En 1636 Dami\u00e1n de Armenta, arcediano y can\u00f3nigo de la Catedral,&nbsp;realiz\u00f3 importantes reformas en el palacio, construy\u00f3 esta portada de la fachada de \u201cRey Heredia\u201d en la que se encuentra el escudo de armas de la familia Armenta, \u00e9stos entroncaron con los C\u00e1rdenas, cuyo escudo se encuentra en la escalera de la casa.<\/p>\n\n\n\n<p class=\"wp-block-paragraph\" style=\"font-size:20px\">La portada se compone de dos cuerpos: el inferior alberga la puerta adintelada, flanqueada por pilastras cajeadas que culminan en m\u00e9nsulas con rostros figurados sobre grandes hojas de acanto. En el centro del dintel figura un hermoso mascar\u00f3n que, junto con las m\u00e9nsulas, sustentan el front\u00f3n partido rematado en orejetas y bolas que alberga el balc\u00f3n. Este vano adintelado se encuentra culminado por un front\u00f3n curvil\u00edneo que se rompe para alojar el escudo de los Armenta. En la portada, adem\u00e1s de figurar el a\u00f1o de 1636, se halla la inscripci\u00f3n que reza: \u201cNON NOBIS SED ALTEM POSTERIS\u201d; es decir, \u201cNo para nosotros, sino para los que vienen despu\u00e9s de nosotros\u201d<\/p>\n\n\n\n<p class=\"wp-block-paragraph\" style=\"font-size:20px\">Dada la larga historia de esta casa y el espacio que ocupa, posee elementos de muy distintas \u00e9pocas, as\u00ed del tiempo de al-\u00c1ndalus conserva un adarve o barrera coronada con arquillos, que pudo ser utilizada con linde de edificios conjuntos. Del tiempo de la propiedad de Vasco de Sousa fueron las reformas en estilo mud\u00e9jar, realizadas por un celebre maestro cantero de la \u00e9poca, Maesse Mohamed. Las techumbres mud\u00e9jares las realizar\u00eda el <em>carpintero de lo blanco<\/em> Maesse Yuset, estos artesanos eran los constructores de techumbres de madera y armaduras&nbsp;para las cubiertas en el mud\u00e9jar, eran artesanos y artistas de origen musulm\u00e1n.<\/p>\n\n\n\n<p class=\"wp-block-paragraph\" style=\"font-size:20px\">En el a\u00f1o 1590 el palacio lo compran Francisco de Armenta y Francisca de Fonseca, ser\u00e1 su hijo Francisco de Armenta quien en 1609 realice importantes obras en \u00e9l, eliminando parte de la decoraci\u00f3n mud\u00e9jar sustituy\u00e9ndolas por otra renacentista. Transforma el patio principal, sustituye las cubiertas de madera que hab\u00eda realizado Maesse Yusef, levanta nuevas galer\u00edas y se construyen nuevos artesonados de traza mud\u00e9jar. La propiedad pasar\u00e1 a su hijo Dami\u00e1n de Armenta y Valenzuela (inquisidor, can\u00f3nigo y arcediano de la Catedral), quien modifica la disposici\u00f3n del primer patio de la entrada con una galer\u00eda de tres arcos en estilo mud\u00e9jar, en un friso podemos la siguiente inscripci\u00f3n en lat\u00edn:\u00a0<em>\u00abVivimos como si al d\u00eda siguiente tuvi\u00e9ramos que morir, y edificamos como si siempre tuvi\u00e9ramos que vivir\u201d (carta de San Jer\u00f3nimo a los Gaudencios)<\/em>. Nueve a\u00f1os m\u00e1s tarde construye la portada renacentista de \u201cRey Heredia\u201d.<\/p>\n\n\n\n<figure class=\"wp-block-image size-large\"><img loading=\"lazy\" decoding=\"async\" width=\"1024\" height=\"461\" src=\"https:\/\/xn--porlascallesdecrdoba-p8b.com\/wp-content\/uploads\/2026\/08\/20211008_105942-1024x461.jpg\" alt=\"\" class=\"wp-image-6651\" srcset=\"https:\/\/xn--porlascallesdecrdoba-p8b.com\/wp-content\/uploads\/2026\/08\/20211008_105942-1024x461.jpg 1024w, https:\/\/xn--porlascallesdecrdoba-p8b.com\/wp-content\/uploads\/2026\/08\/20211008_105942-300x135.jpg 300w, https:\/\/xn--porlascallesdecrdoba-p8b.com\/wp-content\/uploads\/2026\/08\/20211008_105942-768x346.jpg 768w, https:\/\/xn--porlascallesdecrdoba-p8b.com\/wp-content\/uploads\/2026\/08\/20211008_105942-1536x692.jpg 1536w, https:\/\/xn--porlascallesdecrdoba-p8b.com\/wp-content\/uploads\/2026\/08\/20211008_105942-2048x922.jpg 2048w\" sizes=\"auto, (max-width: 1024px) 100vw, 1024px\" \/><figcaption class=\"wp-element-caption\">Entrada por  plaza \u201cElie Nahmias\u201d<\/figcaption><\/figure>\n\n\n\n<p class=\"wp-block-paragraph\" style=\"font-size:20px\">Al morir en 1640 Dami\u00e1n de Armenta y Valenzuela, el palacio pasa a ser propiedad de su sobrina In\u00e9s de Armenta, quien estaba casada con Pedro G\u00f3mez de C\u00e1rdenas, comendador de Calatrava. Este matrimonio construye una escalera barroca con una b\u00f3veda de arista donde figuran los escudos de C\u00e1rdenas y Armenta. Felipe IV, en 1656, otorgar\u00eda a don Pedro el t\u00edtulo de vizconde de Villanueva de C\u00e1rdenas, en referencia a la localidad del norte de C\u00f3rdoba, Villanueva del Rey. Pedro G\u00f3mez de C\u00e1rdenas fue tambi\u00e9n corregidor de Guadix, Baza y Almer\u00eda (1632-1367) y de Toledo (1645).<\/p>\n\n\n\n<p class=\"wp-block-paragraph\" style=\"font-size:20px\">&nbsp;En 1711 Felipe V elevar\u00e1 el t\u00edtulo al de conde, en la persona del II vizconde, Pedro Alfonso G\u00f3mez de C\u00e1rdenas y Herrera, hijo del primer matrimonio de don Pedro con su prima Juana de Valdeca\u00f1as y Herrera, pues el de In\u00e9s fue su segundo matrimonio.<\/p>\n\n\n<div class=\"wp-block-image\">\n<figure class=\"aligncenter size-full is-resized\"><img loading=\"lazy\" decoding=\"async\" width=\"1189\" height=\"580\" src=\"https:\/\/xn--porlascallesdecrdoba-p8b.com\/wp-content\/uploads\/2026\/08\/image-129.png\" alt=\"\" class=\"wp-image-6658\" style=\"aspect-ratio:2.05005005005005;width:576px;height:auto\"\/><figcaption class=\"wp-element-caption\"><br>Detalle de la puerta en la plaza \u201cElie Nahmias\u201d<\/figcaption><\/figure>\n<\/div>\n\n\n<p class=\"wp-block-paragraph\" style=\"font-size:20px\"><\/p>\n\n\n\n<p class=\"wp-block-paragraph\" style=\"font-size:20px\">Por lo que la casa pasar\u00eda a ser de los condes de Villanueva de C\u00e1rdenas, como demuestran los distintos padrones de la ciudad en los siglos XVII y XVIII. Posteriormente pasar\u00eda a ser propiedad de otras familias. En 1955, su propietario, Enrique Merino, concedi\u00f3 un reportaje a la revista \u201c<em>Remanso<\/em>\u201d, siendo las fotograf\u00edas de este reportaje las pocas p\u00fablicas del interior de esta casa.<\/p>\n\n\n\n<p class=\"wp-block-paragraph\" style=\"font-size:20px\"><\/p>\n\n\n<div class=\"wp-block-image\">\n<figure class=\"alignleft size-large is-resized\"><img loading=\"lazy\" decoding=\"async\" width=\"683\" height=\"1024\" src=\"https:\/\/xn--porlascallesdecrdoba-p8b.com\/wp-content\/uploads\/2026\/08\/20200611-48a-683x1024.jpg\" alt=\"\" class=\"wp-image-6655\" style=\"aspect-ratio:0.6669972838526567;width:437px;height:auto\" srcset=\"https:\/\/xn--porlascallesdecrdoba-p8b.com\/wp-content\/uploads\/2026\/08\/20200611-48a-683x1024.jpg 683w, https:\/\/xn--porlascallesdecrdoba-p8b.com\/wp-content\/uploads\/2026\/08\/20200611-48a-200x300.jpg 200w, https:\/\/xn--porlascallesdecrdoba-p8b.com\/wp-content\/uploads\/2026\/08\/20200611-48a-768x1152.jpg 768w, https:\/\/xn--porlascallesdecrdoba-p8b.com\/wp-content\/uploads\/2026\/08\/20200611-48a-1024x1536.jpg 1024w, https:\/\/xn--porlascallesdecrdoba-p8b.com\/wp-content\/uploads\/2026\/08\/20200611-48a-1365x2048.jpg 1365w, https:\/\/xn--porlascallesdecrdoba-p8b.com\/wp-content\/uploads\/2026\/08\/20200611-48a-scaled.jpg 1707w\" sizes=\"auto, (max-width: 683px) 100vw, 683px\" \/><figcaption class=\"wp-element-caption\">Ouerta en la plaza \u201cElie Nahmias\u201d<\/figcaption><\/figure>\n<\/div>\n\n\n<p class=\"wp-block-paragraph\" style=\"font-size:20px\">En la actualidad esta casa, cuyo acceso se hace por la plaza \u201cElie Nahmias\u201d, junto a la de \u201cJer\u00f3nimo P\u00e1ez\u201d, es m\u00e1s conocida como \u201cCasa del Jud\u00edo\u201d, pues fue adquirida a mediados del siglo XX por el hebreo franc\u00e9s Elie Nahmias (1908-1994), de nacimiento otomano, quien entre otros cargos era Vicepresidente del Consejo de Supervisi\u00f3n de P\u00e9trofrance. En diciembre de 1968, cuando esta familia se encontraba de vacaciones por el sur de Espa\u00f1a, un contratiempo con el coche les hizo quedarse unos d\u00edas en C\u00f3rdoba, de la que se enamoraron del tal forma que compraron esta casa-palacio, de 2.822 m<sup>2<\/sup>. Su pasi\u00f3n era el Sefarad hispano, durante su vida recopil\u00f3 gran cantidad de bibliograf\u00eda y documentos inestimables que cubren seis siglos de la historia sefard\u00ed. Este tesoro pas\u00f3 a manos de sus hijos, propietarios actuales del edificio, si bien algunos de ellos se encuentran en la \u201cBiblioteca de l\u00b4Alliance Isra\u00e8lite Universella\u201d, una organizaci\u00f3n educativa&nbsp;establecida en Francis en 1880&nbsp;con el prop\u00f3sito de brindar ayuda a los estudiantes jud\u00edos.<\/p>\n\n\n\n<figure class=\"wp-block-gallery has-nested-images columns-default is-cropped wp-block-gallery-1 is-layout-flex wp-block-gallery-is-layout-flex\">\n<figure class=\"wp-block-image size-large\"><a href=\"https:\/\/xn--porlascallesdecrdoba-p8b.com\/?page_id=6520\"><img loading=\"lazy\" decoding=\"async\" width=\"218\" height=\"72\" data-id=\"6503\" src=\"https:\/\/xn--porlascallesdecrdoba-p8b.com\/wp-content\/uploads\/2026\/08\/Captura-de-pantalla-2026-08-14-215034.png\" alt=\"\" class=\"wp-image-6503\"\/><\/a><\/figure>\n\n\n\n<figure class=\"wp-block-image size-full\"><a href=\"https:\/\/xn--porlascallesdecrdoba-p8b.com\/?page_id=5727\"><img loading=\"lazy\" decoding=\"async\" width=\"211\" height=\"63\" data-id=\"6505\" src=\"https:\/\/xn--porlascallesdecrdoba-p8b.com\/wp-content\/uploads\/2026\/08\/Captura-de-pantalla-2026-08-14-215040.png\" alt=\"\" class=\"wp-image-6505\"\/><\/a><\/figure>\n\n\n\n<figure class=\"wp-block-image size-large\"><a href=\"https:\/\/xn--porlascallesdecrdoba-p8b.com\/?page_id=6552\"><img loading=\"lazy\" decoding=\"async\" width=\"214\" height=\"64\" data-id=\"6504\" src=\"https:\/\/xn--porlascallesdecrdoba-p8b.com\/wp-content\/uploads\/2026\/08\/Captura-de-pantalla-2026-08-14-215047.png\" alt=\"\" class=\"wp-image-6504\"\/><\/a><\/figure>\n<\/figure>\n\n\n\n<p class=\"wp-block-paragraph\"><\/p>\n","protected":false},"excerpt":{"rendered":"<p>La portada n\u00famero 13 pertenece a la \u201cCasa del Duque de Medina Sidonia\u201d, que se abre frente a la calle \u201cEncarnaci\u00f3n\u201d, pertenece a una de las mejores casas de C\u00f3rdoba, <a class=\"more-link\" href=\"https:\/\/xn--porlascallesdecrdoba-p8b.com\/?page_id=6554\">Seguir leyendo &rarr;<\/a><\/p>\n","protected":false},"author":1,"featured_media":0,"parent":0,"menu_order":0,"comment_status":"closed","ping_status":"closed","template":"","meta":{"footnotes":""},"class_list":["post-6554","page","type-page","status-publish","hentry"],"_links":{"self":[{"href":"https:\/\/xn--porlascallesdecrdoba-p8b.com\/index.php?rest_route=\/wp\/v2\/pages\/6554","targetHints":{"allow":["GET"]}}],"collection":[{"href":"https:\/\/xn--porlascallesdecrdoba-p8b.com\/index.php?rest_route=\/wp\/v2\/pages"}],"about":[{"href":"https:\/\/xn--porlascallesdecrdoba-p8b.com\/index.php?rest_route=\/wp\/v2\/types\/page"}],"author":[{"embeddable":true,"href":"https:\/\/xn--porlascallesdecrdoba-p8b.com\/index.php?rest_route=\/wp\/v2\/users\/1"}],"replies":[{"embeddable":true,"href":"https:\/\/xn--porlascallesdecrdoba-p8b.com\/index.php?rest_route=%2Fwp%2Fv2%2Fcomments&post=6554"}],"version-history":[{"count":11,"href":"https:\/\/xn--porlascallesdecrdoba-p8b.com\/index.php?rest_route=\/wp\/v2\/pages\/6554\/revisions"}],"predecessor-version":[{"id":7447,"href":"https:\/\/xn--porlascallesdecrdoba-p8b.com\/index.php?rest_route=\/wp\/v2\/pages\/6554\/revisions\/7447"}],"wp:attachment":[{"href":"https:\/\/xn--porlascallesdecrdoba-p8b.com\/index.php?rest_route=%2Fwp%2Fv2%2Fmedia&parent=6554"}],"curies":[{"name":"wp","href":"https:\/\/api.w.org\/{rel}","templated":true}]}}