{"id":6899,"date":"2026-08-20T15:47:05","date_gmt":"2026-08-20T15:47:05","guid":{"rendered":"https:\/\/xn--porlascallesdecrdoba-p8b.com\/?page_id=6899"},"modified":"2026-09-04T16:16:45","modified_gmt":"2026-09-04T16:16:45","slug":"capilla-7","status":"publish","type":"page","link":"https:\/\/xn--porlascallesdecrdoba-p8b.com\/?page_id=6899","title":{"rendered":"Capilla 7: Sant\u00edsima Trinidad"},"content":{"rendered":"<div class=\"wp-block-image\">\n<figure class=\"alignright size-large is-resized\"><img loading=\"lazy\" decoding=\"async\" width=\"1024\" height=\"768\" src=\"https:\/\/xn--porlascallesdecrdoba-p8b.com\/wp-content\/uploads\/2026\/08\/15-04-09-546-1024x768.jpg\" alt=\"\" class=\"wp-image-6932\" style=\"width:329px;height:auto\" srcset=\"https:\/\/xn--porlascallesdecrdoba-p8b.com\/wp-content\/uploads\/2026\/08\/15-04-09-546-1024x768.jpg 1024w, https:\/\/xn--porlascallesdecrdoba-p8b.com\/wp-content\/uploads\/2026\/08\/15-04-09-546-300x225.jpg 300w, https:\/\/xn--porlascallesdecrdoba-p8b.com\/wp-content\/uploads\/2026\/08\/15-04-09-546-768x576.jpg 768w, https:\/\/xn--porlascallesdecrdoba-p8b.com\/wp-content\/uploads\/2026\/08\/15-04-09-546-1536x1152.jpg 1536w, https:\/\/xn--porlascallesdecrdoba-p8b.com\/wp-content\/uploads\/2026\/08\/15-04-09-546-2048x1536.jpg 2048w\" sizes=\"auto, (max-width: 1024px) 100vw, 1024px\" \/><\/figure>\n<\/div>\n\n\n<p class=\"wp-block-paragraph\" style=\"font-size:20px\">La capilla de \u00abLa Trinidad\u00bb, se fund\u00f3 en 1404, cambi\u00f3 la advocaci\u00f3n en el 1741, y sufri\u00f3 una reforma en el siglo XIX. Conserva restos de la primera soler\u00eda; la reja es del siglo XV y posee una puerta ojival con decoraci\u00f3n original y los escudos de la familia \u201cde los R\u00edos\u201d (tres franjas onduladas y ocho c\u00e1ntaros) y de la familia Fern\u00e1ndez de C\u00f3rdoba.<\/p>\n\n\n<div class=\"wp-block-image\">\n<figure class=\"aligncenter size-full\"><img loading=\"lazy\" decoding=\"async\" width=\"531\" height=\"403\" src=\"https:\/\/xn--porlascallesdecrdoba-p8b.com\/wp-content\/uploads\/2026\/08\/image-164.png\" alt=\"\" class=\"wp-image-6931\" srcset=\"https:\/\/xn--porlascallesdecrdoba-p8b.com\/wp-content\/uploads\/2026\/08\/image-164.png 531w, https:\/\/xn--porlascallesdecrdoba-p8b.com\/wp-content\/uploads\/2026\/08\/image-164-300x228.png 300w\" sizes=\"auto, (max-width: 531px) 100vw, 531px\" \/><\/figure>\n<\/div>\n\n<div class=\"wp-block-image\">\n<figure class=\"alignleft size-large is-resized\"><img loading=\"lazy\" decoding=\"async\" width=\"576\" height=\"1024\" src=\"https:\/\/xn--porlascallesdecrdoba-p8b.com\/wp-content\/uploads\/2026\/09\/20260904_103019-576x1024.jpg\" alt=\"\" class=\"wp-image-8086\" style=\"aspect-ratio:0.5625013732943684;width:443px;height:auto\" srcset=\"https:\/\/xn--porlascallesdecrdoba-p8b.com\/wp-content\/uploads\/2026\/09\/20260904_103019-576x1024.jpg 576w, https:\/\/xn--porlascallesdecrdoba-p8b.com\/wp-content\/uploads\/2026\/09\/20260904_103019-169x300.jpg 169w, https:\/\/xn--porlascallesdecrdoba-p8b.com\/wp-content\/uploads\/2026\/09\/20260904_103019-768x1365.jpg 768w, https:\/\/xn--porlascallesdecrdoba-p8b.com\/wp-content\/uploads\/2026\/09\/20260904_103019-864x1536.jpg 864w, https:\/\/xn--porlascallesdecrdoba-p8b.com\/wp-content\/uploads\/2026\/09\/20260904_103019-1152x2048.jpg 1152w, https:\/\/xn--porlascallesdecrdoba-p8b.com\/wp-content\/uploads\/2026\/09\/20260904_103019-scaled.jpg 1440w\" sizes=\"auto, (max-width: 576px) 100vw, 576px\" \/><\/figure>\n<\/div>\n\n\n<p class=\"wp-block-paragraph\" style=\"font-size:20px\"><em>E<\/em>l retablo es de 1864 y se compone de un lienzo pintado por Jos\u00e9 Sal\u00f3 (Matar\u00f3 1810-C\u00f3rdoba 1877), quien fue director del Museo de Bellas Artes de C\u00f3rdoba, representa a la Sant\u00edsima Trinidad, arropado por un manto de armi\u00f1o en estuco con fondo arquitect\u00f3nico. Este retablo sustituy\u00f3 a otro anterior dedicado tambi\u00e9n a la Trinidad.<\/p>\n\n\n\n<p class=\"wp-block-paragraph\" style=\"font-size:17px\"><\/p>\n\n\n\n<p class=\"wp-block-paragraph\" style=\"font-size:17px\"><\/p>\n\n\n\n<p class=\"wp-block-paragraph\" style=\"font-size:20px\"><\/p>\n\n\n\n<p class=\"wp-block-paragraph\" style=\"font-size:20px\">En el altar se vuelve a representar escudos nobiliarios de la familia R\u00edos, fuertemente unida a la C\u00f3rdoba del medievo.<\/p>\n\n\n\n<p class=\"wp-block-paragraph\" style=\"font-size:20px\">En el suelo, hay una l\u00e1pida cuya inscripci\u00f3n nos recuerda que los patrones de la capilla son, entre otros, los se\u00f1ores Aguayo y Manrique, y que en su b\u00f3veda yacen los restos de Juan de Dios de San Antonino, Hermano Mayor del Desierto y de las Ermitas de \u201cNuestra Se\u00f1ora de Bel\u00e9n\u201d, de la sierra cordobesa (\u201cLas Ermitas\u201d, para los cordobeses), su verdadero nombre era Don Juan de Dios Aguayo y Manrique, Marqu\u00e9s de Santaella y Se\u00f1or de Villaverde y los Galapagares. En la l\u00e1pida se detalla la vida de soledad y austeridad a la que se retir\u00f3, viendo all\u00ed en tormento f\u00edsico, para buscar la salvaci\u00f3n espiritual, pues vest\u00eda un h\u00e1bito destrozado, bajo el que llevaba cilicios de alambre; com\u00eda y beb\u00eda en una calavera, la cual se conserva en la citada ermita. Falleci\u00f3 en el a\u00f1o 1788, a los cincuenta a\u00f1os.<\/p>\n\n\n<div class=\"wp-block-image\">\n<figure class=\"aligncenter size-full\"><img loading=\"lazy\" decoding=\"async\" width=\"516\" height=\"328\" src=\"https:\/\/xn--porlascallesdecrdoba-p8b.com\/wp-content\/uploads\/2026\/08\/image-165.png\" alt=\"\" class=\"wp-image-6940\" srcset=\"https:\/\/xn--porlascallesdecrdoba-p8b.com\/wp-content\/uploads\/2026\/08\/image-165.png 516w, https:\/\/xn--porlascallesdecrdoba-p8b.com\/wp-content\/uploads\/2026\/08\/image-165-300x191.png 300w\" sizes=\"auto, (max-width: 516px) 100vw, 516px\" \/><\/figure>\n<\/div>\n\n<div class=\"wp-block-image\">\n<figure class=\"aligncenter size-large\"><img loading=\"lazy\" decoding=\"async\" width=\"1024\" height=\"412\" src=\"https:\/\/xn--porlascallesdecrdoba-p8b.com\/wp-content\/uploads\/2026\/09\/image-5-1024x412.png\" alt=\"\" class=\"wp-image-7992\" srcset=\"https:\/\/xn--porlascallesdecrdoba-p8b.com\/wp-content\/uploads\/2026\/09\/image-5-1024x412.png 1024w, https:\/\/xn--porlascallesdecrdoba-p8b.com\/wp-content\/uploads\/2026\/09\/image-5-300x121.png 300w, https:\/\/xn--porlascallesdecrdoba-p8b.com\/wp-content\/uploads\/2026\/09\/image-5-768x309.png 768w, https:\/\/xn--porlascallesdecrdoba-p8b.com\/wp-content\/uploads\/2026\/09\/image-5.png 1045w\" sizes=\"auto, (max-width: 1024px) 100vw, 1024px\" \/><\/figure>\n<\/div>\n\n\n<figure class=\"wp-block-gallery has-nested-images columns-default is-cropped wp-block-gallery-1 is-layout-flex wp-block-gallery-is-layout-flex\">\n<figure class=\"wp-block-image size-large\"><a href=\"https:\/\/xn--porlascallesdecrdoba-p8b.com\/?page_id=6414\"><img loading=\"lazy\" decoding=\"async\" width=\"155\" height=\"46\" data-id=\"6435\" src=\"https:\/\/xn--porlascallesdecrdoba-p8b.com\/wp-content\/uploads\/2026\/08\/Captura-de-pantalla-2026-08-10-184924-1.png\" alt=\"\" class=\"wp-image-6435\" srcset=\"https:\/\/xn--porlascallesdecrdoba-p8b.com\/wp-content\/uploads\/2026\/08\/Captura-de-pantalla-2026-08-10-184924-1.png 155w, https:\/\/xn--porlascallesdecrdoba-p8b.com\/wp-content\/uploads\/2026\/08\/Captura-de-pantalla-2026-08-10-184924-1-150x46.png 150w\" sizes=\"auto, (max-width: 155px) 100vw, 155px\" \/><\/a><\/figure>\n\n\n\n<figure class=\"wp-block-image size-full\"><a href=\"https:\/\/xn--porlascallesdecrdoba-p8b.com\/?page_id=6440\"><img loading=\"lazy\" decoding=\"async\" width=\"227\" height=\"59\" data-id=\"6436\" src=\"https:\/\/xn--porlascallesdecrdoba-p8b.com\/wp-content\/uploads\/2026\/08\/Captura-de-pantalla-2026-08-12-184912.png\" alt=\"\" class=\"wp-image-6436\"\/><\/a><\/figure>\n\n\n\n<figure class=\"wp-block-image size-large\"><a href=\"https:\/\/xn--porlascallesdecrdoba-p8b.com\/?page_id=6902\"><img loading=\"lazy\" decoding=\"async\" width=\"158\" height=\"48\" data-id=\"6434\" src=\"https:\/\/xn--porlascallesdecrdoba-p8b.com\/wp-content\/uploads\/2026\/08\/Captura-de-pantalla-2026-08-10-185011.png\" alt=\"\" class=\"wp-image-6434\"\/><\/a><\/figure>\n<\/figure>\n\n\n\n<p class=\"wp-block-paragraph\"><\/p>\n","protected":false},"excerpt":{"rendered":"<p>La capilla de \u00abLa Trinidad\u00bb, se fund\u00f3 en 1404, cambi\u00f3 la advocaci\u00f3n en el 1741, y sufri\u00f3 una reforma en el siglo XIX. Conserva restos de la primera soler\u00eda; la <a class=\"more-link\" href=\"https:\/\/xn--porlascallesdecrdoba-p8b.com\/?page_id=6899\">Seguir leyendo &rarr;<\/a><\/p>\n","protected":false},"author":1,"featured_media":0,"parent":0,"menu_order":0,"comment_status":"closed","ping_status":"closed","template":"","meta":{"footnotes":""},"class_list":["post-6899","page","type-page","status-publish","hentry"],"_links":{"self":[{"href":"https:\/\/xn--porlascallesdecrdoba-p8b.com\/index.php?rest_route=\/wp\/v2\/pages\/6899","targetHints":{"allow":["GET"]}}],"collection":[{"href":"https:\/\/xn--porlascallesdecrdoba-p8b.com\/index.php?rest_route=\/wp\/v2\/pages"}],"about":[{"href":"https:\/\/xn--porlascallesdecrdoba-p8b.com\/index.php?rest_route=\/wp\/v2\/types\/page"}],"author":[{"embeddable":true,"href":"https:\/\/xn--porlascallesdecrdoba-p8b.com\/index.php?rest_route=\/wp\/v2\/users\/1"}],"replies":[{"embeddable":true,"href":"https:\/\/xn--porlascallesdecrdoba-p8b.com\/index.php?rest_route=%2Fwp%2Fv2%2Fcomments&post=6899"}],"version-history":[{"count":13,"href":"https:\/\/xn--porlascallesdecrdoba-p8b.com\/index.php?rest_route=\/wp\/v2\/pages\/6899\/revisions"}],"predecessor-version":[{"id":8088,"href":"https:\/\/xn--porlascallesdecrdoba-p8b.com\/index.php?rest_route=\/wp\/v2\/pages\/6899\/revisions\/8088"}],"wp:attachment":[{"href":"https:\/\/xn--porlascallesdecrdoba-p8b.com\/index.php?rest_route=%2Fwp%2Fv2%2Fmedia&parent=6899"}],"curies":[{"name":"wp","href":"https:\/\/api.w.org\/{rel}","templated":true}]}}