{"id":6908,"date":"2026-08-20T15:50:14","date_gmt":"2026-08-20T15:50:14","guid":{"rendered":"https:\/\/xn--porlascallesdecrdoba-p8b.com\/?page_id=6908"},"modified":"2026-09-04T16:48:44","modified_gmt":"2026-09-04T16:48:44","slug":"cuadro-ultima-cena","status":"publish","type":"page","link":"https:\/\/xn--porlascallesdecrdoba-p8b.com\/?page_id=6908","title":{"rendered":"Museo de San Vicente"},"content":{"rendered":"<div class=\"wp-block-image\">\n<figure class=\"aligncenter size-large is-resized\"><img loading=\"lazy\" decoding=\"async\" width=\"1024\" height=\"576\" src=\"https:\/\/xn--porlascallesdecrdoba-p8b.com\/wp-content\/uploads\/2026\/09\/20260904_105934-1-1024x576.jpg\" alt=\"\" class=\"wp-image-8111\" style=\"width:636px;height:auto\" srcset=\"https:\/\/xn--porlascallesdecrdoba-p8b.com\/wp-content\/uploads\/2026\/09\/20260904_105934-1-1024x576.jpg 1024w, https:\/\/xn--porlascallesdecrdoba-p8b.com\/wp-content\/uploads\/2026\/09\/20260904_105934-1-300x169.jpg 300w, https:\/\/xn--porlascallesdecrdoba-p8b.com\/wp-content\/uploads\/2026\/09\/20260904_105934-1-768x432.jpg 768w, https:\/\/xn--porlascallesdecrdoba-p8b.com\/wp-content\/uploads\/2026\/09\/20260904_105934-1-1536x864.jpg 1536w, https:\/\/xn--porlascallesdecrdoba-p8b.com\/wp-content\/uploads\/2026\/09\/20260904_105934-1-2048x1152.jpg 2048w\" sizes=\"auto, (max-width: 1024px) 100vw, 1024px\" \/><\/figure>\n<\/div>\n\n<div class=\"wp-block-image\">\n<figure class=\"alignleft size-large is-resized\"><img loading=\"lazy\" decoding=\"async\" width=\"1024\" height=\"746\" src=\"https:\/\/xn--porlascallesdecrdoba-p8b.com\/wp-content\/uploads\/2026\/08\/20260409_105531-1024x746.jpg\" alt=\"\" class=\"wp-image-7802\" style=\"aspect-ratio:1.3735747820254862;width:408px;height:auto\" srcset=\"https:\/\/xn--porlascallesdecrdoba-p8b.com\/wp-content\/uploads\/2026\/08\/20260409_105531-1024x746.jpg 1024w, https:\/\/xn--porlascallesdecrdoba-p8b.com\/wp-content\/uploads\/2026\/08\/20260409_105531-300x218.jpg 300w, https:\/\/xn--porlascallesdecrdoba-p8b.com\/wp-content\/uploads\/2026\/08\/20260409_105531-768x559.jpg 768w, https:\/\/xn--porlascallesdecrdoba-p8b.com\/wp-content\/uploads\/2026\/08\/20260409_105531-1536x1118.jpg 1536w, https:\/\/xn--porlascallesdecrdoba-p8b.com\/wp-content\/uploads\/2026\/08\/20260409_105531-2048x1491.jpg 2048w\" sizes=\"auto, (max-width: 1024px) 100vw, 1024px\" \/><\/figure>\n<\/div>\n\n\n<p class=\"wp-block-paragraph\" style=\"font-size:20px\">Al final del muro occidental de la Mezquita-Catedral, en la ampliaci\u00f3n de al-Hakan II, queda un espacio sin capillas, donde abre la puerta de \u00abSan Pedro\u00bb o \u00abde Palacio\u00bb y la de \u00abSan Idelfonso\u00bb, esta zona expositiva se denomina \u00abMuseo de San Vicente\u00bb, pues en \u00e9l se exponen restos visigodos y bizantinos encontrados bajo el suelo de este monumento durante las excavaciones realizadas entre los a\u00f1os 1931 y 1936 por el arquitecto F\u00e9lix Hern\u00e1ndez. Estas piezas se supone que pertenecieron al complejo episcopal cordob\u00e9s.<\/p>\n\n\n\n<p class=\"wp-block-paragraph\" style=\"font-size:20px\">Hasta las excavaciones realizadas en el Patio de los Naranjos entre los a\u00f1os 2020 y 2024, se pensaba que bajo la Mezquita se encontraba una bas\u00edlica cristiana, posiblemente bizantina, que ser\u00eda la que, con la toma de la ciudad en el 711, ser\u00eda dividida teniendo una zona culto cristiano y la otra musulm\u00e1n. <\/p>\n\n\n<div class=\"wp-block-image\">\n<figure class=\"aligncenter size-full is-resized\"><img loading=\"lazy\" decoding=\"async\" width=\"758\" height=\"374\" src=\"https:\/\/xn--porlascallesdecrdoba-p8b.com\/wp-content\/uploads\/2026\/08\/image-286.png\" alt=\"\" class=\"wp-image-7710\" style=\"aspect-ratio:2.0267808648422814;width:781px;height:auto\" srcset=\"https:\/\/xn--porlascallesdecrdoba-p8b.com\/wp-content\/uploads\/2026\/08\/image-286.png 758w, https:\/\/xn--porlascallesdecrdoba-p8b.com\/wp-content\/uploads\/2026\/08\/image-286-300x148.png 300w\" sizes=\"auto, (max-width: 758px) 100vw, 758px\" \/><figcaption class=\"wp-element-caption\">Excavaci\u00f3n en el Patio de los Narajos, 2022<\/figcaption><\/figure>\n<\/div>\n\n\n<p class=\"wp-block-paragraph\" style=\"font-size:20px\">Algo que \u00abno cuadraba\u00bb a muchos investigadores, pues ser\u00edan dos espacios peque\u00f1os. En las citadas excavaciones se localizaron restos inequ\u00edvocamente cristianos, pertenecientes a un complejo episcopal, que unidas a las excavaciones de F\u00e9lix Hern\u00e1ndez y las realizadas en este siglo en la zona de la Puerta de Maradores, del Palacio Episcopal, donde se compran las entradas al monumento, hacen pensar que bajo este suelo lo que se encuentra no es una bas\u00edlica, se asemeja m\u00e1s a un complejo arquitect\u00f3nico de varios edificios, el\u00a0complejo episcopal de C\u00f3rdoba, un espacio cristiano que comenz\u00f3 a edificarse en el\u00a0siglo\u00a0V\u00a0y fue ampli\u00e1ndose en los siglos\u00a0VI\u00a0y\u00a0VII\u00a0con influencia bizantina, pues parte de Andaluc\u00eda pertenec\u00eda a Bizancio. En torno al a\u00f1o 785 el edificio fue derribado para construir lo que ser\u00eda la primera mezquita, la de Abd al-Rahman I.<\/p>\n\n\n<div class=\"wp-block-image\">\n<figure class=\"aligncenter size-large is-resized\"><img loading=\"lazy\" decoding=\"async\" width=\"1024\" height=\"683\" src=\"https:\/\/xn--porlascallesdecrdoba-p8b.com\/wp-content\/uploads\/2026\/09\/2026-09-IMG_1886-1-1024x683.jpg\" alt=\"\" class=\"wp-image-8115\" style=\"aspect-ratio:1.5000146485805526;width:536px;height:auto\" srcset=\"https:\/\/xn--porlascallesdecrdoba-p8b.com\/wp-content\/uploads\/2026\/09\/2026-09-IMG_1886-1-1024x683.jpg 1024w, https:\/\/xn--porlascallesdecrdoba-p8b.com\/wp-content\/uploads\/2026\/09\/2026-09-IMG_1886-1-300x200.jpg 300w, https:\/\/xn--porlascallesdecrdoba-p8b.com\/wp-content\/uploads\/2026\/09\/2026-09-IMG_1886-1-768x512.jpg 768w, https:\/\/xn--porlascallesdecrdoba-p8b.com\/wp-content\/uploads\/2026\/09\/2026-09-IMG_1886-1-1536x1024.jpg 1536w, https:\/\/xn--porlascallesdecrdoba-p8b.com\/wp-content\/uploads\/2026\/09\/2026-09-IMG_1886-1-2048x1365.jpg 2048w, https:\/\/xn--porlascallesdecrdoba-p8b.com\/wp-content\/uploads\/2026\/09\/2026-09-IMG_1886-1-400x267.jpg 400w\" sizes=\"auto, (max-width: 1024px) 100vw, 1024px\" \/><\/figure>\n<\/div>\n\n<div class=\"wp-block-image\">\n<figure class=\"alignleft size-full is-resized\"><img loading=\"lazy\" decoding=\"async\" width=\"626\" height=\"644\" src=\"https:\/\/xn--porlascallesdecrdoba-p8b.com\/wp-content\/uploads\/2026\/09\/image-12.png\" alt=\"\" class=\"wp-image-8117\" style=\"aspect-ratio:0.972072596690445;width:290px;height:auto\" srcset=\"https:\/\/xn--porlascallesdecrdoba-p8b.com\/wp-content\/uploads\/2026\/09\/image-12.png 626w, https:\/\/xn--porlascallesdecrdoba-p8b.com\/wp-content\/uploads\/2026\/09\/image-12-292x300.png 292w\" sizes=\"auto, (max-width: 626px) 100vw, 626px\" \/><\/figure>\n<\/div>\n\n\n<p class=\"wp-block-paragraph\" style=\"font-size:20px\">El museo ocupa los espacios que anta\u00f1o lo hicieran la Capilla de San Idelfonso y la biblioteca de la Catedral. <\/p>\n\n\n\n<p class=\"wp-block-paragraph\" style=\"font-size:20px\">El muro sur es el la <strong><em>Qibla<\/em><\/strong>, en \u00e9l se abre una puerta que da acceso a los aseos p\u00fablicos, situados en el espacio que fuera sabat, por donde el califa acced\u00eda a la Mezquita desde su palacio. <\/p>\n\n\n\n<p class=\"wp-block-paragraph\" style=\"font-size:20px\">En el resto del<em> sabat<\/em> se encuentra el Archivo de la Catedral.<\/p>\n\n\n<div class=\"wp-block-image\">\n<figure class=\"aligncenter size-full is-resized\"><img loading=\"lazy\" decoding=\"async\" width=\"698\" height=\"699\" src=\"https:\/\/xn--porlascallesdecrdoba-p8b.com\/wp-content\/uploads\/2026\/08\/image-282.png\" alt=\"\" class=\"wp-image-7699\" style=\"aspect-ratio:0.9985916752358385;width:526px;height:auto\" srcset=\"https:\/\/xn--porlascallesdecrdoba-p8b.com\/wp-content\/uploads\/2026\/08\/image-282.png 698w, https:\/\/xn--porlascallesdecrdoba-p8b.com\/wp-content\/uploads\/2026\/08\/image-282-300x300.png 300w, https:\/\/xn--porlascallesdecrdoba-p8b.com\/wp-content\/uploads\/2026\/08\/image-282-150x150.png 150w\" sizes=\"auto, (max-width: 698px) 100vw, 698px\" \/><\/figure>\n<\/div>\n\n\n<p class=\"wp-block-paragraph\" style=\"font-size:20px\">En una proyecci\u00f3n en el \u00abCentro de Informaci\u00f3n y Recepci\u00f3n del Patio de San Eulogio\u00bb se puede ver unos esquemas de los descubrimientos preisl\u00e1micos en la Mezquita-Catedral de los que se he sacado las siguientes im\u00e1genes.<\/p>\n\n\n\n<figure class=\"wp-block-image size-large\"><img loading=\"lazy\" decoding=\"async\" width=\"1024\" height=\"265\" src=\"https:\/\/xn--porlascallesdecrdoba-p8b.com\/wp-content\/uploads\/2026\/08\/Captura-de-pantalla-2026-08-30-223031-1024x265.png\" alt=\"\" class=\"wp-image-7799\" srcset=\"https:\/\/xn--porlascallesdecrdoba-p8b.com\/wp-content\/uploads\/2026\/08\/Captura-de-pantalla-2026-08-30-223031-1024x265.png 1024w, https:\/\/xn--porlascallesdecrdoba-p8b.com\/wp-content\/uploads\/2026\/08\/Captura-de-pantalla-2026-08-30-223031-300x78.png 300w, https:\/\/xn--porlascallesdecrdoba-p8b.com\/wp-content\/uploads\/2026\/08\/Captura-de-pantalla-2026-08-30-223031-768x199.png 768w, https:\/\/xn--porlascallesdecrdoba-p8b.com\/wp-content\/uploads\/2026\/08\/Captura-de-pantalla-2026-08-30-223031.png 1285w\" sizes=\"auto, (max-width: 1024px) 100vw, 1024px\" \/><\/figure>\n\n\n\n<figure class=\"wp-block-image size-large\"><img loading=\"lazy\" decoding=\"async\" width=\"1024\" height=\"311\" src=\"https:\/\/xn--porlascallesdecrdoba-p8b.com\/wp-content\/uploads\/2026\/08\/Captura-de-pantalla-2026-08-30-223413-1024x311.png\" alt=\"\" class=\"wp-image-7800\" srcset=\"https:\/\/xn--porlascallesdecrdoba-p8b.com\/wp-content\/uploads\/2026\/08\/Captura-de-pantalla-2026-08-30-223413-1024x311.png 1024w, https:\/\/xn--porlascallesdecrdoba-p8b.com\/wp-content\/uploads\/2026\/08\/Captura-de-pantalla-2026-08-30-223413-300x91.png 300w, https:\/\/xn--porlascallesdecrdoba-p8b.com\/wp-content\/uploads\/2026\/08\/Captura-de-pantalla-2026-08-30-223413-768x233.png 768w, https:\/\/xn--porlascallesdecrdoba-p8b.com\/wp-content\/uploads\/2026\/08\/Captura-de-pantalla-2026-08-30-223413.png 1297w\" sizes=\"auto, (max-width: 1024px) 100vw, 1024px\" \/><\/figure>\n\n\n\n<figure class=\"wp-block-image size-large\"><img loading=\"lazy\" decoding=\"async\" width=\"1024\" height=\"256\" src=\"https:\/\/xn--porlascallesdecrdoba-p8b.com\/wp-content\/uploads\/2026\/08\/Captura-de-pantalla-2026-08-30-223726-1024x256.png\" alt=\"\" class=\"wp-image-7801\" srcset=\"https:\/\/xn--porlascallesdecrdoba-p8b.com\/wp-content\/uploads\/2026\/08\/Captura-de-pantalla-2026-08-30-223726-1024x256.png 1024w, https:\/\/xn--porlascallesdecrdoba-p8b.com\/wp-content\/uploads\/2026\/08\/Captura-de-pantalla-2026-08-30-223726-300x75.png 300w, https:\/\/xn--porlascallesdecrdoba-p8b.com\/wp-content\/uploads\/2026\/08\/Captura-de-pantalla-2026-08-30-223726-768x192.png 768w, https:\/\/xn--porlascallesdecrdoba-p8b.com\/wp-content\/uploads\/2026\/08\/Captura-de-pantalla-2026-08-30-223726.png 1292w\" sizes=\"auto, (max-width: 1024px) 100vw, 1024px\" \/><\/figure>\n\n\n\n<figure class=\"wp-block-gallery has-nested-images columns-default is-cropped wp-block-gallery-1 is-layout-flex wp-block-gallery-is-layout-flex\">\n<figure class=\"wp-block-image size-large\"><a href=\"https:\/\/xn--porlascallesdecrdoba-p8b.com\/?page_id=6906\"><img loading=\"lazy\" decoding=\"async\" width=\"155\" height=\"46\" data-id=\"6435\" src=\"https:\/\/xn--porlascallesdecrdoba-p8b.com\/wp-content\/uploads\/2026\/08\/Captura-de-pantalla-2026-08-10-184924-1.png\" alt=\"\" class=\"wp-image-6435\" srcset=\"https:\/\/xn--porlascallesdecrdoba-p8b.com\/wp-content\/uploads\/2026\/08\/Captura-de-pantalla-2026-08-10-184924-1.png 155w, https:\/\/xn--porlascallesdecrdoba-p8b.com\/wp-content\/uploads\/2026\/08\/Captura-de-pantalla-2026-08-10-184924-1-150x46.png 150w\" sizes=\"auto, (max-width: 155px) 100vw, 155px\" \/><\/a><\/figure>\n\n\n\n<figure class=\"wp-block-image size-full\"><a href=\"https:\/\/xn--porlascallesdecrdoba-p8b.com\/?page_id=6440\"><img loading=\"lazy\" decoding=\"async\" width=\"227\" height=\"59\" data-id=\"6436\" src=\"https:\/\/xn--porlascallesdecrdoba-p8b.com\/wp-content\/uploads\/2026\/08\/Captura-de-pantalla-2026-08-12-184912.png\" alt=\"\" class=\"wp-image-6436\"\/><\/a><\/figure>\n\n\n\n<figure class=\"wp-block-image size-large\"><a href=\"https:\/\/xn--porlascallesdecrdoba-p8b.com\/?page_id=7722\"><img loading=\"lazy\" decoding=\"async\" width=\"158\" height=\"48\" data-id=\"6434\" src=\"https:\/\/xn--porlascallesdecrdoba-p8b.com\/wp-content\/uploads\/2026\/08\/Captura-de-pantalla-2026-08-10-185011.png\" alt=\"\" class=\"wp-image-6434\"\/><\/a><\/figure>\n<\/figure>\n","protected":false},"excerpt":{"rendered":"<p>Al final del muro occidental de la Mezquita-Catedral, en la ampliaci\u00f3n de al-Hakan II, queda un espacio sin capillas, donde abre la puerta de \u00abSan Pedro\u00bb o \u00abde Palacio\u00bb y <a class=\"more-link\" href=\"https:\/\/xn--porlascallesdecrdoba-p8b.com\/?page_id=6908\">Seguir leyendo &rarr;<\/a><\/p>\n","protected":false},"author":1,"featured_media":0,"parent":0,"menu_order":0,"comment_status":"closed","ping_status":"closed","template":"","meta":{"footnotes":""},"class_list":["post-6908","page","type-page","status-publish","hentry"],"_links":{"self":[{"href":"https:\/\/xn--porlascallesdecrdoba-p8b.com\/index.php?rest_route=\/wp\/v2\/pages\/6908","targetHints":{"allow":["GET"]}}],"collection":[{"href":"https:\/\/xn--porlascallesdecrdoba-p8b.com\/index.php?rest_route=\/wp\/v2\/pages"}],"about":[{"href":"https:\/\/xn--porlascallesdecrdoba-p8b.com\/index.php?rest_route=\/wp\/v2\/types\/page"}],"author":[{"embeddable":true,"href":"https:\/\/xn--porlascallesdecrdoba-p8b.com\/index.php?rest_route=\/wp\/v2\/users\/1"}],"replies":[{"embeddable":true,"href":"https:\/\/xn--porlascallesdecrdoba-p8b.com\/index.php?rest_route=%2Fwp%2Fv2%2Fcomments&post=6908"}],"version-history":[{"count":23,"href":"https:\/\/xn--porlascallesdecrdoba-p8b.com\/index.php?rest_route=\/wp\/v2\/pages\/6908\/revisions"}],"predecessor-version":[{"id":8122,"href":"https:\/\/xn--porlascallesdecrdoba-p8b.com\/index.php?rest_route=\/wp\/v2\/pages\/6908\/revisions\/8122"}],"wp:attachment":[{"href":"https:\/\/xn--porlascallesdecrdoba-p8b.com\/index.php?rest_route=%2Fwp%2Fv2%2Fmedia&parent=6908"}],"curies":[{"name":"wp","href":"https:\/\/api.w.org\/{rel}","templated":true}]}}