{"id":7224,"date":"2026-08-23T04:26:56","date_gmt":"2026-08-23T04:26:56","guid":{"rendered":"https:\/\/xn--porlascallesdecrdoba-p8b.com\/?page_id=7224"},"modified":"2026-09-04T05:16:13","modified_gmt":"2026-09-04T05:16:13","slug":"antonio-del-castillo-2","status":"publish","type":"page","link":"https:\/\/xn--porlascallesdecrdoba-p8b.com\/?page_id=7224","title":{"rendered":"Plaza de S\u00e9neca"},"content":{"rendered":"\n<p class=\"wp-block-paragraph\"><a href=\"https:\/\/earth.google.com\/web\/search\/plaza+de+s%c3%a1neca,+c%c3%b3rdoba,+espa%c3%b1a\/@37.88203169,-4.77698836,110.16156482a,650.27038469d,35y,0h,0t,0r\/data=CpEBGmMSXQokMHhkNmNkZjdkNzkyN2NlMjM6MHg3ZjNkMzEyNjk3ZDQ3YTQ2GSvB4nDm8EJAIdyxfW2iGxPAKiNwbGF6YSBkZSBzw6luZWNhLCBjw7NyZG9iYSwgZXNwYcOxYRgCIAEiJgokCZNi0FUj8UJAEaibyyaW8EJAGbJ1YlwwFhPAIZIyZ4tAIhPAQgIIAToDCgEwQgIIAEoNCP___________wEQAA?authuser=0\" target=\"_blank\" rel=\"noreferrer noopener\">Pincha para localizar la calle en Google Earth<\/a><\/p>\n\n\n\n<p class=\"wp-block-paragraph\" style=\"font-size:20px\">Esta plaza antes recibi\u00f3 los nombres de varios de los propietarios de la casa que la preside, la n\u00famero 3, as\u00ed recibi\u00f3 los nombres \u201cdel Arcediano\u201d, \u201cde los condes de Zamora y Riofrio\u201d, por ser la casa de Manuel Medina-Ayuda y Corella, I conde de Zamora y Riofrio.<\/p>\n\n\n<div class=\"wp-block-image\">\n<figure class=\"aligncenter size-full is-resized\"><img loading=\"lazy\" decoding=\"async\" width=\"732\" height=\"411\" src=\"https:\/\/xn--porlascallesdecrdoba-p8b.com\/wp-content\/uploads\/2026\/08\/image-211.png\" alt=\"\" class=\"wp-image-7298\" style=\"aspect-ratio:1.7810515910732616;width:618px;height:auto\" srcset=\"https:\/\/xn--porlascallesdecrdoba-p8b.com\/wp-content\/uploads\/2026\/08\/image-211.png 732w, https:\/\/xn--porlascallesdecrdoba-p8b.com\/wp-content\/uploads\/2026\/08\/image-211-300x168.png 300w\" sizes=\"auto, (max-width: 732px) 100vw, 732px\" \/><\/figure>\n<\/div>\n\n\n<p class=\"wp-block-paragraph\" style=\"font-size:20px\">Seg\u00fan el Padr\u00f3n de 1796 aqu\u00ed viv\u00eda \u201c<em>don Jos\u00e9 Medina y Corella, Arcediano de Pedroche y Can\u00f3nigo de la Santa Iglesia Catedral. Don Manuel de Medina y Corella, caballero hijodalgo notorio de cuarenta a\u00f1os, con un hijo, Joaqu\u00edn de cuatro meses<\/em>\u201d. En el Padr\u00f3n de 1802 Manuel Medina aparece ya como \u201c<em>caballero de la distinguida orden de Carlos II, Conde de Zamora\u201d. <\/em>En la segunda mitad del siglo XIX, las deudas de la familia del conde de Zamora de Riofrio hacen que se vendan al marqu\u00e9s de Escalonias, quien la renueva y sustituye la fachada.<\/p>\n\n\n<div class=\"wp-block-image\">\n<figure class=\"aligncenter size-large\"><img loading=\"lazy\" decoding=\"async\" width=\"1024\" height=\"503\" src=\"https:\/\/xn--porlascallesdecrdoba-p8b.com\/wp-content\/uploads\/2026\/08\/20260823_114156-1024x503.jpg\" alt=\"\" class=\"wp-image-7277\" srcset=\"https:\/\/xn--porlascallesdecrdoba-p8b.com\/wp-content\/uploads\/2026\/08\/20260823_114156-1024x503.jpg 1024w, https:\/\/xn--porlascallesdecrdoba-p8b.com\/wp-content\/uploads\/2026\/08\/20260823_114156-300x147.jpg 300w, https:\/\/xn--porlascallesdecrdoba-p8b.com\/wp-content\/uploads\/2026\/08\/20260823_114156-768x377.jpg 768w, https:\/\/xn--porlascallesdecrdoba-p8b.com\/wp-content\/uploads\/2026\/08\/20260823_114156-1536x755.jpg 1536w, https:\/\/xn--porlascallesdecrdoba-p8b.com\/wp-content\/uploads\/2026\/08\/20260823_114156-2048x1006.jpg 2048w\" sizes=\"auto, (max-width: 1024px) 100vw, 1024px\" \/><\/figure>\n<\/div>\n\n\n<p class=\"wp-block-paragraph\" style=\"font-size:20px\">La casa fue construida en el siglo XVII, posee una caracter\u00edstica fachada mud\u00e9jar de ladrillo visto a la que se abren grandes ventanas con reja volada y la portada adintelada sobre la que abre un balc\u00f3n con escudos a ambos lados, estos no se pueden identificar, seg\u00fan la profesora M\u00aa \u00c1ngeles Jordano, tan s\u00f3lo se identifica un jaquelado de cinco torres y una cruz acolada en ambos escudos que hacen pensar que el propietario pertenecer\u00eda a la orden de Calatrava.<\/p>\n\n\n<div class=\"wp-block-image\">\n<figure class=\"alignright size-full\"><img loading=\"lazy\" decoding=\"async\" width=\"394\" height=\"386\" src=\"https:\/\/xn--porlascallesdecrdoba-p8b.com\/wp-content\/uploads\/2026\/08\/Captura-de-pantalla-2026-08-23-205606.png\" alt=\"\" class=\"wp-image-7284\"\/><figcaption class=\"wp-element-caption\">Edificio n\u00ba 3<\/figcaption><\/figure>\n<\/div>\n\n\n<p class=\"wp-block-paragraph\" style=\"font-size:20px\">Tras el port\u00f3n de madera se abre un gran zagu\u00e1n con una reja fechada en 1883, desplazada de la puerta principal para proteger de la visi\u00f3n exterior al patio claustrado con tres arcos por lado, la planta alta posee balcones sobe los arcos, el suelo del p\u00f3rtico se encuentra enlosado, mientras que el central est\u00e1 enchinado y posee una fuente central con la figura de un ni\u00f1o montando un ganso, a este patio se abren las puertas de distintas dependencias de esta planta. El acceso a la planta superior se hace por una escalera barroca, que finaliza en el t\u00edpico doble arco con columnilla apoyada en el pretil. En el edificio se encontraban las oficinas de \u201cCorreos\u201d, las cuales hab\u00edan sido trasladadas desde la calle \u201cG\u00f3ngora\u201d (San Miguel), donde abri\u00f3 la primera vez a mediados del siglo XIX, y posteriormente ser\u00e1n trasladas a la calle \u201cJes\u00fas y Mar\u00eda\u201d, donde permanecer\u00edan hasta mediados del XX, que se trasladan al actual, en la calle \u201cCruz Conde\u201d.<\/p>\n\n\n<div class=\"wp-block-image\">\n<figure class=\"aligncenter size-full is-resized\"><img loading=\"lazy\" decoding=\"async\" width=\"1600\" height=\"1200\" src=\"https:\/\/xn--porlascallesdecrdoba-p8b.com\/wp-content\/uploads\/2026\/08\/01-89-Casa-de-Seneca-notascordobesas-04.jpg\" alt=\"\" class=\"wp-image-7282\" style=\"width:583px;height:auto\"\/><figcaption class=\"wp-element-caption\">Patio de plaza de S\u00e9neca, 3<\/figcaption><\/figure>\n<\/div>\n\n\n<p class=\"wp-block-paragraph\" style=\"font-size:20px\">En el a\u00f1o 2026 la casa se encuentra deshabitada y en venta en una inmobiliaria, donde se anuncia como \u201c<em>ideal para un hotel con encanto<\/em>\u201d.<\/p>\n\n\n<div class=\"wp-block-image\">\n<figure class=\"alignright size-full is-resized\"><img loading=\"lazy\" decoding=\"async\" width=\"600\" height=\"447\" src=\"https:\/\/xn--porlascallesdecrdoba-p8b.com\/wp-content\/uploads\/2026\/08\/01-89-Casa-de-Seneca-notascordobesas-05.jpg\" alt=\"\" class=\"wp-image-7286\" style=\"aspect-ratio:1.3423288006431993;width:476px;height:auto\" srcset=\"https:\/\/xn--porlascallesdecrdoba-p8b.com\/wp-content\/uploads\/2026\/08\/01-89-Casa-de-Seneca-notascordobesas-05.jpg 600w, https:\/\/xn--porlascallesdecrdoba-p8b.com\/wp-content\/uploads\/2026\/08\/01-89-Casa-de-Seneca-notascordobesas-05-300x224.jpg 300w\" sizes=\"auto, (max-width: 600px) 100vw, 600px\" \/><figcaption class=\"wp-element-caption\">Fotograf\u00eda del blog \u00abNotas cordobesas\u00bb<\/figcaption><\/figure>\n<\/div>\n\n\n<p class=\"wp-block-paragraph\" style=\"font-size:20px\">Este espacio aparece con el nombre de \u201cS\u00e9neca\u201d en el plano de 1884. En una reforma de la plaza se construy\u00f3 la fuente y se puso una estatua romana y unas piezas arqueol\u00f3gicas, en recuerdo del fil\u00f3sofo cordob\u00e9s. La estatua representa a un hombre en actitud relajada y vistiendo una toga, un pesado manto de lana que los ciudadanos y magistrados romanos llevaban encima de la t\u00fanica a modo de indumentaria oficial en la vida civil. Las estatuas togadas fueron muy frecuentes en la mitad occidental del Imperio durante los siglos I-II d.C., elabor\u00e1ndose en serie. Por este motivo, sus cabezas (elementos que verdaderamente permit\u00edan identificar a cada individuo), se sol\u00edan esculpir aparte, como sucede en este caso. La funcionalidad de estas im\u00e1genes pod\u00eda ser tanto honorifica como funeraria. Teniendo en cuenta el modelo de toga que lleva, amplia y ce\u00f1ida al cuerpo, y la manera en que se trabajaron los pliegues principales de la misma, la estatua de la Plaza de S\u00e9neca puede fecharse a mediados del siglo I d.C.<\/p>\n\n\n\n<p class=\"wp-block-paragraph\" style=\"font-size:20px\">En la plaza se encuentra el \u201cHotel Plateros\u201d, el cual se cre\u00f3 teniendo como base la \u201cTaberna Sociedad de Plateros\u201d, entidad creada en 1868, a ra\u00edz de la crisis pol\u00edtica y econ\u00f3mica que atravesaba el pa\u00eds, su finalidad era la de socorrer a los plateros m\u00e1s desfavorecidos; por lo que en su inicio se llamar\u00eda \u201cAsociaci\u00f3n Mutua de Plateros de C\u00f3rdoba\u201d. Esta entidad es la sociedad de previsi\u00f3n m\u00e1s antigua que existe en Espa\u00f1a. Tras ser declarada como sociedad de inter\u00e9s p\u00fablico, fue apoyada por del rey Alfonso XII, con una subvenci\u00f3n de 250 pesetas anuales.<\/p>\n\n\n\n<p class=\"wp-block-paragraph\" style=\"font-size:20px\">En el a\u00f1o 1985 el Ayuntamiento de C\u00f3rdoba, por unanimidad, concede su mayor galard\u00f3n, la Medalla de Oro de la Ciudad, a la \u201cSociedad de Plateros\u201d por \u201c<em>M\u00e9ritos de ejemplaridad c\u00edvica y cordobesismo, tanto en lo econ\u00f3mico como en lo cultural que durante m\u00e1s de cien a\u00f1os viene haciendo gala esta Sociedad.<\/em>\u201d<\/p>\n\n\n\n<p class=\"wp-block-paragraph\" style=\"font-size:20px\">Actualmente conserva dos tabernas abiertas en el XIX, la de \u201cSan Francisco\u201d abierta en 1874 y \u00e9sta de la \u201cPlaza de S\u00e9neca\u201d, en 1880. Es uno de los establecimientos, desde el 2024, reconocidos por el Ayuntamiento, como \u201cTaberna Hist\u00f3rica\u201d.<\/p>\n\n\n<div class=\"wp-block-image\">\n<figure class=\"aligncenter size-large is-resized\"><img loading=\"lazy\" decoding=\"async\" width=\"1024\" height=\"576\" src=\"https:\/\/xn--porlascallesdecrdoba-p8b.com\/wp-content\/uploads\/2026\/08\/20210718_090811-1024x576.jpg\" alt=\"\" class=\"wp-image-7300\" style=\"width:538px;height:auto\" srcset=\"https:\/\/xn--porlascallesdecrdoba-p8b.com\/wp-content\/uploads\/2026\/08\/20210718_090811-1024x576.jpg 1024w, https:\/\/xn--porlascallesdecrdoba-p8b.com\/wp-content\/uploads\/2026\/08\/20210718_090811-300x169.jpg 300w, https:\/\/xn--porlascallesdecrdoba-p8b.com\/wp-content\/uploads\/2026\/08\/20210718_090811-768x432.jpg 768w, https:\/\/xn--porlascallesdecrdoba-p8b.com\/wp-content\/uploads\/2026\/08\/20210718_090811-1536x864.jpg 1536w, https:\/\/xn--porlascallesdecrdoba-p8b.com\/wp-content\/uploads\/2026\/08\/20210718_090811-2048x1152.jpg 2048w\" sizes=\"auto, (max-width: 1024px) 100vw, 1024px\" \/><\/figure>\n<\/div>\n\n\n<p class=\"wp-block-paragraph\" style=\"font-size:20px\">Conserva el s\u00f3tano donde se encontraban las botas del fino de Montilla.<\/p>\n\n\n\n<figure class=\"wp-block-image size-large\"><img loading=\"lazy\" decoding=\"async\" width=\"1024\" height=\"461\" src=\"https:\/\/xn--porlascallesdecrdoba-p8b.com\/wp-content\/uploads\/2026\/08\/20211008_111031-1024x461.jpg\" alt=\"\" class=\"wp-image-7301\" srcset=\"https:\/\/xn--porlascallesdecrdoba-p8b.com\/wp-content\/uploads\/2026\/08\/20211008_111031-1024x461.jpg 1024w, https:\/\/xn--porlascallesdecrdoba-p8b.com\/wp-content\/uploads\/2026\/08\/20211008_111031-300x135.jpg 300w, https:\/\/xn--porlascallesdecrdoba-p8b.com\/wp-content\/uploads\/2026\/08\/20211008_111031-768x346.jpg 768w, https:\/\/xn--porlascallesdecrdoba-p8b.com\/wp-content\/uploads\/2026\/08\/20211008_111031-1536x692.jpg 1536w, https:\/\/xn--porlascallesdecrdoba-p8b.com\/wp-content\/uploads\/2026\/08\/20211008_111031-2048x922.jpg 2048w\" sizes=\"auto, (max-width: 1024px) 100vw, 1024px\" \/><\/figure>\n\n\n\n<figure class=\"wp-block-gallery has-nested-images columns-default is-cropped wp-block-gallery-1 is-layout-flex wp-block-gallery-is-layout-flex\">\n<figure class=\"wp-block-image size-large\"><a href=\"https:\/\/xn--porlascallesdecrdoba-p8b.com\/?page_id=7222\"><img loading=\"lazy\" decoding=\"async\" width=\"218\" height=\"72\" data-id=\"6503\" src=\"https:\/\/xn--porlascallesdecrdoba-p8b.com\/wp-content\/uploads\/2026\/08\/Captura-de-pantalla-2026-08-14-215034.png\" alt=\"\" class=\"wp-image-6503\"\/><\/a><\/figure>\n\n\n\n<figure class=\"wp-block-image size-full\"><a href=\"https:\/\/xn--porlascallesdecrdoba-p8b.com\/?page_id=5727\"><img loading=\"lazy\" decoding=\"async\" width=\"211\" height=\"63\" data-id=\"6505\" src=\"https:\/\/xn--porlascallesdecrdoba-p8b.com\/wp-content\/uploads\/2026\/08\/Captura-de-pantalla-2026-08-14-215040.png\" alt=\"\" class=\"wp-image-6505\"\/><\/a><\/figure>\n\n\n\n<figure class=\"wp-block-image size-large\"><a href=\"https:\/\/xn--porlascallesdecrdoba-p8b.com\/?page_id=7227\"><img loading=\"lazy\" decoding=\"async\" width=\"214\" height=\"64\" data-id=\"6504\" src=\"https:\/\/xn--porlascallesdecrdoba-p8b.com\/wp-content\/uploads\/2026\/08\/Captura-de-pantalla-2026-08-14-215047.png\" alt=\"\" class=\"wp-image-6504\"\/><\/a><\/figure>\n<\/figure>\n\n\n\n<p class=\"wp-block-paragraph\"><\/p>\n","protected":false},"excerpt":{"rendered":"<p>Pincha para localizar la calle en Google Earth Esta plaza antes recibi\u00f3 los nombres de varios de los propietarios de la casa que la preside, la n\u00famero 3, as\u00ed recibi\u00f3 <a class=\"more-link\" href=\"https:\/\/xn--porlascallesdecrdoba-p8b.com\/?page_id=7224\">Seguir leyendo &rarr;<\/a><\/p>\n","protected":false},"author":1,"featured_media":0,"parent":0,"menu_order":0,"comment_status":"closed","ping_status":"closed","template":"","meta":{"footnotes":""},"class_list":["post-7224","page","type-page","status-publish","hentry"],"_links":{"self":[{"href":"https:\/\/xn--porlascallesdecrdoba-p8b.com\/index.php?rest_route=\/wp\/v2\/pages\/7224","targetHints":{"allow":["GET"]}}],"collection":[{"href":"https:\/\/xn--porlascallesdecrdoba-p8b.com\/index.php?rest_route=\/wp\/v2\/pages"}],"about":[{"href":"https:\/\/xn--porlascallesdecrdoba-p8b.com\/index.php?rest_route=\/wp\/v2\/types\/page"}],"author":[{"embeddable":true,"href":"https:\/\/xn--porlascallesdecrdoba-p8b.com\/index.php?rest_route=\/wp\/v2\/users\/1"}],"replies":[{"embeddable":true,"href":"https:\/\/xn--porlascallesdecrdoba-p8b.com\/index.php?rest_route=%2Fwp%2Fv2%2Fcomments&post=7224"}],"version-history":[{"count":19,"href":"https:\/\/xn--porlascallesdecrdoba-p8b.com\/index.php?rest_route=\/wp\/v2\/pages\/7224\/revisions"}],"predecessor-version":[{"id":8038,"href":"https:\/\/xn--porlascallesdecrdoba-p8b.com\/index.php?rest_route=\/wp\/v2\/pages\/7224\/revisions\/8038"}],"wp:attachment":[{"href":"https:\/\/xn--porlascallesdecrdoba-p8b.com\/index.php?rest_route=%2Fwp%2Fv2%2Fmedia&parent=7224"}],"curies":[{"name":"wp","href":"https:\/\/api.w.org\/{rel}","templated":true}]}}