{"id":7229,"date":"2026-08-23T04:29:42","date_gmt":"2026-08-23T04:29:42","guid":{"rendered":"https:\/\/xn--porlascallesdecrdoba-p8b.com\/?page_id=7229"},"modified":"2026-09-04T05:08:57","modified_gmt":"2026-09-04T05:08:57","slug":"plaza-de-seneca","status":"publish","type":"page","link":"https:\/\/xn--porlascallesdecrdoba-p8b.com\/?page_id=7229","title":{"rendered":"Plaza Jer\u00f3nimo P\u00e1ez"},"content":{"rendered":"<div class=\"wp-block-image\">\n<figure class=\"alignright size-full is-resized\"><img loading=\"lazy\" decoding=\"async\" width=\"237\" height=\"204\" src=\"https:\/\/xn--porlascallesdecrdoba-p8b.com\/wp-content\/uploads\/2026\/08\/image-236.png\" alt=\"\" class=\"wp-image-7449\" style=\"aspect-ratio:1.1617770968977403;width:284px;height:auto\"\/><figcaption class=\"wp-element-caption\">Moneda de Colobia Patricia        (Museo. Arqueol\u00f3gico)<\/figcaption><\/figure>\n<\/div>\n\n\n<p class=\"wp-block-paragraph\"><a href=\"https:\/\/earth.google.com\/web\/search\/plaza+de+jeronimo+paez,+C%c3%b3rdoba\/@37.88163912,-4.77799115,120.91109157a,650.27419326d,35y,0h,0t,0r\/data=Co4BGmASWgokMHhkNmQyMDgyOWZlZWU3MDU6MHg1ODBlZTk0YTk5MGFkZmI2Gdg1EIHZ8EJAIQ5lqIqpHBPAKiBwbGF6YSBkZSBqZXJvbmltbyBwYWV6LCBDw7NyZG9iYRgCIAEiJgokCdwL82Er8UJAEeHQp_Kc8EJAGcAGzCK7FhPAITF3BbLmIhPAQgIIAToDCgEwQgIIAEoNCP___________wEQAA?authuser=0\" target=\"_blank\" rel=\"noreferrer noopener\">Pincha para localizar la calle en Google Earth<\/a><\/p>\n\n\n\n<p class=\"wp-block-paragraph\" style=\"font-size:20px\">Deteng\u00e1monos en la plaza del Museo Arqueol\u00f3gico, es la Plaza de Jer\u00f3nimo P\u00e1ez, se encuentra construida sobre el teatro romano edificado cuando el emperador Augusto, en el siglo I, amplia la ciudad de Corduba, la nombra capital de la reci\u00e9n creada B\u00e9tica y la dota de elementos arquitect\u00f3nicos al estilo de Roma, cuando se construy\u00f3, este teatro era el segundo en dimensiones del Imperio. La ciudad tomar\u00e1 el nombre de \u201cColonia Patricia\u201d y se convertir\u00e1 en una de las m\u00e1s importantes del Imperio de Roma durante los siglos I y II. C\u00f3rdoba era una de la ciudades m\u00e1s romanizadas, teniendo una rica econom\u00eda, pues era un centro exportador de minerales, cereales, aceite, etc..<\/p>\n\n\n\n<p class=\"wp-block-paragraph\" style=\"font-size:20px\"><\/p>\n\n\n<div class=\"wp-block-image\">\n<figure class=\"aligncenter size-full is-resized\"><img loading=\"lazy\" decoding=\"async\" width=\"887\" height=\"463\" src=\"https:\/\/xn--porlascallesdecrdoba-p8b.com\/wp-content\/uploads\/2026\/08\/image-217.png\" alt=\"\" class=\"wp-image-7329\" style=\"aspect-ratio:1.9158091674462114;width:586px;height:auto\" srcset=\"https:\/\/xn--porlascallesdecrdoba-p8b.com\/wp-content\/uploads\/2026\/08\/image-217.png 887w, https:\/\/xn--porlascallesdecrdoba-p8b.com\/wp-content\/uploads\/2026\/08\/image-217-300x157.png 300w, https:\/\/xn--porlascallesdecrdoba-p8b.com\/wp-content\/uploads\/2026\/08\/image-217-768x401.png 768w\" sizes=\"auto, (max-width: 887px) 100vw, 887px\" \/><\/figure>\n<\/div>\n\n\n<p class=\"wp-block-paragraph\" style=\"font-size:20px\">Antiguamente la plaza recibi\u00f3 el nombre de \u201cplaza de los Para\u00edsos\u201d, desde 1540 pas\u00f3 a llamarse \u201cLuis P\u00e1ez de Castillejo\u201d, en el siglo XVII \u201cplazuela de don Diego P\u00e1ez\u201d y en el a\u00f1o 1680 ya era conocida con el nombre actual, \u00abJer\u00f3nimo P\u00e1ez\u00bb, hijo de \u201cDon Diego\u201d, propietario de la casa palacio que preside la plaza.<\/p>\n\n\n<div class=\"wp-block-image\">\n<figure class=\"aligncenter size-large is-resized\"><img loading=\"lazy\" decoding=\"async\" width=\"1024\" height=\"576\" src=\"https:\/\/xn--porlascallesdecrdoba-p8b.com\/wp-content\/uploads\/2026\/08\/20260823_121912-1024x576.jpg\" alt=\"\" class=\"wp-image-7430\" style=\"width:649px;height:auto\" srcset=\"https:\/\/xn--porlascallesdecrdoba-p8b.com\/wp-content\/uploads\/2026\/08\/20260823_121912-1024x576.jpg 1024w, https:\/\/xn--porlascallesdecrdoba-p8b.com\/wp-content\/uploads\/2026\/08\/20260823_121912-300x169.jpg 300w, https:\/\/xn--porlascallesdecrdoba-p8b.com\/wp-content\/uploads\/2026\/08\/20260823_121912-768x432.jpg 768w, https:\/\/xn--porlascallesdecrdoba-p8b.com\/wp-content\/uploads\/2026\/08\/20260823_121912-1536x864.jpg 1536w, https:\/\/xn--porlascallesdecrdoba-p8b.com\/wp-content\/uploads\/2026\/08\/20260823_121912-2048x1152.jpg 2048w\" sizes=\"auto, (max-width: 1024px) 100vw, 1024px\" \/><\/figure>\n<\/div>\n\n\n<p class=\"wp-block-paragraph\" style=\"font-size:20px\">Este espacio fue importante desde el siglo I, de \u00e9poca posterior al teatro se han localizado restos visigodos y en \u00e9poca isl\u00e1mica se cree que aqu\u00ed estaba una gran mansi\u00f3n. <\/p>\n\n\n<div class=\"wp-block-image\">\n<figure class=\"aligncenter size-full is-resized\"><img loading=\"lazy\" decoding=\"async\" width=\"1004\" height=\"565\" src=\"https:\/\/xn--porlascallesdecrdoba-p8b.com\/wp-content\/uploads\/2026\/08\/image-234.png\" alt=\"\" class=\"wp-image-7433\" style=\"aspect-ratio:1.777037345550465;width:584px;height:auto\" srcset=\"https:\/\/xn--porlascallesdecrdoba-p8b.com\/wp-content\/uploads\/2026\/08\/image-234.png 1004w, https:\/\/xn--porlascallesdecrdoba-p8b.com\/wp-content\/uploads\/2026\/08\/image-234-300x169.png 300w, https:\/\/xn--porlascallesdecrdoba-p8b.com\/wp-content\/uploads\/2026\/08\/image-234-768x432.png 768w\" sizes=\"auto, (max-width: 1004px) 100vw, 1004px\" \/><\/figure>\n<\/div>\n\n\n<p class=\"wp-block-paragraph\" style=\"font-size:20px\">Seg\u00fan el acad\u00e9mico y medievalista Miguel Mu\u00f1oz V\u00e1zquez, el origen de la casa-palacio de los P\u00e1ez estar\u00eda en las \u201cCasas de Ybrahim Ben Nascer\u201d, las cuales ser\u00edan entregadas, en 1241, por Fernando III a Mart\u00edn Ruiz de la Cerda, uno de los principales caballeros que lo acompa\u00f1aron en la toma de la ciudad, como lo atestigua un documento fechado el 12 de marzo de 1241. La centuria siguiente su propietaria era Toda Mart\u00ednez, nieta de Mart\u00edn Ruiz de la Cerda, quien somete la casa a una reforma mud\u00e9jar. A su muerte cedi\u00f3 la casa al cabildo, \u00e9ste las vender\u00eda en el siglo XV a Francisco P\u00e1ez de Castillejo, una familia que ir\u00e1 creciendo en prestigio en la clase social cordobesa, como demuestra la concesi\u00f3n real a Fern\u00e1n P\u00e1ez de Castillejo, maestresala del rey, de parte de las salinas de C\u00f3rdoba, una de las mejores concesiones por sus beneficios.<\/p>\n\n\n\n<p class=\"wp-block-paragraph\" style=\"font-size:20px\">En el 1495 los Reyes Cat\u00f3licos concedieron a Fernando P\u00e1ez de Castillejo permiso para fundar un mayorazgo en favor de su hijo Francisco P\u00e1ez de Castillejo, entre otras tierras estaba la <em>Alhondiguilla,<\/em> heredad que con el tiempo se convertir\u00eda en la localidad cordobesa de Villaharta.<\/p>\n\n\n<div class=\"wp-block-image\">\n<figure class=\"aligncenter size-large is-resized\"><img loading=\"lazy\" decoding=\"async\" width=\"1024\" height=\"956\" src=\"https:\/\/xn--porlascallesdecrdoba-p8b.com\/wp-content\/uploads\/2026\/08\/01-79-_20220531-1024x956.jpg\" alt=\"\" class=\"wp-image-7455\" style=\"width:459px;height:auto\" srcset=\"https:\/\/xn--porlascallesdecrdoba-p8b.com\/wp-content\/uploads\/2026\/08\/01-79-_20220531-1024x956.jpg 1024w, https:\/\/xn--porlascallesdecrdoba-p8b.com\/wp-content\/uploads\/2026\/08\/01-79-_20220531-300x280.jpg 300w, https:\/\/xn--porlascallesdecrdoba-p8b.com\/wp-content\/uploads\/2026\/08\/01-79-_20220531-768x717.jpg 768w, https:\/\/xn--porlascallesdecrdoba-p8b.com\/wp-content\/uploads\/2026\/08\/01-79-_20220531.jpg 1080w\" sizes=\"auto, (max-width: 1024px) 100vw, 1024px\" \/><figcaption class=\"wp-element-caption\">Foto antigua de la plaza y la casa de los P\u00e1ez<\/figcaption><\/figure>\n<\/div>\n\n\n<p class=\"wp-block-paragraph\" style=\"font-size:20px\">En el siglo XVIII la propiedad, por falta de hijos de sus propietarios, pasar\u00e1 al veinticuatro Andr\u00e9s de Ba\u00f1uelos, heredero de los mayorazgos de los P\u00e1ez. Tras su fallecimiento el inmueble pas\u00f3 al ducado de Alba, quien la tuvo alquilada en la segunda mitad del siglo XVIII, siendo luego vendida a la familia Trevillas. Tras varias visitudes, el inmueble ser\u00eda adquirido por el estado el a\u00f1o 1942.<\/p>\n\n\n\n<p class=\"wp-block-paragraph\" style=\"font-size:20px\">El estado comprar\u00e1 las casas que separaban el palacio de los P\u00e1ez de la Cuesta de Pero Mato, las derribar\u00e1 y realizar\u00e1 una amplia excavaci\u00f3n arqueol\u00f3gica para poner en valor restos del teatro romano, sobre estos restos, en el a\u00f1o 2011 se inaugura la ampliaci\u00f3n del Museo Arqueol\u00f3gico.<\/p>\n\n\n\n<p class=\"wp-block-paragraph\" style=\"font-size:20px\">Frente a las nuevas instalaciones del museo se encuentra el edificio \u201cAntonio del Castillo, 6\u201d, con fachada tambi\u00e9n a esta plaza, en \u00e9l se instala el bar \u201cC\u00e1vea\u201d, nombre que toma porque se supone que est\u00e1 construido sobre la c\u00e1vea del teatro.<\/p>\n\n\n\n<p class=\"wp-block-paragraph\" style=\"font-size:20px\">En la plaza se encuentran, desde 1977, varias piezas arqueol\u00f3gicas de m\u00e1rmol pertenecientes al museo.<\/p>\n\n\n<div class=\"wp-block-image\">\n<figure class=\"aligncenter size-large is-resized\"><img loading=\"lazy\" decoding=\"async\" width=\"1024\" height=\"683\" src=\"https:\/\/xn--porlascallesdecrdoba-p8b.com\/wp-content\/uploads\/2026\/08\/181217-cn-363-1024x683.jpg\" alt=\"\" class=\"wp-image-7453\" style=\"aspect-ratio:1.5000146485805526;width:484px;height:auto\" srcset=\"https:\/\/xn--porlascallesdecrdoba-p8b.com\/wp-content\/uploads\/2026\/08\/181217-cn-363-1024x683.jpg 1024w, https:\/\/xn--porlascallesdecrdoba-p8b.com\/wp-content\/uploads\/2026\/08\/181217-cn-363-300x200.jpg 300w, https:\/\/xn--porlascallesdecrdoba-p8b.com\/wp-content\/uploads\/2026\/08\/181217-cn-363-768x512.jpg 768w, https:\/\/xn--porlascallesdecrdoba-p8b.com\/wp-content\/uploads\/2026\/08\/181217-cn-363-1536x1024.jpg 1536w, https:\/\/xn--porlascallesdecrdoba-p8b.com\/wp-content\/uploads\/2026\/08\/181217-cn-363-2048x1365.jpg 2048w, https:\/\/xn--porlascallesdecrdoba-p8b.com\/wp-content\/uploads\/2026\/08\/181217-cn-363-400x267.jpg 400w\" sizes=\"auto, (max-width: 1024px) 100vw, 1024px\" \/><figcaption class=\"wp-element-caption\">Fuente en el centro de la plaza<\/figcaption><\/figure>\n<\/div>\n\n\n<p class=\"wp-block-paragraph\" style=\"font-size:20px\"><\/p>\n\n\n\n<p class=\"wp-block-paragraph\" style=\"font-size:20px\"><\/p>\n\n\n\n<figure class=\"wp-block-gallery has-nested-images columns-default is-cropped wp-block-gallery-1 is-layout-flex wp-block-gallery-is-layout-flex\">\n<figure class=\"wp-block-image size-large\"><a href=\"https:\/\/xn--porlascallesdecrdoba-p8b.com\/?page_id=7227\"><img loading=\"lazy\" decoding=\"async\" width=\"218\" height=\"72\" data-id=\"6503\" src=\"https:\/\/xn--porlascallesdecrdoba-p8b.com\/wp-content\/uploads\/2026\/08\/Captura-de-pantalla-2026-08-14-215034.png\" alt=\"\" class=\"wp-image-6503\"\/><\/a><\/figure>\n\n\n\n<figure class=\"wp-block-image size-full\"><a href=\"https:\/\/xn--porlascallesdecrdoba-p8b.com\/?page_id=5727\"><img loading=\"lazy\" decoding=\"async\" width=\"211\" height=\"63\" data-id=\"6505\" src=\"https:\/\/xn--porlascallesdecrdoba-p8b.com\/wp-content\/uploads\/2026\/08\/Captura-de-pantalla-2026-08-14-215040.png\" alt=\"\" class=\"wp-image-6505\"\/><\/a><\/figure>\n\n\n\n<figure class=\"wp-block-image size-large\"><a href=\"https:\/\/xn--porlascallesdecrdoba-p8b.com\/?page_id=7234\"><img loading=\"lazy\" decoding=\"async\" width=\"214\" height=\"64\" data-id=\"6504\" src=\"https:\/\/xn--porlascallesdecrdoba-p8b.com\/wp-content\/uploads\/2026\/08\/Captura-de-pantalla-2026-08-14-215047.png\" alt=\"\" class=\"wp-image-6504\"\/><\/a><\/figure>\n<\/figure>\n\n\n\n<p class=\"wp-block-paragraph\"><\/p>\n","protected":false},"excerpt":{"rendered":"<p>Pincha para localizar la calle en Google Earth Deteng\u00e1monos en la plaza del Museo Arqueol\u00f3gico, es la Plaza de Jer\u00f3nimo P\u00e1ez, se encuentra construida sobre el teatro romano edificado cuando <a class=\"more-link\" href=\"https:\/\/xn--porlascallesdecrdoba-p8b.com\/?page_id=7229\">Seguir leyendo &rarr;<\/a><\/p>\n","protected":false},"author":1,"featured_media":0,"parent":0,"menu_order":0,"comment_status":"closed","ping_status":"closed","template":"","meta":{"footnotes":""},"class_list":["post-7229","page","type-page","status-publish","hentry"],"_links":{"self":[{"href":"https:\/\/xn--porlascallesdecrdoba-p8b.com\/index.php?rest_route=\/wp\/v2\/pages\/7229","targetHints":{"allow":["GET"]}}],"collection":[{"href":"https:\/\/xn--porlascallesdecrdoba-p8b.com\/index.php?rest_route=\/wp\/v2\/pages"}],"about":[{"href":"https:\/\/xn--porlascallesdecrdoba-p8b.com\/index.php?rest_route=\/wp\/v2\/types\/page"}],"author":[{"embeddable":true,"href":"https:\/\/xn--porlascallesdecrdoba-p8b.com\/index.php?rest_route=\/wp\/v2\/users\/1"}],"replies":[{"embeddable":true,"href":"https:\/\/xn--porlascallesdecrdoba-p8b.com\/index.php?rest_route=%2Fwp%2Fv2%2Fcomments&post=7229"}],"version-history":[{"count":22,"href":"https:\/\/xn--porlascallesdecrdoba-p8b.com\/index.php?rest_route=\/wp\/v2\/pages\/7229\/revisions"}],"predecessor-version":[{"id":8034,"href":"https:\/\/xn--porlascallesdecrdoba-p8b.com\/index.php?rest_route=\/wp\/v2\/pages\/7229\/revisions\/8034"}],"wp:attachment":[{"href":"https:\/\/xn--porlascallesdecrdoba-p8b.com\/index.php?rest_route=%2Fwp%2Fv2%2Fmedia&parent=7229"}],"curies":[{"name":"wp","href":"https:\/\/api.w.org\/{rel}","templated":true}]}}