{"id":7232,"date":"2026-08-23T04:33:29","date_gmt":"2026-08-23T04:33:29","guid":{"rendered":"https:\/\/xn--porlascallesdecrdoba-p8b.com\/?page_id=7232"},"modified":"2026-09-04T05:12:42","modified_gmt":"2026-09-04T05:12:42","slug":"plaza-de-elie-nahmias-y-cuesta-pero-mato","status":"publish","type":"page","link":"https:\/\/xn--porlascallesdecrdoba-p8b.com\/?page_id=7232","title":{"rendered":"Plaza de Elie Nahmias y Cuesta Pero Mato"},"content":{"rendered":"\n<p class=\"wp-block-paragraph\"><a href=\"https:\/\/earth.google.com\/web\/search\/Plaza+de+Elie+Nahmias,+c%C3%B3rdoba,+espa%C3%B1a\/@37.88182843,-4.77768857,118.96842642a,391.41374882d,35y,0h,0t,0r\/data=CiwiJgokCeRriigh8UJAEWqcDNeR8EJAGTRy3hqKFhPAIepXcvrIIhPAQgIIAToDCgEwQgIIAEoNCP___________wEQAA?authuser=0\" target=\"_blank\" rel=\"noreferrer noopener\">Pincha para localizar la calle en Google Earth<\/a><\/p>\n\n\n\n<p class=\"has-black-color has-text-color has-link-color wp-elements-ca419d64747e11b59896a92f04d95013 wp-block-paragraph\" style=\"font-size:20px\">La <a><strong>plaza \u201cElie Nahmias<\/strong><\/a><strong>\u201d<\/strong>, es un espacio que hace la conocida como \u00abCasa del Jud\u00edo\u00bb, haciendo una forma de C, tres de sus paredes corresponden a esta casa, mientras el lateral oriental se encuentra abierto, mirando a la plaza de \u00abJer\u00f3nimo P\u00e1ez\u00bb, la del Museo Arqueol\u00f3gico, como es conocida por los cordobeses.<\/p>\n\n\n\n<p class=\"has-black-color has-text-color has-link-color wp-elements-fa147d2c90123a43aff750fed029186d wp-block-paragraph\" style=\"font-size:20px\">La plaza recibe el nombre del que fuera propietario de la casa finales del siglo XX, actualmente pertenece a sus herederos, que la visitan un par de veces al a\u00f1o, siendo habitada tan s\u00f3lo por los guardeses. A esta casa se le dedic\u00f3 una p\u00e1gina en exclusiva, \u00abRey Heredia, la Casa del Duque\u00bb.<\/p>\n\n\n\n<p class=\"has-blue-color has-text-color has-link-color wp-elements-0ae7bbff0e780121513dd49df5a83f2b wp-block-paragraph\" style=\"font-size:20px\">  <a href=\"https:\/\/xn--porlascallesdecrdoba-p8b.com\/?page_id=6554\">https:\/\/xn--porlascallesdecrdoba-p8b.com\/?page_id=6554<\/a><\/p>\n\n\n\n<p class=\"has-black-color has-text-color has-link-color wp-elements-bd6e6db4b3d9f934eb62a9ce810b7474 wp-block-paragraph\" style=\"font-size:20px\">Esta casa, que en el el siglo XIII fuera del Duque de Medina Sidonia, fue adquirida por el hebreo franc\u00e9s Elie Nahmias (1908-1994), de nacimiento otomano, quien entre otros cargos era Vicepresidente del Consejo de Supervisi\u00f3n de P\u00e9trofrance. En diciembre de 1968, cuando esta familia se encontraba de vacaciones por el sur de Espa\u00f1a, un contratiempo con el coche les hizo quedarse unos d\u00edas en C\u00f3rdoba, de la que se enamoraron del tal forma que compraron esta casa-palacio, de 2.822 m<sup>2<\/sup>. Su pasi\u00f3n era el Sefarad hispano, durante su vida recopil\u00f3 gran cantidad de bibliograf\u00eda y documentos inestimables que cubren seis siglos de la historia sefard\u00ed. Este tesoro pas\u00f3 a manos de sus hijos, propietarios actuales del edificio, si bien algunos de ellos se encuentran en la \u201cBiblioteca de l\u00b4Alliance Isra\u00e8lite Universella\u201d, una organizaci\u00f3n educativa&nbsp;establecida en Francis en 1880&nbsp;con el prop\u00f3sito de brindar ayuda a los estudiantes jud\u00edos.<\/p>\n\n\n\n<p class=\"has-black-color has-text-color has-link-color wp-elements-4a5483cef50357ea31648fbcbce527ff wp-block-paragraph\" style=\"font-size:20px\"><\/p>\n\n\n\n<figure class=\"wp-block-image size-large\"><img loading=\"lazy\" decoding=\"async\" width=\"1024\" height=\"477\" src=\"https:\/\/xn--porlascallesdecrdoba-p8b.com\/wp-content\/uploads\/2026\/08\/Plano-7232-1024x477.png\" alt=\"\" class=\"wp-image-7398\" srcset=\"https:\/\/xn--porlascallesdecrdoba-p8b.com\/wp-content\/uploads\/2026\/08\/Plano-7232-1024x477.png 1024w, https:\/\/xn--porlascallesdecrdoba-p8b.com\/wp-content\/uploads\/2026\/08\/Plano-7232-300x140.png 300w, https:\/\/xn--porlascallesdecrdoba-p8b.com\/wp-content\/uploads\/2026\/08\/Plano-7232-768x357.png 768w, https:\/\/xn--porlascallesdecrdoba-p8b.com\/wp-content\/uploads\/2026\/08\/Plano-7232.png 1158w\" sizes=\"auto, (max-width: 1024px) 100vw, 1024px\" \/><\/figure>\n\n\n\n<p class=\"has-black-color has-text-color has-link-color wp-elements-b29c88b7577cd1b213bfa9e88305832d wp-block-paragraph\" style=\"font-size:20px\">Este lugar es un bello espacio gracias a la gran portada de la casa, en estilo mud\u00e9jar, con un portal\u00f3n bellamente tallado con las figuras de dos reyes castellanos, Fernando III y Pedro I, y girnaldas de frutas. En una de las esquinas un mirador con una celos\u00eda de madera. Esta portada fue encargada por Nahmias al arquitecto F\u00e9liz Hern\u00e1ndez.<\/p>\n\n\n\n<figure class=\"wp-block-image size-full\"><img loading=\"lazy\" decoding=\"async\" width=\"903\" height=\"406\" src=\"https:\/\/xn--porlascallesdecrdoba-p8b.com\/wp-content\/uploads\/2026\/08\/image-218.png\" alt=\"\" class=\"wp-image-7335\" srcset=\"https:\/\/xn--porlascallesdecrdoba-p8b.com\/wp-content\/uploads\/2026\/08\/image-218.png 903w, https:\/\/xn--porlascallesdecrdoba-p8b.com\/wp-content\/uploads\/2026\/08\/image-218-300x135.png 300w, https:\/\/xn--porlascallesdecrdoba-p8b.com\/wp-content\/uploads\/2026\/08\/image-218-768x345.png 768w\" sizes=\"auto, (max-width: 903px) 100vw, 903px\" \/><\/figure>\n\n\n<div class=\"wp-block-image\">\n<figure class=\"aligncenter size-large\"><img loading=\"lazy\" decoding=\"async\" width=\"1024\" height=\"332\" src=\"https:\/\/xn--porlascallesdecrdoba-p8b.com\/wp-content\/uploads\/2026\/08\/image-231-1024x332.png\" alt=\"\" class=\"wp-image-7424\" srcset=\"https:\/\/xn--porlascallesdecrdoba-p8b.com\/wp-content\/uploads\/2026\/08\/image-231-1024x332.png 1024w, https:\/\/xn--porlascallesdecrdoba-p8b.com\/wp-content\/uploads\/2026\/08\/image-231-300x97.png 300w, https:\/\/xn--porlascallesdecrdoba-p8b.com\/wp-content\/uploads\/2026\/08\/image-231-768x249.png 768w, https:\/\/xn--porlascallesdecrdoba-p8b.com\/wp-content\/uploads\/2026\/08\/image-231.png 1112w\" sizes=\"auto, (max-width: 1024px) 100vw, 1024px\" \/><\/figure>\n<\/div>\n\n\n<p class=\"wp-block-paragraph\" style=\"font-size:20px\">En la plaza se encuentra una fuente con un pil\u00f3n de piedra y un busto de Lucano.<\/p>\n\n\n<div class=\"wp-block-image\">\n<figure class=\"aligncenter size-full\"><img loading=\"lazy\" decoding=\"async\" width=\"676\" height=\"376\" src=\"https:\/\/xn--porlascallesdecrdoba-p8b.com\/wp-content\/uploads\/2026\/08\/image-233.png\" alt=\"\" class=\"wp-image-7428\" srcset=\"https:\/\/xn--porlascallesdecrdoba-p8b.com\/wp-content\/uploads\/2026\/08\/image-233.png 676w, https:\/\/xn--porlascallesdecrdoba-p8b.com\/wp-content\/uploads\/2026\/08\/image-233-300x167.png 300w\" sizes=\"auto, (max-width: 676px) 100vw, 676px\" \/><figcaption class=\"wp-element-caption\">Plaza Elie Nahmias, antes de la reforma de F\u00e9lix Hrn\u00e1ndez<\/figcaption><\/figure>\n<\/div>\n\n\n<p class=\"wp-block-paragraph\" style=\"font-size:20px\"><\/p>\n\n\n<div class=\"wp-block-image\">\n<figure class=\"aligncenter size-full\"><img loading=\"lazy\" decoding=\"async\" width=\"937\" height=\"263\" src=\"https:\/\/xn--porlascallesdecrdoba-p8b.com\/wp-content\/uploads\/2026\/08\/image-230.png\" alt=\"\" class=\"wp-image-7406\" srcset=\"https:\/\/xn--porlascallesdecrdoba-p8b.com\/wp-content\/uploads\/2026\/08\/image-230.png 937w, https:\/\/xn--porlascallesdecrdoba-p8b.com\/wp-content\/uploads\/2026\/08\/image-230-300x84.png 300w, https:\/\/xn--porlascallesdecrdoba-p8b.com\/wp-content\/uploads\/2026\/08\/image-230-768x216.png 768w\" sizes=\"auto, (max-width: 937px) 100vw, 937px\" \/><\/figure>\n<\/div>\n\n\n<p class=\"wp-block-paragraph\" style=\"font-size:20px\"><\/p>\n\n\n<div class=\"wp-block-image\">\n<figure class=\"alignright size-large is-resized\"><img loading=\"lazy\" decoding=\"async\" width=\"576\" height=\"1024\" src=\"https:\/\/xn--porlascallesdecrdoba-p8b.com\/wp-content\/uploads\/2026\/08\/20260825_090106-576x1024.jpg\" alt=\"\" class=\"wp-image-7422\" style=\"aspect-ratio:0.5625013732943684;width:299px;height:auto\" srcset=\"https:\/\/xn--porlascallesdecrdoba-p8b.com\/wp-content\/uploads\/2026\/08\/20260825_090106-576x1024.jpg 576w, https:\/\/xn--porlascallesdecrdoba-p8b.com\/wp-content\/uploads\/2026\/08\/20260825_090106-169x300.jpg 169w, https:\/\/xn--porlascallesdecrdoba-p8b.com\/wp-content\/uploads\/2026\/08\/20260825_090106-768x1365.jpg 768w, https:\/\/xn--porlascallesdecrdoba-p8b.com\/wp-content\/uploads\/2026\/08\/20260825_090106-864x1536.jpg 864w, https:\/\/xn--porlascallesdecrdoba-p8b.com\/wp-content\/uploads\/2026\/08\/20260825_090106-1152x2048.jpg 1152w, https:\/\/xn--porlascallesdecrdoba-p8b.com\/wp-content\/uploads\/2026\/08\/20260825_090106-scaled.jpg 1440w\" sizes=\"auto, (max-width: 576px) 100vw, 576px\" \/><\/figure>\n<\/div>\n\n\n<p class=\"wp-block-paragraph\" style=\"font-size:20px\">Separando esta casa del edificio ampliaci\u00f3n del Museo, nos sale en direcci\u00f3n norte una calle en escalera de subida, es la \u201c<strong>Cuesta Pero Mato<\/strong>\u201d, nombre que toma de un suceso ocurrido en el medievo y que forma parte de la tradici\u00f3n popular. En esta cuesta viv\u00eda un m\u00e9dico cuya mujer, al parecer tuvo relaciones con uno de los P\u00e1ez de Castillejo, al tener conocimiento del hecho el marido, doctor don Pedro Pero Mato, intent\u00f3 descargar su ira contra su esposa, la cual se refugi\u00f3 en un cercano convento. Tras interceder el obispo de la di\u00f3cesis y ante la negaci\u00f3n del hecho por parte de su esposa, do\u00f1a Beatriz regres\u00f3 a su casa, tras prometer el marido no hacerle da\u00f1o. Pero pasado alg\u00fan tiempo, le gastaron una pesada broma al doctor, colg\u00e1ndole en la puerta de su casa una cuerda llena de cuernos, cosa que reabri\u00f3 la herida, llevando al marido a ahorcar a do\u00f1a Beatriz. Este suceso alcanz\u00f3 tal trascendencia popular, que dio pie a muchos romances y coplas, como:<\/p>\n\n\n\n<p class=\"has-text-align-center wp-block-paragraph\" style=\"font-size:20px\"><em>\u00abPero Mato &nbsp;mat\u00f3 a su mujer; &nbsp;fisolo tarde, m\u00e1s fisolo bien\u00bb.<\/em><\/p>\n\n\n\n<p class=\"wp-block-paragraph\" style=\"font-size:20px\">El otro extremo de la escalera es la calle \u00abAlta de Santa Ana\u00bb, estrecha calleja que corre por el lateral del convento de \u00abSanta Ana\u00bb, perteneciente al barrio de Santo Domingo. Si subimos la calle, gran parte de su pared de la izquierda corresponde al convento de las monjas.<\/p>\n\n\n\n<p class=\"wp-block-paragraph\" style=\"font-size:20px\">El origen de esta calle se encuentra cuando en el siglo VIII se levanta un muro de contenci\u00f3n, que ser\u00eda recrecido en \u00e9pocas isl\u00e1mica y cristiana. Si subimos la cuesta, escalonada llegamos a un peque\u00f1o ensanche hecho en 1958, desde aqu\u00ed, a nuestra izquierda se encuentra el huerto del convento de Santa Ana, y a la derecha instalaciones del colegio Santa Victoria. Esta cuesta nos llevar\u00e1 hasta el barrio de \u201cSanto Domingo\u201d, concretamente a la calle \u201cAlta de Santa Ana\u201d, que corre por el lateral del convento del mismo nombre.<\/p>\n\n\n\n<figure class=\"wp-block-gallery has-nested-images columns-default is-cropped wp-block-gallery-1 is-layout-flex wp-block-gallery-is-layout-flex\">\n<figure class=\"wp-block-image size-large\"><a href=\"https:\/\/xn--porlascallesdecrdoba-p8b.com\/?page_id=7227\"><img loading=\"lazy\" decoding=\"async\" width=\"218\" height=\"72\" data-id=\"6503\" src=\"https:\/\/xn--porlascallesdecrdoba-p8b.com\/wp-content\/uploads\/2026\/08\/Captura-de-pantalla-2026-08-14-215034.png\" alt=\"\" class=\"wp-image-6503\"\/><\/a><\/figure>\n\n\n\n<figure class=\"wp-block-image size-full\"><a href=\"https:\/\/xn--porlascallesdecrdoba-p8b.com\/?page_id=5727\"><img loading=\"lazy\" decoding=\"async\" width=\"211\" height=\"63\" data-id=\"6505\" src=\"https:\/\/xn--porlascallesdecrdoba-p8b.com\/wp-content\/uploads\/2026\/08\/Captura-de-pantalla-2026-08-14-215040.png\" alt=\"\" class=\"wp-image-6505\"\/><\/a><\/figure>\n\n\n\n<figure class=\"wp-block-image size-large\"><a href=\"https:\/\/xn--porlascallesdecrdoba-p8b.com\/?page_id=7229\"><img loading=\"lazy\" decoding=\"async\" width=\"214\" height=\"64\" data-id=\"6504\" src=\"https:\/\/xn--porlascallesdecrdoba-p8b.com\/wp-content\/uploads\/2026\/08\/Captura-de-pantalla-2026-08-14-215047.png\" alt=\"\" class=\"wp-image-6504\"\/><\/a><\/figure>\n<\/figure>\n\n\n\n<p class=\"wp-block-paragraph\"><\/p>\n","protected":false},"excerpt":{"rendered":"<p>Pincha para localizar la calle en Google Earth La plaza \u201cElie Nahmias\u201d, es un espacio que hace la conocida como \u00abCasa del Jud\u00edo\u00bb, haciendo una forma de C, tres de <a class=\"more-link\" href=\"https:\/\/xn--porlascallesdecrdoba-p8b.com\/?page_id=7232\">Seguir leyendo &rarr;<\/a><\/p>\n","protected":false},"author":1,"featured_media":0,"parent":0,"menu_order":0,"comment_status":"closed","ping_status":"closed","template":"","meta":{"footnotes":""},"class_list":["post-7232","page","type-page","status-publish","hentry"],"_links":{"self":[{"href":"https:\/\/xn--porlascallesdecrdoba-p8b.com\/index.php?rest_route=\/wp\/v2\/pages\/7232","targetHints":{"allow":["GET"]}}],"collection":[{"href":"https:\/\/xn--porlascallesdecrdoba-p8b.com\/index.php?rest_route=\/wp\/v2\/pages"}],"about":[{"href":"https:\/\/xn--porlascallesdecrdoba-p8b.com\/index.php?rest_route=\/wp\/v2\/types\/page"}],"author":[{"embeddable":true,"href":"https:\/\/xn--porlascallesdecrdoba-p8b.com\/index.php?rest_route=\/wp\/v2\/users\/1"}],"replies":[{"embeddable":true,"href":"https:\/\/xn--porlascallesdecrdoba-p8b.com\/index.php?rest_route=%2Fwp%2Fv2%2Fcomments&post=7232"}],"version-history":[{"count":18,"href":"https:\/\/xn--porlascallesdecrdoba-p8b.com\/index.php?rest_route=\/wp\/v2\/pages\/7232\/revisions"}],"predecessor-version":[{"id":8036,"href":"https:\/\/xn--porlascallesdecrdoba-p8b.com\/index.php?rest_route=\/wp\/v2\/pages\/7232\/revisions\/8036"}],"wp:attachment":[{"href":"https:\/\/xn--porlascallesdecrdoba-p8b.com\/index.php?rest_route=%2Fwp%2Fv2%2Fmedia&parent=7232"}],"curies":[{"name":"wp","href":"https:\/\/api.w.org\/{rel}","templated":true}]}}