{"id":7490,"date":"2026-08-26T17:39:00","date_gmt":"2026-08-26T17:39:00","guid":{"rendered":"https:\/\/xn--porlascallesdecrdoba-p8b.com\/?page_id=7490"},"modified":"2026-09-02T14:44:00","modified_gmt":"2026-09-02T14:44:00","slug":"palacio-de-los-paez-ii","status":"publish","type":"page","link":"https:\/\/xn--porlascallesdecrdoba-p8b.com\/?page_id=7490","title":{"rendered":"Palacio de los Paez  II"},"content":{"rendered":"\n<p class=\"wp-block-paragraph\" style=\"font-size:20px\">Tras varios siglos siendo un edificio dom\u00e9stico, en el a\u00f1o 1888, el militar y profesor de la Academia de Artiller\u00eda, Manuel Sidro de la Torre, hombre de ciencia nacido en Priego de C\u00f3rdoba el a\u00f1o 1845, fundar\u00eda, en este lugar la \u201cAcademia Polit\u00e9cnica\u201d, convirti\u00e9ndose en el gran centro de referencia educativo de la C\u00f3rdoba de esa \u00e9poca. En este edificio montar\u00e1 la primera central telef\u00f3nica de la ciudad, entr\u00f3 en funcionamiento el 1 de septiembre de 1888. En la academia tambi\u00e9n ten\u00eda instalada una estaci\u00f3n meteorol\u00f3gica, facilitando el \u201cparte meteorol\u00f3gico\u201d a la prensa local.<\/p>\n\n\n\n<p class=\"wp-block-paragraph\" style=\"font-size:20px\">El primer abonado telef\u00f3nico ser\u00eda la misma Academia Polit\u00e9cnica, con el n\u00famero 1, le siguen el Diario de C\u00f3rdoba (n\u00ba 13), Caf\u00e9 Suizo (n\u00ba 12 y 25), Librer\u00eda del Diario de C\u00f3rdoba (n\u00ba 37) y otros.<\/p>\n\n\n<div class=\"wp-block-image\">\n<figure class=\"aligncenter size-full is-resized\"><img loading=\"lazy\" decoding=\"async\" width=\"778\" height=\"453\" src=\"https:\/\/xn--porlascallesdecrdoba-p8b.com\/wp-content\/uploads\/2026\/08\/image-240.png\" alt=\"\" class=\"wp-image-7500\" style=\"aspect-ratio:1.7174640405643131;width:604px;height:auto\" srcset=\"https:\/\/xn--porlascallesdecrdoba-p8b.com\/wp-content\/uploads\/2026\/08\/image-240.png 778w, https:\/\/xn--porlascallesdecrdoba-p8b.com\/wp-content\/uploads\/2026\/08\/image-240-300x175.png 300w, https:\/\/xn--porlascallesdecrdoba-p8b.com\/wp-content\/uploads\/2026\/08\/image-240-768x447.png 768w\" sizes=\"auto, (max-width: 778px) 100vw, 778px\" \/><\/figure>\n<\/div>\n\n\n<p class=\"wp-block-paragraph\" style=\"font-size:20px\">Por entonces cada abonado ten\u00eda que conectarse por un cable individual a la central telef\u00f3nica, lo que hac\u00eda que la ciudad poco a poco fuese atravesada por cables telef\u00f3nicos. En el a\u00f1o 1891 ya exist\u00edan m\u00e1s de 230 l\u00edneas. En el a\u00f1o 1924 se crea la \u201cCompa\u00f1\u00eda Telef\u00f3nica Nacional de Espa\u00f1a\u201d (CTNE), ten\u00eda a su cargo el monopolio del servicio telef\u00f3nico y la participaci\u00f3n como principal accionista de la empresa ITT, creada en Puerto Rico en 1920, que se introdujo en el mercado europeo con CTNE. Sus oficinas en C\u00f3rdoba estuvieron en la calle Gondomar, hasta que en 1928 se inaugura el edifico de Las Tendillas.\u200b<\/p>\n\n\n<div class=\"wp-block-image\">\n<figure class=\"aligncenter size-full\"><img loading=\"lazy\" decoding=\"async\" width=\"642\" height=\"424\" src=\"https:\/\/xn--porlascallesdecrdoba-p8b.com\/wp-content\/uploads\/2026\/08\/image-241.png\" alt=\"\" class=\"wp-image-7502\" srcset=\"https:\/\/xn--porlascallesdecrdoba-p8b.com\/wp-content\/uploads\/2026\/08\/image-241.png 642w, https:\/\/xn--porlascallesdecrdoba-p8b.com\/wp-content\/uploads\/2026\/08\/image-241-300x198.png 300w\" sizes=\"auto, (max-width: 642px) 100vw, 642px\" \/><\/figure>\n<\/div>\n\n<div class=\"wp-block-image\">\n<figure class=\"alignright size-full is-resized\"><img loading=\"lazy\" decoding=\"async\" width=\"653\" height=\"352\" src=\"https:\/\/xn--porlascallesdecrdoba-p8b.com\/wp-content\/uploads\/2026\/08\/image-242.png\" alt=\"\" class=\"wp-image-7504\" style=\"aspect-ratio:1.85523395187783;width:319px;height:auto\" srcset=\"https:\/\/xn--porlascallesdecrdoba-p8b.com\/wp-content\/uploads\/2026\/08\/image-242.png 653w, https:\/\/xn--porlascallesdecrdoba-p8b.com\/wp-content\/uploads\/2026\/08\/image-242-300x162.png 300w\" sizes=\"auto, (max-width: 653px) 100vw, 653px\" \/><\/figure>\n<\/div>\n\n\n<p class=\"wp-block-paragraph\" style=\"font-size:20px\">En el a\u00f1o 1922 se crea la <strong>Academia Espinar<\/strong>, con aulas en este edifico, este centro escolar sigue en funcionamiento en la calle \u00abMaese Luis\u00bb.<\/p>\n\n\n\n<p class=\"wp-block-paragraph\" style=\"font-size:20px\"><\/p>\n\n\n\n<p class=\"wp-block-paragraph\" style=\"font-size:20px\">Posteriormente el edificio pasar\u00eda a ser casa de vecinos, hasta que el Estado lo adquiere en el a\u00f1o 1942 y desde 1960 es la sede del <strong>Museo Arqueol\u00f3gico Provincial<\/strong>, gracias a la labor de Samuel de los Santos y Gener, quien lo traslada desde la calle que lleva su nombre, si bien \u00e9l se jubil\u00f3 meses antes de finalizar el traslado. Las obras de rehabilitaci\u00f3n y adaptaci\u00f3n a museo fueron dirigidas por F\u00e9lix Hern\u00e1ndez.<\/p>\n\n\n\n<p class=\"wp-block-paragraph\" style=\"font-size:20px\">Pasemos ahora al interior del palacio que, tras el traslado de las piezas muse\u00edsticas al nuevo edificio adjunto, lleva a\u00f1os esperando una restauraci\u00f3n para ampliar la zona expositiva del museo.<\/p>\n\n\n<div class=\"wp-block-image\">\n<figure class=\"aligncenter size-large is-resized\"><img loading=\"lazy\" decoding=\"async\" width=\"1024\" height=\"576\" src=\"https:\/\/xn--porlascallesdecrdoba-p8b.com\/wp-content\/uploads\/2026\/08\/20210626_090632-1-1024x576.jpg\" alt=\"\" class=\"wp-image-7508\" style=\"width:578px;height:auto\" srcset=\"https:\/\/xn--porlascallesdecrdoba-p8b.com\/wp-content\/uploads\/2026\/08\/20210626_090632-1-1024x576.jpg 1024w, https:\/\/xn--porlascallesdecrdoba-p8b.com\/wp-content\/uploads\/2026\/08\/20210626_090632-1-300x169.jpg 300w, https:\/\/xn--porlascallesdecrdoba-p8b.com\/wp-content\/uploads\/2026\/08\/20210626_090632-1-768x432.jpg 768w, https:\/\/xn--porlascallesdecrdoba-p8b.com\/wp-content\/uploads\/2026\/08\/20210626_090632-1-1536x864.jpg 1536w, https:\/\/xn--porlascallesdecrdoba-p8b.com\/wp-content\/uploads\/2026\/08\/20210626_090632-1-2048x1152.jpg 2048w\" sizes=\"auto, (max-width: 1024px) 100vw, 1024px\" \/><\/figure>\n<\/div>\n\n\n<p class=\"wp-block-paragraph\" style=\"font-size:20px\">Tras la portada lo primero que encontramos es el amplio patio de recibo en el que se exponen diversos elementos arquitect\u00f3nicos de gran tama\u00f1o de \u00e9poca romana, \u00e9stos nos dicen las enormes dimensiones que debieron tener los edificios p\u00fablicos de la ciudad en los siglos I y II d.C., lo que demuestra la importancia de la capital de la B\u00e9tica. La fuente es obra de la restauraci\u00f3n de F\u00e9lix Hern\u00e1ndez. Cierra el patio una arquer\u00eda, tambi\u00e9n obra de F\u00e9lix Hern\u00e1ndez, que derrib\u00f3 el muro que cerraba las vistas al patio principal, obra de Hern\u00e1n Ruiz II en el siglo XVI, a modo de claustro de dos plantas, con arcos rebajados que descansan en columnas de m\u00e1rmol blanco con capiteles genoveses.<\/p>\n\n\n\n<p class=\"wp-block-paragraph\" style=\"font-size:20px\">Nada m\u00e1s entrar al patio porticado, obra de Hern\u00e1n Ruiz II y reformado por F\u00e9liz Hern\u00e1ndez, nos encontramos con una <em>exedra<\/em> (sala de reuni\u00f3n con asientos y respaldos fijos en la parte interior de la curva) procedente del \u201cPalacio de Cercadillas\u201d.<\/p>\n\n\n<div class=\"wp-block-image\">\n<figure class=\"aligncenter size-full\"><img loading=\"lazy\" decoding=\"async\" width=\"935\" height=\"410\" src=\"https:\/\/xn--porlascallesdecrdoba-p8b.com\/wp-content\/uploads\/2026\/08\/image-245.png\" alt=\"\" class=\"wp-image-7520\" srcset=\"https:\/\/xn--porlascallesdecrdoba-p8b.com\/wp-content\/uploads\/2026\/08\/image-245.png 935w, https:\/\/xn--porlascallesdecrdoba-p8b.com\/wp-content\/uploads\/2026\/08\/image-245-300x132.png 300w, https:\/\/xn--porlascallesdecrdoba-p8b.com\/wp-content\/uploads\/2026\/08\/image-245-768x337.png 768w\" sizes=\"auto, (max-width: 935px) 100vw, 935px\" \/><\/figure>\n<\/div>\n\n\n<p class=\"wp-block-paragraph\" style=\"font-size:20px\"><\/p>\n\n\n<div class=\"wp-block-image\">\n<figure class=\"aligncenter size-full\"><img loading=\"lazy\" decoding=\"async\" width=\"913\" height=\"569\" src=\"https:\/\/xn--porlascallesdecrdoba-p8b.com\/wp-content\/uploads\/2026\/08\/image-249.png\" alt=\"\" class=\"wp-image-7529\" srcset=\"https:\/\/xn--porlascallesdecrdoba-p8b.com\/wp-content\/uploads\/2026\/08\/image-249.png 913w, https:\/\/xn--porlascallesdecrdoba-p8b.com\/wp-content\/uploads\/2026\/08\/image-249-300x187.png 300w, https:\/\/xn--porlascallesdecrdoba-p8b.com\/wp-content\/uploads\/2026\/08\/image-249-768x479.png 768w\" sizes=\"auto, (max-width: 913px) 100vw, 913px\" \/><\/figure>\n<\/div>\n\n\n<p class=\"wp-block-paragraph\" style=\"font-size:20px\">Junto a ella la escultura \u201c<em>Thoracata<\/em>\u201d una escultura aparecida al derribarse el palacio del \u201cMarqu\u00e9s del Boil\u201d, en la calle \u201cConde de Gondomar\u201d, que representa el cuerpo de un personaje masculino, con t\u00fanica, peto met\u00e1lico y capa. La coraza tiene una bella decoraci\u00f3n con motivos vegetales y dos grifos enfrentados, simboliza el poder, pues esta cultura lo representaba en las estatuas levantadas a sus personajes, puede tratarse de una representaci\u00f3n de Eneas en su huida a Troya o de R\u00f3mulo. Se data en el siglo I d.C.<\/p>\n\n\n<div class=\"wp-block-image\">\n<figure class=\"aligncenter size-full is-resized\"><img loading=\"lazy\" decoding=\"async\" width=\"703\" height=\"458\" src=\"https:\/\/xn--porlascallesdecrdoba-p8b.com\/wp-content\/uploads\/2026\/08\/image-246.png\" alt=\"\" class=\"wp-image-7521\" style=\"aspect-ratio:1.5349527481150422;width:551px;height:auto\" srcset=\"https:\/\/xn--porlascallesdecrdoba-p8b.com\/wp-content\/uploads\/2026\/08\/image-246.png 703w, https:\/\/xn--porlascallesdecrdoba-p8b.com\/wp-content\/uploads\/2026\/08\/image-246-300x195.png 300w\" sizes=\"auto, (max-width: 703px) 100vw, 703px\" \/><\/figure>\n<\/div>\n\n\n<p class=\"wp-block-paragraph\" style=\"font-size:20px\">En el patio porticado se puede contemplar un arco mud\u00e9jar, que no es original de la casa, pues procede de la \u201cCasa del \u00c1guila\u201d, situada en lo que hoy es el bulevar del \u201cGran Capit\u00e1n\u201d, y que pudo pertenecer a la familia del Gran Capit\u00e1n. <\/p>\n\n\n\n<p class=\"wp-block-paragraph\" style=\"font-size:20px\">El p\u00f3rtico del patio se cubre con artesonados distintos, seg\u00fan el lado.<\/p>\n\n\n<div class=\"wp-block-image\">\n<figure class=\"aligncenter size-full\"><img loading=\"lazy\" decoding=\"async\" width=\"971\" height=\"369\" src=\"https:\/\/xn--porlascallesdecrdoba-p8b.com\/wp-content\/uploads\/2026\/08\/image-247.png\" alt=\"\" class=\"wp-image-7524\" srcset=\"https:\/\/xn--porlascallesdecrdoba-p8b.com\/wp-content\/uploads\/2026\/08\/image-247.png 971w, https:\/\/xn--porlascallesdecrdoba-p8b.com\/wp-content\/uploads\/2026\/08\/image-247-300x114.png 300w, https:\/\/xn--porlascallesdecrdoba-p8b.com\/wp-content\/uploads\/2026\/08\/image-247-768x292.png 768w\" sizes=\"auto, (max-width: 971px) 100vw, 971px\" \/><\/figure>\n<\/div>\n\n\n<p class=\"wp-block-paragraph\" style=\"font-size:20px\">En el hueco bajo escalera, hay una peque\u00f1a habitaci\u00f3n en la que han aparecido, en la reciente restauraci\u00f3n, las losas de \u00e9poca imperial romana, pertenecientes a la terraza externa al este del teatro, era una escalera que conectaba la parte alta de la ciudad con la baja, pues el teatro llegar\u00eda aproximadamente al primer patio.<\/p>\n\n\n\n<p class=\"wp-block-paragraph\" style=\"font-size:20px\">La subida al piso superior se realiza por una escalera renacentista, tambi\u00e9n obra de Hern\u00e1n Ruiz II, en dos tramos y realizada con la piedra arenisca local, formada en el fondo del mar del Tetis, y muy delicada ante la erosi\u00f3n. La caja de la escalera se cubre con el que posiblemente sea el mejor artesonado en la ciudad del tipo \u201cpar y nudillo\u201d (un sistema estructural de cubierta que carga por igual sobre todo el muro, sin concentrar pesos ni necesitar contrafuertes).<\/p>\n\n\n<div class=\"wp-block-image\">\n<figure class=\"aligncenter size-large is-resized\"><img loading=\"lazy\" decoding=\"async\" width=\"1024\" height=\"683\" src=\"https:\/\/xn--porlascallesdecrdoba-p8b.com\/wp-content\/uploads\/2026\/08\/IMG_1725-1-1024x683.jpg\" alt=\"\" class=\"wp-image-7526\" style=\"aspect-ratio:1.5000146485805526;width:600px;height:auto\" srcset=\"https:\/\/xn--porlascallesdecrdoba-p8b.com\/wp-content\/uploads\/2026\/08\/IMG_1725-1-1024x683.jpg 1024w, https:\/\/xn--porlascallesdecrdoba-p8b.com\/wp-content\/uploads\/2026\/08\/IMG_1725-1-300x200.jpg 300w, https:\/\/xn--porlascallesdecrdoba-p8b.com\/wp-content\/uploads\/2026\/08\/IMG_1725-1-768x512.jpg 768w, https:\/\/xn--porlascallesdecrdoba-p8b.com\/wp-content\/uploads\/2026\/08\/IMG_1725-1-1536x1024.jpg 1536w, https:\/\/xn--porlascallesdecrdoba-p8b.com\/wp-content\/uploads\/2026\/08\/IMG_1725-1-2048x1365.jpg 2048w, https:\/\/xn--porlascallesdecrdoba-p8b.com\/wp-content\/uploads\/2026\/08\/IMG_1725-1-400x267.jpg 400w\" sizes=\"auto, (max-width: 1024px) 100vw, 1024px\" \/><\/figure>\n<\/div>\n\n\n<p class=\"wp-block-paragraph\" style=\"font-size:20px\"><\/p>\n\n\n<div class=\"wp-block-image\">\n<figure class=\"alignright size-full is-resized\"><img loading=\"lazy\" decoding=\"async\" width=\"595\" height=\"621\" src=\"https:\/\/xn--porlascallesdecrdoba-p8b.com\/wp-content\/uploads\/2026\/08\/image-250.png\" alt=\"\" class=\"wp-image-7531\" style=\"aspect-ratio:0.9581561532848551;width:339px;height:auto\" srcset=\"https:\/\/xn--porlascallesdecrdoba-p8b.com\/wp-content\/uploads\/2026\/08\/image-250.png 595w, https:\/\/xn--porlascallesdecrdoba-p8b.com\/wp-content\/uploads\/2026\/08\/image-250-287x300.png 287w\" sizes=\"auto, (max-width: 595px) 100vw, 595px\" \/><\/figure>\n<\/div>\n\n\n<p class=\"wp-block-paragraph\" style=\"font-size:20px\">La decoraci\u00f3n del pretil p\u00e9treo de la escalera se realiza con dos filas de hornacinas con pilares torneados, las superiores poseen cortinas cerradas<\/p>\n\n\n\n<p class=\"wp-block-paragraph\" style=\"font-size:20px\">La decoraci\u00f3n principal es un tondo (composici\u00f3n realizada en forma de disco) con 3 putis o angelotes, pr\u00e1cticamente desaparecidos. Los brazos del caballero sobresal\u00edan del c\u00edrculo, al igual que la Prudencia de la portada o los de la dama del tondo del Palacio de Orive, obra tambi\u00e9n de Hern\u00e1n Ruiz II. No es normal que los tondos se pusiesen en barandillas de escaleras, se colocaban en fachadas. Puede ser una caracter\u00edstica de Hern\u00e1n Ruiz II, quien se hab\u00eda formado con Diego de Silo\u00e9, artista que utiliza mucho los tondos en las tumbas. Las hornacinas con cortinas cerradas son s\u00edmbolo de muerte, por lo que el autor utiliza la escalera para hacer un homenaje a un difunto, por lo que el personaje representado puede ser Francisco P\u00e1ez de Castillejo, padre de D Luis y primero en el mayorazgo.<\/p>\n\n\n<div class=\"wp-block-image\">\n<figure class=\"aligncenter size-large is-resized\"><img loading=\"lazy\" decoding=\"async\" width=\"1024\" height=\"576\" src=\"https:\/\/xn--porlascallesdecrdoba-p8b.com\/wp-content\/uploads\/2026\/08\/20260825_104621-1024x576.jpg\" alt=\"\" class=\"wp-image-7533\" style=\"width:545px;height:auto\" srcset=\"https:\/\/xn--porlascallesdecrdoba-p8b.com\/wp-content\/uploads\/2026\/08\/20260825_104621-1024x576.jpg 1024w, https:\/\/xn--porlascallesdecrdoba-p8b.com\/wp-content\/uploads\/2026\/08\/20260825_104621-300x169.jpg 300w, https:\/\/xn--porlascallesdecrdoba-p8b.com\/wp-content\/uploads\/2026\/08\/20260825_104621-768x432.jpg 768w, https:\/\/xn--porlascallesdecrdoba-p8b.com\/wp-content\/uploads\/2026\/08\/20260825_104621-1536x864.jpg 1536w, https:\/\/xn--porlascallesdecrdoba-p8b.com\/wp-content\/uploads\/2026\/08\/20260825_104621-2048x1152.jpg 2048w\" sizes=\"auto, (max-width: 1024px) 100vw, 1024px\" \/><\/figure>\n<\/div>\n\n\n<p class=\"wp-block-paragraph\" style=\"font-size:20px\">La escalera est\u00e1 construida sobre otra construida por el abuelo de Hern\u00e1n, era en madera en estilo mud\u00e9jar. El espacio entre los dos tramos de la escalera lo preside dos grandes mosaicos romanos.<\/p>\n\n\n\n<figure class=\"wp-block-image size-full\"><img loading=\"lazy\" decoding=\"async\" width=\"947\" height=\"454\" src=\"https:\/\/xn--porlascallesdecrdoba-p8b.com\/wp-content\/uploads\/2026\/08\/image-251.png\" alt=\"\" class=\"wp-image-7537\" srcset=\"https:\/\/xn--porlascallesdecrdoba-p8b.com\/wp-content\/uploads\/2026\/08\/image-251.png 947w, https:\/\/xn--porlascallesdecrdoba-p8b.com\/wp-content\/uploads\/2026\/08\/image-251-300x144.png 300w, https:\/\/xn--porlascallesdecrdoba-p8b.com\/wp-content\/uploads\/2026\/08\/image-251-768x368.png 768w\" sizes=\"auto, (max-width: 947px) 100vw, 947px\" \/><\/figure>\n\n\n\n<p class=\"wp-block-paragraph\" style=\"font-size:20px\"><\/p>\n\n\n\n<p class=\"wp-block-paragraph\" style=\"font-size:20px\">El suelo de la escalera no es el original, la piedra utilizada es la \u00faltima vez que se utiliza en C\u00f3rdoba, pues en 1964 se deja de explotar, \u201cpiedra de mina\u201d, que es la piedra noble de la ciudad<\/p>\n\n\n\n<p class=\"wp-block-paragraph\" style=\"font-size:20px\">En un peque\u00f1o patio denominado \u201cPatio III\u201d, al norte del edificio, se encuentra una peque\u00f1a parte de la escalinata de las terrazas externas por donde se acced\u00eda al teatro.<\/p>\n\n\n<div class=\"wp-block-image\">\n<figure class=\"aligncenter size-large is-resized\"><img loading=\"lazy\" decoding=\"async\" width=\"1024\" height=\"768\" src=\"https:\/\/xn--porlascallesdecrdoba-p8b.com\/wp-content\/uploads\/2026\/08\/IMG_3788-1024x768.jpg\" alt=\"\" class=\"wp-image-7539\" style=\"width:509px;height:auto\" srcset=\"https:\/\/xn--porlascallesdecrdoba-p8b.com\/wp-content\/uploads\/2026\/08\/IMG_3788-1024x768.jpg 1024w, https:\/\/xn--porlascallesdecrdoba-p8b.com\/wp-content\/uploads\/2026\/08\/IMG_3788-300x225.jpg 300w, https:\/\/xn--porlascallesdecrdoba-p8b.com\/wp-content\/uploads\/2026\/08\/IMG_3788-768x576.jpg 768w, https:\/\/xn--porlascallesdecrdoba-p8b.com\/wp-content\/uploads\/2026\/08\/IMG_3788-1536x1152.jpg 1536w, https:\/\/xn--porlascallesdecrdoba-p8b.com\/wp-content\/uploads\/2026\/08\/IMG_3788-2048x1536.jpg 2048w\" sizes=\"auto, (max-width: 1024px) 100vw, 1024px\" \/><\/figure>\n<\/div>\n\n\n<p class=\"wp-block-paragraph\" style=\"font-size:20px\">&nbsp;Actualmente (a\u00f1o 2026), las colecciones principales se encuentran en el edifico de la ampliaci\u00f3n del museo, el cual fue inaugurado el 31 de enero de 2011. El edificio lleva a\u00f1os esperando una profunda rehabilitaci\u00f3n para que pueda albergar, en sus amplias salas, parte de la amplia y buena colecci\u00f3n que posee este museo, uno de los mejores del pais, por lo amplio del especio hist\u00f3rico de sus piezas y su valor.<\/p>\n\n\n\n<figure class=\"wp-block-gallery has-nested-images columns-default is-cropped wp-block-gallery-1 is-layout-flex wp-block-gallery-is-layout-flex\">\n<figure class=\"wp-block-image size-large\"><a href=\"https:\/\/xn--porlascallesdecrdoba-p8b.com\/?page_id=7229\"><img loading=\"lazy\" decoding=\"async\" width=\"218\" height=\"72\" data-id=\"6503\" src=\"https:\/\/xn--porlascallesdecrdoba-p8b.com\/wp-content\/uploads\/2026\/08\/Captura-de-pantalla-2026-08-14-215034.png\" alt=\"\" class=\"wp-image-6503\"\/><\/a><\/figure>\n\n\n\n<figure class=\"wp-block-image size-full\"><a href=\"https:\/\/xn--porlascallesdecrdoba-p8b.com\/?page_id=5727\"><img loading=\"lazy\" decoding=\"async\" width=\"211\" height=\"63\" data-id=\"6505\" src=\"https:\/\/xn--porlascallesdecrdoba-p8b.com\/wp-content\/uploads\/2026\/08\/Captura-de-pantalla-2026-08-14-215040.png\" alt=\"\" class=\"wp-image-6505\"\/><\/a><\/figure>\n\n\n\n<figure class=\"wp-block-image size-large\"><a href=\"https:\/\/xn--porlascallesdecrdoba-p8b.com\/?page_id=7236\"><img loading=\"lazy\" decoding=\"async\" width=\"214\" height=\"64\" data-id=\"6504\" src=\"https:\/\/xn--porlascallesdecrdoba-p8b.com\/wp-content\/uploads\/2026\/08\/Captura-de-pantalla-2026-08-14-215047.png\" alt=\"\" class=\"wp-image-6504\"\/><\/a><\/figure>\n<\/figure>\n","protected":false},"excerpt":{"rendered":"<p>Tras varios siglos siendo un edificio dom\u00e9stico, en el a\u00f1o 1888, el militar y profesor de la Academia de Artiller\u00eda, Manuel Sidro de la Torre, hombre de ciencia nacido en <a class=\"more-link\" href=\"https:\/\/xn--porlascallesdecrdoba-p8b.com\/?page_id=7490\">Seguir leyendo &rarr;<\/a><\/p>\n","protected":false},"author":1,"featured_media":0,"parent":0,"menu_order":0,"comment_status":"closed","ping_status":"closed","template":"","meta":{"footnotes":""},"class_list":["post-7490","page","type-page","status-publish","hentry"],"_links":{"self":[{"href":"https:\/\/xn--porlascallesdecrdoba-p8b.com\/index.php?rest_route=\/wp\/v2\/pages\/7490","targetHints":{"allow":["GET"]}}],"collection":[{"href":"https:\/\/xn--porlascallesdecrdoba-p8b.com\/index.php?rest_route=\/wp\/v2\/pages"}],"about":[{"href":"https:\/\/xn--porlascallesdecrdoba-p8b.com\/index.php?rest_route=\/wp\/v2\/types\/page"}],"author":[{"embeddable":true,"href":"https:\/\/xn--porlascallesdecrdoba-p8b.com\/index.php?rest_route=\/wp\/v2\/users\/1"}],"replies":[{"embeddable":true,"href":"https:\/\/xn--porlascallesdecrdoba-p8b.com\/index.php?rest_route=%2Fwp%2Fv2%2Fcomments&post=7490"}],"version-history":[{"count":18,"href":"https:\/\/xn--porlascallesdecrdoba-p8b.com\/index.php?rest_route=\/wp\/v2\/pages\/7490\/revisions"}],"predecessor-version":[{"id":7874,"href":"https:\/\/xn--porlascallesdecrdoba-p8b.com\/index.php?rest_route=\/wp\/v2\/pages\/7490\/revisions\/7874"}],"wp:attachment":[{"href":"https:\/\/xn--porlascallesdecrdoba-p8b.com\/index.php?rest_route=%2Fwp%2Fv2%2Fmedia&parent=7490"}],"curies":[{"name":"wp","href":"https:\/\/api.w.org\/{rel}","templated":true}]}}