{"id":7728,"date":"2026-08-29T16:57:16","date_gmt":"2026-08-29T16:57:16","guid":{"rendered":"https:\/\/xn--porlascallesdecrdoba-p8b.com\/?page_id=7728"},"modified":"2026-09-04T18:05:38","modified_gmt":"2026-09-04T18:05:38","slug":"14-s-juan-de-avila","status":"publish","type":"page","link":"https:\/\/xn--porlascallesdecrdoba-p8b.com\/?page_id=7728","title":{"rendered":"Capilla 14: San Juan de \u00c1vila"},"content":{"rendered":"\n<p class=\"wp-block-paragraph\" style=\"font-size:20px\">En el espacio entre la capilla de San Bartolom\u00e9 y la maxura y el mihrab, se encuentra un espacio abierto al haberse desmontado la capilla de \u00abSan Felipe y Santiago\u00bb, que fue fundada en 1258 por Domingo Mu\u00f1oz el Adalid de C\u00f3rdoba, origen de los los Fern\u00e1ndez de C\u00f3rdoba. A esta familia, a fines del siglo XIV se les otorg\u00f3 el patronato de la capilla mayor de la iglesia colegial de San Hip\u00f3lito, lo que hace que perdiesen el inter\u00e9s por esta capilla. La capilla ocupa dos l\u00edneas de columnas.<\/p>\n\n\n\n<p class=\"wp-block-paragraph\"><\/p>\n\n\n<div class=\"wp-block-image\">\n<figure class=\"aligncenter size-full\"><img loading=\"lazy\" decoding=\"async\" width=\"768\" height=\"510\" src=\"https:\/\/xn--porlascallesdecrdoba-p8b.com\/wp-content\/uploads\/2026\/09\/capilla-san-felipe-santiago.jpg\" alt=\"\" class=\"wp-image-8134\" srcset=\"https:\/\/xn--porlascallesdecrdoba-p8b.com\/wp-content\/uploads\/2026\/09\/capilla-san-felipe-santiago.jpg 768w, https:\/\/xn--porlascallesdecrdoba-p8b.com\/wp-content\/uploads\/2026\/09\/capilla-san-felipe-santiago-300x199.jpg 300w, https:\/\/xn--porlascallesdecrdoba-p8b.com\/wp-content\/uploads\/2026\/09\/capilla-san-felipe-santiago-400x267.jpg 400w\" sizes=\"auto, (max-width: 768px) 100vw, 768px\" \/><\/figure>\n<\/div>\n\n\n<p class=\"wp-block-paragraph\" style=\"font-size:20px\"><\/p>\n\n\n<div class=\"wp-block-image\">\n<figure class=\"alignleft size-large is-resized\"><img loading=\"lazy\" decoding=\"async\" width=\"1024\" height=\"683\" src=\"https:\/\/xn--porlascallesdecrdoba-p8b.com\/wp-content\/uploads\/2026\/09\/IMG_1902-1-1024x683.jpg\" alt=\"\" class=\"wp-image-8141\" style=\"aspect-ratio:1.5000146485805526;width:478px;height:auto\" srcset=\"https:\/\/xn--porlascallesdecrdoba-p8b.com\/wp-content\/uploads\/2026\/09\/IMG_1902-1-1024x683.jpg 1024w, https:\/\/xn--porlascallesdecrdoba-p8b.com\/wp-content\/uploads\/2026\/09\/IMG_1902-1-300x200.jpg 300w, https:\/\/xn--porlascallesdecrdoba-p8b.com\/wp-content\/uploads\/2026\/09\/IMG_1902-1-768x512.jpg 768w, https:\/\/xn--porlascallesdecrdoba-p8b.com\/wp-content\/uploads\/2026\/09\/IMG_1902-1-1536x1024.jpg 1536w, https:\/\/xn--porlascallesdecrdoba-p8b.com\/wp-content\/uploads\/2026\/09\/IMG_1902-1-2048x1365.jpg 2048w, https:\/\/xn--porlascallesdecrdoba-p8b.com\/wp-content\/uploads\/2026\/09\/IMG_1902-1-400x267.jpg 400w\" sizes=\"auto, (max-width: 1024px) 100vw, 1024px\" \/><\/figure>\n<\/div>\n\n\n<p class=\"wp-block-paragraph\" style=\"font-size:20px\">La capilla se cerraba con sillares donde se abr\u00eda una puerta g\u00f3tica con reja, bajo dos ajimeces, este cerramiento fue eliminado durante los trabajos F\u00e9lix Hern\u00e1ndez sobre 1930. De la capilla de \u00abSan Felipe y Santiago\u00bb podemos ver cuatro arcosolios en la pared de la <em>qibla<\/em> decorados en estilo mud\u00e9jar, de finales del XIV, y la cubierta, de un siglo m\u00e1s tarde, dos b\u00f3vedas ojivales estrelladas.<\/p>\n\n\n\n<p class=\"wp-block-paragraph\" style=\"font-size:20px\">El altar se encontraba en el muro oriental, su retablo era de yeso con pinturas de Antonio del Castillo que representa a la Pur\u00edsima Concepci\u00f3n con los ap\u00f3stoles titulares de la capilla, realizadas sobre 1660, hoy situado, desde principios de siglo, frente a la entrada de la capilla de San Pedro M\u00e1rtir y San Lorenzo.<\/p>\n\n\n<div class=\"wp-block-image\">\n<figure class=\"aligncenter size-large\"><img loading=\"lazy\" decoding=\"async\" width=\"1024\" height=\"405\" src=\"https:\/\/xn--porlascallesdecrdoba-p8b.com\/wp-content\/uploads\/2026\/09\/image-14-1024x405.png\" alt=\"\" class=\"wp-image-8137\" srcset=\"https:\/\/xn--porlascallesdecrdoba-p8b.com\/wp-content\/uploads\/2026\/09\/image-14-1024x405.png 1024w, https:\/\/xn--porlascallesdecrdoba-p8b.com\/wp-content\/uploads\/2026\/09\/image-14-300x119.png 300w, https:\/\/xn--porlascallesdecrdoba-p8b.com\/wp-content\/uploads\/2026\/09\/image-14-768x304.png 768w, https:\/\/xn--porlascallesdecrdoba-p8b.com\/wp-content\/uploads\/2026\/09\/image-14.png 1153w\" sizes=\"auto, (max-width: 1024px) 100vw, 1024px\" \/><\/figure>\n<\/div>\n\n\n<p class=\"wp-block-paragraph\" style=\"font-size:20px\">La capilla se cubre con dos b\u00f3vedas estrelladas de estilo g\u00f3tico.<\/p>\n\n\n<div class=\"wp-block-image\">\n<figure class=\"aligncenter size-large is-resized\"><img loading=\"lazy\" decoding=\"async\" width=\"1024\" height=\"683\" src=\"https:\/\/xn--porlascallesdecrdoba-p8b.com\/wp-content\/uploads\/2026\/09\/IMG_1900-1024x683.jpg\" alt=\"\" class=\"wp-image-8138\" style=\"width:515px;height:auto\" srcset=\"https:\/\/xn--porlascallesdecrdoba-p8b.com\/wp-content\/uploads\/2026\/09\/IMG_1900-1024x683.jpg 1024w, https:\/\/xn--porlascallesdecrdoba-p8b.com\/wp-content\/uploads\/2026\/09\/IMG_1900-300x200.jpg 300w, https:\/\/xn--porlascallesdecrdoba-p8b.com\/wp-content\/uploads\/2026\/09\/IMG_1900-768x512.jpg 768w, https:\/\/xn--porlascallesdecrdoba-p8b.com\/wp-content\/uploads\/2026\/09\/IMG_1900-1536x1024.jpg 1536w, https:\/\/xn--porlascallesdecrdoba-p8b.com\/wp-content\/uploads\/2026\/09\/IMG_1900-2048x1365.jpg 2048w, https:\/\/xn--porlascallesdecrdoba-p8b.com\/wp-content\/uploads\/2026\/09\/IMG_1900-400x267.jpg 400w\" sizes=\"auto, (max-width: 1024px) 100vw, 1024px\" \/><\/figure>\n<\/div>\n\n\n<p class=\"wp-block-paragraph\" style=\"font-size:20px\">En el a\u00f1o 2012, con motivo de la declaraci\u00f3n de San Juan de \u00c1vila como Doctor de la Iglesia, se decidi\u00f3 dedicarle este espacio.\u00a0 El a\u00f1o 1535 vendr\u00eda a C\u00f3rdoba, llamado por el obispo \u00c1lvarez de Toledo, para organizar las predicaciones por los pueblos andaluces, principalmente en la provincia de C\u00f3rdoba; fallecer\u00eda el 10 de mayo de 1569 en la localidad cordobesa de Montilla, en donde est\u00e1 enterrado. La escultura, obra del imaginero cordob\u00e9s Antonio Bernal, se instal\u00f3 en este lugar el a\u00f1o 2013.<\/p>\n\n\n\n<p class=\"wp-block-paragraph\" style=\"font-size:20px\">En esta capilla se encuentra el facistol del coro, en donde se pon\u00edan los libros de canto. Al igual que el resto del coro es obra de Duque Cornejo<\/p>\n\n\n\n<p class=\"wp-block-paragraph\" style=\"font-size:20px\">En este lugar se expone el <em>facistol<\/em> del coro (atril de gran tama\u00f1o, en donde se pon\u00edan los libros de canto), realizado tambi\u00e9n por Duque Cornejo, junto con la siller\u00eda. Tras la pared de fondo de estas capillas corr\u00eda el <em>sabbat,<\/em> pasillo utilizado por el califa para acceder desde el palacio hasta la <em>Maxura<\/em>.<\/p>\n\n\n<div class=\"wp-block-image\">\n<figure class=\"aligncenter size-large is-resized\"><img loading=\"lazy\" decoding=\"async\" width=\"1024\" height=\"683\" src=\"https:\/\/xn--porlascallesdecrdoba-p8b.com\/wp-content\/uploads\/2026\/09\/18-02-27-_262-1024x683.jpg\" alt=\"\" class=\"wp-image-8144\" style=\"width:591px;height:auto\" srcset=\"https:\/\/xn--porlascallesdecrdoba-p8b.com\/wp-content\/uploads\/2026\/09\/18-02-27-_262-1024x683.jpg 1024w, https:\/\/xn--porlascallesdecrdoba-p8b.com\/wp-content\/uploads\/2026\/09\/18-02-27-_262-300x200.jpg 300w, https:\/\/xn--porlascallesdecrdoba-p8b.com\/wp-content\/uploads\/2026\/09\/18-02-27-_262-768x512.jpg 768w, https:\/\/xn--porlascallesdecrdoba-p8b.com\/wp-content\/uploads\/2026\/09\/18-02-27-_262-1536x1024.jpg 1536w, https:\/\/xn--porlascallesdecrdoba-p8b.com\/wp-content\/uploads\/2026\/09\/18-02-27-_262-2048x1365.jpg 2048w, https:\/\/xn--porlascallesdecrdoba-p8b.com\/wp-content\/uploads\/2026\/09\/18-02-27-_262-400x267.jpg 400w\" sizes=\"auto, (max-width: 1024px) 100vw, 1024px\" \/><\/figure>\n<\/div>\n\n\n<figure class=\"wp-block-gallery has-nested-images columns-default is-cropped wp-block-gallery-1 is-layout-flex wp-block-gallery-is-layout-flex\">\n<figure class=\"wp-block-image size-large\"><a href=\"https:\/\/xn--porlascallesdecrdoba-p8b.com\/?page_id=7726\"><img loading=\"lazy\" decoding=\"async\" width=\"155\" height=\"46\" data-id=\"6435\" src=\"https:\/\/xn--porlascallesdecrdoba-p8b.com\/wp-content\/uploads\/2026\/08\/Captura-de-pantalla-2026-08-10-184924-1.png\" alt=\"\" class=\"wp-image-6435\" srcset=\"https:\/\/xn--porlascallesdecrdoba-p8b.com\/wp-content\/uploads\/2026\/08\/Captura-de-pantalla-2026-08-10-184924-1.png 155w, https:\/\/xn--porlascallesdecrdoba-p8b.com\/wp-content\/uploads\/2026\/08\/Captura-de-pantalla-2026-08-10-184924-1-150x46.png 150w\" sizes=\"auto, (max-width: 155px) 100vw, 155px\" \/><\/a><\/figure>\n\n\n\n<figure class=\"wp-block-image size-full\"><a href=\"https:\/\/xn--porlascallesdecrdoba-p8b.com\/?page_id=6440\"><img loading=\"lazy\" decoding=\"async\" width=\"227\" height=\"59\" data-id=\"6436\" src=\"https:\/\/xn--porlascallesdecrdoba-p8b.com\/wp-content\/uploads\/2026\/08\/Captura-de-pantalla-2026-08-12-184912.png\" alt=\"\" class=\"wp-image-6436\"\/><\/a><\/figure>\n\n\n\n<figure class=\"wp-block-image size-large\"><a href=\"https:\/\/xn--porlascallesdecrdoba-p8b.com\/?page_id=7730\"><img loading=\"lazy\" decoding=\"async\" width=\"158\" height=\"48\" data-id=\"6434\" src=\"https:\/\/xn--porlascallesdecrdoba-p8b.com\/wp-content\/uploads\/2026\/08\/Captura-de-pantalla-2026-08-10-185011.png\" alt=\"\" class=\"wp-image-6434\"\/><\/a><\/figure>\n<\/figure>\n\n\n\n<p class=\"wp-block-paragraph\"><\/p>\n\n\n\n<p class=\"wp-block-paragraph\" style=\"font-size:20px\"><\/p>\n","protected":false},"excerpt":{"rendered":"<p>En el espacio entre la capilla de San Bartolom\u00e9 y la maxura y el mihrab, se encuentra un espacio abierto al haberse desmontado la capilla de \u00abSan Felipe y Santiago\u00bb, <a class=\"more-link\" href=\"https:\/\/xn--porlascallesdecrdoba-p8b.com\/?page_id=7728\">Seguir leyendo &rarr;<\/a><\/p>\n","protected":false},"author":1,"featured_media":0,"parent":0,"menu_order":0,"comment_status":"closed","ping_status":"closed","template":"","meta":{"footnotes":""},"class_list":["post-7728","page","type-page","status-publish","hentry"],"_links":{"self":[{"href":"https:\/\/xn--porlascallesdecrdoba-p8b.com\/index.php?rest_route=\/wp\/v2\/pages\/7728","targetHints":{"allow":["GET"]}}],"collection":[{"href":"https:\/\/xn--porlascallesdecrdoba-p8b.com\/index.php?rest_route=\/wp\/v2\/pages"}],"about":[{"href":"https:\/\/xn--porlascallesdecrdoba-p8b.com\/index.php?rest_route=\/wp\/v2\/types\/page"}],"author":[{"embeddable":true,"href":"https:\/\/xn--porlascallesdecrdoba-p8b.com\/index.php?rest_route=\/wp\/v2\/users\/1"}],"replies":[{"embeddable":true,"href":"https:\/\/xn--porlascallesdecrdoba-p8b.com\/index.php?rest_route=%2Fwp%2Fv2%2Fcomments&post=7728"}],"version-history":[{"count":7,"href":"https:\/\/xn--porlascallesdecrdoba-p8b.com\/index.php?rest_route=\/wp\/v2\/pages\/7728\/revisions"}],"predecessor-version":[{"id":8147,"href":"https:\/\/xn--porlascallesdecrdoba-p8b.com\/index.php?rest_route=\/wp\/v2\/pages\/7728\/revisions\/8147"}],"wp:attachment":[{"href":"https:\/\/xn--porlascallesdecrdoba-p8b.com\/index.php?rest_route=%2Fwp%2Fv2%2Fmedia&parent=7728"}],"curies":[{"name":"wp","href":"https:\/\/api.w.org\/{rel}","templated":true}]}}